{"id":62014,"date":"2022-02-28T10:32:10","date_gmt":"2022-02-28T09:32:10","guid":{"rendered":"https:\/\/wobronietradycjiiwiary.com\/baseball\/"},"modified":"2026-01-16T20:31:52","modified_gmt":"2026-01-16T19:31:52","slug":"polem","status":"publish","type":"page","link":"https:\/\/wobronietradycjiiwiary.com\/pl\/archiwum-2\/polem\/","title":{"rendered":"Polemika"},"content":{"rendered":"<div id=\"bsf_rt_marker\"><\/div>\t\t<div data-elementor-type=\"wp-page\" data-elementor-id=\"62014\" class=\"elementor elementor-62014\" data-elementor-post-type=\"page\">\n\t\t\t\t<div class=\"elementor-element elementor-element-a03627c e-flex e-con-boxed e-con e-parent\" data-id=\"a03627c\" data-element_type=\"container\" data-e-type=\"container\">\n\t\t\t\t\t<div class=\"e-con-inner\">\n\t\t\t\t<div class=\"elementor-element elementor-element-6e31326 elementor-widget elementor-widget-spacer\" data-id=\"6e31326\" data-element_type=\"widget\" data-e-type=\"widget\" data-widget_type=\"spacer.default\">\n\t\t\t\t<div class=\"elementor-widget-container\">\n\t\t\t\t\t\t\t<div class=\"elementor-spacer\">\n\t\t\t<div class=\"elementor-spacer-inner\"><\/div>\n\t\t<\/div>\n\t\t\t\t\t\t<\/div>\n\t\t\t\t<\/div>\n\t\t\t\t\t<\/div>\n\t\t\t\t<\/div>\n\t\t<div class=\"elementor-element elementor-element-f80278e e-flex e-con-boxed e-con e-parent\" data-id=\"f80278e\" data-element_type=\"container\" data-e-type=\"container\">\n\t\t\t\t\t<div class=\"e-con-inner\">\n\t\t\t\t<div class=\"elementor-element elementor-element-7580b57 elementor-widget elementor-widget-heading\" data-id=\"7580b57\" data-element_type=\"widget\" data-e-type=\"widget\" data-widget_type=\"heading.default\">\n\t\t\t\t<div class=\"elementor-widget-container\">\n\t\t\t\t\t<h3 class=\"elementor-heading-title elementor-size-default\">Aby zapozna\u0107 si\u0119 z wszystkimi wpisami tego dzia\u0142u przejd\u017a do indeksu <span style=\"letter-spacing: 0.41px\">(Archiwum &gt; Indeks)<\/span><span style=\"letter-spacing: 0.41px;text-align: inherit\">. Gdy klikniesz napis na r\u00f3\u017cowym tle, zostaniesz przekierowany do danej kategorii. Wi\u0119kszo\u015b\u0107 wpis\u00f3w jest odp\u0142atnych, wi\u0119c pomy\u015bl o abonamencie.<\/span><span style=\"letter-spacing: 0.41px;text-align: inherit\"><\/span><br><\/h3>\t\t\t\t<\/div>\n\t\t\t\t<\/div>\n\t\t\t\t\t<\/div>\n\t\t\t\t<\/div>\n\t\t\t\t<section class=\"elementor-section elementor-top-section elementor-element elementor-element-91b33b9 elementor-section-boxed elementor-section-height-default elementor-section-height-default\" data-id=\"91b33b9\" data-element_type=\"section\" data-e-type=\"section\">\n\t\t\t\t\t\t<div class=\"elementor-container elementor-column-gap-default\">\n\t\t\t\t\t<div class=\"elementor-column elementor-col-100 elementor-top-column elementor-element elementor-element-6387699\" data-id=\"6387699\" data-element_type=\"column\" data-e-type=\"column\">\n\t\t\t<div class=\"elementor-widget-wrap elementor-element-populated\">\n\t\t\t\t\t\t<section class=\"elementor-section elementor-inner-section elementor-element elementor-element-5d754f9 elementor-section-boxed elementor-section-height-default elementor-section-height-default\" data-id=\"5d754f9\" data-element_type=\"section\" data-e-type=\"section\">\n\t\t\t\t\t\t<div class=\"elementor-container elementor-column-gap-no\">\n\t\t\t\t\t<div class=\"elementor-column elementor-col-100 elementor-inner-column elementor-element elementor-element-21dc2e9\" data-id=\"21dc2e9\" data-element_type=\"column\" data-e-type=\"column\">\n\t\t\t<div class=\"elementor-widget-wrap elementor-element-populated\">\n\t\t\t\t\t\t<div class=\"elementor-element elementor-element-d863726 elementor-icon-list--layout-inline elementor-widget__width-auto elementor-list-item-link-full_width elementor-widget elementor-widget-icon-list\" data-id=\"d863726\" data-element_type=\"widget\" data-e-type=\"widget\" data-widget_type=\"icon-list.default\">\n\t\t\t\t<div class=\"elementor-widget-container\">\n\t\t\t\t\t\t\t<ul class=\"elementor-icon-list-items elementor-inline-items\">\n\t\t\t\t\t\t\t<li class=\"elementor-icon-list-item elementor-inline-item\">\n\t\t\t\t\t\t\t\t\t\t<span class=\"elementor-icon-list-text\">Polemika<\/span>\n\t\t\t\t\t\t\t\t\t<\/li>\n\t\t\t\t\t\t<\/ul>\n\t\t\t\t\t\t<\/div>\n\t\t\t\t<\/div>\n\t\t\t\t<div class=\"elementor-element elementor-element-65d2795 elementor-widget-divider--view-line elementor-widget elementor-widget-divider\" data-id=\"65d2795\" data-element_type=\"widget\" data-e-type=\"widget\" data-widget_type=\"divider.default\">\n\t\t\t\t<div class=\"elementor-widget-container\">\n\t\t\t\t\t\t\t<div class=\"elementor-divider\">\n\t\t\t<span class=\"elementor-divider-separator\">\n\t\t\t\t\t\t<\/span>\n\t\t<\/div>\n\t\t\t\t\t\t<\/div>\n\t\t\t\t<\/div>\n\t\t\t\t\t<\/div>\n\t\t<\/div>\n\t\t\t\t\t<\/div>\n\t\t<\/section>\n\t\t\t\t\t<\/div>\n\t\t<\/div>\n\t\t\t\t\t<\/div>\n\t\t<\/section>\n\t\t\t\t<section class=\"elementor-section elementor-top-section elementor-element elementor-element-54c1ca57 elementor-section-full_width elementor-section-height-default elementor-section-height-default\" data-id=\"54c1ca57\" data-element_type=\"section\" data-e-type=\"section\">\n\t\t\t\t\t\t<div class=\"elementor-container elementor-column-gap-no\">\n\t\t\t\t\t<div class=\"elementor-column elementor-col-100 elementor-top-column elementor-element elementor-element-284bdc28\" data-id=\"284bdc28\" data-element_type=\"column\" data-e-type=\"column\">\n\t\t\t<div class=\"elementor-widget-wrap elementor-element-populated\">\n\t\t\t\t\t\t<div class=\"elementor-element elementor-element-6622e1a0 elementor-grid-1 elementor-grid-tablet-1 elementor-grid-mobile-1 elementor-posts--thumbnail-top elementor-widget elementor-widget-posts\" data-id=\"6622e1a0\" data-element_type=\"widget\" data-e-type=\"widget\" data-settings=\"{&quot;classic_columns&quot;:&quot;1&quot;,&quot;classic_columns_tablet&quot;:&quot;1&quot;,&quot;classic_row_gap&quot;:{&quot;unit&quot;:&quot;px&quot;,&quot;size&quot;:44,&quot;sizes&quot;:[]},&quot;classic_columns_mobile&quot;:&quot;1&quot;,&quot;classic_row_gap_tablet&quot;:{&quot;unit&quot;:&quot;px&quot;,&quot;size&quot;:&quot;&quot;,&quot;sizes&quot;:[]},&quot;classic_row_gap_mobile&quot;:{&quot;unit&quot;:&quot;px&quot;,&quot;size&quot;:&quot;&quot;,&quot;sizes&quot;:[]}}\" data-widget_type=\"posts.classic\">\n\t\t\t\t<div class=\"elementor-widget-container\">\n\t\t\t\t\t\t\t<div class=\"elementor-posts-container elementor-posts elementor-posts--skin-classic elementor-grid\" role=\"list\">\n\t\t\t\t<article class=\"elementor-post elementor-grid-item post-170420 post type-post status-publish format-standard has-post-thumbnail hentry category-autorzy-polemiczni category-plinio-correa-de-oliveira category-polemika tag-egalitaryzm tag-przyczyny-egalitaryzmu\" role=\"listitem\">\n\t\t\t\t<a class=\"elementor-post__thumbnail__link\" href=\"https:\/\/wobronietradycjiiwiary.com\/pl\/skad-ten-egalitaryzm-2-z-2-to-nic-nie-kosztuje\/\" tabindex=\"-1\" target=&quot;_blank&quot;>\n\t\t\t<div class=\"elementor-post__thumbnail\"><img fetchpriority=\"high\" decoding=\"async\" width=\"435\" height=\"643\" src=\"https:\/\/wobronietradycjiiwiary.com\/wp-content\/uploads\/2026\/08\/Olympe_gouges.jpg\" class=\"attachment-full size-full wp-image-170038\" alt=\"\" data-attachment-id=\"170038\" data-permalink=\"https:\/\/wobronietradycjiiwiary.com\/pl\/skad-ten-egalitaryzm\/olympe_gouges\/\" data-orig-file=\"https:\/\/wobronietradycjiiwiary.com\/wp-content\/uploads\/2026\/08\/Olympe_gouges.jpg\" data-orig-size=\"435,643\" data-comments-opened=\"1\" data-image-meta=\"{&quot;aperture&quot;:&quot;0&quot;,&quot;credit&quot;:&quot;&quot;,&quot;camera&quot;:&quot;&quot;,&quot;caption&quot;:&quot;&quot;,&quot;created_timestamp&quot;:&quot;0&quot;,&quot;copyright&quot;:&quot;&quot;,&quot;focal_length&quot;:&quot;0&quot;,&quot;iso&quot;:&quot;0&quot;,&quot;shutter_speed&quot;:&quot;0&quot;,&quot;title&quot;:&quot;&quot;,&quot;orientation&quot;:&quot;0&quot;,&quot;alt&quot;:&quot;&quot;}\" data-image-title=\"Olympe_gouges\" data-image-description=\"\" data-image-caption=\"\" data-large-file=\"https:\/\/wobronietradycjiiwiary.com\/wp-content\/uploads\/2026\/08\/Olympe_gouges.jpg\" srcset=\"https:\/\/wobronietradycjiiwiary.com\/wp-content\/uploads\/2026\/08\/Olympe_gouges.jpg 435w, https:\/\/wobronietradycjiiwiary.com\/wp-content\/uploads\/2026\/08\/Olympe_gouges-203x300.jpg 203w, https:\/\/wobronietradycjiiwiary.com\/wp-content\/uploads\/2026\/08\/Olympe_gouges-101x150.jpg 101w, https:\/\/wobronietradycjiiwiary.com\/wp-content\/uploads\/2026\/08\/Olympe_gouges-8x12.jpg 8w\" sizes=\"(max-width: 435px) 100vw, 435px\" \/><\/div>\n\t\t<\/a>\n\t\t\t\t<div class=\"elementor-post__text\">\n\t\t\t\t<h4 class=\"elementor-post__title\">\n\t\t\t<a href=\"https:\/\/wobronietradycjiiwiary.com\/pl\/skad-ten-egalitaryzm-2-z-2-to-nic-nie-kosztuje\/\" target=&quot;_blank&quot;>\n\t\t\t\tSk\u0105d ten egalitaryzm? (2 z 2). To nic nie kosztuje.\t\t\t<\/a>\n\t\t<\/h4>\n\t\t\t\t\t<div class=\"elementor-post__read-more-wrapper\">\n\t\t\n\t\t<a class=\"elementor-post__read-more\" href=\"https:\/\/wobronietradycjiiwiary.com\/pl\/skad-ten-egalitaryzm-2-z-2-to-nic-nie-kosztuje\/\" aria-label=\"Read more about Sk\u0105d ten egalitaryzm? (2 z 2). To nic nie kosztuje.\" tabindex=\"-1\" target=\"_blank\">\n\t\t\tCi\u0105g dalszy\t\t<\/a>\n\n\t\t\t\t\t<\/div>\n\t\t\t\t<\/div>\n\t\t\t\t<\/article>\n\t\t\t\t<\/div>\n\t\t\n\t\t\t\t\t\t<\/div>\n\t\t\t\t<\/div>\n\t\t\t\t<div class=\"elementor-element elementor-element-2b69ab2a elementor-align-center elementor-widget__width-auto elementor-absolute elementor-hidden-phone elementor-icon-list--layout-traditional elementor-list-item-link-full_width elementor-widget elementor-widget-icon-list\" data-id=\"2b69ab2a\" data-element_type=\"widget\" data-e-type=\"widget\" data-settings=\"{&quot;sticky&quot;:&quot;top&quot;,&quot;_position&quot;:&quot;absolute&quot;,&quot;sticky_on&quot;:[&quot;desktop&quot;,&quot;tablet&quot;,&quot;mobile&quot;],&quot;sticky_offset&quot;:0,&quot;sticky_effects_offset&quot;:0,&quot;sticky_anchor_link_offset&quot;:0}\" data-widget_type=\"icon-list.default\">\n\t\t\t\t<div class=\"elementor-widget-container\">\n\t\t\t\t\t\t\t<ul class=\"elementor-icon-list-items\">\n\t\t\t\t\t\t\t<li class=\"elementor-icon-list-item\">\n\t\t\t\t\t\t\t\t\t\t\t<span class=\"elementor-icon-list-icon\">\n\t\t\t\t\t\t\t<svg aria-hidden=\"true\" class=\"e-font-icon-svg e-fab-twitter\" viewBox=\"0 0 512 512\" xmlns=\"http:\/\/www.w3.org\/2000\/svg\"><path d=\"M459.37 151.716c.325 4.548.325 9.097.325 13.645 0 138.72-105.583 298.558-298.558 298.558-59.452 0-114.68-17.219-161.137-47.106 8.447.974 16.568 1.299 25.34 1.299 49.055 0 94.213-16.568 130.274-44.832-46.132-.975-84.792-31.188-98.112-72.772 6.498.974 12.995 1.624 19.818 1.624 9.421 0 18.843-1.3 27.614-3.573-48.081-9.747-84.143-51.98-84.143-102.985v-1.299c13.969 7.797 30.214 12.67 47.431 13.319-28.264-18.843-46.781-51.005-46.781-87.391 0-19.492 5.197-37.36 14.294-52.954 51.655 63.675 129.3 105.258 216.365 109.807-1.624-7.797-2.599-15.918-2.599-24.04 0-57.828 46.782-104.934 104.934-104.934 30.213 0 57.502 12.67 76.67 33.137 23.715-4.548 46.456-13.32 66.599-25.34-7.798 24.366-24.366 44.833-46.132 57.827 21.117-2.273 41.584-8.122 60.426-16.243-14.292 20.791-32.161 39.308-52.628 54.253z\"><\/path><\/svg>\t\t\t\t\t\t<\/span>\n\t\t\t\t\t\t\t\t\t\t<span class=\"elementor-icon-list-text\"><\/span>\n\t\t\t\t\t\t\t\t\t<\/li>\n\t\t\t\t\t\t\t\t<li class=\"elementor-icon-list-item\">\n\t\t\t\t\t\t\t\t\t\t\t<span class=\"elementor-icon-list-icon\">\n\t\t\t\t\t\t\t<svg aria-hidden=\"true\" class=\"e-font-icon-svg e-fab-facebook-f\" viewBox=\"0 0 320 512\" xmlns=\"http:\/\/www.w3.org\/2000\/svg\"><path d=\"M279.14 288l14.22-92.66h-88.91v-60.13c0-25.35 12.42-50.06 52.24-50.06h40.42V6.26S260.43 0 225.36 0c-73.22 0-121.08 44.38-121.08 124.72v70.62H22.89V288h81.39v224h100.17V288z\"><\/path><\/svg>\t\t\t\t\t\t<\/span>\n\t\t\t\t\t\t\t\t\t\t<span class=\"elementor-icon-list-text\"><\/span>\n\t\t\t\t\t\t\t\t\t<\/li>\n\t\t\t\t\t\t<\/ul>\n\t\t\t\t\t\t<\/div>\n\t\t\t\t<\/div>\n\t\t\t\t<section class=\"elementor-section elementor-inner-section elementor-element elementor-element-422d3d20 elementor-section-boxed elementor-section-height-default elementor-section-height-default\" data-id=\"422d3d20\" data-element_type=\"section\" data-e-type=\"section\">\n\t\t\t\t\t\t<div class=\"elementor-container elementor-column-gap-no\">\n\t\t\t\t\t<div class=\"elementor-column elementor-col-100 elementor-inner-column elementor-element elementor-element-acba2ce\" data-id=\"acba2ce\" data-element_type=\"column\" data-e-type=\"column\">\n\t\t\t<div class=\"elementor-widget-wrap elementor-element-populated\">\n\t\t\t\t\t\t<div class=\"elementor-element elementor-element-291cfe45 elementor-icon-list--layout-inline elementor-widget__width-auto elementor-list-item-link-full_width elementor-widget elementor-widget-icon-list\" data-id=\"291cfe45\" data-element_type=\"widget\" data-e-type=\"widget\" data-widget_type=\"icon-list.default\">\n\t\t\t\t<div class=\"elementor-widget-container\">\n\t\t\t\t\t\t\t<ul class=\"elementor-icon-list-items elementor-inline-items\">\n\t\t\t\t\t\t\t<li class=\"elementor-icon-list-item elementor-inline-item\">\n\t\t\t\t\t\t\t\t\t\t<span class=\"elementor-icon-list-text\">Ostatni tydzie\u0144<\/span>\n\t\t\t\t\t\t\t\t\t<\/li>\n\t\t\t\t\t\t<\/ul>\n\t\t\t\t\t\t<\/div>\n\t\t\t\t<\/div>\n\t\t\t\t<div class=\"elementor-element elementor-element-1ec15869 elementor-widget-divider--view-line elementor-widget elementor-widget-divider\" data-id=\"1ec15869\" data-element_type=\"widget\" data-e-type=\"widget\" data-widget_type=\"divider.default\">\n\t\t\t\t<div class=\"elementor-widget-container\">\n\t\t\t\t\t\t\t<div class=\"elementor-divider\">\n\t\t\t<span class=\"elementor-divider-separator\">\n\t\t\t\t\t\t<\/span>\n\t\t<\/div>\n\t\t\t\t\t\t<\/div>\n\t\t\t\t<\/div>\n\t\t\t\t\t<\/div>\n\t\t<\/div>\n\t\t\t\t\t<\/div>\n\t\t<\/section>\n\t\t\t\t<section class=\"elementor-section elementor-inner-section elementor-element elementor-element-5dd7471a elementor-section-boxed elementor-section-height-default elementor-section-height-default\" data-id=\"5dd7471a\" data-element_type=\"section\" data-e-type=\"section\">\n\t\t\t\t\t\t<div class=\"elementor-container elementor-column-gap-no\">\n\t\t\t\t\t<div class=\"elementor-column elementor-col-100 elementor-inner-column elementor-element elementor-element-5f410d2\" data-id=\"5f410d2\" data-element_type=\"column\" data-e-type=\"column\">\n\t\t\t<div class=\"elementor-widget-wrap elementor-element-populated\">\n\t\t\t\t\t\t<div class=\"elementor-element elementor-element-37b7abf elementor-posts--thumbnail-left elementor-grid-tablet-1 elementor-grid-4 elementor-grid-mobile-1 elementor-widget elementor-widget-posts\" data-id=\"37b7abf\" data-element_type=\"widget\" data-e-type=\"widget\" data-settings=\"{&quot;classic_row_gap&quot;:{&quot;unit&quot;:&quot;px&quot;,&quot;size&quot;:&quot;70&quot;,&quot;sizes&quot;:[]},&quot;classic_columns_tablet&quot;:&quot;1&quot;,&quot;classic_columns&quot;:&quot;4&quot;,&quot;classic_columns_mobile&quot;:&quot;1&quot;,&quot;classic_row_gap_tablet&quot;:{&quot;unit&quot;:&quot;px&quot;,&quot;size&quot;:&quot;&quot;,&quot;sizes&quot;:[]},&quot;classic_row_gap_mobile&quot;:{&quot;unit&quot;:&quot;px&quot;,&quot;size&quot;:&quot;&quot;,&quot;sizes&quot;:[]}}\" data-widget_type=\"posts.classic\">\n\t\t\t\t<div class=\"elementor-widget-container\">\n\t\t\t\t\t\t\t<div class=\"elementor-posts-container elementor-posts elementor-posts--skin-classic elementor-grid\" role=\"list\">\n\t\t\t\t<article class=\"elementor-post elementor-grid-item post-170323 post type-post status-publish format-standard has-post-thumbnail hentry category-fsspx-inne-kwestie category-wyznanie-wiary-fsspx tag-credo-fsspx tag-fsspx tag-hierarchia-w-kosciele\" role=\"listitem\">\n\t\t\t\t<a class=\"elementor-post__thumbnail__link\" href=\"https:\/\/wobronietradycjiiwiary.com\/pl\/fsspx-wyznanie-wiary-katolickiej-9-z-20-papiez-episkopat-hierarchiczna-struktura\/\" tabindex=\"-1\" target=&quot;_blank&quot;>\n\t\t\t<div class=\"elementor-post__thumbnail\"><img decoding=\"async\" width=\"580\" height=\"751\" src=\"https:\/\/wobronietradycjiiwiary.com\/wp-content\/uploads\/2026\/06\/Tu-Es-Sacerdos-Edited-768x994.jpg\" class=\"attachment-medium_large size-medium_large wp-image-167306\" alt=\"\" data-attachment-id=\"167306\" data-permalink=\"https:\/\/wobronietradycjiiwiary.com\/pl\/fsspx-wyznanie-wiary-katolickiej-1-z-20-preambula\/tu-es-sacerdos-edited\/\" data-orig-file=\"https:\/\/wobronietradycjiiwiary.com\/wp-content\/uploads\/2026\/06\/Tu-Es-Sacerdos-Edited.jpg\" data-orig-size=\"1236,1600\" data-comments-opened=\"1\" data-image-meta=\"{&quot;aperture&quot;:&quot;0&quot;,&quot;credit&quot;:&quot;&quot;,&quot;camera&quot;:&quot;&quot;,&quot;caption&quot;:&quot;&quot;,&quot;created_timestamp&quot;:&quot;0&quot;,&quot;copyright&quot;:&quot;&quot;,&quot;focal_length&quot;:&quot;0&quot;,&quot;iso&quot;:&quot;0&quot;,&quot;shutter_speed&quot;:&quot;0&quot;,&quot;title&quot;:&quot;&quot;,&quot;orientation&quot;:&quot;0&quot;,&quot;alt&quot;:&quot;&quot;}\" data-image-title=\"Tu-Es-Sacerdos-Edited\" data-image-description=\"\" data-image-caption=\"\" data-large-file=\"https:\/\/wobronietradycjiiwiary.com\/wp-content\/uploads\/2026\/06\/Tu-Es-Sacerdos-Edited-791x1024.jpg\" srcset=\"https:\/\/wobronietradycjiiwiary.com\/wp-content\/uploads\/2026\/06\/Tu-Es-Sacerdos-Edited-768x994.jpg 768w, https:\/\/wobronietradycjiiwiary.com\/wp-content\/uploads\/2026\/06\/Tu-Es-Sacerdos-Edited-232x300.jpg 232w, https:\/\/wobronietradycjiiwiary.com\/wp-content\/uploads\/2026\/06\/Tu-Es-Sacerdos-Edited-791x1024.jpg 791w, https:\/\/wobronietradycjiiwiary.com\/wp-content\/uploads\/2026\/06\/Tu-Es-Sacerdos-Edited-116x150.jpg 116w, https:\/\/wobronietradycjiiwiary.com\/wp-content\/uploads\/2026\/06\/Tu-Es-Sacerdos-Edited-1187x1536.jpg 1187w, https:\/\/wobronietradycjiiwiary.com\/wp-content\/uploads\/2026\/06\/Tu-Es-Sacerdos-Edited-9x12.jpg 9w, https:\/\/wobronietradycjiiwiary.com\/wp-content\/uploads\/2026\/06\/Tu-Es-Sacerdos-Edited-1200x1553.jpg 1200w, https:\/\/wobronietradycjiiwiary.com\/wp-content\/uploads\/2026\/06\/Tu-Es-Sacerdos-Edited-450x583.jpg 450w, https:\/\/wobronietradycjiiwiary.com\/wp-content\/uploads\/2026\/06\/Tu-Es-Sacerdos-Edited-600x777.jpg 600w, https:\/\/wobronietradycjiiwiary.com\/wp-content\/uploads\/2026\/06\/Tu-Es-Sacerdos-Edited-46x60.jpg 46w, https:\/\/wobronietradycjiiwiary.com\/wp-content\/uploads\/2026\/06\/Tu-Es-Sacerdos-Edited-70x90.jpg 70w, https:\/\/wobronietradycjiiwiary.com\/wp-content\/uploads\/2026\/06\/Tu-Es-Sacerdos-Edited.jpg 1236w\" sizes=\"(max-width: 580px) 100vw, 580px\" \/><\/div>\n\t\t<\/a>\n\t\t\t\t<div class=\"elementor-post__text\">\n\t\t\t\t<h4 class=\"elementor-post__title\">\n\t\t\t<a href=\"https:\/\/wobronietradycjiiwiary.com\/pl\/fsspx-wyznanie-wiary-katolickiej-9-z-20-papiez-episkopat-hierarchiczna-struktura\/\" target=&quot;_blank&quot;>\n\t\t\t\tFSSPX: Wyznanie wiary katolickiej (9 z 20). Papie\u017c, episkopat, hierarchiczna struktura.\t\t\t<\/a>\n\t\t<\/h4>\n\t\t\t\t<\/div>\n\t\t\t\t<\/article>\n\t\t\t\t<article class=\"elementor-post elementor-grid-item post-170094 post type-post status-publish format-standard has-post-thumbnail hentry category-bp-mutsaerts category-kosciol-posoborowy category-kosciol-w-holandii tag-bp-mutsaerts\" role=\"listitem\">\n\t\t\t\t<a class=\"elementor-post__thumbnail__link\" href=\"https:\/\/wobronietradycjiiwiary.com\/pl\/biskup-mutsaerts-list-otwarty-do-leona-xiv\/\" tabindex=\"-1\" target=&quot;_blank&quot;>\n\t\t\t<div class=\"elementor-post__thumbnail\"><img decoding=\"async\" width=\"516\" height=\"534\" src=\"https:\/\/wobronietradycjiiwiary.com\/wp-content\/uploads\/2021\/07\/Saint_Michael_and_the_Dragon.jpg\" class=\"attachment-medium_large size-medium_large wp-image-51212\" alt=\"\" data-attachment-id=\"51212\" data-permalink=\"https:\/\/wobronietradycjiiwiary.com\/pl\/cos-drgnelo-w-holandii-lub-wystapienie-biskupa-mutsaertsa\/saint_michael_and_the_dragon\/\" data-orig-file=\"https:\/\/wobronietradycjiiwiary.com\/wp-content\/uploads\/2021\/07\/Saint_Michael_and_the_Dragon.jpg\" data-orig-size=\"516,534\" data-comments-opened=\"1\" data-image-meta=\"{&quot;aperture&quot;:&quot;0&quot;,&quot;credit&quot;:&quot;&quot;,&quot;camera&quot;:&quot;&quot;,&quot;caption&quot;:&quot;&quot;,&quot;created_timestamp&quot;:&quot;0&quot;,&quot;copyright&quot;:&quot;&quot;,&quot;focal_length&quot;:&quot;0&quot;,&quot;iso&quot;:&quot;0&quot;,&quot;shutter_speed&quot;:&quot;0&quot;,&quot;title&quot;:&quot;&quot;,&quot;orientation&quot;:&quot;0&quot;}\" data-image-title=\"Saint_Michael_and_the_Dragon\" data-image-description=\"\" data-image-caption=\"\" data-large-file=\"https:\/\/wobronietradycjiiwiary.com\/wp-content\/uploads\/2021\/07\/Saint_Michael_and_the_Dragon.jpg\" srcset=\"https:\/\/wobronietradycjiiwiary.com\/wp-content\/uploads\/2021\/07\/Saint_Michael_and_the_Dragon.jpg 516w, https:\/\/wobronietradycjiiwiary.com\/wp-content\/uploads\/2021\/07\/Saint_Michael_and_the_Dragon-450x466.jpg 450w, https:\/\/wobronietradycjiiwiary.com\/wp-content\/uploads\/2021\/07\/Saint_Michael_and_the_Dragon-290x300.jpg 290w, https:\/\/wobronietradycjiiwiary.com\/wp-content\/uploads\/2021\/07\/Saint_Michael_and_the_Dragon-145x150.jpg 145w, https:\/\/wobronietradycjiiwiary.com\/wp-content\/uploads\/2021\/07\/Saint_Michael_and_the_Dragon-12x12.jpg 12w\" sizes=\"(max-width: 516px) 100vw, 516px\" \/><\/div>\n\t\t<\/a>\n\t\t\t\t<div class=\"elementor-post__text\">\n\t\t\t\t<h4 class=\"elementor-post__title\">\n\t\t\t<a href=\"https:\/\/wobronietradycjiiwiary.com\/pl\/biskup-mutsaerts-list-otwarty-do-leona-xiv\/\" target=&quot;_blank&quot;>\n\t\t\t\tBiskup Mutsaerts: List otwarty do Leona XIV.\t\t\t<\/a>\n\t\t<\/h4>\n\t\t\t\t<\/div>\n\t\t\t\t<\/article>\n\t\t\t\t<\/div>\n\t\t\n\t\t\t\t\t\t<\/div>\n\t\t\t\t<\/div>\n\t\t\t\t\t<\/div>\n\t\t<\/div>\n\t\t\t\t\t<\/div>\n\t\t<\/section>\n\t\t\t\t\t<\/div>\n\t\t<\/div>\n\t\t\t\t\t<\/div>\n\t\t<\/section>\n\t\t\t\t<section class=\"elementor-section elementor-top-section elementor-element elementor-element-2de30f2e elementor-section-boxed elementor-section-height-default elementor-section-height-default\" data-id=\"2de30f2e\" data-element_type=\"section\" data-e-type=\"section\">\n\t\t\t\t\t\t<div class=\"elementor-container elementor-column-gap-no\">\n\t\t\t\t\t<div class=\"elementor-column elementor-col-100 elementor-top-column elementor-element elementor-element-5992a9ba\" data-id=\"5992a9ba\" data-element_type=\"column\" data-e-type=\"column\">\n\t\t\t<div class=\"elementor-widget-wrap elementor-element-populated\">\n\t\t\t\t\t\t<div class=\"elementor-element elementor-element-514ff01b elementor-icon-list--layout-inline elementor-widget__width-auto elementor-list-item-link-full_width elementor-widget elementor-widget-icon-list\" data-id=\"514ff01b\" data-element_type=\"widget\" data-e-type=\"widget\" data-widget_type=\"icon-list.default\">\n\t\t\t\t<div class=\"elementor-widget-container\">\n\t\t\t\t\t\t\t<ul class=\"elementor-icon-list-items elementor-inline-items\">\n\t\t\t\t\t\t\t<li class=\"elementor-icon-list-item elementor-inline-item\">\n\t\t\t\t\t\t\t\t\t\t<span class=\"elementor-icon-list-text\">Ostatni Kwarta\u0142<\/span>\n\t\t\t\t\t\t\t\t\t<\/li>\n\t\t\t\t\t\t<\/ul>\n\t\t\t\t\t\t<\/div>\n\t\t\t\t<\/div>\n\t\t\t\t<div class=\"elementor-element elementor-element-20d9aa53 elementor-widget-divider--view-line elementor-widget elementor-widget-divider\" data-id=\"20d9aa53\" data-element_type=\"widget\" data-e-type=\"widget\" data-widget_type=\"divider.default\">\n\t\t\t\t<div class=\"elementor-widget-container\">\n\t\t\t\t\t\t\t<div class=\"elementor-divider\">\n\t\t\t<span class=\"elementor-divider-separator\">\n\t\t\t\t\t\t<\/span>\n\t\t<\/div>\n\t\t\t\t\t\t<\/div>\n\t\t\t\t<\/div>\n\t\t\t\t<div class=\"elementor-element elementor-element-208b2e2a elementor-grid-4 elementor-grid-tablet-1 elementor-grid-mobile-1 elementor-posts--thumbnail-top elementor-widget elementor-widget-posts\" data-id=\"208b2e2a\" data-element_type=\"widget\" data-e-type=\"widget\" data-settings=\"{&quot;classic_columns&quot;:&quot;4&quot;,&quot;classic_columns_tablet&quot;:&quot;1&quot;,&quot;classic_row_gap&quot;:{&quot;unit&quot;:&quot;px&quot;,&quot;size&quot;:&quot;45&quot;,&quot;sizes&quot;:[]},&quot;classic_columns_mobile&quot;:&quot;1&quot;,&quot;classic_row_gap_tablet&quot;:{&quot;unit&quot;:&quot;px&quot;,&quot;size&quot;:&quot;&quot;,&quot;sizes&quot;:[]},&quot;classic_row_gap_mobile&quot;:{&quot;unit&quot;:&quot;px&quot;,&quot;size&quot;:&quot;&quot;,&quot;sizes&quot;:[]}}\" data-widget_type=\"posts.classic\">\n\t\t\t\t<div class=\"elementor-widget-container\">\n\t\t\t\t\t\t\t<div class=\"elementor-posts-container elementor-posts elementor-posts--skin-classic elementor-grid\" role=\"list\">\n\t\t\t\t<article class=\"elementor-post elementor-grid-item post-169722 post type-post status-publish format-standard has-post-thumbnail hentry category-08-sierpien category-swieta-w-sierpniu category-duchowosc category-kard-burke category-watykan category-liturgia-i-liturgika category-mescy-swieci category-rok-liturgiczny category-rozwazania category-w-brewiarzu category-zywoty-swietych tag-bp-strickland tag-kard-burke tag-sw-wawrzyniec\" role=\"listitem\">\n\t\t\t\t<a class=\"elementor-post__thumbnail__link\" href=\"https:\/\/wobronietradycjiiwiary.com\/pl\/sw-wawrzyniec-lub-zapach-skwierczacego-miesa-2\/\" tabindex=\"-1\" target=&quot;_blank&quot;>\n\t\t\t<div class=\"elementor-post__thumbnail\"><img loading=\"lazy\" decoding=\"async\" width=\"580\" height=\"389\" src=\"https:\/\/wobronietradycjiiwiary.com\/wp-content\/uploads\/2025\/08\/Laurentius-martyrdom.jpg\" class=\"attachment-large size-large wp-image-150236\" alt=\"\" data-attachment-id=\"150236\" data-permalink=\"https:\/\/wobronietradycjiiwiary.com\/pl\/laurentius-martyrdom\/\" data-orig-file=\"https:\/\/wobronietradycjiiwiary.com\/wp-content\/uploads\/2025\/08\/Laurentius-martyrdom.jpg\" data-orig-size=\"1024,686\" data-comments-opened=\"1\" data-image-meta=\"{&quot;aperture&quot;:&quot;0&quot;,&quot;credit&quot;:&quot;&quot;,&quot;camera&quot;:&quot;&quot;,&quot;caption&quot;:&quot;&quot;,&quot;created_timestamp&quot;:&quot;0&quot;,&quot;copyright&quot;:&quot;&quot;,&quot;focal_length&quot;:&quot;0&quot;,&quot;iso&quot;:&quot;0&quot;,&quot;shutter_speed&quot;:&quot;0&quot;,&quot;title&quot;:&quot;&quot;,&quot;orientation&quot;:&quot;0&quot;}\" data-image-title=\"Laurentius martyrdom\" data-image-description=\"\" data-image-caption=\"\" data-large-file=\"https:\/\/wobronietradycjiiwiary.com\/wp-content\/uploads\/2025\/08\/Laurentius-martyrdom.jpg\" srcset=\"https:\/\/wobronietradycjiiwiary.com\/wp-content\/uploads\/2025\/08\/Laurentius-martyrdom.jpg 1024w, https:\/\/wobronietradycjiiwiary.com\/wp-content\/uploads\/2025\/08\/Laurentius-martyrdom-300x201.jpg 300w, https:\/\/wobronietradycjiiwiary.com\/wp-content\/uploads\/2025\/08\/Laurentius-martyrdom-150x100.jpg 150w, https:\/\/wobronietradycjiiwiary.com\/wp-content\/uploads\/2025\/08\/Laurentius-martyrdom-768x515.jpg 768w, https:\/\/wobronietradycjiiwiary.com\/wp-content\/uploads\/2025\/08\/Laurentius-martyrdom-18x12.jpg 18w, https:\/\/wobronietradycjiiwiary.com\/wp-content\/uploads\/2025\/08\/Laurentius-martyrdom-450x301.jpg 450w, https:\/\/wobronietradycjiiwiary.com\/wp-content\/uploads\/2025\/08\/Laurentius-martyrdom-600x402.jpg 600w, https:\/\/wobronietradycjiiwiary.com\/wp-content\/uploads\/2025\/08\/Laurentius-martyrdom-90x60.jpg 90w, https:\/\/wobronietradycjiiwiary.com\/wp-content\/uploads\/2025\/08\/Laurentius-martyrdom-134x90.jpg 134w\" sizes=\"(max-width: 580px) 100vw, 580px\" \/><\/div>\n\t\t<\/a>\n\t\t\t\t<div class=\"elementor-post__text\">\n\t\t\t\t<h3 class=\"elementor-post__title\">\n\t\t\t<a href=\"https:\/\/wobronietradycjiiwiary.com\/pl\/sw-wawrzyniec-lub-zapach-skwierczacego-miesa-2\/\" target=&quot;_blank&quot;>\n\t\t\t\t\u015aw. Wawrzyniec lub zapach skwiercz\u0105cego mi\u0119sa\t\t\t<\/a>\n\t\t<\/h3>\n\t\t\t\t<\/div>\n\t\t\t\t<\/article>\n\t\t\t\t<article class=\"elementor-post elementor-grid-item post-170420 post type-post status-publish format-standard has-post-thumbnail hentry category-autorzy-polemiczni category-plinio-correa-de-oliveira category-polemika tag-egalitaryzm tag-przyczyny-egalitaryzmu\" role=\"listitem\">\n\t\t\t\t<a class=\"elementor-post__thumbnail__link\" href=\"https:\/\/wobronietradycjiiwiary.com\/pl\/skad-ten-egalitaryzm-2-z-2-to-nic-nie-kosztuje\/\" tabindex=\"-1\" target=&quot;_blank&quot;>\n\t\t\t<div class=\"elementor-post__thumbnail\"><img loading=\"lazy\" decoding=\"async\" width=\"435\" height=\"643\" src=\"https:\/\/wobronietradycjiiwiary.com\/wp-content\/uploads\/2026\/08\/Olympe_gouges.jpg\" class=\"attachment-large size-large wp-image-170038\" alt=\"\" data-attachment-id=\"170038\" data-permalink=\"https:\/\/wobronietradycjiiwiary.com\/pl\/skad-ten-egalitaryzm\/olympe_gouges\/\" data-orig-file=\"https:\/\/wobronietradycjiiwiary.com\/wp-content\/uploads\/2026\/08\/Olympe_gouges.jpg\" data-orig-size=\"435,643\" data-comments-opened=\"1\" data-image-meta=\"{&quot;aperture&quot;:&quot;0&quot;,&quot;credit&quot;:&quot;&quot;,&quot;camera&quot;:&quot;&quot;,&quot;caption&quot;:&quot;&quot;,&quot;created_timestamp&quot;:&quot;0&quot;,&quot;copyright&quot;:&quot;&quot;,&quot;focal_length&quot;:&quot;0&quot;,&quot;iso&quot;:&quot;0&quot;,&quot;shutter_speed&quot;:&quot;0&quot;,&quot;title&quot;:&quot;&quot;,&quot;orientation&quot;:&quot;0&quot;,&quot;alt&quot;:&quot;&quot;}\" data-image-title=\"Olympe_gouges\" data-image-description=\"\" data-image-caption=\"\" data-large-file=\"https:\/\/wobronietradycjiiwiary.com\/wp-content\/uploads\/2026\/08\/Olympe_gouges.jpg\" srcset=\"https:\/\/wobronietradycjiiwiary.com\/wp-content\/uploads\/2026\/08\/Olympe_gouges.jpg 435w, https:\/\/wobronietradycjiiwiary.com\/wp-content\/uploads\/2026\/08\/Olympe_gouges-203x300.jpg 203w, https:\/\/wobronietradycjiiwiary.com\/wp-content\/uploads\/2026\/08\/Olympe_gouges-101x150.jpg 101w, https:\/\/wobronietradycjiiwiary.com\/wp-content\/uploads\/2026\/08\/Olympe_gouges-8x12.jpg 8w\" sizes=\"(max-width: 435px) 100vw, 435px\" \/><\/div>\n\t\t<\/a>\n\t\t\t\t<div class=\"elementor-post__text\">\n\t\t\t\t<h3 class=\"elementor-post__title\">\n\t\t\t<a href=\"https:\/\/wobronietradycjiiwiary.com\/pl\/skad-ten-egalitaryzm-2-z-2-to-nic-nie-kosztuje\/\" target=&quot;_blank&quot;>\n\t\t\t\tSk\u0105d ten egalitaryzm? (2 z 2). To nic nie kosztuje.\t\t\t<\/a>\n\t\t<\/h3>\n\t\t\t\t<\/div>\n\t\t\t\t<\/article>\n\t\t\t\t<article class=\"elementor-post elementor-grid-item post-170037 post type-post status-publish format-standard has-post-thumbnail hentry category-autorzy-polemiczni category-plinio-correa-de-oliveira category-polemika tag-egalitaryzm tag-elity tag-restricted\" role=\"listitem\">\n\t\t\t\t<a class=\"elementor-post__thumbnail__link\" href=\"https:\/\/wobronietradycjiiwiary.com\/pl\/skad-ten-egalitaryzm\/\" tabindex=\"-1\" target=&quot;_blank&quot;>\n\t\t\t<div class=\"elementor-post__thumbnail\"><img loading=\"lazy\" decoding=\"async\" width=\"435\" height=\"643\" src=\"https:\/\/wobronietradycjiiwiary.com\/wp-content\/uploads\/2026\/08\/Olympe_gouges.jpg\" class=\"attachment-large size-large wp-image-170038\" alt=\"\" data-attachment-id=\"170038\" data-permalink=\"https:\/\/wobronietradycjiiwiary.com\/pl\/skad-ten-egalitaryzm\/olympe_gouges\/\" data-orig-file=\"https:\/\/wobronietradycjiiwiary.com\/wp-content\/uploads\/2026\/08\/Olympe_gouges.jpg\" data-orig-size=\"435,643\" data-comments-opened=\"1\" data-image-meta=\"{&quot;aperture&quot;:&quot;0&quot;,&quot;credit&quot;:&quot;&quot;,&quot;camera&quot;:&quot;&quot;,&quot;caption&quot;:&quot;&quot;,&quot;created_timestamp&quot;:&quot;0&quot;,&quot;copyright&quot;:&quot;&quot;,&quot;focal_length&quot;:&quot;0&quot;,&quot;iso&quot;:&quot;0&quot;,&quot;shutter_speed&quot;:&quot;0&quot;,&quot;title&quot;:&quot;&quot;,&quot;orientation&quot;:&quot;0&quot;,&quot;alt&quot;:&quot;&quot;}\" data-image-title=\"Olympe_gouges\" data-image-description=\"\" data-image-caption=\"\" data-large-file=\"https:\/\/wobronietradycjiiwiary.com\/wp-content\/uploads\/2026\/08\/Olympe_gouges.jpg\" srcset=\"https:\/\/wobronietradycjiiwiary.com\/wp-content\/uploads\/2026\/08\/Olympe_gouges.jpg 435w, https:\/\/wobronietradycjiiwiary.com\/wp-content\/uploads\/2026\/08\/Olympe_gouges-203x300.jpg 203w, https:\/\/wobronietradycjiiwiary.com\/wp-content\/uploads\/2026\/08\/Olympe_gouges-101x150.jpg 101w, https:\/\/wobronietradycjiiwiary.com\/wp-content\/uploads\/2026\/08\/Olympe_gouges-8x12.jpg 8w\" sizes=\"(max-width: 435px) 100vw, 435px\" \/><\/div>\n\t\t<\/a>\n\t\t\t\t<div class=\"elementor-post__text\">\n\t\t\t\t<h3 class=\"elementor-post__title\">\n\t\t\t<a href=\"https:\/\/wobronietradycjiiwiary.com\/pl\/skad-ten-egalitaryzm\/\" target=&quot;_blank&quot;>\n\t\t\t\tSk\u0105d ten egalitaryzm? (1 z 2). Hipokryzja elit.\t\t\t<\/a>\n\t\t<\/h3>\n\t\t\t\t<\/div>\n\t\t\t\t<\/article>\n\t\t\t\t<article class=\"elementor-post elementor-grid-item post-167916 post type-post status-publish format-standard has-post-thumbnail hentry category-wiadomosci category-analiza-cudza category-ekskomunika-fsspx category-fsspx category-fsspx-inne-kwestie category-prawo-kanoniczne tag-ekskomunika tag-ekskomunika-fsspx tag-fsspx tag-swiecenia-biskupow-przez-fsspx\" role=\"listitem\">\n\t\t\t\t<a class=\"elementor-post__thumbnail__link\" href=\"https:\/\/wobronietradycjiiwiary.com\/pl\/rorate-caeli-analiza-kanoniczna-dekret-ddf-z-2026-r-o-bractwie-kaplanskim-swietego-piusa-x-fsspx\/\" tabindex=\"-1\" target=&quot;_blank&quot;>\n\t\t\t<div class=\"elementor-post__thumbnail\"><img loading=\"lazy\" decoding=\"async\" width=\"438\" height=\"600\" src=\"https:\/\/wobronietradycjiiwiary.com\/wp-content\/uploads\/2026\/07\/Kard-2.png\" class=\"attachment-large size-large wp-image-167934\" alt=\"\" data-attachment-id=\"167934\" data-permalink=\"https:\/\/wobronietradycjiiwiary.com\/pl\/kard-2\/\" data-orig-file=\"https:\/\/wobronietradycjiiwiary.com\/wp-content\/uploads\/2026\/07\/Kard-2.png\" data-orig-size=\"438,600\" data-comments-opened=\"1\" data-image-meta=\"{&quot;aperture&quot;:&quot;0&quot;,&quot;credit&quot;:&quot;&quot;,&quot;camera&quot;:&quot;&quot;,&quot;caption&quot;:&quot;&quot;,&quot;created_timestamp&quot;:&quot;0&quot;,&quot;copyright&quot;:&quot;&quot;,&quot;focal_length&quot;:&quot;0&quot;,&quot;iso&quot;:&quot;0&quot;,&quot;shutter_speed&quot;:&quot;0&quot;,&quot;title&quot;:&quot;&quot;,&quot;orientation&quot;:&quot;0&quot;,&quot;alt&quot;:&quot;&quot;}\" data-image-title=\"Kard 2\" data-image-description=\"\" data-image-caption=\"\" data-large-file=\"https:\/\/wobronietradycjiiwiary.com\/wp-content\/uploads\/2026\/07\/Kard-2.png\" srcset=\"https:\/\/wobronietradycjiiwiary.com\/wp-content\/uploads\/2026\/07\/Kard-2.png 438w, https:\/\/wobronietradycjiiwiary.com\/wp-content\/uploads\/2026\/07\/Kard-2-219x300.png 219w, https:\/\/wobronietradycjiiwiary.com\/wp-content\/uploads\/2026\/07\/Kard-2-110x150.png 110w, https:\/\/wobronietradycjiiwiary.com\/wp-content\/uploads\/2026\/07\/Kard-2-9x12.png 9w, https:\/\/wobronietradycjiiwiary.com\/wp-content\/uploads\/2026\/07\/Kard-2-44x60.png 44w, https:\/\/wobronietradycjiiwiary.com\/wp-content\/uploads\/2026\/07\/Kard-2-66x90.png 66w\" sizes=\"(max-width: 438px) 100vw, 438px\" \/><\/div>\n\t\t<\/a>\n\t\t\t\t<div class=\"elementor-post__text\">\n\t\t\t\t<h3 class=\"elementor-post__title\">\n\t\t\t<a href=\"https:\/\/wobronietradycjiiwiary.com\/pl\/rorate-caeli-analiza-kanoniczna-dekret-ddf-z-2026-r-o-bractwie-kaplanskim-swietego-piusa-x-fsspx\/\" target=&quot;_blank&quot;>\n\t\t\t\tRorate Caeli: Analiza kanoniczna Dekretu DDF z 2026 r. o Bractwie Kap\u0142a\u0144skim \u015awi\u0119tego Piusa X (FSSPX)\t\t\t<\/a>\n\t\t<\/h3>\n\t\t\t\t<\/div>\n\t\t\t\t<\/article>\n\t\t\t\t<\/div>\n\t\t\n\t\t\t\t\t\t<\/div>\n\t\t\t\t<\/div>\n\t\t\t\t<div class=\"elementor-element elementor-element-3a453f66 elementor-grid-4 elementor-grid-tablet-2 elementor-grid-mobile-1 elementor-posts--thumbnail-top elementor-widget elementor-widget-posts\" data-id=\"3a453f66\" data-element_type=\"widget\" data-e-type=\"widget\" data-settings=\"{&quot;classic_columns&quot;:&quot;4&quot;,&quot;classic_row_gap&quot;:{&quot;unit&quot;:&quot;px&quot;,&quot;size&quot;:&quot;71&quot;,&quot;sizes&quot;:[]},&quot;classic_columns_tablet&quot;:&quot;2&quot;,&quot;classic_columns_mobile&quot;:&quot;1&quot;,&quot;classic_row_gap_tablet&quot;:{&quot;unit&quot;:&quot;px&quot;,&quot;size&quot;:&quot;&quot;,&quot;sizes&quot;:[]},&quot;classic_row_gap_mobile&quot;:{&quot;unit&quot;:&quot;px&quot;,&quot;size&quot;:&quot;&quot;,&quot;sizes&quot;:[]}}\" data-widget_type=\"posts.classic\">\n\t\t\t\t<div class=\"elementor-widget-container\">\n\t\t\t\t\t\t\t<div class=\"elementor-posts-container elementor-posts elementor-posts--skin-classic elementor-grid\" role=\"list\">\n\t\t\t\t<article class=\"elementor-post elementor-grid-item post-169907 post type-post status-publish format-standard has-post-thumbnail hentry category-fsspx-inne-kwestie category-kosciol-posoborowy category-polemika category-tradycjonalizm category-wyznanie-wiary-fsspx tag-credo tag-duch-swiety\" role=\"listitem\">\n\t\t\t\t<a class=\"elementor-post__thumbnail__link\" href=\"https:\/\/wobronietradycjiiwiary.com\/pl\/fsspx-wyznanie-wiary-katolickiej-8-z-20-kosciol-katolicki-duch-swiety\/\" tabindex=\"-1\" >\n\t\t\t<div class=\"elementor-post__thumbnail\"><img decoding=\"async\" width=\"580\" height=\"751\" src=\"https:\/\/wobronietradycjiiwiary.com\/wp-content\/uploads\/2026\/06\/Tu-Es-Sacerdos-Edited-768x994.jpg\" class=\"attachment-medium_large size-medium_large wp-image-167306\" alt=\"\" data-attachment-id=\"167306\" data-permalink=\"https:\/\/wobronietradycjiiwiary.com\/pl\/fsspx-wyznanie-wiary-katolickiej-1-z-20-preambula\/tu-es-sacerdos-edited\/\" data-orig-file=\"https:\/\/wobronietradycjiiwiary.com\/wp-content\/uploads\/2026\/06\/Tu-Es-Sacerdos-Edited.jpg\" data-orig-size=\"1236,1600\" data-comments-opened=\"1\" data-image-meta=\"{&quot;aperture&quot;:&quot;0&quot;,&quot;credit&quot;:&quot;&quot;,&quot;camera&quot;:&quot;&quot;,&quot;caption&quot;:&quot;&quot;,&quot;created_timestamp&quot;:&quot;0&quot;,&quot;copyright&quot;:&quot;&quot;,&quot;focal_length&quot;:&quot;0&quot;,&quot;iso&quot;:&quot;0&quot;,&quot;shutter_speed&quot;:&quot;0&quot;,&quot;title&quot;:&quot;&quot;,&quot;orientation&quot;:&quot;0&quot;,&quot;alt&quot;:&quot;&quot;}\" data-image-title=\"Tu-Es-Sacerdos-Edited\" data-image-description=\"\" data-image-caption=\"\" data-large-file=\"https:\/\/wobronietradycjiiwiary.com\/wp-content\/uploads\/2026\/06\/Tu-Es-Sacerdos-Edited-791x1024.jpg\" srcset=\"https:\/\/wobronietradycjiiwiary.com\/wp-content\/uploads\/2026\/06\/Tu-Es-Sacerdos-Edited-768x994.jpg 768w, https:\/\/wobronietradycjiiwiary.com\/wp-content\/uploads\/2026\/06\/Tu-Es-Sacerdos-Edited-232x300.jpg 232w, https:\/\/wobronietradycjiiwiary.com\/wp-content\/uploads\/2026\/06\/Tu-Es-Sacerdos-Edited-791x1024.jpg 791w, https:\/\/wobronietradycjiiwiary.com\/wp-content\/uploads\/2026\/06\/Tu-Es-Sacerdos-Edited-116x150.jpg 116w, https:\/\/wobronietradycjiiwiary.com\/wp-content\/uploads\/2026\/06\/Tu-Es-Sacerdos-Edited-1187x1536.jpg 1187w, https:\/\/wobronietradycjiiwiary.com\/wp-content\/uploads\/2026\/06\/Tu-Es-Sacerdos-Edited-9x12.jpg 9w, https:\/\/wobronietradycjiiwiary.com\/wp-content\/uploads\/2026\/06\/Tu-Es-Sacerdos-Edited-1200x1553.jpg 1200w, https:\/\/wobronietradycjiiwiary.com\/wp-content\/uploads\/2026\/06\/Tu-Es-Sacerdos-Edited-450x583.jpg 450w, https:\/\/wobronietradycjiiwiary.com\/wp-content\/uploads\/2026\/06\/Tu-Es-Sacerdos-Edited-600x777.jpg 600w, https:\/\/wobronietradycjiiwiary.com\/wp-content\/uploads\/2026\/06\/Tu-Es-Sacerdos-Edited-46x60.jpg 46w, https:\/\/wobronietradycjiiwiary.com\/wp-content\/uploads\/2026\/06\/Tu-Es-Sacerdos-Edited-70x90.jpg 70w, https:\/\/wobronietradycjiiwiary.com\/wp-content\/uploads\/2026\/06\/Tu-Es-Sacerdos-Edited.jpg 1236w\" sizes=\"(max-width: 580px) 100vw, 580px\" \/><\/div>\n\t\t<\/a>\n\t\t\t\t<div class=\"elementor-post__text\">\n\t\t\t\t<h4 class=\"elementor-post__title\">\n\t\t\t<a href=\"https:\/\/wobronietradycjiiwiary.com\/pl\/fsspx-wyznanie-wiary-katolickiej-8-z-20-kosciol-katolicki-duch-swiety\/\" >\n\t\t\t\tFSSPX: Wyznanie wiary katolickiej (8 z 20). Ko\u015bci\u00f3\u0142 katolicki. Duch \u015awi\u0119ty.\t\t\t<\/a>\n\t\t<\/h4>\n\t\t\t\t<\/div>\n\t\t\t\t<\/article>\n\t\t\t\t<article class=\"elementor-post elementor-grid-item post-167897 post type-post status-publish format-standard has-post-thumbnail hentry category-kosciol-posoborowy category-polemika category-redemptorysci-transalpejscy category-tradycjonalizm tag-herezja tag-sedewakantyzm\" role=\"listitem\">\n\t\t\t\t<a class=\"elementor-post__thumbnail__link\" href=\"https:\/\/wobronietradycjiiwiary.com\/pl\/redemptorysci-transalpejscy-deklaracja-w-sprawie-stanu-kosciola-3-z-5\/\" tabindex=\"-1\" >\n\t\t\t<div class=\"elementor-post__thumbnail\"><img loading=\"lazy\" decoding=\"async\" width=\"580\" height=\"671\" src=\"https:\/\/wobronietradycjiiwiary.com\/wp-content\/uploads\/2026\/05\/Sons_of_the_Most_Holy_Redeemer_COA.svg_-768x889.png\" class=\"attachment-medium_large size-medium_large wp-image-164903\" alt=\"\" data-attachment-id=\"164903\" data-permalink=\"https:\/\/wobronietradycjiiwiary.com\/pl\/redemptorysci-transalpejscy-dogmat-ktorym-nalezy-sie-kierowac\/sons_of_the_most_holy_redeemer_coa-svg\/\" data-orig-file=\"https:\/\/wobronietradycjiiwiary.com\/wp-content\/uploads\/2026\/05\/Sons_of_the_Most_Holy_Redeemer_COA.svg_.png\" data-orig-size=\"960,1111\" data-comments-opened=\"1\" data-image-meta=\"{&quot;aperture&quot;:&quot;0&quot;,&quot;credit&quot;:&quot;&quot;,&quot;camera&quot;:&quot;&quot;,&quot;caption&quot;:&quot;&quot;,&quot;created_timestamp&quot;:&quot;0&quot;,&quot;copyright&quot;:&quot;&quot;,&quot;focal_length&quot;:&quot;0&quot;,&quot;iso&quot;:&quot;0&quot;,&quot;shutter_speed&quot;:&quot;0&quot;,&quot;title&quot;:&quot;&quot;,&quot;orientation&quot;:&quot;0&quot;}\" data-image-title=\"Sons_of_the_Most_Holy_Redeemer_COA.svg\" data-image-description=\"\" data-image-caption=\"\" data-large-file=\"https:\/\/wobronietradycjiiwiary.com\/wp-content\/uploads\/2026\/05\/Sons_of_the_Most_Holy_Redeemer_COA.svg_-885x1024.png\" srcset=\"https:\/\/wobronietradycjiiwiary.com\/wp-content\/uploads\/2026\/05\/Sons_of_the_Most_Holy_Redeemer_COA.svg_-768x889.png 768w, https:\/\/wobronietradycjiiwiary.com\/wp-content\/uploads\/2026\/05\/Sons_of_the_Most_Holy_Redeemer_COA.svg_-259x300.png 259w, https:\/\/wobronietradycjiiwiary.com\/wp-content\/uploads\/2026\/05\/Sons_of_the_Most_Holy_Redeemer_COA.svg_-885x1024.png 885w, https:\/\/wobronietradycjiiwiary.com\/wp-content\/uploads\/2026\/05\/Sons_of_the_Most_Holy_Redeemer_COA.svg_-130x150.png 130w, https:\/\/wobronietradycjiiwiary.com\/wp-content\/uploads\/2026\/05\/Sons_of_the_Most_Holy_Redeemer_COA.svg_-10x12.png 10w, https:\/\/wobronietradycjiiwiary.com\/wp-content\/uploads\/2026\/05\/Sons_of_the_Most_Holy_Redeemer_COA.svg_-450x521.png 450w, https:\/\/wobronietradycjiiwiary.com\/wp-content\/uploads\/2026\/05\/Sons_of_the_Most_Holy_Redeemer_COA.svg_-600x694.png 600w, https:\/\/wobronietradycjiiwiary.com\/wp-content\/uploads\/2026\/05\/Sons_of_the_Most_Holy_Redeemer_COA.svg_-52x60.png 52w, https:\/\/wobronietradycjiiwiary.com\/wp-content\/uploads\/2026\/05\/Sons_of_the_Most_Holy_Redeemer_COA.svg_-78x90.png 78w, https:\/\/wobronietradycjiiwiary.com\/wp-content\/uploads\/2026\/05\/Sons_of_the_Most_Holy_Redeemer_COA.svg_.png 960w\" sizes=\"(max-width: 580px) 100vw, 580px\" \/><\/div>\n\t\t<\/a>\n\t\t\t\t<div class=\"elementor-post__text\">\n\t\t\t\t<h4 class=\"elementor-post__title\">\n\t\t\t<a href=\"https:\/\/wobronietradycjiiwiary.com\/pl\/redemptorysci-transalpejscy-deklaracja-w-sprawie-stanu-kosciola-3-z-5\/\" >\n\t\t\t\tRedemptory\u015bci Transalpejscy, Deklaracja w sprawie stanu Ko\u015bcio\u0142a (3 z 4).\t\t\t<\/a>\n\t\t<\/h4>\n\t\t\t\t<\/div>\n\t\t\t\t<\/article>\n\t\t\t\t<article class=\"elementor-post elementor-grid-item post-168701 post type-post status-publish format-standard has-post-thumbnail hentry category-analiza-cudza category-autorzy-polemiczni category-ekskomunika-fsspx category-fsspx category-kosciol-posoborowy category-polemika category-roberto-de-mattei category-tradycjonalizm tag-econe tag-roberto-de-mattei tag-rzym-a-fsspx\" role=\"listitem\">\n\t\t\t\t<a class=\"elementor-post__thumbnail__link\" href=\"https:\/\/wobronietradycjiiwiary.com\/pl\/roberto-de-mattei-swiecenia-w-econe-z-1-lipca-2026-r-chronos-i-kairos-pewnego-wydarzenia\/\" tabindex=\"-1\" >\n\t\t\t<div class=\"elementor-post__thumbnail\"><img loading=\"lazy\" decoding=\"async\" width=\"411\" height=\"486\" src=\"https:\/\/wobronietradycjiiwiary.com\/wp-content\/uploads\/2026\/07\/Holy-Orders-2.jpeg\" class=\"attachment-medium_large size-medium_large wp-image-168712\" alt=\"\" data-attachment-id=\"168712\" data-permalink=\"https:\/\/wobronietradycjiiwiary.com\/pl\/roberto-de-mattei-swiecenia-w-econe-z-1-lipca-2026-r-chronos-i-kairos-pewnego-wydarzenia\/holy-orders-2\/\" data-orig-file=\"https:\/\/wobronietradycjiiwiary.com\/wp-content\/uploads\/2026\/07\/Holy-Orders-2.jpeg\" data-orig-size=\"411,486\" data-comments-opened=\"1\" data-image-meta=\"{&quot;aperture&quot;:&quot;0&quot;,&quot;credit&quot;:&quot;&quot;,&quot;camera&quot;:&quot;&quot;,&quot;caption&quot;:&quot;&quot;,&quot;created_timestamp&quot;:&quot;0&quot;,&quot;copyright&quot;:&quot;&quot;,&quot;focal_length&quot;:&quot;0&quot;,&quot;iso&quot;:&quot;0&quot;,&quot;shutter_speed&quot;:&quot;0&quot;,&quot;title&quot;:&quot;&quot;,&quot;orientation&quot;:&quot;0&quot;,&quot;alt&quot;:&quot;&quot;}\" data-image-title=\"Holy Orders 2\" data-image-description=\"\" data-image-caption=\"\" data-large-file=\"https:\/\/wobronietradycjiiwiary.com\/wp-content\/uploads\/2026\/07\/Holy-Orders-2.jpeg\" srcset=\"https:\/\/wobronietradycjiiwiary.com\/wp-content\/uploads\/2026\/07\/Holy-Orders-2.jpeg 411w, https:\/\/wobronietradycjiiwiary.com\/wp-content\/uploads\/2026\/07\/Holy-Orders-2-254x300.jpeg 254w, https:\/\/wobronietradycjiiwiary.com\/wp-content\/uploads\/2026\/07\/Holy-Orders-2-127x150.jpeg 127w, https:\/\/wobronietradycjiiwiary.com\/wp-content\/uploads\/2026\/07\/Holy-Orders-2-10x12.jpeg 10w\" sizes=\"(max-width: 411px) 100vw, 411px\" \/><\/div>\n\t\t<\/a>\n\t\t\t\t<div class=\"elementor-post__text\">\n\t\t\t\t<h4 class=\"elementor-post__title\">\n\t\t\t<a href=\"https:\/\/wobronietradycjiiwiary.com\/pl\/roberto-de-mattei-swiecenia-w-econe-z-1-lipca-2026-r-chronos-i-kairos-pewnego-wydarzenia\/\" >\n\t\t\t\tRoberto de Mattei, \u015awi\u0119cenia w \u00c9c\u00f4ne z 1 lipca 2026 r.: Chronos i Kairos pewnego wydarzenia.\t\t\t<\/a>\n\t\t<\/h4>\n\t\t\t\t<\/div>\n\t\t\t\t<\/article>\n\t\t\t\t<article class=\"elementor-post elementor-grid-item post-166614 post type-post status-publish format-standard has-post-thumbnail hentry category-wiadomosci category-dogmat-ktorym-nalezy-sie-kierowac category-kosciol-posoborowy category-redemptorysci-transalpejscy category-tradycjonalizm tag-redemptorysci-transalpejscy\" role=\"listitem\">\n\t\t\t\t<a class=\"elementor-post__thumbnail__link\" href=\"https:\/\/wobronietradycjiiwiary.com\/pl\/redemptorysci-transalpejscy-dogmat-ktorym-nalezy-sie-kierowac-6-z-7\/\" tabindex=\"-1\" >\n\t\t\t<div class=\"elementor-post__thumbnail\"><img loading=\"lazy\" decoding=\"async\" width=\"580\" height=\"671\" src=\"https:\/\/wobronietradycjiiwiary.com\/wp-content\/uploads\/2026\/05\/Sons_of_the_Most_Holy_Redeemer_COA.svg_-768x889.png\" class=\"attachment-medium_large size-medium_large wp-image-164903\" alt=\"\" data-attachment-id=\"164903\" data-permalink=\"https:\/\/wobronietradycjiiwiary.com\/pl\/redemptorysci-transalpejscy-dogmat-ktorym-nalezy-sie-kierowac\/sons_of_the_most_holy_redeemer_coa-svg\/\" data-orig-file=\"https:\/\/wobronietradycjiiwiary.com\/wp-content\/uploads\/2026\/05\/Sons_of_the_Most_Holy_Redeemer_COA.svg_.png\" data-orig-size=\"960,1111\" data-comments-opened=\"1\" data-image-meta=\"{&quot;aperture&quot;:&quot;0&quot;,&quot;credit&quot;:&quot;&quot;,&quot;camera&quot;:&quot;&quot;,&quot;caption&quot;:&quot;&quot;,&quot;created_timestamp&quot;:&quot;0&quot;,&quot;copyright&quot;:&quot;&quot;,&quot;focal_length&quot;:&quot;0&quot;,&quot;iso&quot;:&quot;0&quot;,&quot;shutter_speed&quot;:&quot;0&quot;,&quot;title&quot;:&quot;&quot;,&quot;orientation&quot;:&quot;0&quot;}\" data-image-title=\"Sons_of_the_Most_Holy_Redeemer_COA.svg\" data-image-description=\"\" data-image-caption=\"\" data-large-file=\"https:\/\/wobronietradycjiiwiary.com\/wp-content\/uploads\/2026\/05\/Sons_of_the_Most_Holy_Redeemer_COA.svg_-885x1024.png\" srcset=\"https:\/\/wobronietradycjiiwiary.com\/wp-content\/uploads\/2026\/05\/Sons_of_the_Most_Holy_Redeemer_COA.svg_-768x889.png 768w, https:\/\/wobronietradycjiiwiary.com\/wp-content\/uploads\/2026\/05\/Sons_of_the_Most_Holy_Redeemer_COA.svg_-259x300.png 259w, https:\/\/wobronietradycjiiwiary.com\/wp-content\/uploads\/2026\/05\/Sons_of_the_Most_Holy_Redeemer_COA.svg_-885x1024.png 885w, https:\/\/wobronietradycjiiwiary.com\/wp-content\/uploads\/2026\/05\/Sons_of_the_Most_Holy_Redeemer_COA.svg_-130x150.png 130w, https:\/\/wobronietradycjiiwiary.com\/wp-content\/uploads\/2026\/05\/Sons_of_the_Most_Holy_Redeemer_COA.svg_-10x12.png 10w, https:\/\/wobronietradycjiiwiary.com\/wp-content\/uploads\/2026\/05\/Sons_of_the_Most_Holy_Redeemer_COA.svg_-450x521.png 450w, https:\/\/wobronietradycjiiwiary.com\/wp-content\/uploads\/2026\/05\/Sons_of_the_Most_Holy_Redeemer_COA.svg_-600x694.png 600w, https:\/\/wobronietradycjiiwiary.com\/wp-content\/uploads\/2026\/05\/Sons_of_the_Most_Holy_Redeemer_COA.svg_-52x60.png 52w, https:\/\/wobronietradycjiiwiary.com\/wp-content\/uploads\/2026\/05\/Sons_of_the_Most_Holy_Redeemer_COA.svg_-78x90.png 78w, https:\/\/wobronietradycjiiwiary.com\/wp-content\/uploads\/2026\/05\/Sons_of_the_Most_Holy_Redeemer_COA.svg_.png 960w\" sizes=\"(max-width: 580px) 100vw, 580px\" \/><\/div>\n\t\t<\/a>\n\t\t\t\t<div class=\"elementor-post__text\">\n\t\t\t\t<h4 class=\"elementor-post__title\">\n\t\t\t<a href=\"https:\/\/wobronietradycjiiwiary.com\/pl\/redemptorysci-transalpejscy-dogmat-ktorym-nalezy-sie-kierowac-6-z-7\/\" >\n\t\t\t\tRedemptory\u015bci Transalpejscy, Dogmat, kt\u00f3rym nale\u017cy si\u0119 kierowa\u0107 (6 z 7).\t\t\t<\/a>\n\t\t<\/h4>\n\t\t\t\t<\/div>\n\t\t\t\t<\/article>\n\t\t\t\t<\/div>\n\t\t\n\t\t\t\t\t\t<\/div>\n\t\t\t\t<\/div>\n\t\t\t\t\t<\/div>\n\t\t<\/div>\n\t\t\t\t\t<\/div>\n\t\t<\/section>\n\t\t\t\t<section class=\"elementor-section elementor-top-section elementor-element elementor-element-760f5b97 elementor-section-boxed elementor-section-height-default elementor-section-height-default\" data-id=\"760f5b97\" data-element_type=\"section\" data-e-type=\"section\">\n\t\t\t\t\t\t<div class=\"elementor-container elementor-column-gap-no\">\n\t\t\t\t\t<div class=\"elementor-column elementor-col-100 elementor-top-column elementor-element elementor-element-b732b67\" data-id=\"b732b67\" data-element_type=\"column\" data-e-type=\"column\">\n\t\t\t<div class=\"elementor-widget-wrap elementor-element-populated\">\n\t\t\t\t\t\t<div class=\"elementor-element elementor-element-71458848 elementor-icon-list--layout-inline elementor-widget__width-auto elementor-list-item-link-full_width elementor-widget elementor-widget-icon-list\" data-id=\"71458848\" data-element_type=\"widget\" data-e-type=\"widget\" data-widget_type=\"icon-list.default\">\n\t\t\t\t<div class=\"elementor-widget-container\">\n\t\t\t\t\t\t\t<ul class=\"elementor-icon-list-items elementor-inline-items\">\n\t\t\t\t\t\t\t<li class=\"elementor-icon-list-item elementor-inline-item\">\n\t\t\t\t\t\t\t\t\t\t<span class=\"elementor-icon-list-text\">Popularne zagadnienia<\/span>\n\t\t\t\t\t\t\t\t\t<\/li>\n\t\t\t\t\t\t\t\t<li class=\"elementor-icon-list-item elementor-inline-item\">\n\t\t\t\t\t\t\t\t\t\t\t<a href=\"https:\/\/wobronietradycjiiwiary.com\/pl\/category\/polemika\/kosciol-posoborowy\/papieze\/papiez-franciszek\/traditionis-custodes\/\" target=\"_blank\">\n\n\t\t\t\t\t\t\t\t\t\t\t\t<span class=\"elementor-icon-list-icon\">\n\t\t\t\t\t\t\t<svg aria-hidden=\"true\" class=\"e-font-icon-svg e-fas-chevron-right\" viewBox=\"0 0 320 512\" xmlns=\"http:\/\/www.w3.org\/2000\/svg\"><path d=\"M285.476 272.971L91.132 467.314c-9.373 9.373-24.569 9.373-33.941 0l-22.667-22.667c-9.357-9.357-9.375-24.522-.04-33.901L188.505 256 34.484 101.255c-9.335-9.379-9.317-24.544.04-33.901l22.667-22.667c9.373-9.373 24.569-9.373 33.941 0L285.475 239.03c9.373 9.372 9.373 24.568.001 33.941z\"><\/path><\/svg>\t\t\t\t\t\t<\/span>\n\t\t\t\t\t\t\t\t\t\t<span class=\"elementor-icon-list-text\">Traditionis Custodes<\/span>\n\t\t\t\t\t\t\t\t\t\t\t<\/a>\n\t\t\t\t\t\t\t\t\t<\/li>\n\t\t\t\t\t\t\t\t<li class=\"elementor-icon-list-item elementor-inline-item\">\n\t\t\t\t\t\t\t\t\t\t\t<a href=\"https:\/\/wobronietradycjiiwiary.com\/pl\/category\/polemika\/kosciol-posoborowy\/papieze\/leon-xiv\/\" target=\"_blank\">\n\n\t\t\t\t\t\t\t\t\t\t\t\t<span class=\"elementor-icon-list-icon\">\n\t\t\t\t\t\t\t<svg aria-hidden=\"true\" class=\"e-font-icon-svg e-fas-chevron-right\" viewBox=\"0 0 320 512\" xmlns=\"http:\/\/www.w3.org\/2000\/svg\"><path d=\"M285.476 272.971L91.132 467.314c-9.373 9.373-24.569 9.373-33.941 0l-22.667-22.667c-9.357-9.357-9.375-24.522-.04-33.901L188.505 256 34.484 101.255c-9.335-9.379-9.317-24.544.04-33.901l22.667-22.667c9.373-9.373 24.569-9.373 33.941 0L285.475 239.03c9.373 9.372 9.373 24.568.001 33.941z\"><\/path><\/svg>\t\t\t\t\t\t<\/span>\n\t\t\t\t\t\t\t\t\t\t<span class=\"elementor-icon-list-text\">Leon XIV - Pontyfikat<\/span>\n\t\t\t\t\t\t\t\t\t\t\t<\/a>\n\t\t\t\t\t\t\t\t\t<\/li>\n\t\t\t\t\t\t\t\t<li class=\"elementor-icon-list-item elementor-inline-item\">\n\t\t\t\t\t\t\t\t\t\t\t<a href=\"https:\/\/wobronietradycjiiwiary.com\/pl\/category\/polemika\/kosciol-posoborowy\/papieze\/leon-xiv\/konklawe\/\" target=\"_blank\">\n\n\t\t\t\t\t\t\t\t\t\t\t\t<span class=\"elementor-icon-list-icon\">\n\t\t\t\t\t\t\t<svg aria-hidden=\"true\" class=\"e-font-icon-svg e-fas-chevron-right\" viewBox=\"0 0 320 512\" xmlns=\"http:\/\/www.w3.org\/2000\/svg\"><path d=\"M285.476 272.971L91.132 467.314c-9.373 9.373-24.569 9.373-33.941 0l-22.667-22.667c-9.357-9.357-9.375-24.522-.04-33.901L188.505 256 34.484 101.255c-9.335-9.379-9.317-24.544.04-33.901l22.667-22.667c9.373-9.373 24.569-9.373 33.941 0L285.475 239.03c9.373 9.372 9.373 24.568.001 33.941z\"><\/path><\/svg>\t\t\t\t\t\t<\/span>\n\t\t\t\t\t\t\t\t\t\t<span class=\"elementor-icon-list-text\">Konklawe<\/span>\n\t\t\t\t\t\t\t\t\t\t\t<\/a>\n\t\t\t\t\t\t\t\t\t<\/li>\n\t\t\t\t\t\t\t\t<li class=\"elementor-icon-list-item elementor-inline-item\">\n\t\t\t\t\t\t\t\t\t\t\t<a href=\"https:\/\/wobronietradycjiiwiary.com\/pl\/category\/polemika\/kosciol-posoborowy\/papieze\/benedykt-xvi-abdykacja\/krytyka-teologii-ratzingera-benedykta-xvi\/\">\n\n\t\t\t\t\t\t\t\t\t\t\t\t<span class=\"elementor-icon-list-icon\">\n\t\t\t\t\t\t\t<svg aria-hidden=\"true\" class=\"e-font-icon-svg e-fas-chevron-right\" viewBox=\"0 0 320 512\" xmlns=\"http:\/\/www.w3.org\/2000\/svg\"><path d=\"M285.476 272.971L91.132 467.314c-9.373 9.373-24.569 9.373-33.941 0l-22.667-22.667c-9.357-9.357-9.375-24.522-.04-33.901L188.505 256 34.484 101.255c-9.335-9.379-9.317-24.544.04-33.901l22.667-22.667c9.373-9.373 24.569-9.373 33.941 0L285.475 239.03c9.373 9.372 9.373 24.568.001 33.941z\"><\/path><\/svg>\t\t\t\t\t\t<\/span>\n\t\t\t\t\t\t\t\t\t\t<span class=\"elementor-icon-list-text\">Ratzinger - Krytyka teologii<\/span>\n\t\t\t\t\t\t\t\t\t\t\t<\/a>\n\t\t\t\t\t\t\t\t\t<\/li>\n\t\t\t\t\t\t<\/ul>\n\t\t\t\t\t\t<\/div>\n\t\t\t\t<\/div>\n\t\t\t\t<div class=\"elementor-element elementor-element-53dd8688 elementor-widget-divider--view-line elementor-widget elementor-widget-divider\" data-id=\"53dd8688\" data-element_type=\"widget\" data-e-type=\"widget\" data-widget_type=\"divider.default\">\n\t\t\t\t<div class=\"elementor-widget-container\">\n\t\t\t\t\t\t\t<div class=\"elementor-divider\">\n\t\t\t<span class=\"elementor-divider-separator\">\n\t\t\t\t\t\t<\/span>\n\t\t<\/div>\n\t\t\t\t\t\t<\/div>\n\t\t\t\t<\/div>\n\t\t\t\t<section class=\"elementor-section elementor-inner-section elementor-element elementor-element-279c679f elementor-section-boxed elementor-section-height-default elementor-section-height-default\" data-id=\"279c679f\" data-element_type=\"section\" data-e-type=\"section\">\n\t\t\t\t\t\t<div class=\"elementor-container elementor-column-gap-default\">\n\t\t\t\t\t<div class=\"elementor-column elementor-col-25 elementor-inner-column elementor-element elementor-element-76386b2e\" data-id=\"76386b2e\" data-element_type=\"column\" data-e-type=\"column\">\n\t\t\t<div class=\"elementor-widget-wrap elementor-element-populated\">\n\t\t\t\t\t\t<div class=\"elementor-element elementor-element-1d13277a elementor-grid-1 elementor-posts--thumbnail-left elementor-grid-tablet-1 elementor-grid-mobile-1 elementor-widget elementor-widget-posts\" data-id=\"1d13277a\" data-element_type=\"widget\" data-e-type=\"widget\" data-settings=\"{&quot;classic_columns&quot;:&quot;1&quot;,&quot;classic_row_gap&quot;:{&quot;unit&quot;:&quot;px&quot;,&quot;size&quot;:&quot;40&quot;,&quot;sizes&quot;:[]},&quot;classic_columns_tablet&quot;:&quot;1&quot;,&quot;classic_columns_mobile&quot;:&quot;1&quot;,&quot;classic_row_gap_tablet&quot;:{&quot;unit&quot;:&quot;px&quot;,&quot;size&quot;:&quot;&quot;,&quot;sizes&quot;:[]},&quot;classic_row_gap_mobile&quot;:{&quot;unit&quot;:&quot;px&quot;,&quot;size&quot;:&quot;&quot;,&quot;sizes&quot;:[]}}\" data-widget_type=\"posts.classic\">\n\t\t\t\t<div class=\"elementor-widget-container\">\n\t\t\t\t\t\t\t<div class=\"elementor-posts-container elementor-posts elementor-posts--skin-classic elementor-grid\" role=\"list\">\n\t\t\t\t<article class=\"elementor-post elementor-grid-item post-147148 post type-post status-publish format-standard has-post-thumbnail hentry category-kosciol-posoborowy category-polemika category-traditionis-custodes tag-ankieta tag-leon-xiv tag-traditionis-custodes\" role=\"listitem\">\n\t\t\t\t<a class=\"elementor-post__thumbnail__link\" href=\"https:\/\/wobronietradycjiiwiary.com\/pl\/synodalnosc-juz-dawno-istnieje\/\" tabindex=\"-1\" >\n\t\t\t<div class=\"elementor-post__thumbnail\"><img loading=\"lazy\" decoding=\"async\" width=\"550\" height=\"393\" src=\"https:\/\/wobronietradycjiiwiary.com\/wp-content\/uploads\/2025\/07\/1016317.jpg\" class=\"attachment-medium_large size-medium_large wp-image-147156\" alt=\"\" data-attachment-id=\"147156\" data-permalink=\"https:\/\/wobronietradycjiiwiary.com\/pl\/synodalnosc-juz-dawno-istnieje\/attachment\/1016317\/\" data-orig-file=\"https:\/\/wobronietradycjiiwiary.com\/wp-content\/uploads\/2025\/07\/1016317.jpg\" data-orig-size=\"550,393\" data-comments-opened=\"1\" data-image-meta=\"{&quot;aperture&quot;:&quot;0&quot;,&quot;credit&quot;:&quot;&quot;,&quot;camera&quot;:&quot;&quot;,&quot;caption&quot;:&quot;&quot;,&quot;created_timestamp&quot;:&quot;0&quot;,&quot;copyright&quot;:&quot;&quot;,&quot;focal_length&quot;:&quot;0&quot;,&quot;iso&quot;:&quot;0&quot;,&quot;shutter_speed&quot;:&quot;0&quot;,&quot;title&quot;:&quot;&quot;,&quot;orientation&quot;:&quot;0&quot;}\" data-image-title=\"1016317\" data-image-description=\"\" data-image-caption=\"\" data-large-file=\"https:\/\/wobronietradycjiiwiary.com\/wp-content\/uploads\/2025\/07\/1016317.jpg\" srcset=\"https:\/\/wobronietradycjiiwiary.com\/wp-content\/uploads\/2025\/07\/1016317.jpg 550w, https:\/\/wobronietradycjiiwiary.com\/wp-content\/uploads\/2025\/07\/1016317-300x214.jpg 300w, https:\/\/wobronietradycjiiwiary.com\/wp-content\/uploads\/2025\/07\/1016317-150x107.jpg 150w, https:\/\/wobronietradycjiiwiary.com\/wp-content\/uploads\/2025\/07\/1016317-18x12.jpg 18w, https:\/\/wobronietradycjiiwiary.com\/wp-content\/uploads\/2025\/07\/1016317-450x322.jpg 450w\" sizes=\"(max-width: 550px) 100vw, 550px\" \/><\/div>\n\t\t<\/a>\n\t\t\t\t<div class=\"elementor-post__text\">\n\t\t\t\t<h5 class=\"elementor-post__title\">\n\t\t\t<a href=\"https:\/\/wobronietradycjiiwiary.com\/pl\/synodalnosc-juz-dawno-istnieje\/\" >\n\t\t\t\t&#8220;Synodalno\u015b\u0107&#8221; ju\u017c od dawna istnieje\t\t\t<\/a>\n\t\t<\/h5>\n\t\t\t\t<\/div>\n\t\t\t\t<\/article>\n\t\t\t\t<article class=\"elementor-post elementor-grid-item post-146579 post type-post status-publish format-standard has-post-thumbnail hentry category-leon-xiv category-kard-roche category-kosciol-posoborowy category-polemika category-traditionis-custodes tag-diana-montagna tag-franciszek tag-leon-xiv tag-liturgia tag-traditionis-custodes\" role=\"listitem\">\n\t\t\t\t<a class=\"elementor-post__thumbnail__link\" href=\"https:\/\/wobronietradycjiiwiary.com\/pl\/za-kulisami-powstania-traditionis-custodes\/\" tabindex=\"-1\" >\n\t\t\t<div class=\"elementor-post__thumbnail\"><img loading=\"lazy\" decoding=\"async\" width=\"580\" height=\"931\" src=\"https:\/\/wobronietradycjiiwiary.com\/wp-content\/uploads\/2025\/07\/7ab85de0dd75b942995d4bbf553405b9.webp\" class=\"attachment-medium_large size-medium_large wp-image-146632\" alt=\"\" data-attachment-id=\"146632\" data-permalink=\"https:\/\/wobronietradycjiiwiary.com\/pl\/za-kulisami-powstania-traditionis-custodes\/7ab85de0dd75b942995d4bbf553405b9-5\/\" data-orig-file=\"https:\/\/wobronietradycjiiwiary.com\/wp-content\/uploads\/2025\/07\/7ab85de0dd75b942995d4bbf553405b9.webp\" data-orig-size=\"598,960\" data-comments-opened=\"1\" data-image-meta=\"{&quot;aperture&quot;:&quot;0&quot;,&quot;credit&quot;:&quot;&quot;,&quot;camera&quot;:&quot;&quot;,&quot;caption&quot;:&quot;&quot;,&quot;created_timestamp&quot;:&quot;0&quot;,&quot;copyright&quot;:&quot;&quot;,&quot;focal_length&quot;:&quot;0&quot;,&quot;iso&quot;:&quot;0&quot;,&quot;shutter_speed&quot;:&quot;0&quot;,&quot;title&quot;:&quot;&quot;,&quot;orientation&quot;:&quot;0&quot;}\" data-image-title=\"7ab85de0dd75b942995d4bbf553405b9\" data-image-description=\"\" data-image-caption=\"\" data-large-file=\"https:\/\/wobronietradycjiiwiary.com\/wp-content\/uploads\/2025\/07\/7ab85de0dd75b942995d4bbf553405b9.webp\" srcset=\"https:\/\/wobronietradycjiiwiary.com\/wp-content\/uploads\/2025\/07\/7ab85de0dd75b942995d4bbf553405b9.webp 598w, https:\/\/wobronietradycjiiwiary.com\/wp-content\/uploads\/2025\/07\/7ab85de0dd75b942995d4bbf553405b9-187x300.jpg 187w, https:\/\/wobronietradycjiiwiary.com\/wp-content\/uploads\/2025\/07\/7ab85de0dd75b942995d4bbf553405b9-93x150.jpg 93w, https:\/\/wobronietradycjiiwiary.com\/wp-content\/uploads\/2025\/07\/7ab85de0dd75b942995d4bbf553405b9-7x12.jpg 7w, https:\/\/wobronietradycjiiwiary.com\/wp-content\/uploads\/2025\/07\/7ab85de0dd75b942995d4bbf553405b9-450x722.jpg 450w\" sizes=\"(max-width: 580px) 100vw, 580px\" \/><\/div>\n\t\t<\/a>\n\t\t\t\t<div class=\"elementor-post__text\">\n\t\t\t\t<h5 class=\"elementor-post__title\">\n\t\t\t<a href=\"https:\/\/wobronietradycjiiwiary.com\/pl\/za-kulisami-powstania-traditionis-custodes\/\" >\n\t\t\t\tZa kulisami Traditionis Custodes\t\t\t<\/a>\n\t\t<\/h5>\n\t\t\t\t<\/div>\n\t\t\t\t<\/article>\n\t\t\t\t<article class=\"elementor-post elementor-grid-item post-76435 post type-post status-publish format-standard has-post-thumbnail hentry category-papiez-franciszek category-gene-gomulka category-kard-roche category-polemika category-traditionis-custodes tag-gene-gomulka tag-restricted\" role=\"listitem\">\n\t\t\t\t<a class=\"elementor-post__thumbnail__link\" href=\"https:\/\/wobronietradycjiiwiary.com\/pl\/kazdemu-kto-podniesie-reke-na-sobor-sobor-te-reke-odrabie-lub-wywiad-z-kardynalem-roche\/\" tabindex=\"-1\" >\n\t\t\t<div class=\"elementor-post__thumbnail\"><img loading=\"lazy\" decoding=\"async\" width=\"320\" height=\"488\" src=\"https:\/\/wobronietradycjiiwiary.com\/wp-content\/uploads\/2022\/08\/13bcf3f12556fb3daf4feed4bcbcfcbb-medieval-books-medieval-art.jpg\" class=\"attachment-medium_large size-medium_large wp-image-76453\" alt=\"\" data-attachment-id=\"76453\" data-permalink=\"https:\/\/wobronietradycjiiwiary.com\/pl\/kazdemu-kto-podniesie-reke-na-sobor-sobor-te-reke-odrabie-lub-wywiad-z-kardynalem-roche\/13bcf3f12556fb3daf4feed4bcbcfcbb-medieval-books-medieval-art-2\/\" data-orig-file=\"https:\/\/wobronietradycjiiwiary.com\/wp-content\/uploads\/2022\/08\/13bcf3f12556fb3daf4feed4bcbcfcbb-medieval-books-medieval-art.jpg\" data-orig-size=\"320,488\" data-comments-opened=\"1\" data-image-meta=\"{&quot;aperture&quot;:&quot;0&quot;,&quot;credit&quot;:&quot;&quot;,&quot;camera&quot;:&quot;&quot;,&quot;caption&quot;:&quot;&quot;,&quot;created_timestamp&quot;:&quot;0&quot;,&quot;copyright&quot;:&quot;&quot;,&quot;focal_length&quot;:&quot;0&quot;,&quot;iso&quot;:&quot;0&quot;,&quot;shutter_speed&quot;:&quot;0&quot;,&quot;title&quot;:&quot;&quot;,&quot;orientation&quot;:&quot;0&quot;}\" data-image-title=\"13bcf3f12556fb3daf4feed4bcbcfcbb&amp;#8211;medieval-books-medieval-art\" data-image-description=\"\" data-image-caption=\"\" data-large-file=\"https:\/\/wobronietradycjiiwiary.com\/wp-content\/uploads\/2022\/08\/13bcf3f12556fb3daf4feed4bcbcfcbb-medieval-books-medieval-art.jpg\" srcset=\"https:\/\/wobronietradycjiiwiary.com\/wp-content\/uploads\/2022\/08\/13bcf3f12556fb3daf4feed4bcbcfcbb-medieval-books-medieval-art.jpg 320w, https:\/\/wobronietradycjiiwiary.com\/wp-content\/uploads\/2022\/08\/13bcf3f12556fb3daf4feed4bcbcfcbb-medieval-books-medieval-art-300x458.jpg 300w, https:\/\/wobronietradycjiiwiary.com\/wp-content\/uploads\/2022\/08\/13bcf3f12556fb3daf4feed4bcbcfcbb-medieval-books-medieval-art-197x300.jpg 197w, https:\/\/wobronietradycjiiwiary.com\/wp-content\/uploads\/2022\/08\/13bcf3f12556fb3daf4feed4bcbcfcbb-medieval-books-medieval-art-98x150.jpg 98w, https:\/\/wobronietradycjiiwiary.com\/wp-content\/uploads\/2022\/08\/13bcf3f12556fb3daf4feed4bcbcfcbb-medieval-books-medieval-art-8x12.jpg 8w\" sizes=\"(max-width: 320px) 100vw, 320px\" \/><\/div>\n\t\t<\/a>\n\t\t\t\t<div class=\"elementor-post__text\">\n\t\t\t\t<h5 class=\"elementor-post__title\">\n\t\t\t<a href=\"https:\/\/wobronietradycjiiwiary.com\/pl\/kazdemu-kto-podniesie-reke-na-sobor-sobor-te-reke-odrabie-lub-wywiad-z-kardynalem-roche\/\" >\n\t\t\t\t&#8220;Ka\u017cdemu, kto podniesie r\u0119k\u0119 na Sob\u00f3r, Sob\u00f3r t\u0119 r\u0119k\u0119 odr\u0105bie&#8221; lub wywiad z kardyna\u0142em Roche\t\t\t<\/a>\n\t\t<\/h5>\n\t\t\t\t<\/div>\n\t\t\t\t<\/article>\n\t\t\t\t<article class=\"elementor-post elementor-grid-item post-76422 post type-post status-publish format-standard has-post-thumbnail hentry category-kard-roche category-kosciol-posoborowy category-watykan category-polemika category-traditionis-custodes tag-restricted\" role=\"listitem\">\n\t\t\t\t<a class=\"elementor-post__thumbnail__link\" href=\"https:\/\/wobronietradycjiiwiary.com\/pl\/the-tablet-uparty-sprzeciw-wobec-vaticanum-ii-jest-niekatolicki-mowi-kardynal-roche\/\" tabindex=\"-1\" >\n\t\t\t<div class=\"elementor-post__thumbnail\"><img loading=\"lazy\" decoding=\"async\" width=\"580\" height=\"363\" src=\"https:\/\/wobronietradycjiiwiary.com\/wp-content\/uploads\/2022\/08\/Medieval_MonstersP_3274868k-768x480.jpg\" class=\"attachment-medium_large size-medium_large wp-image-76428\" alt=\"\" data-attachment-id=\"76428\" data-permalink=\"https:\/\/wobronietradycjiiwiary.com\/pl\/the-tablet-uparty-sprzeciw-wobec-vaticanum-ii-jest-niekatolicki-mowi-kardynal-roche\/medieval_monstersp_3274868k\/\" data-orig-file=\"https:\/\/wobronietradycjiiwiary.com\/wp-content\/uploads\/2022\/08\/Medieval_MonstersP_3274868k.jpg\" data-orig-size=\"858,536\" data-comments-opened=\"1\" data-image-meta=\"{&quot;aperture&quot;:&quot;0&quot;,&quot;credit&quot;:&quot;&quot;,&quot;camera&quot;:&quot;&quot;,&quot;caption&quot;:&quot;&quot;,&quot;created_timestamp&quot;:&quot;0&quot;,&quot;copyright&quot;:&quot;&quot;,&quot;focal_length&quot;:&quot;0&quot;,&quot;iso&quot;:&quot;0&quot;,&quot;shutter_speed&quot;:&quot;0&quot;,&quot;title&quot;:&quot;&quot;,&quot;orientation&quot;:&quot;0&quot;}\" data-image-title=\"Medieval_MonstersP_3274868k\" data-image-description=\"\" data-image-caption=\"\" data-large-file=\"https:\/\/wobronietradycjiiwiary.com\/wp-content\/uploads\/2022\/08\/Medieval_MonstersP_3274868k.jpg\" srcset=\"https:\/\/wobronietradycjiiwiary.com\/wp-content\/uploads\/2022\/08\/Medieval_MonstersP_3274868k-768x480.jpg 768w, https:\/\/wobronietradycjiiwiary.com\/wp-content\/uploads\/2022\/08\/Medieval_MonstersP_3274868k-450x281.jpg 450w, https:\/\/wobronietradycjiiwiary.com\/wp-content\/uploads\/2022\/08\/Medieval_MonstersP_3274868k-600x375.jpg 600w, https:\/\/wobronietradycjiiwiary.com\/wp-content\/uploads\/2022\/08\/Medieval_MonstersP_3274868k-300x187.jpg 300w, https:\/\/wobronietradycjiiwiary.com\/wp-content\/uploads\/2022\/08\/Medieval_MonstersP_3274868k-150x94.jpg 150w, https:\/\/wobronietradycjiiwiary.com\/wp-content\/uploads\/2022\/08\/Medieval_MonstersP_3274868k-18x12.jpg 18w, https:\/\/wobronietradycjiiwiary.com\/wp-content\/uploads\/2022\/08\/Medieval_MonstersP_3274868k.jpg 858w\" sizes=\"(max-width: 580px) 100vw, 580px\" \/><\/div>\n\t\t<\/a>\n\t\t\t\t<div class=\"elementor-post__text\">\n\t\t\t\t<h5 class=\"elementor-post__title\">\n\t\t\t<a href=\"https:\/\/wobronietradycjiiwiary.com\/pl\/the-tablet-uparty-sprzeciw-wobec-vaticanum-ii-jest-niekatolicki-mowi-kardynal-roche\/\" >\n\t\t\t\tThe Tablet: Uparty sprzeciw wobec Vaticanum II jest &#8220;niekatolicki&#8221; m\u00f3wi kardyna\u0142 Roche\t\t\t<\/a>\n\t\t<\/h5>\n\t\t\t\t<\/div>\n\t\t\t\t<\/article>\n\t\t\t\t<article class=\"elementor-post elementor-grid-item post-59765 post type-post status-publish format-standard has-post-thumbnail hentry category-wiadomosci category-dubia-do-tc category-kard-roche category-polemika tag-restricted\" role=\"listitem\">\n\t\t\t\t<a class=\"elementor-post__thumbnail__link\" href=\"https:\/\/wobronietradycjiiwiary.com\/pl\/prefekt-roche-responsa-ad-dubia-lub-zeby-sie-ta-trydencka-zaraza-nie-rozniosla-7-z-7\/\" tabindex=\"-1\" >\n\t\t\t<div class=\"elementor-post__thumbnail\"><img loading=\"lazy\" decoding=\"async\" width=\"474\" height=\"383\" src=\"https:\/\/wobronietradycjiiwiary.com\/wp-content\/uploads\/2021\/12\/0b58c99820827bda2677f9bcf4b7f3ef.jpg\" class=\"attachment-medium_large size-medium_large wp-image-59072\" alt=\"\" data-attachment-id=\"59072\" data-permalink=\"https:\/\/wobronietradycjiiwiary.com\/pl\/prefekt-roche-responsa-ad-dubia-lub-zeby-sie-ta-trydencka-zaraza-nie-rozniosla-1-z-7\/0b58c99820827bda2677f9bcf4b7f3ef\/\" data-orig-file=\"https:\/\/wobronietradycjiiwiary.com\/wp-content\/uploads\/2021\/12\/0b58c99820827bda2677f9bcf4b7f3ef.jpg\" data-orig-size=\"474,383\" data-comments-opened=\"1\" data-image-meta=\"{&quot;aperture&quot;:&quot;0&quot;,&quot;credit&quot;:&quot;&quot;,&quot;camera&quot;:&quot;&quot;,&quot;caption&quot;:&quot;&quot;,&quot;created_timestamp&quot;:&quot;0&quot;,&quot;copyright&quot;:&quot;&quot;,&quot;focal_length&quot;:&quot;0&quot;,&quot;iso&quot;:&quot;0&quot;,&quot;shutter_speed&quot;:&quot;0&quot;,&quot;title&quot;:&quot;&quot;,&quot;orientation&quot;:&quot;0&quot;}\" data-image-title=\"0b58c99820827bda2677f9bcf4b7f3ef\" data-image-description=\"\" data-image-caption=\"\" data-large-file=\"https:\/\/wobronietradycjiiwiary.com\/wp-content\/uploads\/2021\/12\/0b58c99820827bda2677f9bcf4b7f3ef.jpg\" srcset=\"https:\/\/wobronietradycjiiwiary.com\/wp-content\/uploads\/2021\/12\/0b58c99820827bda2677f9bcf4b7f3ef.jpg 474w, https:\/\/wobronietradycjiiwiary.com\/wp-content\/uploads\/2021\/12\/0b58c99820827bda2677f9bcf4b7f3ef-450x364.jpg 450w, https:\/\/wobronietradycjiiwiary.com\/wp-content\/uploads\/2021\/12\/0b58c99820827bda2677f9bcf4b7f3ef-300x242.jpg 300w, https:\/\/wobronietradycjiiwiary.com\/wp-content\/uploads\/2021\/12\/0b58c99820827bda2677f9bcf4b7f3ef-150x121.jpg 150w, https:\/\/wobronietradycjiiwiary.com\/wp-content\/uploads\/2021\/12\/0b58c99820827bda2677f9bcf4b7f3ef-15x12.jpg 15w\" sizes=\"(max-width: 474px) 100vw, 474px\" \/><\/div>\n\t\t<\/a>\n\t\t\t\t<div class=\"elementor-post__text\">\n\t\t\t\t<h5 class=\"elementor-post__title\">\n\t\t\t<a href=\"https:\/\/wobronietradycjiiwiary.com\/pl\/prefekt-roche-responsa-ad-dubia-lub-zeby-sie-ta-trydencka-zaraza-nie-rozniosla-7-z-7\/\" >\n\t\t\t\tPrefekt Roche: Responsa ad dubia lub &#8220;\u017ceby si\u0119 ta trydencka zaraza nie roznios\u0142a&#8221;. (7 z 7)\t\t\t<\/a>\n\t\t<\/h5>\n\t\t\t\t<\/div>\n\t\t\t\t<\/article>\n\t\t\t\t<\/div>\n\t\t\n\t\t\t\t\t\t<\/div>\n\t\t\t\t<\/div>\n\t\t\t\t\t<\/div>\n\t\t<\/div>\n\t\t\t\t<div class=\"elementor-column elementor-col-25 elementor-inner-column elementor-element elementor-element-3c432ce6\" data-id=\"3c432ce6\" data-element_type=\"column\" data-e-type=\"column\">\n\t\t\t<div class=\"elementor-widget-wrap elementor-element-populated\">\n\t\t\t\t\t\t<div class=\"elementor-element elementor-element-713081e7 elementor-grid-1 elementor-posts--thumbnail-left elementor-grid-tablet-1 elementor-grid-mobile-1 elementor-widget elementor-widget-posts\" data-id=\"713081e7\" data-element_type=\"widget\" data-e-type=\"widget\" data-settings=\"{&quot;classic_columns&quot;:&quot;1&quot;,&quot;classic_row_gap&quot;:{&quot;unit&quot;:&quot;px&quot;,&quot;size&quot;:&quot;40&quot;,&quot;sizes&quot;:[]},&quot;classic_columns_tablet&quot;:&quot;1&quot;,&quot;classic_columns_mobile&quot;:&quot;1&quot;,&quot;classic_row_gap_tablet&quot;:{&quot;unit&quot;:&quot;px&quot;,&quot;size&quot;:&quot;&quot;,&quot;sizes&quot;:[]},&quot;classic_row_gap_mobile&quot;:{&quot;unit&quot;:&quot;px&quot;,&quot;size&quot;:&quot;&quot;,&quot;sizes&quot;:[]}}\" data-widget_type=\"posts.classic\">\n\t\t\t\t<div class=\"elementor-widget-container\">\n\t\t\t\t\t\t\t<div class=\"elementor-posts-container elementor-posts elementor-posts--skin-classic elementor-grid\" role=\"list\">\n\t\t\t\t<article class=\"elementor-post elementor-grid-item post-164281 post type-post status-publish format-standard has-post-thumbnail hentry category-leon-xiv category-kosciol-posoborowy category-kosciol-w-usa category-polemika tag-donald-trump tag-leon-wielki tag-leon-xiv tag-papiestwo tag-restricted tag-wojna-w-iranie tag-laska\" role=\"listitem\">\n\t\t\t\t<a class=\"elementor-post__thumbnail__link\" href=\"https:\/\/wobronietradycjiiwiary.com\/pl\/leon-wielki-leon-xiv-i-trump\/\" tabindex=\"-1\" >\n\t\t\t<div class=\"elementor-post__thumbnail\"><img loading=\"lazy\" decoding=\"async\" width=\"580\" height=\"325\" src=\"https:\/\/wobronietradycjiiwiary.com\/wp-content\/uploads\/2026\/04\/Leo-and-Attila-768x430.jpg\" class=\"attachment-medium_large size-medium_large wp-image-164292\" alt=\"\" data-attachment-id=\"164292\" data-permalink=\"https:\/\/wobronietradycjiiwiary.com\/pl\/leon-wielki-leon-xiv-i-trump\/leo-and-attila\/\" data-orig-file=\"https:\/\/wobronietradycjiiwiary.com\/wp-content\/uploads\/2026\/04\/Leo-and-Attila.jpg\" data-orig-size=\"1920,1076\" data-comments-opened=\"1\" data-image-meta=\"{&quot;aperture&quot;:&quot;0&quot;,&quot;credit&quot;:&quot;&quot;,&quot;camera&quot;:&quot;&quot;,&quot;caption&quot;:&quot;&quot;,&quot;created_timestamp&quot;:&quot;0&quot;,&quot;copyright&quot;:&quot;&quot;,&quot;focal_length&quot;:&quot;0&quot;,&quot;iso&quot;:&quot;0&quot;,&quot;shutter_speed&quot;:&quot;0&quot;,&quot;title&quot;:&quot;&quot;,&quot;orientation&quot;:&quot;0&quot;}\" data-image-title=\"Leo and Attila\" data-image-description=\"\" data-image-caption=\"\" data-large-file=\"https:\/\/wobronietradycjiiwiary.com\/wp-content\/uploads\/2026\/04\/Leo-and-Attila-1024x574.jpg\" srcset=\"https:\/\/wobronietradycjiiwiary.com\/wp-content\/uploads\/2026\/04\/Leo-and-Attila-768x430.jpg 768w, https:\/\/wobronietradycjiiwiary.com\/wp-content\/uploads\/2026\/04\/Leo-and-Attila-300x168.jpg 300w, https:\/\/wobronietradycjiiwiary.com\/wp-content\/uploads\/2026\/04\/Leo-and-Attila-1024x574.jpg 1024w, https:\/\/wobronietradycjiiwiary.com\/wp-content\/uploads\/2026\/04\/Leo-and-Attila-150x84.jpg 150w, https:\/\/wobronietradycjiiwiary.com\/wp-content\/uploads\/2026\/04\/Leo-and-Attila-1536x861.jpg 1536w, https:\/\/wobronietradycjiiwiary.com\/wp-content\/uploads\/2026\/04\/Leo-and-Attila-18x10.jpg 18w, https:\/\/wobronietradycjiiwiary.com\/wp-content\/uploads\/2026\/04\/Leo-and-Attila-1200x673.jpg 1200w, https:\/\/wobronietradycjiiwiary.com\/wp-content\/uploads\/2026\/04\/Leo-and-Attila-450x252.jpg 450w, https:\/\/wobronietradycjiiwiary.com\/wp-content\/uploads\/2026\/04\/Leo-and-Attila-600x336.jpg 600w, https:\/\/wobronietradycjiiwiary.com\/wp-content\/uploads\/2026\/04\/Leo-and-Attila.jpg 1920w\" sizes=\"(max-width: 580px) 100vw, 580px\" \/><\/div>\n\t\t<\/a>\n\t\t\t\t<div class=\"elementor-post__text\">\n\t\t\t\t<h4 class=\"elementor-post__title\">\n\t\t\t<a href=\"https:\/\/wobronietradycjiiwiary.com\/pl\/leon-wielki-leon-xiv-i-trump\/\" >\n\t\t\t\t\u015aw. Leon Wielki, Leon XIV i Trump\t\t\t<\/a>\n\t\t<\/h4>\n\t\t\t\t<\/div>\n\t\t\t\t<\/article>\n\t\t\t\t<article class=\"elementor-post elementor-grid-item post-163278 post type-post status-publish format-standard has-post-thumbnail hentry category-leon-xiv category-konklawe category-kosciol-posoborowy category-papieze category-polemika tag-apostazja tag-cum-ex-apostolatus tag-intencja-wewnetrzna tag-ks-gerry-murray tag-leon-xiv tag-pachamama tag-papiestwo tag-prawo-kanoniczne tag-prevost tag-restricted\" role=\"listitem\">\n\t\t\t\t<a class=\"elementor-post__thumbnail__link\" href=\"https:\/\/wobronietradycjiiwiary.com\/pl\/leon-xiv-nie-jest-papiezem-apostazja-przed-wyborem\/\" tabindex=\"-1\" >\n\t\t\t<div class=\"elementor-post__thumbnail\"><img loading=\"lazy\" decoding=\"async\" width=\"500\" height=\"332\" src=\"https:\/\/wobronietradycjiiwiary.com\/wp-content\/uploads\/2026\/03\/Jean_Paul_Laurens_Le_Pape_Formose_et_Etienne_VI_1870.jpg.webp\" class=\"attachment-medium_large size-medium_large wp-image-163279\" alt=\"\" data-attachment-id=\"163279\" data-permalink=\"https:\/\/wobronietradycjiiwiary.com\/pl\/leon-xiv-nie-jest-papiezem-apostazja-przed-wyborem\/jean_paul_laurens_le_pape_formose_et_etienne_vi_1870-jpg-2\/\" data-orig-file=\"https:\/\/wobronietradycjiiwiary.com\/wp-content\/uploads\/2026\/03\/Jean_Paul_Laurens_Le_Pape_Formose_et_Etienne_VI_1870.jpg.webp\" data-orig-size=\"500,332\" data-comments-opened=\"1\" data-image-meta=\"{&quot;aperture&quot;:&quot;0&quot;,&quot;credit&quot;:&quot;&quot;,&quot;camera&quot;:&quot;&quot;,&quot;caption&quot;:&quot;&quot;,&quot;created_timestamp&quot;:&quot;0&quot;,&quot;copyright&quot;:&quot;&quot;,&quot;focal_length&quot;:&quot;0&quot;,&quot;iso&quot;:&quot;0&quot;,&quot;shutter_speed&quot;:&quot;0&quot;,&quot;title&quot;:&quot;&quot;,&quot;orientation&quot;:&quot;0&quot;}\" data-image-title=\"Jean_Paul_Laurens_Le_Pape_Formose_et_Etienne_VI_1870.jpg\" data-image-description=\"\" data-image-caption=\"\" data-large-file=\"https:\/\/wobronietradycjiiwiary.com\/wp-content\/uploads\/2026\/03\/Jean_Paul_Laurens_Le_Pape_Formose_et_Etienne_VI_1870.jpg.webp\" srcset=\"https:\/\/wobronietradycjiiwiary.com\/wp-content\/uploads\/2026\/03\/Jean_Paul_Laurens_Le_Pape_Formose_et_Etienne_VI_1870.jpg.webp 500w, https:\/\/wobronietradycjiiwiary.com\/wp-content\/uploads\/2026\/03\/Jean_Paul_Laurens_Le_Pape_Formose_et_Etienne_VI_1870.jpg-300x199.webp 300w, https:\/\/wobronietradycjiiwiary.com\/wp-content\/uploads\/2026\/03\/Jean_Paul_Laurens_Le_Pape_Formose_et_Etienne_VI_1870.jpg-150x100.webp 150w, https:\/\/wobronietradycjiiwiary.com\/wp-content\/uploads\/2026\/03\/Jean_Paul_Laurens_Le_Pape_Formose_et_Etienne_VI_1870.jpg-18x12.webp 18w, https:\/\/wobronietradycjiiwiary.com\/wp-content\/uploads\/2026\/03\/Jean_Paul_Laurens_Le_Pape_Formose_et_Etienne_VI_1870.jpg-450x299.webp 450w\" sizes=\"(max-width: 500px) 100vw, 500px\" \/><\/div>\n\t\t<\/a>\n\t\t\t\t<div class=\"elementor-post__text\">\n\t\t\t\t<h4 class=\"elementor-post__title\">\n\t\t\t<a href=\"https:\/\/wobronietradycjiiwiary.com\/pl\/leon-xiv-nie-jest-papiezem-apostazja-przed-wyborem\/\" >\n\t\t\t\tLeon XIV nie jest papie\u017cem: apostazja przed wyborem.\t\t\t<\/a>\n\t\t<\/h4>\n\t\t\t\t<\/div>\n\t\t\t\t<\/article>\n\t\t\t\t<article class=\"elementor-post elementor-grid-item post-162718 post type-post status-publish format-standard has-post-thumbnail hentry category-leon-xiv category-kosciol-posoborowy category-polemika tag-apostazja tag-kult-pachamamy tag-pachamama tag-restricted tag-robert-prevost\" role=\"listitem\">\n\t\t\t\t<a class=\"elementor-post__thumbnail__link\" href=\"https:\/\/wobronietradycjiiwiary.com\/pl\/novus-ordo-watch-robert-prevost-uczestniczacy-w-kulcie-pachamamy\/\" tabindex=\"-1\" >\n\t\t\t<div class=\"elementor-post__thumbnail\"><img loading=\"lazy\" decoding=\"async\" width=\"580\" height=\"389\" src=\"https:\/\/wobronietradycjiiwiary.com\/wp-content\/uploads\/2026\/03\/demonhero-768x515.webp\" class=\"attachment-medium_large size-medium_large wp-image-162754\" alt=\"\" data-attachment-id=\"162754\" data-permalink=\"https:\/\/wobronietradycjiiwiary.com\/pl\/novus-ordo-watch-robert-prevost-uczestniczacy-w-kulcie-pachamamy\/demonhero\/\" data-orig-file=\"https:\/\/wobronietradycjiiwiary.com\/wp-content\/uploads\/2026\/03\/demonhero.webp\" data-orig-size=\"1500,1005\" data-comments-opened=\"1\" data-image-meta=\"{&quot;aperture&quot;:&quot;0&quot;,&quot;credit&quot;:&quot;&quot;,&quot;camera&quot;:&quot;&quot;,&quot;caption&quot;:&quot;&quot;,&quot;created_timestamp&quot;:&quot;0&quot;,&quot;copyright&quot;:&quot;&quot;,&quot;focal_length&quot;:&quot;0&quot;,&quot;iso&quot;:&quot;0&quot;,&quot;shutter_speed&quot;:&quot;0&quot;,&quot;title&quot;:&quot;&quot;,&quot;orientation&quot;:&quot;0&quot;}\" data-image-title=\"demonhero\" data-image-description=\"\" data-image-caption=\"\" data-large-file=\"https:\/\/wobronietradycjiiwiary.com\/wp-content\/uploads\/2026\/03\/demonhero-1024x686.webp\" srcset=\"https:\/\/wobronietradycjiiwiary.com\/wp-content\/uploads\/2026\/03\/demonhero-768x515.webp 768w, https:\/\/wobronietradycjiiwiary.com\/wp-content\/uploads\/2026\/03\/demonhero-300x201.webp 300w, https:\/\/wobronietradycjiiwiary.com\/wp-content\/uploads\/2026\/03\/demonhero-1024x686.webp 1024w, https:\/\/wobronietradycjiiwiary.com\/wp-content\/uploads\/2026\/03\/demonhero-150x101.webp 150w, https:\/\/wobronietradycjiiwiary.com\/wp-content\/uploads\/2026\/03\/demonhero-18x12.webp 18w, https:\/\/wobronietradycjiiwiary.com\/wp-content\/uploads\/2026\/03\/demonhero-1200x804.webp 1200w, https:\/\/wobronietradycjiiwiary.com\/wp-content\/uploads\/2026\/03\/demonhero-450x302.webp 450w, https:\/\/wobronietradycjiiwiary.com\/wp-content\/uploads\/2026\/03\/demonhero-600x402.webp 600w, https:\/\/wobronietradycjiiwiary.com\/wp-content\/uploads\/2026\/03\/demonhero.webp 1500w\" sizes=\"(max-width: 580px) 100vw, 580px\" \/><\/div>\n\t\t<\/a>\n\t\t\t\t<div class=\"elementor-post__text\">\n\t\t\t\t<h4 class=\"elementor-post__title\">\n\t\t\t<a href=\"https:\/\/wobronietradycjiiwiary.com\/pl\/novus-ordo-watch-robert-prevost-uczestniczacy-w-kulcie-pachamamy\/\" >\n\t\t\t\tNovus Ordo Watch: Robert Prevost uczestnicz\u0105cy w kulcie Pachamamy\t\t\t<\/a>\n\t\t<\/h4>\n\t\t\t\t<\/div>\n\t\t\t\t<\/article>\n\t\t\t\t<article class=\"elementor-post elementor-grid-item post-162693 post type-post status-publish format-standard has-post-thumbnail hentry category-leon-xiv category-pachamama tag-pachamama tag-satanizm\" role=\"listitem\">\n\t\t\t\t<a class=\"elementor-post__thumbnail__link\" href=\"https:\/\/wobronietradycjiiwiary.com\/pl\/infovaticana-czciciele-pachamamy-nadal-skladaja-ofiary-z-ludzi\/\" tabindex=\"-1\" >\n\t\t\t<div class=\"elementor-post__thumbnail\"><img loading=\"lazy\" decoding=\"async\" width=\"580\" height=\"449\" src=\"https:\/\/wobronietradycjiiwiary.com\/wp-content\/uploads\/2026\/03\/pieter-huys-ca1519-ca1584-flamischen-renaissance-maler-zum-teufel-1570-kampf-der-engel-damonen-und-hollische-qualen-prado-museum-madrid-spanien-pp7tpx-768x595.jpg\" class=\"attachment-medium_large size-medium_large wp-image-162695\" alt=\"\" data-attachment-id=\"162695\" data-permalink=\"https:\/\/wobronietradycjiiwiary.com\/pl\/infovaticana-czciciele-pachamamy-nadal-skladaja-ofiary-z-ludzi\/pieter-huys-ca1519-ca1584-flamischen-renaissance-maler-zum-teufel-1570-kampf-der-engel-damonen-und-hollische-qualen-prado-museum-madrid-spanien-pp7tpx-2\/\" data-orig-file=\"https:\/\/wobronietradycjiiwiary.com\/wp-content\/uploads\/2026\/03\/pieter-huys-ca1519-ca1584-flamischen-renaissance-maler-zum-teufel-1570-kampf-der-engel-damonen-und-hollische-qualen-prado-museum-madrid-spanien-pp7tpx.jpg\" data-orig-size=\"1300,1007\" data-comments-opened=\"1\" data-image-meta=\"{&quot;aperture&quot;:&quot;0&quot;,&quot;credit&quot;:&quot;&quot;,&quot;camera&quot;:&quot;&quot;,&quot;caption&quot;:&quot;&quot;,&quot;created_timestamp&quot;:&quot;0&quot;,&quot;copyright&quot;:&quot;&quot;,&quot;focal_length&quot;:&quot;0&quot;,&quot;iso&quot;:&quot;0&quot;,&quot;shutter_speed&quot;:&quot;0&quot;,&quot;title&quot;:&quot;&quot;,&quot;orientation&quot;:&quot;0&quot;}\" data-image-title=\"pieter-huys-ca1519-ca1584-flamischen-renaissance-maler-zum-teufel-1570-kampf-der-engel-damonen-und-hollische-qualen-prado-museum-madrid-spanien-pp7tpx\" data-image-description=\"\" data-image-caption=\"\" data-large-file=\"https:\/\/wobronietradycjiiwiary.com\/wp-content\/uploads\/2026\/03\/pieter-huys-ca1519-ca1584-flamischen-renaissance-maler-zum-teufel-1570-kampf-der-engel-damonen-und-hollische-qualen-prado-museum-madrid-spanien-pp7tpx-1024x793.jpg\" srcset=\"https:\/\/wobronietradycjiiwiary.com\/wp-content\/uploads\/2026\/03\/pieter-huys-ca1519-ca1584-flamischen-renaissance-maler-zum-teufel-1570-kampf-der-engel-damonen-und-hollische-qualen-prado-museum-madrid-spanien-pp7tpx-768x595.jpg 768w, https:\/\/wobronietradycjiiwiary.com\/wp-content\/uploads\/2026\/03\/pieter-huys-ca1519-ca1584-flamischen-renaissance-maler-zum-teufel-1570-kampf-der-engel-damonen-und-hollische-qualen-prado-museum-madrid-spanien-pp7tpx-300x232.jpg 300w, https:\/\/wobronietradycjiiwiary.com\/wp-content\/uploads\/2026\/03\/pieter-huys-ca1519-ca1584-flamischen-renaissance-maler-zum-teufel-1570-kampf-der-engel-damonen-und-hollische-qualen-prado-museum-madrid-spanien-pp7tpx-1024x793.jpg 1024w, https:\/\/wobronietradycjiiwiary.com\/wp-content\/uploads\/2026\/03\/pieter-huys-ca1519-ca1584-flamischen-renaissance-maler-zum-teufel-1570-kampf-der-engel-damonen-und-hollische-qualen-prado-museum-madrid-spanien-pp7tpx-150x116.jpg 150w, https:\/\/wobronietradycjiiwiary.com\/wp-content\/uploads\/2026\/03\/pieter-huys-ca1519-ca1584-flamischen-renaissance-maler-zum-teufel-1570-kampf-der-engel-damonen-und-hollische-qualen-prado-museum-madrid-spanien-pp7tpx-15x12.jpg 15w, https:\/\/wobronietradycjiiwiary.com\/wp-content\/uploads\/2026\/03\/pieter-huys-ca1519-ca1584-flamischen-renaissance-maler-zum-teufel-1570-kampf-der-engel-damonen-und-hollische-qualen-prado-museum-madrid-spanien-pp7tpx-1200x930.jpg 1200w, https:\/\/wobronietradycjiiwiary.com\/wp-content\/uploads\/2026\/03\/pieter-huys-ca1519-ca1584-flamischen-renaissance-maler-zum-teufel-1570-kampf-der-engel-damonen-und-hollische-qualen-prado-museum-madrid-spanien-pp7tpx-450x349.jpg 450w, https:\/\/wobronietradycjiiwiary.com\/wp-content\/uploads\/2026\/03\/pieter-huys-ca1519-ca1584-flamischen-renaissance-maler-zum-teufel-1570-kampf-der-engel-damonen-und-hollische-qualen-prado-museum-madrid-spanien-pp7tpx-600x465.jpg 600w, https:\/\/wobronietradycjiiwiary.com\/wp-content\/uploads\/2026\/03\/pieter-huys-ca1519-ca1584-flamischen-renaissance-maler-zum-teufel-1570-kampf-der-engel-damonen-und-hollische-qualen-prado-museum-madrid-spanien-pp7tpx.jpg 1300w\" sizes=\"(max-width: 580px) 100vw, 580px\" \/><\/div>\n\t\t<\/a>\n\t\t\t\t<div class=\"elementor-post__text\">\n\t\t\t\t<h4 class=\"elementor-post__title\">\n\t\t\t<a href=\"https:\/\/wobronietradycjiiwiary.com\/pl\/infovaticana-czciciele-pachamamy-nadal-skladaja-ofiary-z-ludzi\/\" >\n\t\t\t\tInfovaticana: Czciciele Pachamamy nadal sk\u0142adaj\u0105 ofiary z ludzi.\t\t\t<\/a>\n\t\t<\/h4>\n\t\t\t\t<\/div>\n\t\t\t\t<\/article>\n\t\t\t\t<article class=\"elementor-post elementor-grid-item post-158783 post type-post status-publish format-standard has-post-thumbnail hentry category-leon-xiv category-kosciol-posoborowy category-polemika tag-kardynal-zen tag-synodalnosc tag-vat-ii\" role=\"listitem\">\n\t\t\t\t<a class=\"elementor-post__thumbnail__link\" href=\"https:\/\/wobronietradycjiiwiary.com\/pl\/wystapienie-kardynala-zena-na-ostatnim-konsystorzu\/\" tabindex=\"-1\" >\n\t\t\t<div class=\"elementor-post__thumbnail\"><img loading=\"lazy\" decoding=\"async\" width=\"580\" height=\"748\" src=\"https:\/\/wobronietradycjiiwiary.com\/wp-content\/uploads\/2026\/01\/Portrait_of_a_Cardinal_by_Raffael_from_Prado_in_Google_Earth-768x990.jpg\" class=\"attachment-medium_large size-medium_large wp-image-158801\" alt=\"\" data-attachment-id=\"158801\" data-permalink=\"https:\/\/wobronietradycjiiwiary.com\/pl\/wystapienie-kardynala-zena-na-ostatnim-konsystorzu\/portrait_of_a_cardinal_by_raffael_from_prado_in_google_earth\/\" data-orig-file=\"https:\/\/wobronietradycjiiwiary.com\/wp-content\/uploads\/2026\/01\/Portrait_of_a_Cardinal_by_Raffael_from_Prado_in_Google_Earth.jpg\" data-orig-size=\"960,1237\" data-comments-opened=\"1\" data-image-meta=\"{&quot;aperture&quot;:&quot;0&quot;,&quot;credit&quot;:&quot;&quot;,&quot;camera&quot;:&quot;&quot;,&quot;caption&quot;:&quot;&quot;,&quot;created_timestamp&quot;:&quot;0&quot;,&quot;copyright&quot;:&quot;&quot;,&quot;focal_length&quot;:&quot;0&quot;,&quot;iso&quot;:&quot;0&quot;,&quot;shutter_speed&quot;:&quot;0&quot;,&quot;title&quot;:&quot;&quot;,&quot;orientation&quot;:&quot;0&quot;}\" data-image-title=\"Portrait_of_a_Cardinal,_by_Raffael,_from_Prado_in_Google_Earth\" data-image-description=\"\" data-image-caption=\"\" data-large-file=\"https:\/\/wobronietradycjiiwiary.com\/wp-content\/uploads\/2026\/01\/Portrait_of_a_Cardinal_by_Raffael_from_Prado_in_Google_Earth-795x1024.jpg\" srcset=\"https:\/\/wobronietradycjiiwiary.com\/wp-content\/uploads\/2026\/01\/Portrait_of_a_Cardinal_by_Raffael_from_Prado_in_Google_Earth-768x990.jpg 768w, https:\/\/wobronietradycjiiwiary.com\/wp-content\/uploads\/2026\/01\/Portrait_of_a_Cardinal_by_Raffael_from_Prado_in_Google_Earth-233x300.jpg 233w, https:\/\/wobronietradycjiiwiary.com\/wp-content\/uploads\/2026\/01\/Portrait_of_a_Cardinal_by_Raffael_from_Prado_in_Google_Earth-795x1024.jpg 795w, https:\/\/wobronietradycjiiwiary.com\/wp-content\/uploads\/2026\/01\/Portrait_of_a_Cardinal_by_Raffael_from_Prado_in_Google_Earth-116x150.jpg 116w, https:\/\/wobronietradycjiiwiary.com\/wp-content\/uploads\/2026\/01\/Portrait_of_a_Cardinal_by_Raffael_from_Prado_in_Google_Earth-9x12.jpg 9w, https:\/\/wobronietradycjiiwiary.com\/wp-content\/uploads\/2026\/01\/Portrait_of_a_Cardinal_by_Raffael_from_Prado_in_Google_Earth-450x580.jpg 450w, https:\/\/wobronietradycjiiwiary.com\/wp-content\/uploads\/2026\/01\/Portrait_of_a_Cardinal_by_Raffael_from_Prado_in_Google_Earth-600x773.jpg 600w, https:\/\/wobronietradycjiiwiary.com\/wp-content\/uploads\/2026\/01\/Portrait_of_a_Cardinal_by_Raffael_from_Prado_in_Google_Earth.jpg 960w\" sizes=\"(max-width: 580px) 100vw, 580px\" \/><\/div>\n\t\t<\/a>\n\t\t\t\t<div class=\"elementor-post__text\">\n\t\t\t\t<h4 class=\"elementor-post__title\">\n\t\t\t<a href=\"https:\/\/wobronietradycjiiwiary.com\/pl\/wystapienie-kardynala-zena-na-ostatnim-konsystorzu\/\" >\n\t\t\t\tWyst\u0105pienie kardyna\u0142a Zena na ostatnim konsystorzu\t\t\t<\/a>\n\t\t<\/h4>\n\t\t\t\t<\/div>\n\t\t\t\t<\/article>\n\t\t\t\t<\/div>\n\t\t\n\t\t\t\t\t\t<\/div>\n\t\t\t\t<\/div>\n\t\t\t\t\t<\/div>\n\t\t<\/div>\n\t\t\t\t<div class=\"elementor-column elementor-col-25 elementor-inner-column elementor-element elementor-element-6219f648\" data-id=\"6219f648\" data-element_type=\"column\" data-e-type=\"column\">\n\t\t\t<div class=\"elementor-widget-wrap elementor-element-populated\">\n\t\t\t\t\t\t<div class=\"elementor-element elementor-element-553457f8 elementor-grid-1 elementor-posts--thumbnail-left elementor-grid-tablet-1 elementor-grid-mobile-1 elementor-widget elementor-widget-posts\" data-id=\"553457f8\" data-element_type=\"widget\" data-e-type=\"widget\" data-settings=\"{&quot;classic_columns&quot;:&quot;1&quot;,&quot;classic_row_gap&quot;:{&quot;unit&quot;:&quot;px&quot;,&quot;size&quot;:&quot;40&quot;,&quot;sizes&quot;:[]},&quot;classic_columns_tablet&quot;:&quot;1&quot;,&quot;classic_columns_mobile&quot;:&quot;1&quot;,&quot;classic_row_gap_tablet&quot;:{&quot;unit&quot;:&quot;px&quot;,&quot;size&quot;:&quot;&quot;,&quot;sizes&quot;:[]},&quot;classic_row_gap_mobile&quot;:{&quot;unit&quot;:&quot;px&quot;,&quot;size&quot;:&quot;&quot;,&quot;sizes&quot;:[]}}\" data-widget_type=\"posts.classic\">\n\t\t\t\t<div class=\"elementor-widget-container\">\n\t\t\t\t\t\t\t<div class=\"elementor-posts-container elementor-posts elementor-posts--skin-classic elementor-grid\" role=\"list\">\n\t\t\t\t<article class=\"elementor-post elementor-grid-item post-148671 post type-post status-publish format-standard has-post-thumbnail hentry category-leon-xiv category-konklawe category-kosciol-posoborowy category-papieze category-polemika tag-konklawe tag-leon-xiv tag-restricted\" role=\"listitem\">\n\t\t\t\t<a class=\"elementor-post__thumbnail__link\" href=\"https:\/\/wobronietradycjiiwiary.com\/pl\/helder-red-intra-conclave\/\" tabindex=\"-1\" target=&quot;_blank&quot;>\n\t\t\t<div class=\"elementor-post__thumbnail\"><img loading=\"lazy\" decoding=\"async\" width=\"580\" height=\"385\" src=\"https:\/\/wobronietradycjiiwiary.com\/wp-content\/uploads\/2025\/05\/Jean_Paul_Laurens_Le_Pape_Formose_et_Etienne_VI_1870-24-768x510.jpg\" class=\"attachment-medium_large size-medium_large wp-image-143063\" alt=\"\" data-attachment-id=\"143063\" data-permalink=\"https:\/\/wobronietradycjiiwiary.com\/pl\/jean_paul_laurens_le_pape_formose_et_etienne_vi_1870-24\/\" data-orig-file=\"https:\/\/wobronietradycjiiwiary.com\/wp-content\/uploads\/2025\/05\/Jean_Paul_Laurens_Le_Pape_Formose_et_Etienne_VI_1870-24.webp\" data-orig-size=\"1920,1276\" data-comments-opened=\"1\" data-image-meta=\"{&quot;aperture&quot;:&quot;0&quot;,&quot;credit&quot;:&quot;&quot;,&quot;camera&quot;:&quot;&quot;,&quot;caption&quot;:&quot;&quot;,&quot;created_timestamp&quot;:&quot;0&quot;,&quot;copyright&quot;:&quot;&quot;,&quot;focal_length&quot;:&quot;0&quot;,&quot;iso&quot;:&quot;0&quot;,&quot;shutter_speed&quot;:&quot;0&quot;,&quot;title&quot;:&quot;&quot;,&quot;orientation&quot;:&quot;0&quot;}\" data-image-title=\"Jean_Paul_Laurens_Le_Pape_Formose_et_Etienne_VI_1870 (24)\" data-image-description=\"\" data-image-caption=\"\" data-large-file=\"https:\/\/wobronietradycjiiwiary.com\/wp-content\/uploads\/2025\/05\/Jean_Paul_Laurens_Le_Pape_Formose_et_Etienne_VI_1870-24-1024x681.jpg\" srcset=\"https:\/\/wobronietradycjiiwiary.com\/wp-content\/uploads\/2025\/05\/Jean_Paul_Laurens_Le_Pape_Formose_et_Etienne_VI_1870-24-768x510.jpg 768w, https:\/\/wobronietradycjiiwiary.com\/wp-content\/uploads\/2025\/05\/Jean_Paul_Laurens_Le_Pape_Formose_et_Etienne_VI_1870-24-300x199.jpg 300w, https:\/\/wobronietradycjiiwiary.com\/wp-content\/uploads\/2025\/05\/Jean_Paul_Laurens_Le_Pape_Formose_et_Etienne_VI_1870-24-1024x681.jpg 1024w, https:\/\/wobronietradycjiiwiary.com\/wp-content\/uploads\/2025\/05\/Jean_Paul_Laurens_Le_Pape_Formose_et_Etienne_VI_1870-24-150x100.jpg 150w, https:\/\/wobronietradycjiiwiary.com\/wp-content\/uploads\/2025\/05\/Jean_Paul_Laurens_Le_Pape_Formose_et_Etienne_VI_1870-24-1536x1021.jpg 1536w, https:\/\/wobronietradycjiiwiary.com\/wp-content\/uploads\/2025\/05\/Jean_Paul_Laurens_Le_Pape_Formose_et_Etienne_VI_1870-24-18x12.jpg 18w, https:\/\/wobronietradycjiiwiary.com\/wp-content\/uploads\/2025\/05\/Jean_Paul_Laurens_Le_Pape_Formose_et_Etienne_VI_1870-24-1200x798.jpg 1200w, https:\/\/wobronietradycjiiwiary.com\/wp-content\/uploads\/2025\/05\/Jean_Paul_Laurens_Le_Pape_Formose_et_Etienne_VI_1870-24-450x299.jpg 450w, https:\/\/wobronietradycjiiwiary.com\/wp-content\/uploads\/2025\/05\/Jean_Paul_Laurens_Le_Pape_Formose_et_Etienne_VI_1870-24-600x399.jpg 600w, https:\/\/wobronietradycjiiwiary.com\/wp-content\/uploads\/2025\/05\/Jean_Paul_Laurens_Le_Pape_Formose_et_Etienne_VI_1870-24.webp 1920w\" sizes=\"(max-width: 580px) 100vw, 580px\" \/><\/div>\n\t\t<\/a>\n\t\t\t\t<div class=\"elementor-post__text\">\n\t\t\t\t<h4 class=\"elementor-post__title\">\n\t\t\t<a href=\"https:\/\/wobronietradycjiiwiary.com\/pl\/helder-red-intra-conclave\/\" target=&quot;_blank&quot;>\n\t\t\t\tHelder Red, Intra conclave\t\t\t<\/a>\n\t\t<\/h4>\n\t\t\t\t<\/div>\n\t\t\t\t<\/article>\n\t\t\t\t<article class=\"elementor-post elementor-grid-item post-142697 post type-post status-publish format-standard has-post-thumbnail hentry category-konklawe category-kosciol-posoborowy category-polemika tag-dopuszczalnosc-kary-smierci tag-herezja-formalna tag-leon-xiv\" role=\"listitem\">\n\t\t\t\t<a class=\"elementor-post__thumbnail__link\" href=\"https:\/\/wobronietradycjiiwiary.com\/pl\/wybor-leona-xiv-niewazny-prevost-popelnil-herezje-formalna-przed-wyborem\/\" tabindex=\"-1\" target=&quot;_blank&quot;>\n\t\t\t<div class=\"elementor-post__thumbnail\"><img loading=\"lazy\" decoding=\"async\" width=\"580\" height=\"385\" src=\"https:\/\/wobronietradycjiiwiary.com\/wp-content\/uploads\/2025\/05\/Jean_Paul_Laurens_Le_Pape_Formose_et_Etienne_VI_1870-26-768x510.jpg\" class=\"attachment-medium_large size-medium_large wp-image-143065\" alt=\"\" data-attachment-id=\"143065\" data-permalink=\"https:\/\/wobronietradycjiiwiary.com\/pl\/jean_paul_laurens_le_pape_formose_et_etienne_vi_1870-26\/\" data-orig-file=\"https:\/\/wobronietradycjiiwiary.com\/wp-content\/uploads\/2025\/05\/Jean_Paul_Laurens_Le_Pape_Formose_et_Etienne_VI_1870-26.jpg\" data-orig-size=\"1920,1276\" data-comments-opened=\"1\" data-image-meta=\"{&quot;aperture&quot;:&quot;0&quot;,&quot;credit&quot;:&quot;&quot;,&quot;camera&quot;:&quot;&quot;,&quot;caption&quot;:&quot;&quot;,&quot;created_timestamp&quot;:&quot;0&quot;,&quot;copyright&quot;:&quot;&quot;,&quot;focal_length&quot;:&quot;0&quot;,&quot;iso&quot;:&quot;0&quot;,&quot;shutter_speed&quot;:&quot;0&quot;,&quot;title&quot;:&quot;&quot;,&quot;orientation&quot;:&quot;0&quot;}\" data-image-title=\"Jean_Paul_Laurens_Le_Pape_Formose_et_Etienne_VI_1870 (26)\" data-image-description=\"\" data-image-caption=\"\" data-large-file=\"https:\/\/wobronietradycjiiwiary.com\/wp-content\/uploads\/2025\/05\/Jean_Paul_Laurens_Le_Pape_Formose_et_Etienne_VI_1870-26-1024x681.jpg\" srcset=\"https:\/\/wobronietradycjiiwiary.com\/wp-content\/uploads\/2025\/05\/Jean_Paul_Laurens_Le_Pape_Formose_et_Etienne_VI_1870-26-768x510.jpg 768w, https:\/\/wobronietradycjiiwiary.com\/wp-content\/uploads\/2025\/05\/Jean_Paul_Laurens_Le_Pape_Formose_et_Etienne_VI_1870-26-300x199.jpg 300w, https:\/\/wobronietradycjiiwiary.com\/wp-content\/uploads\/2025\/05\/Jean_Paul_Laurens_Le_Pape_Formose_et_Etienne_VI_1870-26-1024x681.jpg 1024w, https:\/\/wobronietradycjiiwiary.com\/wp-content\/uploads\/2025\/05\/Jean_Paul_Laurens_Le_Pape_Formose_et_Etienne_VI_1870-26-150x100.jpg 150w, https:\/\/wobronietradycjiiwiary.com\/wp-content\/uploads\/2025\/05\/Jean_Paul_Laurens_Le_Pape_Formose_et_Etienne_VI_1870-26-1536x1021.jpg 1536w, https:\/\/wobronietradycjiiwiary.com\/wp-content\/uploads\/2025\/05\/Jean_Paul_Laurens_Le_Pape_Formose_et_Etienne_VI_1870-26-18x12.jpg 18w, https:\/\/wobronietradycjiiwiary.com\/wp-content\/uploads\/2025\/05\/Jean_Paul_Laurens_Le_Pape_Formose_et_Etienne_VI_1870-26-1200x798.jpg 1200w, https:\/\/wobronietradycjiiwiary.com\/wp-content\/uploads\/2025\/05\/Jean_Paul_Laurens_Le_Pape_Formose_et_Etienne_VI_1870-26-450x299.jpg 450w, https:\/\/wobronietradycjiiwiary.com\/wp-content\/uploads\/2025\/05\/Jean_Paul_Laurens_Le_Pape_Formose_et_Etienne_VI_1870-26-600x399.jpg 600w, https:\/\/wobronietradycjiiwiary.com\/wp-content\/uploads\/2025\/05\/Jean_Paul_Laurens_Le_Pape_Formose_et_Etienne_VI_1870-26.jpg 1920w\" sizes=\"(max-width: 580px) 100vw, 580px\" \/><\/div>\n\t\t<\/a>\n\t\t\t\t<div class=\"elementor-post__text\">\n\t\t\t\t<h4 class=\"elementor-post__title\">\n\t\t\t<a href=\"https:\/\/wobronietradycjiiwiary.com\/pl\/wybor-leona-xiv-niewazny-prevost-popelnil-herezje-formalna-przed-wyborem\/\" target=&quot;_blank&quot;>\n\t\t\t\tWyb\u00f3r Leona XIV niewa\u017cny: herezja formalna przed wyborem\t\t\t<\/a>\n\t\t<\/h4>\n\t\t\t\t<\/div>\n\t\t\t\t<\/article>\n\t\t\t\t<article class=\"elementor-post elementor-grid-item post-142636 post type-post status-publish format-standard has-post-thumbnail hentry category-leon-xiv category-konklawe category-kosciol-posoborowy category-polemika tag-konklawe tag-universi-dominici-gregis\" role=\"listitem\">\n\t\t\t\t<a class=\"elementor-post__thumbnail__link\" href=\"https:\/\/wobronietradycjiiwiary.com\/pl\/kard-sako-podwojne-glosowanie-podczas-konklawe\/\" tabindex=\"-1\" target=&quot;_blank&quot;>\n\t\t\t<div class=\"elementor-post__thumbnail\"><img loading=\"lazy\" decoding=\"async\" width=\"500\" height=\"332\" src=\"https:\/\/wobronietradycjiiwiary.com\/wp-content\/uploads\/2025\/05\/Jean_Paul_Laurens_Le_Pape_Formose_et_Etienne_VI_1870.jpg.webp\" class=\"attachment-medium_large size-medium_large wp-image-141678\" alt=\"\" data-attachment-id=\"141678\" data-permalink=\"https:\/\/wobronietradycjiiwiary.com\/pl\/konklawe-niewazne-kardynalowie-nie-mieli-prawa\/jean_paul_laurens_le_pape_formose_et_etienne_vi_1870-jpg\/\" data-orig-file=\"https:\/\/wobronietradycjiiwiary.com\/wp-content\/uploads\/2025\/05\/Jean_Paul_Laurens_Le_Pape_Formose_et_Etienne_VI_1870.jpg.webp\" data-orig-size=\"500,332\" data-comments-opened=\"1\" data-image-meta=\"{&quot;aperture&quot;:&quot;0&quot;,&quot;credit&quot;:&quot;&quot;,&quot;camera&quot;:&quot;&quot;,&quot;caption&quot;:&quot;&quot;,&quot;created_timestamp&quot;:&quot;0&quot;,&quot;copyright&quot;:&quot;&quot;,&quot;focal_length&quot;:&quot;0&quot;,&quot;iso&quot;:&quot;0&quot;,&quot;shutter_speed&quot;:&quot;0&quot;,&quot;title&quot;:&quot;&quot;,&quot;orientation&quot;:&quot;0&quot;}\" data-image-title=\"Jean_Paul_Laurens_Le_Pape_Formose_et_Etienne_VI_1870.jpg\" data-image-description=\"\" data-image-caption=\"\" data-large-file=\"https:\/\/wobronietradycjiiwiary.com\/wp-content\/uploads\/2025\/05\/Jean_Paul_Laurens_Le_Pape_Formose_et_Etienne_VI_1870.jpg.webp\" srcset=\"https:\/\/wobronietradycjiiwiary.com\/wp-content\/uploads\/2025\/05\/Jean_Paul_Laurens_Le_Pape_Formose_et_Etienne_VI_1870.jpg.webp 500w, https:\/\/wobronietradycjiiwiary.com\/wp-content\/uploads\/2025\/05\/Jean_Paul_Laurens_Le_Pape_Formose_et_Etienne_VI_1870.jpg-300x199.webp 300w, https:\/\/wobronietradycjiiwiary.com\/wp-content\/uploads\/2025\/05\/Jean_Paul_Laurens_Le_Pape_Formose_et_Etienne_VI_1870.jpg-150x100.webp 150w, https:\/\/wobronietradycjiiwiary.com\/wp-content\/uploads\/2025\/05\/Jean_Paul_Laurens_Le_Pape_Formose_et_Etienne_VI_1870.jpg-18x12.webp 18w, https:\/\/wobronietradycjiiwiary.com\/wp-content\/uploads\/2025\/05\/Jean_Paul_Laurens_Le_Pape_Formose_et_Etienne_VI_1870.jpg-450x299.webp 450w\" sizes=\"(max-width: 500px) 100vw, 500px\" \/><\/div>\n\t\t<\/a>\n\t\t\t\t<div class=\"elementor-post__text\">\n\t\t\t\t<h4 class=\"elementor-post__title\">\n\t\t\t<a href=\"https:\/\/wobronietradycjiiwiary.com\/pl\/kard-sako-podwojne-glosowanie-podczas-konklawe\/\" target=&quot;_blank&quot;>\n\t\t\t\tKard. Sako: Podw\u00f3jne g\u0142osowanie podczas konklawe\t\t\t<\/a>\n\t\t<\/h4>\n\t\t\t\t<\/div>\n\t\t\t\t<\/article>\n\t\t\t\t<article class=\"elementor-post elementor-grid-item post-142241 post type-post status-publish format-standard has-post-thumbnail hentry category-konklawe category-kosciol-posoborowy category-polemika tag-dubia tag-konklawe tag-leon-xiv tag-responsa-ad-dubia-tc\" role=\"listitem\">\n\t\t\t\t<a class=\"elementor-post__thumbnail__link\" href=\"https:\/\/wobronietradycjiiwiary.com\/pl\/a-jesli-prawdziwi-kardynalowie-glosowali-na-prevosta\/\" tabindex=\"-1\" target=&quot;_blank&quot;>\n\t\t\t<div class=\"elementor-post__thumbnail\"><img loading=\"lazy\" decoding=\"async\" width=\"580\" height=\"385\" src=\"https:\/\/wobronietradycjiiwiary.com\/wp-content\/uploads\/2025\/05\/Jean_Paul_Laurens_Le_Pape_Formose_et_Etienne_VI_1870-25-768x510.jpg\" class=\"attachment-medium_large size-medium_large wp-image-143064\" alt=\"\" data-attachment-id=\"143064\" data-permalink=\"https:\/\/wobronietradycjiiwiary.com\/pl\/jean_paul_laurens_le_pape_formose_et_etienne_vi_1870-25\/\" data-orig-file=\"https:\/\/wobronietradycjiiwiary.com\/wp-content\/uploads\/2025\/05\/Jean_Paul_Laurens_Le_Pape_Formose_et_Etienne_VI_1870-25.jpg\" data-orig-size=\"1920,1276\" data-comments-opened=\"1\" data-image-meta=\"{&quot;aperture&quot;:&quot;0&quot;,&quot;credit&quot;:&quot;&quot;,&quot;camera&quot;:&quot;&quot;,&quot;caption&quot;:&quot;&quot;,&quot;created_timestamp&quot;:&quot;0&quot;,&quot;copyright&quot;:&quot;&quot;,&quot;focal_length&quot;:&quot;0&quot;,&quot;iso&quot;:&quot;0&quot;,&quot;shutter_speed&quot;:&quot;0&quot;,&quot;title&quot;:&quot;&quot;,&quot;orientation&quot;:&quot;0&quot;}\" data-image-title=\"Jean_Paul_Laurens_Le_Pape_Formose_et_Etienne_VI_1870 (25)\" data-image-description=\"\" data-image-caption=\"\" data-large-file=\"https:\/\/wobronietradycjiiwiary.com\/wp-content\/uploads\/2025\/05\/Jean_Paul_Laurens_Le_Pape_Formose_et_Etienne_VI_1870-25-1024x681.jpg\" srcset=\"https:\/\/wobronietradycjiiwiary.com\/wp-content\/uploads\/2025\/05\/Jean_Paul_Laurens_Le_Pape_Formose_et_Etienne_VI_1870-25-768x510.jpg 768w, https:\/\/wobronietradycjiiwiary.com\/wp-content\/uploads\/2025\/05\/Jean_Paul_Laurens_Le_Pape_Formose_et_Etienne_VI_1870-25-300x199.jpg 300w, https:\/\/wobronietradycjiiwiary.com\/wp-content\/uploads\/2025\/05\/Jean_Paul_Laurens_Le_Pape_Formose_et_Etienne_VI_1870-25-1024x681.jpg 1024w, https:\/\/wobronietradycjiiwiary.com\/wp-content\/uploads\/2025\/05\/Jean_Paul_Laurens_Le_Pape_Formose_et_Etienne_VI_1870-25-150x100.jpg 150w, https:\/\/wobronietradycjiiwiary.com\/wp-content\/uploads\/2025\/05\/Jean_Paul_Laurens_Le_Pape_Formose_et_Etienne_VI_1870-25-1536x1021.jpg 1536w, https:\/\/wobronietradycjiiwiary.com\/wp-content\/uploads\/2025\/05\/Jean_Paul_Laurens_Le_Pape_Formose_et_Etienne_VI_1870-25-18x12.jpg 18w, https:\/\/wobronietradycjiiwiary.com\/wp-content\/uploads\/2025\/05\/Jean_Paul_Laurens_Le_Pape_Formose_et_Etienne_VI_1870-25-1200x798.jpg 1200w, https:\/\/wobronietradycjiiwiary.com\/wp-content\/uploads\/2025\/05\/Jean_Paul_Laurens_Le_Pape_Formose_et_Etienne_VI_1870-25-450x299.jpg 450w, https:\/\/wobronietradycjiiwiary.com\/wp-content\/uploads\/2025\/05\/Jean_Paul_Laurens_Le_Pape_Formose_et_Etienne_VI_1870-25-600x399.jpg 600w, https:\/\/wobronietradycjiiwiary.com\/wp-content\/uploads\/2025\/05\/Jean_Paul_Laurens_Le_Pape_Formose_et_Etienne_VI_1870-25.jpg 1920w\" sizes=\"(max-width: 580px) 100vw, 580px\" \/><\/div>\n\t\t<\/a>\n\t\t\t\t<div class=\"elementor-post__text\">\n\t\t\t\t<h4 class=\"elementor-post__title\">\n\t\t\t<a href=\"https:\/\/wobronietradycjiiwiary.com\/pl\/a-jesli-prawdziwi-kardynalowie-glosowali-na-prevosta\/\" target=&quot;_blank&quot;>\n\t\t\t\tA je\u015bli prawdziwi kardyna\u0142owie g\u0142osowali na Prevosta?\t\t\t<\/a>\n\t\t<\/h4>\n\t\t\t\t<\/div>\n\t\t\t\t<\/article>\n\t\t\t\t<article class=\"elementor-post elementor-grid-item post-141992 post type-post status-publish format-standard has-post-thumbnail hentry category-konklawe category-kosciol-posoborowy category-polemika tag-bergoglio tag-herezje tag-konklawe tag-leon-xiv\" role=\"listitem\">\n\t\t\t\t<a class=\"elementor-post__thumbnail__link\" href=\"https:\/\/wobronietradycjiiwiary.com\/pl\/tak-mi-smutno-lub-refleksje-po-konklawe\/\" tabindex=\"-1\" target=&quot;_blank&quot;>\n\t\t\t<div class=\"elementor-post__thumbnail\"><img loading=\"lazy\" decoding=\"async\" width=\"580\" height=\"385\" src=\"https:\/\/wobronietradycjiiwiary.com\/wp-content\/uploads\/2025\/05\/Jean_Paul_Laurens_Le_Pape_Formose_et_Etienne_VI_1870-24-768x510.jpg\" class=\"attachment-medium_large size-medium_large wp-image-143063\" alt=\"\" data-attachment-id=\"143063\" data-permalink=\"https:\/\/wobronietradycjiiwiary.com\/pl\/jean_paul_laurens_le_pape_formose_et_etienne_vi_1870-24\/\" data-orig-file=\"https:\/\/wobronietradycjiiwiary.com\/wp-content\/uploads\/2025\/05\/Jean_Paul_Laurens_Le_Pape_Formose_et_Etienne_VI_1870-24.webp\" data-orig-size=\"1920,1276\" data-comments-opened=\"1\" data-image-meta=\"{&quot;aperture&quot;:&quot;0&quot;,&quot;credit&quot;:&quot;&quot;,&quot;camera&quot;:&quot;&quot;,&quot;caption&quot;:&quot;&quot;,&quot;created_timestamp&quot;:&quot;0&quot;,&quot;copyright&quot;:&quot;&quot;,&quot;focal_length&quot;:&quot;0&quot;,&quot;iso&quot;:&quot;0&quot;,&quot;shutter_speed&quot;:&quot;0&quot;,&quot;title&quot;:&quot;&quot;,&quot;orientation&quot;:&quot;0&quot;}\" data-image-title=\"Jean_Paul_Laurens_Le_Pape_Formose_et_Etienne_VI_1870 (24)\" data-image-description=\"\" data-image-caption=\"\" data-large-file=\"https:\/\/wobronietradycjiiwiary.com\/wp-content\/uploads\/2025\/05\/Jean_Paul_Laurens_Le_Pape_Formose_et_Etienne_VI_1870-24-1024x681.jpg\" srcset=\"https:\/\/wobronietradycjiiwiary.com\/wp-content\/uploads\/2025\/05\/Jean_Paul_Laurens_Le_Pape_Formose_et_Etienne_VI_1870-24-768x510.jpg 768w, https:\/\/wobronietradycjiiwiary.com\/wp-content\/uploads\/2025\/05\/Jean_Paul_Laurens_Le_Pape_Formose_et_Etienne_VI_1870-24-300x199.jpg 300w, https:\/\/wobronietradycjiiwiary.com\/wp-content\/uploads\/2025\/05\/Jean_Paul_Laurens_Le_Pape_Formose_et_Etienne_VI_1870-24-1024x681.jpg 1024w, https:\/\/wobronietradycjiiwiary.com\/wp-content\/uploads\/2025\/05\/Jean_Paul_Laurens_Le_Pape_Formose_et_Etienne_VI_1870-24-150x100.jpg 150w, https:\/\/wobronietradycjiiwiary.com\/wp-content\/uploads\/2025\/05\/Jean_Paul_Laurens_Le_Pape_Formose_et_Etienne_VI_1870-24-1536x1021.jpg 1536w, https:\/\/wobronietradycjiiwiary.com\/wp-content\/uploads\/2025\/05\/Jean_Paul_Laurens_Le_Pape_Formose_et_Etienne_VI_1870-24-18x12.jpg 18w, https:\/\/wobronietradycjiiwiary.com\/wp-content\/uploads\/2025\/05\/Jean_Paul_Laurens_Le_Pape_Formose_et_Etienne_VI_1870-24-1200x798.jpg 1200w, https:\/\/wobronietradycjiiwiary.com\/wp-content\/uploads\/2025\/05\/Jean_Paul_Laurens_Le_Pape_Formose_et_Etienne_VI_1870-24-450x299.jpg 450w, https:\/\/wobronietradycjiiwiary.com\/wp-content\/uploads\/2025\/05\/Jean_Paul_Laurens_Le_Pape_Formose_et_Etienne_VI_1870-24-600x399.jpg 600w, https:\/\/wobronietradycjiiwiary.com\/wp-content\/uploads\/2025\/05\/Jean_Paul_Laurens_Le_Pape_Formose_et_Etienne_VI_1870-24.webp 1920w\" sizes=\"(max-width: 580px) 100vw, 580px\" \/><\/div>\n\t\t<\/a>\n\t\t\t\t<div class=\"elementor-post__text\">\n\t\t\t\t<h4 class=\"elementor-post__title\">\n\t\t\t<a href=\"https:\/\/wobronietradycjiiwiary.com\/pl\/tak-mi-smutno-lub-refleksje-po-konklawe\/\" target=&quot;_blank&quot;>\n\t\t\t\t&#8220;Tak mi smutno&#8221; lub refleksje po konklawe\t\t\t<\/a>\n\t\t<\/h4>\n\t\t\t\t<\/div>\n\t\t\t\t<\/article>\n\t\t\t\t<\/div>\n\t\t\n\t\t\t\t\t\t<\/div>\n\t\t\t\t<\/div>\n\t\t\t\t\t<\/div>\n\t\t<\/div>\n\t\t\t\t<div class=\"elementor-column elementor-col-25 elementor-inner-column elementor-element elementor-element-75c8b6dd\" data-id=\"75c8b6dd\" data-element_type=\"column\" data-e-type=\"column\">\n\t\t\t<div class=\"elementor-widget-wrap elementor-element-populated\">\n\t\t\t\t\t\t<div class=\"elementor-element elementor-element-1a16aef5 elementor-grid-1 elementor-posts--thumbnail-left elementor-grid-tablet-1 elementor-grid-mobile-1 elementor-widget elementor-widget-posts\" data-id=\"1a16aef5\" data-element_type=\"widget\" data-e-type=\"widget\" data-settings=\"{&quot;classic_columns&quot;:&quot;1&quot;,&quot;classic_row_gap&quot;:{&quot;unit&quot;:&quot;px&quot;,&quot;size&quot;:&quot;40&quot;,&quot;sizes&quot;:[]},&quot;classic_columns_tablet&quot;:&quot;1&quot;,&quot;classic_columns_mobile&quot;:&quot;1&quot;,&quot;classic_row_gap_tablet&quot;:{&quot;unit&quot;:&quot;px&quot;,&quot;size&quot;:&quot;&quot;,&quot;sizes&quot;:[]},&quot;classic_row_gap_mobile&quot;:{&quot;unit&quot;:&quot;px&quot;,&quot;size&quot;:&quot;&quot;,&quot;sizes&quot;:[]}}\" data-widget_type=\"posts.classic\">\n\t\t\t\t<div class=\"elementor-widget-container\">\n\t\t\t\t\t\t\t<div class=\"elementor-posts-container elementor-posts elementor-posts--skin-classic elementor-grid\" role=\"list\">\n\t\t\t\t<article class=\"elementor-post elementor-grid-item post-84140 post type-post status-publish format-standard has-post-thumbnail hentry category-benedykt-xvi-abdykacja category-kosciol-posoborowy category-krytyka-teologii-ratzingera-benedykta-xvi category-polemika tag-restricted\" role=\"listitem\">\n\t\t\t\t<a class=\"elementor-post__thumbnail__link\" href=\"https:\/\/wobronietradycjiiwiary.com\/pl\/benedykt-xvi-nie-byl-mozartem-teologii-1-o-szkodliwosci-nouvelle-theologie\/\" tabindex=\"-1\" >\n\t\t\t<div class=\"elementor-post__thumbnail\"><img loading=\"lazy\" decoding=\"async\" width=\"580\" height=\"743\" src=\"https:\/\/wobronietradycjiiwiary.com\/wp-content\/uploads\/2023\/01\/Wolfgang-amadeus-mozart_1-768x984.jpg\" class=\"attachment-medium_large size-medium_large wp-image-83796\" alt=\"\" data-attachment-id=\"83796\" data-permalink=\"https:\/\/wobronietradycjiiwiary.com\/pl\/benedykt-xvi-nie-byl-mozartem-teologii-1-ratzinger-hindemithem-teologii\/wolfgang-amadeus-mozart_1\/\" data-orig-file=\"https:\/\/wobronietradycjiiwiary.com\/wp-content\/uploads\/2023\/01\/Wolfgang-amadeus-mozart_1.jpg\" data-orig-size=\"799,1024\" data-comments-opened=\"1\" data-image-meta=\"{&quot;aperture&quot;:&quot;0&quot;,&quot;credit&quot;:&quot;&quot;,&quot;camera&quot;:&quot;&quot;,&quot;caption&quot;:&quot;&quot;,&quot;created_timestamp&quot;:&quot;0&quot;,&quot;copyright&quot;:&quot;&quot;,&quot;focal_length&quot;:&quot;0&quot;,&quot;iso&quot;:&quot;0&quot;,&quot;shutter_speed&quot;:&quot;0&quot;,&quot;title&quot;:&quot;&quot;,&quot;orientation&quot;:&quot;0&quot;}\" data-image-title=\"Wolfgang-amadeus-mozart_1\" data-image-description=\"\" data-image-caption=\"\" data-large-file=\"https:\/\/wobronietradycjiiwiary.com\/wp-content\/uploads\/2023\/01\/Wolfgang-amadeus-mozart_1.jpg\" srcset=\"https:\/\/wobronietradycjiiwiary.com\/wp-content\/uploads\/2023\/01\/Wolfgang-amadeus-mozart_1-768x984.jpg 768w, https:\/\/wobronietradycjiiwiary.com\/wp-content\/uploads\/2023\/01\/Wolfgang-amadeus-mozart_1-450x577.jpg 450w, https:\/\/wobronietradycjiiwiary.com\/wp-content\/uploads\/2023\/01\/Wolfgang-amadeus-mozart_1-600x769.jpg 600w, https:\/\/wobronietradycjiiwiary.com\/wp-content\/uploads\/2023\/01\/Wolfgang-amadeus-mozart_1-234x300.jpg 234w, https:\/\/wobronietradycjiiwiary.com\/wp-content\/uploads\/2023\/01\/Wolfgang-amadeus-mozart_1-117x150.jpg 117w, https:\/\/wobronietradycjiiwiary.com\/wp-content\/uploads\/2023\/01\/Wolfgang-amadeus-mozart_1-9x12.jpg 9w, https:\/\/wobronietradycjiiwiary.com\/wp-content\/uploads\/2023\/01\/Wolfgang-amadeus-mozart_1.jpg 799w\" sizes=\"(max-width: 580px) 100vw, 580px\" \/><\/div>\n\t\t<\/a>\n\t\t\t\t<div class=\"elementor-post__text\">\n\t\t\t\t<h4 class=\"elementor-post__title\">\n\t\t\t<a href=\"https:\/\/wobronietradycjiiwiary.com\/pl\/benedykt-xvi-nie-byl-mozartem-teologii-1-o-szkodliwosci-nouvelle-theologie\/\" >\n\t\t\t\tBenedykt XVI nie by\u0142 \u201eMozartem teologii\u201d (2) O szkodliwo\u015bci Nouvelle th\u00e9ologie\t\t\t<\/a>\n\t\t<\/h4>\n\t\t\t\t<\/div>\n\t\t\t\t<\/article>\n\t\t\t\t<article class=\"elementor-post elementor-grid-item post-161024 post type-post status-publish format-standard has-post-thumbnail hentry category-doktryna category-komentarze-do-byrne category-krytyka-teologii-ratzingera-benedykta-xvi category-teologia-liturgii tag-bonawentura tag-dei-verbum tag-habilitacja-ratzingera tag-objawienie tag-ratzinger tag-restricted tag-tomasz-z-akwinu\" role=\"listitem\">\n\t\t\t\t<a class=\"elementor-post__thumbnail__link\" href=\"https:\/\/wobronietradycjiiwiary.com\/pl\/objawienie-ciaglym-objawieniem-prywatnym-wedlug-ratzingera\/\" tabindex=\"-1\" >\n\t\t\t<div class=\"elementor-post__thumbnail\"><img loading=\"lazy\" decoding=\"async\" width=\"580\" height=\"326\" src=\"https:\/\/wobronietradycjiiwiary.com\/wp-content\/uploads\/2026\/02\/Tashko-Scholastic-Logic-Medieval-Reasoning-1100-1600-768x432.jpg\" class=\"attachment-medium_large size-medium_large wp-image-161046\" alt=\"\" data-attachment-id=\"161046\" data-permalink=\"https:\/\/wobronietradycjiiwiary.com\/pl\/objawienie-ciaglym-objawieniem-prywatnym-wedlug-ratzingera\/tashko-scholastic-logic-medieval-reasoning-1100-1600\/\" data-orig-file=\"https:\/\/wobronietradycjiiwiary.com\/wp-content\/uploads\/2026\/02\/Tashko-Scholastic-Logic-Medieval-Reasoning-1100-1600.jpg\" data-orig-size=\"1365,768\" data-comments-opened=\"1\" data-image-meta=\"{&quot;aperture&quot;:&quot;0&quot;,&quot;credit&quot;:&quot;&quot;,&quot;camera&quot;:&quot;&quot;,&quot;caption&quot;:&quot;&quot;,&quot;created_timestamp&quot;:&quot;0&quot;,&quot;copyright&quot;:&quot;&quot;,&quot;focal_length&quot;:&quot;0&quot;,&quot;iso&quot;:&quot;0&quot;,&quot;shutter_speed&quot;:&quot;0&quot;,&quot;title&quot;:&quot;&quot;,&quot;orientation&quot;:&quot;0&quot;}\" data-image-title=\"Tashko-Scholastic-Logic-Medieval-Reasoning-1100-1600\" data-image-description=\"\" data-image-caption=\"\" data-large-file=\"https:\/\/wobronietradycjiiwiary.com\/wp-content\/uploads\/2026\/02\/Tashko-Scholastic-Logic-Medieval-Reasoning-1100-1600-1024x576.jpg\" srcset=\"https:\/\/wobronietradycjiiwiary.com\/wp-content\/uploads\/2026\/02\/Tashko-Scholastic-Logic-Medieval-Reasoning-1100-1600-768x432.jpg 768w, https:\/\/wobronietradycjiiwiary.com\/wp-content\/uploads\/2026\/02\/Tashko-Scholastic-Logic-Medieval-Reasoning-1100-1600-300x169.jpg 300w, https:\/\/wobronietradycjiiwiary.com\/wp-content\/uploads\/2026\/02\/Tashko-Scholastic-Logic-Medieval-Reasoning-1100-1600-1024x576.jpg 1024w, https:\/\/wobronietradycjiiwiary.com\/wp-content\/uploads\/2026\/02\/Tashko-Scholastic-Logic-Medieval-Reasoning-1100-1600-150x84.jpg 150w, https:\/\/wobronietradycjiiwiary.com\/wp-content\/uploads\/2026\/02\/Tashko-Scholastic-Logic-Medieval-Reasoning-1100-1600-18x10.jpg 18w, https:\/\/wobronietradycjiiwiary.com\/wp-content\/uploads\/2026\/02\/Tashko-Scholastic-Logic-Medieval-Reasoning-1100-1600-1200x675.jpg 1200w, https:\/\/wobronietradycjiiwiary.com\/wp-content\/uploads\/2026\/02\/Tashko-Scholastic-Logic-Medieval-Reasoning-1100-1600-450x253.jpg 450w, https:\/\/wobronietradycjiiwiary.com\/wp-content\/uploads\/2026\/02\/Tashko-Scholastic-Logic-Medieval-Reasoning-1100-1600-600x338.jpg 600w, https:\/\/wobronietradycjiiwiary.com\/wp-content\/uploads\/2026\/02\/Tashko-Scholastic-Logic-Medieval-Reasoning-1100-1600.jpg 1365w\" sizes=\"(max-width: 580px) 100vw, 580px\" \/><\/div>\n\t\t<\/a>\n\t\t\t\t<div class=\"elementor-post__text\">\n\t\t\t\t<h4 class=\"elementor-post__title\">\n\t\t\t<a href=\"https:\/\/wobronietradycjiiwiary.com\/pl\/objawienie-ciaglym-objawieniem-prywatnym-wedlug-ratzingera\/\" >\n\t\t\t\tObjawienie nieustannym objawieniem prywatnym wed\u0142ug Ratzingera\t\t\t<\/a>\n\t\t<\/h4>\n\t\t\t\t<\/div>\n\t\t\t\t<\/article>\n\t\t\t\t<article class=\"elementor-post elementor-grid-item post-83781 post type-post status-publish format-standard has-post-thumbnail hentry category-benedykt-xvi-abdykacja category-kosciol-posoborowy category-krytyka-teologii-ratzingera-benedykta-xvi tag-restricted\" role=\"listitem\">\n\t\t\t\t<a class=\"elementor-post__thumbnail__link\" href=\"https:\/\/wobronietradycjiiwiary.com\/pl\/benedykt-xvi-nie-byl-mozartem-teologii-1-ratzinger-hindemithem-teologii\/\" tabindex=\"-1\" >\n\t\t\t<div class=\"elementor-post__thumbnail\"><img loading=\"lazy\" decoding=\"async\" width=\"580\" height=\"743\" src=\"https:\/\/wobronietradycjiiwiary.com\/wp-content\/uploads\/2023\/01\/Wolfgang-amadeus-mozart_1-768x984.jpg\" class=\"attachment-medium_large size-medium_large wp-image-83796\" alt=\"\" data-attachment-id=\"83796\" data-permalink=\"https:\/\/wobronietradycjiiwiary.com\/pl\/benedykt-xvi-nie-byl-mozartem-teologii-1-ratzinger-hindemithem-teologii\/wolfgang-amadeus-mozart_1\/\" data-orig-file=\"https:\/\/wobronietradycjiiwiary.com\/wp-content\/uploads\/2023\/01\/Wolfgang-amadeus-mozart_1.jpg\" data-orig-size=\"799,1024\" data-comments-opened=\"1\" data-image-meta=\"{&quot;aperture&quot;:&quot;0&quot;,&quot;credit&quot;:&quot;&quot;,&quot;camera&quot;:&quot;&quot;,&quot;caption&quot;:&quot;&quot;,&quot;created_timestamp&quot;:&quot;0&quot;,&quot;copyright&quot;:&quot;&quot;,&quot;focal_length&quot;:&quot;0&quot;,&quot;iso&quot;:&quot;0&quot;,&quot;shutter_speed&quot;:&quot;0&quot;,&quot;title&quot;:&quot;&quot;,&quot;orientation&quot;:&quot;0&quot;}\" data-image-title=\"Wolfgang-amadeus-mozart_1\" data-image-description=\"\" data-image-caption=\"\" data-large-file=\"https:\/\/wobronietradycjiiwiary.com\/wp-content\/uploads\/2023\/01\/Wolfgang-amadeus-mozart_1.jpg\" srcset=\"https:\/\/wobronietradycjiiwiary.com\/wp-content\/uploads\/2023\/01\/Wolfgang-amadeus-mozart_1-768x984.jpg 768w, https:\/\/wobronietradycjiiwiary.com\/wp-content\/uploads\/2023\/01\/Wolfgang-amadeus-mozart_1-450x577.jpg 450w, https:\/\/wobronietradycjiiwiary.com\/wp-content\/uploads\/2023\/01\/Wolfgang-amadeus-mozart_1-600x769.jpg 600w, https:\/\/wobronietradycjiiwiary.com\/wp-content\/uploads\/2023\/01\/Wolfgang-amadeus-mozart_1-234x300.jpg 234w, https:\/\/wobronietradycjiiwiary.com\/wp-content\/uploads\/2023\/01\/Wolfgang-amadeus-mozart_1-117x150.jpg 117w, https:\/\/wobronietradycjiiwiary.com\/wp-content\/uploads\/2023\/01\/Wolfgang-amadeus-mozart_1-9x12.jpg 9w, https:\/\/wobronietradycjiiwiary.com\/wp-content\/uploads\/2023\/01\/Wolfgang-amadeus-mozart_1.jpg 799w\" sizes=\"(max-width: 580px) 100vw, 580px\" \/><\/div>\n\t\t<\/a>\n\t\t\t\t<div class=\"elementor-post__text\">\n\t\t\t\t<h4 class=\"elementor-post__title\">\n\t\t\t<a href=\"https:\/\/wobronietradycjiiwiary.com\/pl\/benedykt-xvi-nie-byl-mozartem-teologii-1-ratzinger-hindemithem-teologii\/\" >\n\t\t\t\tBenedykt XVI nie by\u0142 \u201eMozartem teologii\u201d (1) Ratzinger \u201eHindemithem teologii\u201d\t\t\t<\/a>\n\t\t<\/h4>\n\t\t\t\t<\/div>\n\t\t\t\t<\/article>\n\t\t\t\t<article class=\"elementor-post elementor-grid-item post-85128 post type-post status-publish format-standard has-post-thumbnail hentry category-benedykt-xvi-abdykacja category-kosciol-posoborowy category-krytyka-teologii-ratzingera-benedykta-xvi category-polemika tag-restricted\" role=\"listitem\">\n\t\t\t\t<a class=\"elementor-post__thumbnail__link\" href=\"https:\/\/wobronietradycjiiwiary.com\/pl\/benedykt-xvi-nie-byl-mozartem-teologii-5-krytyka-nouvelle-theologie-aggiornamento-nowa-normalnoscia\/\" tabindex=\"-1\" >\n\t\t\t<div class=\"elementor-post__thumbnail\"><img loading=\"lazy\" decoding=\"async\" width=\"580\" height=\"743\" src=\"https:\/\/wobronietradycjiiwiary.com\/wp-content\/uploads\/2023\/01\/Wolfgang-amadeus-mozart_1-768x984.jpg\" class=\"attachment-medium_large size-medium_large wp-image-83796\" alt=\"\" data-attachment-id=\"83796\" data-permalink=\"https:\/\/wobronietradycjiiwiary.com\/pl\/benedykt-xvi-nie-byl-mozartem-teologii-1-ratzinger-hindemithem-teologii\/wolfgang-amadeus-mozart_1\/\" data-orig-file=\"https:\/\/wobronietradycjiiwiary.com\/wp-content\/uploads\/2023\/01\/Wolfgang-amadeus-mozart_1.jpg\" data-orig-size=\"799,1024\" data-comments-opened=\"1\" data-image-meta=\"{&quot;aperture&quot;:&quot;0&quot;,&quot;credit&quot;:&quot;&quot;,&quot;camera&quot;:&quot;&quot;,&quot;caption&quot;:&quot;&quot;,&quot;created_timestamp&quot;:&quot;0&quot;,&quot;copyright&quot;:&quot;&quot;,&quot;focal_length&quot;:&quot;0&quot;,&quot;iso&quot;:&quot;0&quot;,&quot;shutter_speed&quot;:&quot;0&quot;,&quot;title&quot;:&quot;&quot;,&quot;orientation&quot;:&quot;0&quot;}\" data-image-title=\"Wolfgang-amadeus-mozart_1\" data-image-description=\"\" data-image-caption=\"\" data-large-file=\"https:\/\/wobronietradycjiiwiary.com\/wp-content\/uploads\/2023\/01\/Wolfgang-amadeus-mozart_1.jpg\" srcset=\"https:\/\/wobronietradycjiiwiary.com\/wp-content\/uploads\/2023\/01\/Wolfgang-amadeus-mozart_1-768x984.jpg 768w, https:\/\/wobronietradycjiiwiary.com\/wp-content\/uploads\/2023\/01\/Wolfgang-amadeus-mozart_1-450x577.jpg 450w, https:\/\/wobronietradycjiiwiary.com\/wp-content\/uploads\/2023\/01\/Wolfgang-amadeus-mozart_1-600x769.jpg 600w, https:\/\/wobronietradycjiiwiary.com\/wp-content\/uploads\/2023\/01\/Wolfgang-amadeus-mozart_1-234x300.jpg 234w, https:\/\/wobronietradycjiiwiary.com\/wp-content\/uploads\/2023\/01\/Wolfgang-amadeus-mozart_1-117x150.jpg 117w, https:\/\/wobronietradycjiiwiary.com\/wp-content\/uploads\/2023\/01\/Wolfgang-amadeus-mozart_1-9x12.jpg 9w, https:\/\/wobronietradycjiiwiary.com\/wp-content\/uploads\/2023\/01\/Wolfgang-amadeus-mozart_1.jpg 799w\" sizes=\"(max-width: 580px) 100vw, 580px\" \/><\/div>\n\t\t<\/a>\n\t\t\t\t<div class=\"elementor-post__text\">\n\t\t\t\t<h4 class=\"elementor-post__title\">\n\t\t\t<a href=\"https:\/\/wobronietradycjiiwiary.com\/pl\/benedykt-xvi-nie-byl-mozartem-teologii-5-krytyka-nouvelle-theologie-aggiornamento-nowa-normalnoscia\/\" >\n\t\t\t\tBenedykt XVI nie by\u0142 \u201eMozartem teologii\u201d (5) Krytyka Nouvelle th\u00e9ologie: &#8220;Nowa normalno\u015b\u0107&#8221; aggiornamento.\t\t\t<\/a>\n\t\t<\/h4>\n\t\t\t\t<\/div>\n\t\t\t\t<\/article>\n\t\t\t\t<article class=\"elementor-post elementor-grid-item post-86233 post type-post status-publish format-standard has-post-thumbnail hentry category-benedykt-xvi-abdykacja category-kosciol-posoborowy category-krytyka-teologii-ratzingera-benedykta-xvi category-polemika tag-restricted\" role=\"listitem\">\n\t\t\t\t<a class=\"elementor-post__thumbnail__link\" href=\"https:\/\/wobronietradycjiiwiary.com\/pl\/benedykt-xvi-nie-byl-mozartem-teologii-7-krytyka-nouvelle-theologie-pekniecie\/\" tabindex=\"-1\" >\n\t\t\t<div class=\"elementor-post__thumbnail\"><img loading=\"lazy\" decoding=\"async\" width=\"580\" height=\"743\" src=\"https:\/\/wobronietradycjiiwiary.com\/wp-content\/uploads\/2023\/01\/Wolfgang-amadeus-mozart_1-768x984.jpg\" class=\"attachment-medium_large size-medium_large wp-image-83796\" alt=\"\" data-attachment-id=\"83796\" data-permalink=\"https:\/\/wobronietradycjiiwiary.com\/pl\/benedykt-xvi-nie-byl-mozartem-teologii-1-ratzinger-hindemithem-teologii\/wolfgang-amadeus-mozart_1\/\" data-orig-file=\"https:\/\/wobronietradycjiiwiary.com\/wp-content\/uploads\/2023\/01\/Wolfgang-amadeus-mozart_1.jpg\" data-orig-size=\"799,1024\" data-comments-opened=\"1\" data-image-meta=\"{&quot;aperture&quot;:&quot;0&quot;,&quot;credit&quot;:&quot;&quot;,&quot;camera&quot;:&quot;&quot;,&quot;caption&quot;:&quot;&quot;,&quot;created_timestamp&quot;:&quot;0&quot;,&quot;copyright&quot;:&quot;&quot;,&quot;focal_length&quot;:&quot;0&quot;,&quot;iso&quot;:&quot;0&quot;,&quot;shutter_speed&quot;:&quot;0&quot;,&quot;title&quot;:&quot;&quot;,&quot;orientation&quot;:&quot;0&quot;}\" data-image-title=\"Wolfgang-amadeus-mozart_1\" data-image-description=\"\" data-image-caption=\"\" data-large-file=\"https:\/\/wobronietradycjiiwiary.com\/wp-content\/uploads\/2023\/01\/Wolfgang-amadeus-mozart_1.jpg\" srcset=\"https:\/\/wobronietradycjiiwiary.com\/wp-content\/uploads\/2023\/01\/Wolfgang-amadeus-mozart_1-768x984.jpg 768w, https:\/\/wobronietradycjiiwiary.com\/wp-content\/uploads\/2023\/01\/Wolfgang-amadeus-mozart_1-450x577.jpg 450w, https:\/\/wobronietradycjiiwiary.com\/wp-content\/uploads\/2023\/01\/Wolfgang-amadeus-mozart_1-600x769.jpg 600w, https:\/\/wobronietradycjiiwiary.com\/wp-content\/uploads\/2023\/01\/Wolfgang-amadeus-mozart_1-234x300.jpg 234w, https:\/\/wobronietradycjiiwiary.com\/wp-content\/uploads\/2023\/01\/Wolfgang-amadeus-mozart_1-117x150.jpg 117w, https:\/\/wobronietradycjiiwiary.com\/wp-content\/uploads\/2023\/01\/Wolfgang-amadeus-mozart_1-9x12.jpg 9w, https:\/\/wobronietradycjiiwiary.com\/wp-content\/uploads\/2023\/01\/Wolfgang-amadeus-mozart_1.jpg 799w\" sizes=\"(max-width: 580px) 100vw, 580px\" \/><\/div>\n\t\t<\/a>\n\t\t\t\t<div class=\"elementor-post__text\">\n\t\t\t\t<h4 class=\"elementor-post__title\">\n\t\t\t<a href=\"https:\/\/wobronietradycjiiwiary.com\/pl\/benedykt-xvi-nie-byl-mozartem-teologii-7-krytyka-nouvelle-theologie-pekniecie\/\" >\n\t\t\t\tBenedykt XVI nie by\u0142 \u201eMozartem teologii\u201d (8): Krytyka Nouvelle th\u00e9ologie: P\u0119kni\u0119cie\t\t\t<\/a>\n\t\t<\/h4>\n\t\t\t\t<\/div>\n\t\t\t\t<\/article>\n\t\t\t\t<\/div>\n\t\t\n\t\t\t\t\t\t<\/div>\n\t\t\t\t<\/div>\n\t\t\t\t\t<\/div>\n\t\t<\/div>\n\t\t\t\t\t<\/div>\n\t\t<\/section>\n\t\t\t\t\t<\/div>\n\t\t<\/div>\n\t\t\t\t\t<\/div>\n\t\t<\/section>\n\t\t\t\t<section class=\"elementor-section elementor-top-section elementor-element elementor-element-780f1831 elementor-section-boxed elementor-section-height-default elementor-section-height-default\" data-id=\"780f1831\" data-element_type=\"section\" data-e-type=\"section\">\n\t\t\t\t\t\t<div class=\"elementor-container elementor-column-gap-no\">\n\t\t\t\t\t<div class=\"elementor-column elementor-col-100 elementor-top-column elementor-element elementor-element-5844a5fe\" data-id=\"5844a5fe\" data-element_type=\"column\" data-e-type=\"column\">\n\t\t\t<div class=\"elementor-widget-wrap elementor-element-populated\">\n\t\t\t\t\t\t<div class=\"elementor-element elementor-element-31b8082f elementor-icon-list--layout-inline elementor-widget__width-auto elementor-list-item-link-full_width elementor-widget elementor-widget-icon-list\" data-id=\"31b8082f\" data-element_type=\"widget\" data-e-type=\"widget\" data-widget_type=\"icon-list.default\">\n\t\t\t\t<div class=\"elementor-widget-container\">\n\t\t\t\t\t\t\t<ul class=\"elementor-icon-list-items elementor-inline-items\">\n\t\t\t\t\t\t\t<li class=\"elementor-icon-list-item elementor-inline-item\">\n\t\t\t\t\t\t\t\t\t\t\t<span class=\"elementor-icon-list-icon\">\n\t\t\t\t\t\t\t<svg aria-hidden=\"true\" class=\"e-font-icon-svg e-fas-play\" viewBox=\"0 0 448 512\" xmlns=\"http:\/\/www.w3.org\/2000\/svg\"><path d=\"M424.4 214.7L72.4 6.6C43.8-10.3 0 6.1 0 47.9V464c0 37.5 40.7 60.1 72.4 41.3l352-208c31.4-18.5 31.5-64.1 0-82.6z\"><\/path><\/svg>\t\t\t\t\t\t<\/span>\n\t\t\t\t\t\t\t\t\t\t<span class=\"elementor-icon-list-text\">Autorzy polemiczni<\/span>\n\t\t\t\t\t\t\t\t\t<\/li>\n\t\t\t\t\t\t\t\t<li class=\"elementor-icon-list-item elementor-inline-item\">\n\t\t\t\t\t\t\t\t\t\t\t<a href=\"https:\/\/wobronietradycjiiwiary.com\/pl\/category\/polemika\/autorzy-polemiczni\/abp-vigano\/\" target=\"_blank\">\n\n\t\t\t\t\t\t\t\t\t\t\t\t<span class=\"elementor-icon-list-icon\">\n\t\t\t\t\t\t\t<svg aria-hidden=\"true\" class=\"e-font-icon-svg e-fas-chevron-right\" viewBox=\"0 0 320 512\" xmlns=\"http:\/\/www.w3.org\/2000\/svg\"><path d=\"M285.476 272.971L91.132 467.314c-9.373 9.373-24.569 9.373-33.941 0l-22.667-22.667c-9.357-9.357-9.375-24.522-.04-33.901L188.505 256 34.484 101.255c-9.335-9.379-9.317-24.544.04-33.901l22.667-22.667c9.373-9.373 24.569-9.373 33.941 0L285.475 239.03c9.373 9.372 9.373 24.568.001 33.941z\"><\/path><\/svg>\t\t\t\t\t\t<\/span>\n\t\t\t\t\t\t\t\t\t\t<span class=\"elementor-icon-list-text\">Abp. Vigano<\/span>\n\t\t\t\t\t\t\t\t\t\t\t<\/a>\n\t\t\t\t\t\t\t\t\t<\/li>\n\t\t\t\t\t\t\t\t<li class=\"elementor-icon-list-item elementor-inline-item\">\n\t\t\t\t\t\t\t\t\t\t\t<a href=\"https:\/\/wobronietradycjiiwiary.com\/pl\/category\/polemika\/autorzy-polemiczni\/ann-barnhardt\/\" target=\"_blank\">\n\n\t\t\t\t\t\t\t\t\t\t\t\t<span class=\"elementor-icon-list-icon\">\n\t\t\t\t\t\t\t<svg aria-hidden=\"true\" class=\"e-font-icon-svg e-fas-chevron-right\" viewBox=\"0 0 320 512\" xmlns=\"http:\/\/www.w3.org\/2000\/svg\"><path d=\"M285.476 272.971L91.132 467.314c-9.373 9.373-24.569 9.373-33.941 0l-22.667-22.667c-9.357-9.357-9.375-24.522-.04-33.901L188.505 256 34.484 101.255c-9.335-9.379-9.317-24.544.04-33.901l22.667-22.667c9.373-9.373 24.569-9.373 33.941 0L285.475 239.03c9.373 9.372 9.373 24.568.001 33.941z\"><\/path><\/svg>\t\t\t\t\t\t<\/span>\n\t\t\t\t\t\t\t\t\t\t<span class=\"elementor-icon-list-text\">Ann Barnhardt<\/span>\n\t\t\t\t\t\t\t\t\t\t\t<\/a>\n\t\t\t\t\t\t\t\t\t<\/li>\n\t\t\t\t\t\t\t\t<li class=\"elementor-icon-list-item elementor-inline-item\">\n\t\t\t\t\t\t\t\t\t\t\t<a href=\"https:\/\/wobronietradycjiiwiary.com\/pl\/category\/polemika\/autorzy-polemiczni\/don-pietro-leone\/\" target=\"_blank\">\n\n\t\t\t\t\t\t\t\t\t\t\t\t<span class=\"elementor-icon-list-icon\">\n\t\t\t\t\t\t\t<svg aria-hidden=\"true\" class=\"e-font-icon-svg e-fas-chevron-right\" viewBox=\"0 0 320 512\" xmlns=\"http:\/\/www.w3.org\/2000\/svg\"><path d=\"M285.476 272.971L91.132 467.314c-9.373 9.373-24.569 9.373-33.941 0l-22.667-22.667c-9.357-9.357-9.375-24.522-.04-33.901L188.505 256 34.484 101.255c-9.335-9.379-9.317-24.544.04-33.901l22.667-22.667c9.373-9.373 24.569-9.373 33.941 0L285.475 239.03c9.373 9.372 9.373 24.568.001 33.941z\"><\/path><\/svg>\t\t\t\t\t\t<\/span>\n\t\t\t\t\t\t\t\t\t\t<span class=\"elementor-icon-list-text\">Don Pietro Leone<\/span>\n\t\t\t\t\t\t\t\t\t\t\t<\/a>\n\t\t\t\t\t\t\t\t\t<\/li>\n\t\t\t\t\t\t\t\t<li class=\"elementor-icon-list-item elementor-inline-item\">\n\t\t\t\t\t\t\t\t\t\t\t<a href=\"https:\/\/wobronietradycjiiwiary.com\/pl\/category\/polemika\/autorzy-polemiczni\/hilary-white\/\" target=\"_blank\">\n\n\t\t\t\t\t\t\t\t\t\t\t\t<span class=\"elementor-icon-list-icon\">\n\t\t\t\t\t\t\t<svg aria-hidden=\"true\" class=\"e-font-icon-svg e-fas-chevron-right\" viewBox=\"0 0 320 512\" xmlns=\"http:\/\/www.w3.org\/2000\/svg\"><path d=\"M285.476 272.971L91.132 467.314c-9.373 9.373-24.569 9.373-33.941 0l-22.667-22.667c-9.357-9.357-9.375-24.522-.04-33.901L188.505 256 34.484 101.255c-9.335-9.379-9.317-24.544.04-33.901l22.667-22.667c9.373-9.373 24.569-9.373 33.941 0L285.475 239.03c9.373 9.372 9.373 24.568.001 33.941z\"><\/path><\/svg>\t\t\t\t\t\t<\/span>\n\t\t\t\t\t\t\t\t\t\t<span class=\"elementor-icon-list-text\">Hilary White<\/span>\n\t\t\t\t\t\t\t\t\t\t\t<\/a>\n\t\t\t\t\t\t\t\t\t<\/li>\n\t\t\t\t\t\t\t\t<li class=\"elementor-icon-list-item elementor-inline-item\">\n\t\t\t\t\t\t\t\t\t\t\t<span class=\"elementor-icon-list-icon\">\n\t\t\t\t\t\t\t<svg aria-hidden=\"true\" class=\"e-font-icon-svg e-fas-check\" viewBox=\"0 0 512 512\" xmlns=\"http:\/\/www.w3.org\/2000\/svg\"><path d=\"M173.898 439.404l-166.4-166.4c-9.997-9.997-9.997-26.206 0-36.204l36.203-36.204c9.997-9.998 26.207-9.998 36.204 0L192 312.69 432.095 72.596c9.997-9.997 26.207-9.997 36.204 0l36.203 36.204c9.997 9.997 9.997 26.206 0 36.204l-294.4 294.401c-9.998 9.997-26.207 9.997-36.204-.001z\"><\/path><\/svg>\t\t\t\t\t\t<\/span>\n\t\t\t\t\t\t\t\t\t\t<span class=\"elementor-icon-list-text\">Element listy<\/span>\n\t\t\t\t\t\t\t\t\t<\/li>\n\t\t\t\t\t\t<\/ul>\n\t\t\t\t\t\t<\/div>\n\t\t\t\t<\/div>\n\t\t\t\t<div class=\"elementor-element elementor-element-5763b50e elementor-widget-divider--view-line elementor-widget elementor-widget-divider\" data-id=\"5763b50e\" data-element_type=\"widget\" data-e-type=\"widget\" data-widget_type=\"divider.default\">\n\t\t\t\t<div class=\"elementor-widget-container\">\n\t\t\t\t\t\t\t<div class=\"elementor-divider\">\n\t\t\t<span class=\"elementor-divider-separator\">\n\t\t\t\t\t\t<\/span>\n\t\t<\/div>\n\t\t\t\t\t\t<\/div>\n\t\t\t\t<\/div>\n\t\t\t\t<section class=\"elementor-section elementor-inner-section elementor-element elementor-element-47d819e1 elementor-section-boxed elementor-section-height-default elementor-section-height-default\" data-id=\"47d819e1\" data-element_type=\"section\" data-e-type=\"section\">\n\t\t\t\t\t\t<div class=\"elementor-container elementor-column-gap-no\">\n\t\t\t\t\t<div class=\"elementor-column elementor-col-50 elementor-inner-column elementor-element elementor-element-375a9d1d\" data-id=\"375a9d1d\" data-element_type=\"column\" data-e-type=\"column\">\n\t\t\t<div class=\"elementor-widget-wrap elementor-element-populated\">\n\t\t\t\t\t\t<div class=\"elementor-element elementor-element-202ec138 elementor-grid-1 elementor-grid-tablet-1 elementor-grid-mobile-1 elementor-posts--thumbnail-top elementor-widget elementor-widget-posts\" data-id=\"202ec138\" data-element_type=\"widget\" data-e-type=\"widget\" data-settings=\"{&quot;classic_columns&quot;:&quot;1&quot;,&quot;classic_row_gap&quot;:{&quot;unit&quot;:&quot;px&quot;,&quot;size&quot;:&quot;0&quot;,&quot;sizes&quot;:[]},&quot;classic_columns_tablet&quot;:&quot;1&quot;,&quot;classic_columns_mobile&quot;:&quot;1&quot;,&quot;classic_row_gap_tablet&quot;:{&quot;unit&quot;:&quot;px&quot;,&quot;size&quot;:&quot;&quot;,&quot;sizes&quot;:[]},&quot;classic_row_gap_mobile&quot;:{&quot;unit&quot;:&quot;px&quot;,&quot;size&quot;:&quot;&quot;,&quot;sizes&quot;:[]}}\" data-widget_type=\"posts.classic\">\n\t\t\t\t<div class=\"elementor-widget-container\">\n\t\t\t\t\t\t\t<div class=\"elementor-posts-container elementor-posts elementor-posts--skin-classic elementor-grid\" role=\"list\">\n\t\t\t\t<article class=\"elementor-post elementor-grid-item post-118682 post type-post status-publish format-standard has-post-thumbnail hentry category-papiez-franciszek category-abp-vigano category-autorzy-polemiczni category-konklawe category-kosciol-posoborowy category-polemika tag-restricted\" role=\"listitem\">\n\t\t\t\t<a class=\"elementor-post__thumbnail__link\" href=\"https:\/\/wobronietradycjiiwiary.com\/pl\/vigano-oswiadczenie-jaccuse\/\" tabindex=\"-1\" >\n\t\t\t<div class=\"elementor-post__thumbnail\"><img loading=\"lazy\" decoding=\"async\" width=\"580\" height=\"385\" src=\"https:\/\/wobronietradycjiiwiary.com\/wp-content\/uploads\/2025\/05\/Jean_Paul_Laurens_Le_Pape_Formose_et_Etienne_VI_1870-3-768x510.jpg\" class=\"attachment-medium_large size-medium_large wp-image-143042\" alt=\"\" data-attachment-id=\"143042\" data-permalink=\"https:\/\/wobronietradycjiiwiary.com\/pl\/jean_paul_laurens_le_pape_formose_et_etienne_vi_1870-3\/\" data-orig-file=\"https:\/\/wobronietradycjiiwiary.com\/wp-content\/uploads\/2025\/05\/Jean_Paul_Laurens_Le_Pape_Formose_et_Etienne_VI_1870-3.jpg\" data-orig-size=\"1920,1276\" data-comments-opened=\"1\" data-image-meta=\"{&quot;aperture&quot;:&quot;0&quot;,&quot;credit&quot;:&quot;&quot;,&quot;camera&quot;:&quot;&quot;,&quot;caption&quot;:&quot;&quot;,&quot;created_timestamp&quot;:&quot;0&quot;,&quot;copyright&quot;:&quot;&quot;,&quot;focal_length&quot;:&quot;0&quot;,&quot;iso&quot;:&quot;0&quot;,&quot;shutter_speed&quot;:&quot;0&quot;,&quot;title&quot;:&quot;&quot;,&quot;orientation&quot;:&quot;0&quot;}\" data-image-title=\"Jean_Paul_Laurens_Le_Pape_Formose_et_Etienne_VI_1870 (3)\" data-image-description=\"\" data-image-caption=\"\" data-large-file=\"https:\/\/wobronietradycjiiwiary.com\/wp-content\/uploads\/2025\/05\/Jean_Paul_Laurens_Le_Pape_Formose_et_Etienne_VI_1870-3-1024x681.jpg\" srcset=\"https:\/\/wobronietradycjiiwiary.com\/wp-content\/uploads\/2025\/05\/Jean_Paul_Laurens_Le_Pape_Formose_et_Etienne_VI_1870-3-768x510.jpg 768w, https:\/\/wobronietradycjiiwiary.com\/wp-content\/uploads\/2025\/05\/Jean_Paul_Laurens_Le_Pape_Formose_et_Etienne_VI_1870-3-300x199.jpg 300w, https:\/\/wobronietradycjiiwiary.com\/wp-content\/uploads\/2025\/05\/Jean_Paul_Laurens_Le_Pape_Formose_et_Etienne_VI_1870-3-1024x681.jpg 1024w, https:\/\/wobronietradycjiiwiary.com\/wp-content\/uploads\/2025\/05\/Jean_Paul_Laurens_Le_Pape_Formose_et_Etienne_VI_1870-3-150x100.jpg 150w, https:\/\/wobronietradycjiiwiary.com\/wp-content\/uploads\/2025\/05\/Jean_Paul_Laurens_Le_Pape_Formose_et_Etienne_VI_1870-3-1536x1021.jpg 1536w, https:\/\/wobronietradycjiiwiary.com\/wp-content\/uploads\/2025\/05\/Jean_Paul_Laurens_Le_Pape_Formose_et_Etienne_VI_1870-3-18x12.jpg 18w, https:\/\/wobronietradycjiiwiary.com\/wp-content\/uploads\/2025\/05\/Jean_Paul_Laurens_Le_Pape_Formose_et_Etienne_VI_1870-3-1200x798.jpg 1200w, https:\/\/wobronietradycjiiwiary.com\/wp-content\/uploads\/2025\/05\/Jean_Paul_Laurens_Le_Pape_Formose_et_Etienne_VI_1870-3-450x299.jpg 450w, https:\/\/wobronietradycjiiwiary.com\/wp-content\/uploads\/2025\/05\/Jean_Paul_Laurens_Le_Pape_Formose_et_Etienne_VI_1870-3-600x399.jpg 600w, https:\/\/wobronietradycjiiwiary.com\/wp-content\/uploads\/2025\/05\/Jean_Paul_Laurens_Le_Pape_Formose_et_Etienne_VI_1870-3.jpg 1920w\" sizes=\"(max-width: 580px) 100vw, 580px\" \/><\/div>\n\t\t<\/a>\n\t\t\t\t<div class=\"elementor-post__text\">\n\t\t\t\t<h5 class=\"elementor-post__title\">\n\t\t\t<a href=\"https:\/\/wobronietradycjiiwiary.com\/pl\/vigano-oswiadczenie-jaccuse\/\" >\n\t\t\t\tVigano, O\u015bwiadczenie J&#8217;accuse w sprawie oskar\u017cenia o schizm\u0119\t\t\t<\/a>\n\t\t<\/h5>\n\t\t\t\t<\/div>\n\t\t\t\t<\/article>\n\t\t\t\t<\/div>\n\t\t\n\t\t\t\t\t\t<\/div>\n\t\t\t\t<\/div>\n\t\t\t\t\t<\/div>\n\t\t<\/div>\n\t\t\t\t<div class=\"elementor-column elementor-col-50 elementor-inner-column elementor-element elementor-element-5156d5a2\" data-id=\"5156d5a2\" data-element_type=\"column\" data-e-type=\"column\">\n\t\t\t<div class=\"elementor-widget-wrap elementor-element-populated\">\n\t\t\t\t\t\t<div class=\"elementor-element elementor-element-5de637f3 elementor-posts--thumbnail-left elementor-grid-tablet-1 elementor-grid-1 elementor-grid-mobile-1 elementor-widget elementor-widget-posts\" data-id=\"5de637f3\" data-element_type=\"widget\" data-e-type=\"widget\" data-settings=\"{&quot;classic_row_gap&quot;:{&quot;unit&quot;:&quot;px&quot;,&quot;size&quot;:&quot;70&quot;,&quot;sizes&quot;:[]},&quot;classic_columns_tablet&quot;:&quot;1&quot;,&quot;classic_columns&quot;:&quot;1&quot;,&quot;classic_columns_mobile&quot;:&quot;1&quot;,&quot;classic_row_gap_tablet&quot;:{&quot;unit&quot;:&quot;px&quot;,&quot;size&quot;:&quot;&quot;,&quot;sizes&quot;:[]},&quot;classic_row_gap_mobile&quot;:{&quot;unit&quot;:&quot;px&quot;,&quot;size&quot;:&quot;&quot;,&quot;sizes&quot;:[]}}\" data-widget_type=\"posts.classic\">\n\t\t\t\t<div class=\"elementor-widget-container\">\n\t\t\t\t\t\t\t<div class=\"elementor-posts-container elementor-posts elementor-posts--skin-classic elementor-grid\" role=\"list\">\n\t\t\t\t<article class=\"elementor-post elementor-grid-item post-152301 post type-post status-publish format-standard has-post-thumbnail hentry category-ann-barnhardt category-autorzy-polemiczni category-kard-burke category-watykan category-polemika tag-gratia-actualis tag-kard-burke tag-zatwardzialosc\" role=\"listitem\">\n\t\t\t\t<a class=\"elementor-post__thumbnail__link\" href=\"https:\/\/wobronietradycjiiwiary.com\/pl\/rewelacja-ann-barnhardt-wieloktronie-rozmawiala-z-buxem-i-burkeem\/\" tabindex=\"-1\" >\n\t\t\t<div class=\"elementor-post__thumbnail\"><img loading=\"lazy\" decoding=\"async\" width=\"321\" height=\"480\" src=\"https:\/\/wobronietradycjiiwiary.com\/wp-content\/uploads\/2025\/09\/41_00338684guidoccio-di-giovanno-cozzarelli_die-heilige-katharina-von-siena-tauscht-ihr-herz-mit-christus.jpg\" class=\"attachment-medium_large size-medium_large wp-image-152315\" alt=\"\" data-attachment-id=\"152315\" data-permalink=\"https:\/\/wobronietradycjiiwiary.com\/pl\/rewelacja-ann-barnhardt-wieloktronie-rozmawiala-z-buxem-i-burkeem\/41_00338684guidoccio-di-giovanno-cozzarelli_die-heilige-katharina-von-siena-tauscht-ihr-herz-mit-christus\/\" data-orig-file=\"https:\/\/wobronietradycjiiwiary.com\/wp-content\/uploads\/2025\/09\/41_00338684guidoccio-di-giovanno-cozzarelli_die-heilige-katharina-von-siena-tauscht-ihr-herz-mit-christus.jpg\" data-orig-size=\"321,480\" data-comments-opened=\"1\" data-image-meta=\"{&quot;aperture&quot;:&quot;0&quot;,&quot;credit&quot;:&quot;&quot;,&quot;camera&quot;:&quot;&quot;,&quot;caption&quot;:&quot;&quot;,&quot;created_timestamp&quot;:&quot;0&quot;,&quot;copyright&quot;:&quot;&quot;,&quot;focal_length&quot;:&quot;0&quot;,&quot;iso&quot;:&quot;0&quot;,&quot;shutter_speed&quot;:&quot;0&quot;,&quot;title&quot;:&quot;&quot;,&quot;orientation&quot;:&quot;0&quot;}\" data-image-title=\"41_00338684~guidoccio-di-giovanno-cozzarelli_die-heilige-katharina-von-siena-tauscht-ihr-herz-mit-christus\" data-image-description=\"\" data-image-caption=\"\" data-large-file=\"https:\/\/wobronietradycjiiwiary.com\/wp-content\/uploads\/2025\/09\/41_00338684guidoccio-di-giovanno-cozzarelli_die-heilige-katharina-von-siena-tauscht-ihr-herz-mit-christus.jpg\" srcset=\"https:\/\/wobronietradycjiiwiary.com\/wp-content\/uploads\/2025\/09\/41_00338684guidoccio-di-giovanno-cozzarelli_die-heilige-katharina-von-siena-tauscht-ihr-herz-mit-christus.jpg 321w, https:\/\/wobronietradycjiiwiary.com\/wp-content\/uploads\/2025\/09\/41_00338684guidoccio-di-giovanno-cozzarelli_die-heilige-katharina-von-siena-tauscht-ihr-herz-mit-christus-201x300.jpg 201w, https:\/\/wobronietradycjiiwiary.com\/wp-content\/uploads\/2025\/09\/41_00338684guidoccio-di-giovanno-cozzarelli_die-heilige-katharina-von-siena-tauscht-ihr-herz-mit-christus-100x150.jpg 100w, https:\/\/wobronietradycjiiwiary.com\/wp-content\/uploads\/2025\/09\/41_00338684guidoccio-di-giovanno-cozzarelli_die-heilige-katharina-von-siena-tauscht-ihr-herz-mit-christus-8x12.jpg 8w, https:\/\/wobronietradycjiiwiary.com\/wp-content\/uploads\/2025\/09\/41_00338684guidoccio-di-giovanno-cozzarelli_die-heilige-katharina-von-siena-tauscht-ihr-herz-mit-christus-40x60.jpg 40w, https:\/\/wobronietradycjiiwiary.com\/wp-content\/uploads\/2025\/09\/41_00338684guidoccio-di-giovanno-cozzarelli_die-heilige-katharina-von-siena-tauscht-ihr-herz-mit-christus-60x90.jpg 60w\" sizes=\"(max-width: 321px) 100vw, 321px\" \/><\/div>\n\t\t<\/a>\n\t\t\t\t<div class=\"elementor-post__text\">\n\t\t\t\t<h4 class=\"elementor-post__title\">\n\t\t\t<a href=\"https:\/\/wobronietradycjiiwiary.com\/pl\/rewelacja-ann-barnhardt-wieloktronie-rozmawiala-z-buxem-i-burkeem\/\" >\n\t\t\t\tRewelacja: Ann Barnhardt wieloktronie rozmawia\u0142a z Buxem i Burke&#8217;em.\t\t\t<\/a>\n\t\t<\/h4>\n\t\t\t\t<div class=\"elementor-post__meta-data\">\n\t\t\t\t\t<span class=\"elementor-post-author\">\n\t\t\tTraditio et Fides\t\t<\/span>\n\t\t\t\t<span class=\"elementor-post-date\">\n\t\t\t5 wrze\u015bnia 2025\t\t<\/span>\n\t\t\t\t<\/div>\n\t\t\t\t<div class=\"elementor-post__excerpt\">\n\t\t\t<p>Teologiczne spojrzenie na rozmowy Ann Barnhardt z kard. Burke&#8217;m.<\/p>\n\t\t<\/div>\n\t\t\n\t\t<a class=\"elementor-post__read-more\" href=\"https:\/\/wobronietradycjiiwiary.com\/pl\/rewelacja-ann-barnhardt-wieloktronie-rozmawiala-z-buxem-i-burkeem\/\" aria-label=\"Read more about Rewelacja: Ann Barnhardt wieloktronie rozmawia\u0142a z Buxem i Burke&#8217;em.\" tabindex=\"-1\" >\n\t\t\tWatch Now\t\t<\/a>\n\n\t\t\t\t<\/div>\n\t\t\t\t<\/article>\n\t\t\t\t<\/div>\n\t\t\n\t\t\t\t\t\t<\/div>\n\t\t\t\t<\/div>\n\t\t\t\t\t<\/div>\n\t\t<\/div>\n\t\t\t\t\t<\/div>\n\t\t<\/section>\n\t\t\t\t<section class=\"elementor-section elementor-inner-section elementor-element elementor-element-c2a2d36 elementor-section-boxed elementor-section-height-default elementor-section-height-default\" data-id=\"c2a2d36\" data-element_type=\"section\" data-e-type=\"section\">\n\t\t\t\t\t\t<div class=\"elementor-container elementor-column-gap-no\">\n\t\t\t\t\t<div class=\"elementor-column elementor-col-50 elementor-inner-column elementor-element elementor-element-7ec60e7\" data-id=\"7ec60e7\" data-element_type=\"column\" data-e-type=\"column\">\n\t\t\t<div class=\"elementor-widget-wrap elementor-element-populated\">\n\t\t\t\t\t\t<div class=\"elementor-element elementor-element-8a4be86 elementor-grid-1 elementor-grid-tablet-1 elementor-grid-mobile-1 elementor-posts--thumbnail-top elementor-widget elementor-widget-posts\" data-id=\"8a4be86\" data-element_type=\"widget\" data-e-type=\"widget\" data-settings=\"{&quot;classic_columns&quot;:&quot;1&quot;,&quot;classic_row_gap&quot;:{&quot;unit&quot;:&quot;px&quot;,&quot;size&quot;:&quot;0&quot;,&quot;sizes&quot;:[]},&quot;classic_columns_tablet&quot;:&quot;1&quot;,&quot;classic_columns_mobile&quot;:&quot;1&quot;,&quot;classic_row_gap_tablet&quot;:{&quot;unit&quot;:&quot;px&quot;,&quot;size&quot;:&quot;&quot;,&quot;sizes&quot;:[]},&quot;classic_row_gap_mobile&quot;:{&quot;unit&quot;:&quot;px&quot;,&quot;size&quot;:&quot;&quot;,&quot;sizes&quot;:[]}}\" data-widget_type=\"posts.classic\">\n\t\t\t\t<div class=\"elementor-widget-container\">\n\t\t\t\t\t\t\t<div class=\"elementor-posts-container elementor-posts elementor-posts--skin-classic elementor-grid\" role=\"list\">\n\t\t\t\t<article class=\"elementor-post elementor-grid-item post-22101 post type-post status-publish format-standard has-post-thumbnail hentry category-don-pietro-leone category-leone-kosciol-i-asmodeusz tag-akt-malzenski tag-czesta-komunia-swieta tag-de-sexto tag-grzech-smiertelny tag-komunia-swieta tag-komunia-swieta-na-reke tag-odczuwalnosc-komunii tag-premium tag-plciowosc tag-restricted tag-seks tag-zal-doskonaly\" role=\"listitem\">\n\t\t\t\t<a class=\"elementor-post__thumbnail__link\" href=\"https:\/\/wobronietradycjiiwiary.com\/pl\/wprowadzenie-do-cyklu-kosciol-i-asmodeusz-don-pietro-leone-d-komunia-w-grzechu-smiertelnym\/\" tabindex=\"-1\" >\n\t\t\t<div class=\"elementor-post__thumbnail\"><img loading=\"lazy\" decoding=\"async\" width=\"500\" height=\"606\" src=\"https:\/\/wobronietradycjiiwiary.com\/wp-content\/uploads\/2017\/06\/enhanced-buzz-23785-1458319648-8.jpg\" class=\"attachment-medium_large size-medium_large wp-image-13908\" alt=\"\" data-attachment-id=\"13908\" data-permalink=\"https:\/\/wobronietradycjiiwiary.com\/pl\/wprowadzenie-do-cyklu-kosciol-i-asmodeusz-don-pietro-leone\/enhanced-buzz-23785-1458319648-8\/\" data-orig-file=\"https:\/\/wobronietradycjiiwiary.com\/wp-content\/uploads\/2017\/06\/enhanced-buzz-23785-1458319648-8.jpg\" data-orig-size=\"500,606\" data-comments-opened=\"1\" data-image-meta=\"{&quot;aperture&quot;:&quot;0&quot;,&quot;credit&quot;:&quot;&quot;,&quot;camera&quot;:&quot;&quot;,&quot;caption&quot;:&quot;&quot;,&quot;created_timestamp&quot;:&quot;0&quot;,&quot;copyright&quot;:&quot;&quot;,&quot;focal_length&quot;:&quot;0&quot;,&quot;iso&quot;:&quot;0&quot;,&quot;shutter_speed&quot;:&quot;0&quot;,&quot;title&quot;:&quot;&quot;,&quot;orientation&quot;:&quot;0&quot;}\" data-image-title=\"enhanced-buzz-23785-1458319648-8\" data-image-description=\"\" data-image-caption=\"\" data-large-file=\"https:\/\/wobronietradycjiiwiary.com\/wp-content\/uploads\/2017\/06\/enhanced-buzz-23785-1458319648-8.jpg\" srcset=\"https:\/\/wobronietradycjiiwiary.com\/wp-content\/uploads\/2017\/06\/enhanced-buzz-23785-1458319648-8.jpg 500w, https:\/\/wobronietradycjiiwiary.com\/wp-content\/uploads\/2017\/06\/enhanced-buzz-23785-1458319648-8-450x545.jpg 450w\" sizes=\"(max-width: 500px) 100vw, 500px\" \/><\/div>\n\t\t<\/a>\n\t\t\t\t<div class=\"elementor-post__text\">\n\t\t\t\t<h5 class=\"elementor-post__title\">\n\t\t\t<a href=\"https:\/\/wobronietradycjiiwiary.com\/pl\/wprowadzenie-do-cyklu-kosciol-i-asmodeusz-don-pietro-leone-d-komunia-w-grzechu-smiertelnym\/\" >\n\t\t\t\tWprowadzenie do cyklu \u201eKo\u015bci\u00f3\u0142 i Asmodeusz\u201d Don Pietro Leone. D. Komunia i stan \u0142aski.\t\t\t<\/a>\n\t\t<\/h5>\n\t\t\t\t<\/div>\n\t\t\t\t<\/article>\n\t\t\t\t<\/div>\n\t\t\n\t\t\t\t\t\t<\/div>\n\t\t\t\t<\/div>\n\t\t\t\t\t<\/div>\n\t\t<\/div>\n\t\t\t\t<div class=\"elementor-column elementor-col-50 elementor-inner-column elementor-element elementor-element-8ff4d8c\" data-id=\"8ff4d8c\" data-element_type=\"column\" data-e-type=\"column\">\n\t\t\t<div class=\"elementor-widget-wrap elementor-element-populated\">\n\t\t\t\t\t\t<div class=\"elementor-element elementor-element-a17cd59 elementor-posts--thumbnail-left elementor-grid-tablet-1 elementor-grid-1 elementor-grid-mobile-1 elementor-widget elementor-widget-posts\" data-id=\"a17cd59\" data-element_type=\"widget\" data-e-type=\"widget\" data-settings=\"{&quot;classic_row_gap&quot;:{&quot;unit&quot;:&quot;px&quot;,&quot;size&quot;:&quot;70&quot;,&quot;sizes&quot;:[]},&quot;classic_columns_tablet&quot;:&quot;1&quot;,&quot;classic_columns&quot;:&quot;1&quot;,&quot;classic_columns_mobile&quot;:&quot;1&quot;,&quot;classic_row_gap_tablet&quot;:{&quot;unit&quot;:&quot;px&quot;,&quot;size&quot;:&quot;&quot;,&quot;sizes&quot;:[]},&quot;classic_row_gap_mobile&quot;:{&quot;unit&quot;:&quot;px&quot;,&quot;size&quot;:&quot;&quot;,&quot;sizes&quot;:[]}}\" data-widget_type=\"posts.classic\">\n\t\t\t\t<div class=\"elementor-widget-container\">\n\t\t\t\t\t\t\t<div class=\"elementor-posts-container elementor-posts elementor-posts--skin-classic elementor-grid\" role=\"list\">\n\t\t\t\t<article class=\"elementor-post elementor-grid-item post-168288 post type-post status-publish format-standard has-post-thumbnail hentry category-autorzy-polemiczni category-hilary-white category-polemika tag-amerykanizm tag-hilary-white tag-leon-xiii tag-testem-benevolentiae-nostrae\" role=\"listitem\">\n\t\t\t\t<a class=\"elementor-post__thumbnail__link\" href=\"https:\/\/wobronietradycjiiwiary.com\/pl\/hilary-white-testem-benevolentiae-nostrae-amerykanizm-i-papiez-leon-xiii\/\" tabindex=\"-1\" >\n\t\t\t<div class=\"elementor-post__thumbnail\"><img loading=\"lazy\" decoding=\"async\" width=\"310\" height=\"484\" src=\"https:\/\/wobronietradycjiiwiary.com\/wp-content\/uploads\/2026\/07\/St.-Michael-in-victory.jpg\" class=\"attachment-medium_large size-medium_large wp-image-168290\" alt=\"\" data-attachment-id=\"168290\" data-permalink=\"https:\/\/wobronietradycjiiwiary.com\/pl\/hilary-white-testem-benevolentiae-nostrae-amerykanizm-i-papiez-leon-xiii\/st-michael-in-victory\/\" data-orig-file=\"https:\/\/wobronietradycjiiwiary.com\/wp-content\/uploads\/2026\/07\/St.-Michael-in-victory.jpg\" data-orig-size=\"310,484\" data-comments-opened=\"1\" data-image-meta=\"{&quot;aperture&quot;:&quot;0&quot;,&quot;credit&quot;:&quot;&quot;,&quot;camera&quot;:&quot;&quot;,&quot;caption&quot;:&quot;&quot;,&quot;created_timestamp&quot;:&quot;0&quot;,&quot;copyright&quot;:&quot;&quot;,&quot;focal_length&quot;:&quot;0&quot;,&quot;iso&quot;:&quot;0&quot;,&quot;shutter_speed&quot;:&quot;0&quot;,&quot;title&quot;:&quot;&quot;,&quot;orientation&quot;:&quot;0&quot;,&quot;alt&quot;:&quot;&quot;}\" data-image-title=\"St. Michael in victory\" data-image-description=\"\" data-image-caption=\"\" data-large-file=\"https:\/\/wobronietradycjiiwiary.com\/wp-content\/uploads\/2026\/07\/St.-Michael-in-victory.jpg\" srcset=\"https:\/\/wobronietradycjiiwiary.com\/wp-content\/uploads\/2026\/07\/St.-Michael-in-victory.jpg 310w, https:\/\/wobronietradycjiiwiary.com\/wp-content\/uploads\/2026\/07\/St.-Michael-in-victory-192x300.jpg 192w, https:\/\/wobronietradycjiiwiary.com\/wp-content\/uploads\/2026\/07\/St.-Michael-in-victory-96x150.jpg 96w, https:\/\/wobronietradycjiiwiary.com\/wp-content\/uploads\/2026\/07\/St.-Michael-in-victory-8x12.jpg 8w\" sizes=\"(max-width: 310px) 100vw, 310px\" \/><\/div>\n\t\t<\/a>\n\t\t\t\t<div class=\"elementor-post__text\">\n\t\t\t\t<h4 class=\"elementor-post__title\">\n\t\t\t<a href=\"https:\/\/wobronietradycjiiwiary.com\/pl\/hilary-white-testem-benevolentiae-nostrae-amerykanizm-i-papiez-leon-xiii\/\" >\n\t\t\t\tHilary White, Testem Benevolentiae Nostrae: Amerykanizm i papie\u017c Leon XIII.\t\t\t<\/a>\n\t\t<\/h4>\n\t\t\t\t<div class=\"elementor-post__excerpt\">\n\t\t\t<p>Hilary White na temat herezji amerykanizmu, kt\u00f3ra nie ma nic wsp\u00f3lnego z Trumpem.<\/p>\n\t\t<\/div>\n\t\t\t\t<\/div>\n\t\t\t\t<\/article>\n\t\t\t\t<\/div>\n\t\t\n\t\t\t\t\t\t<\/div>\n\t\t\t\t<\/div>\n\t\t\t\t\t<\/div>\n\t\t<\/div>\n\t\t\t\t\t<\/div>\n\t\t<\/section>\n\t\t\t\t\t<\/div>\n\t\t<\/div>\n\t\t\t\t\t<\/div>\n\t\t<\/section>\n\t\t\t\t<section class=\"elementor-section elementor-top-section elementor-element elementor-element-d377975 elementor-section-boxed elementor-section-height-default elementor-section-height-default\" data-id=\"d377975\" data-element_type=\"section\" data-e-type=\"section\">\n\t\t\t\t\t\t<div class=\"elementor-container elementor-column-gap-default\">\n\t\t\t\t\t<div class=\"elementor-column elementor-col-100 elementor-top-column elementor-element elementor-element-370cf89\" data-id=\"370cf89\" data-element_type=\"column\" data-e-type=\"column\">\n\t\t\t<div class=\"elementor-widget-wrap elementor-element-populated\">\n\t\t\t\t\t\t<div class=\"elementor-element elementor-element-270efb5 elementor-align-right elementor-widget elementor-widget-button\" data-id=\"270efb5\" data-element_type=\"widget\" data-e-type=\"widget\" data-widget_type=\"button.default\">\n\t\t\t\t<div class=\"elementor-widget-container\">\n\t\t\t\t\t\t\t\t\t<div class=\"elementor-button-wrapper\">\n\t\t\t\t\t<a class=\"elementor-button elementor-button-link elementor-size-sm\" href=\"#\" id=\"top\">\n\t\t\t\t\t\t<span class=\"elementor-button-content-wrapper\">\n\t\t\t\t\t\t\t\t\t<span class=\"elementor-button-text\">Do g\u00f3ry<\/span>\n\t\t\t\t\t<\/span>\n\t\t\t\t\t<\/a>\n\t\t\t\t<\/div>\n\t\t\t\t\t\t\t\t<\/div>\n\t\t\t\t<\/div>\n\t\t\t\t\t<\/div>\n\t\t<\/div>\n\t\t\t\t\t<\/div>\n\t\t<\/section>\n\t\t\t\t<\/div>\n\t\t","protected":false},"excerpt":{"rendered":"<p>Aby zapozna\u0107 si\u0119 z wszystkimi wpisami tego dzia\u0142u przejd\u017a do indeksu. Gdy klikniesz napis na r\u00f3\u017cowym tle, zostaniesz przekierowany do danej kategorii. Wi\u0119kszo\u015b\u0107 wpis\u00f3w jest odp\u0142atnych, wi\u0119c pomy\u015bl o abonamencie. Polemika Ostatni tydzie\u0144 Ostatni Kwarta\u0142 Popularne zagadnienia Traditionis Custodes Leon XIV &#8211; Pontyfikat Konklawe Ratzinger &#8211; Krytyka teologii Autorzy polemiczni Abp. Vigano Ann Barnhardt Don [&hellip;]<\/p>\n","protected":false},"author":60508433,"featured_media":0,"parent":29754,"menu_order":4,"comment_status":"closed","ping_status":"closed","template":"elementor_header_footer","meta":{"_bbp_topic_count":0,"_bbp_reply_count":0,"_bbp_total_topic_count":0,"_bbp_total_reply_count":0,"_bbp_voice_count":0,"_bbp_anonymous_reply_count":0,"_bbp_topic_count_hidden":0,"_bbp_reply_count_hidden":0,"_bbp_forum_subforum_count":0,"_editorskit_title_hidden":false,"_editorskit_reading_time":0,"_editorskit_is_block_options_detached":false,"_editorskit_block_options_position":"{}","_coblocks_attr":"","_coblocks_dimensions":"","_coblocks_responsive_height":"","_coblocks_accordion_ie_support":"","_exactmetrics_skip_tracking":false,"_wpcom_ai_launchpad_about_page":false,"_wpcom_ai_launchpad_gallery_page":false,"_wpcom_ai_launchpad_contact_page":false,"_wpcom_ai_launchpad_events_page":false,"_wpcom_ai_launchpad_video_page":false,"_wpcom_ai_launchpad_portfolio_piece":false,"footnotes":""},"class_list":["post-62014","page","type-page","status-publish","hentry"],"yoast_head":"<!-- This site is optimized with the Yoast SEO plugin v28.4 - https:\/\/yoast.com\/product\/yoast-seo-wordpress\/ -->\n<title>Polemika - Tradycja i Wiara<\/title>\n<meta name=\"robots\" content=\"index, follow, max-snippet:-1, max-image-preview:large, max-video-preview:-1\" \/>\n<link rel=\"canonical\" href=\"https:\/\/wobronietradycjiiwiary.com\/pl\/archiwum-2\/polem\/\" \/>\n<meta property=\"og:locale\" content=\"pl_PL\" \/>\n<meta property=\"og:type\" content=\"article\" \/>\n<meta property=\"og:title\" content=\"Polemika - Tradycja i Wiara\" \/>\n<meta property=\"og:description\" content=\"Aby zapozna\u0107 si\u0119 z wszystkimi wpisami tego dzia\u0142u przejd\u017a do indeksu. Gdy klikniesz napis na r\u00f3\u017cowym tle, zostaniesz przekierowany do danej kategorii. Wi\u0119kszo\u015b\u0107 wpis\u00f3w jest odp\u0142atnych, wi\u0119c pomy\u015bl o abonamencie. Polemika Ostatni tydzie\u0144 Ostatni Kwarta\u0142 Popularne zagadnienia Traditionis Custodes Leon XIV &#8211; Pontyfikat Konklawe Ratzinger &#8211; Krytyka teologii Autorzy polemiczni Abp. Vigano Ann Barnhardt Don [&hellip;]\" \/>\n<meta property=\"og:url\" content=\"https:\/\/wobronietradycjiiwiary.com\/pl\/archiwum-2\/polem\/\" \/>\n<meta property=\"og:site_name\" content=\"Tradycja i Wiara\" \/>\n<meta property=\"article:publisher\" content=\"https:\/\/www.facebook.com\/Tradycja-i-Wiara-108813920592249\" \/>\n<meta property=\"article:modified_time\" content=\"2026-01-16T19:31:52+00:00\" \/>\n<meta name=\"twitter:card\" content=\"summary_large_image\" \/>\n<meta name=\"twitter:label1\" content=\"Szacowany czas czytania\" \/>\n\t<meta name=\"twitter:data1\" content=\"10 minut\" \/>\n<script type=\"application\/ld+json\" class=\"yoast-schema-graph\">{\"@context\":\"https:\\\/\\\/schema.org\",\"@graph\":[{\"@type\":\"WebPage\",\"@id\":\"https:\\\/\\\/wobronietradycjiiwiary.com\\\/archiwum-2\\\/polem\\\/\",\"url\":\"https:\\\/\\\/wobronietradycjiiwiary.com\\\/archiwum-2\\\/polem\\\/\",\"name\":\"Polemika - Tradycja i Wiara\",\"isPartOf\":{\"@id\":\"https:\\\/\\\/wobronietradycjiiwiary.com\\\/pl\\\/#website\"},\"datePublished\":\"2022-02-28T09:32:10+00:00\",\"dateModified\":\"2026-01-16T19:31:52+00:00\",\"breadcrumb\":{\"@id\":\"https:\\\/\\\/wobronietradycjiiwiary.com\\\/archiwum-2\\\/polem\\\/#breadcrumb\"},\"inLanguage\":\"pl-PL\",\"potentialAction\":[{\"@type\":\"ReadAction\",\"target\":[\"https:\\\/\\\/wobronietradycjiiwiary.com\\\/archiwum-2\\\/polem\\\/\"]}]},{\"@type\":\"BreadcrumbList\",\"@id\":\"https:\\\/\\\/wobronietradycjiiwiary.com\\\/archiwum-2\\\/polem\\\/#breadcrumb\",\"itemListElement\":[{\"@type\":\"ListItem\",\"position\":1,\"name\":\"Strona g\u0142\u00f3wna\",\"item\":\"https:\\\/\\\/wobronietradycjiiwiary.com\\\/\"},{\"@type\":\"ListItem\",\"position\":2,\"name\":\"Archiwum\",\"item\":\"https:\\\/\\\/wobronietradycjiiwiary.com\\\/archiwum-2\\\/\"},{\"@type\":\"ListItem\",\"position\":3,\"name\":\"Polemika\"}]},{\"@type\":\"WebSite\",\"@id\":\"https:\\\/\\\/wobronietradycjiiwiary.com\\\/pl\\\/#website\",\"url\":\"https:\\\/\\\/wobronietradycjiiwiary.com\\\/pl\\\/\",\"name\":\"Tradycja i Wiara\",\"description\":\"Portal dla katolik\u00f3w.\",\"publisher\":{\"@id\":\"https:\\\/\\\/wobronietradycjiiwiary.com\\\/pl\\\/#organization\"},\"potentialAction\":[{\"@type\":\"SearchAction\",\"target\":{\"@type\":\"EntryPoint\",\"urlTemplate\":\"https:\\\/\\\/wobronietradycjiiwiary.com\\\/pl\\\/?s={search_term_string}\"},\"query-input\":{\"@type\":\"PropertyValueSpecification\",\"valueRequired\":true,\"valueName\":\"search_term_string\"}}],\"inLanguage\":\"pl-PL\"},{\"@type\":\"Organization\",\"@id\":\"https:\\\/\\\/wobronietradycjiiwiary.com\\\/pl\\\/#organization\",\"name\":\"Tradycja i Wiara\",\"url\":\"https:\\\/\\\/wobronietradycjiiwiary.com\\\/pl\\\/\",\"logo\":{\"@type\":\"ImageObject\",\"inLanguage\":\"pl-PL\",\"@id\":\"https:\\\/\\\/wobronietradycjiiwiary.com\\\/pl\\\/#\\\/schema\\\/logo\\\/image\\\/\",\"url\":\"https:\\\/\\\/i0.wp.com\\\/wobronietradycjiiwiary.com\\\/wp-content\\\/uploads\\\/2015\\\/10\\\/cropped-st-peters-dome-vatican.jpg?fit=940%2C198&ssl=1\",\"contentUrl\":\"https:\\\/\\\/i0.wp.com\\\/wobronietradycjiiwiary.com\\\/wp-content\\\/uploads\\\/2015\\\/10\\\/cropped-st-peters-dome-vatican.jpg?fit=940%2C198&ssl=1\",\"width\":940,\"height\":198,\"caption\":\"Tradycja i Wiara\"},\"image\":{\"@id\":\"https:\\\/\\\/wobronietradycjiiwiary.com\\\/pl\\\/#\\\/schema\\\/logo\\\/image\\\/\"},\"sameAs\":[\"https:\\\/\\\/www.facebook.com\\\/Tradycja-i-Wiara-108813920592249\"]}]}<\/script>\n<!-- \/ Yoast SEO plugin. -->","yoast_head_json":{"title":"Polemika - Tradycja i Wiara","robots":{"index":"index","follow":"follow","max-snippet":"max-snippet:-1","max-image-preview":"max-image-preview:large","max-video-preview":"max-video-preview:-1"},"canonical":"https:\/\/wobronietradycjiiwiary.com\/pl\/archiwum-2\/polem\/","og_locale":"pl_PL","og_type":"article","og_title":"Polemika - Tradycja i Wiara","og_description":"Aby zapozna\u0107 si\u0119 z wszystkimi wpisami tego dzia\u0142u przejd\u017a do indeksu. Gdy klikniesz napis na r\u00f3\u017cowym tle, zostaniesz przekierowany do danej kategorii. Wi\u0119kszo\u015b\u0107 wpis\u00f3w jest odp\u0142atnych, wi\u0119c pomy\u015bl o abonamencie. Polemika Ostatni tydzie\u0144 Ostatni Kwarta\u0142 Popularne zagadnienia Traditionis Custodes Leon XIV &#8211; Pontyfikat Konklawe Ratzinger &#8211; Krytyka teologii Autorzy polemiczni Abp. Vigano Ann Barnhardt Don [&hellip;]","og_url":"https:\/\/wobronietradycjiiwiary.com\/pl\/archiwum-2\/polem\/","og_site_name":"Tradycja i Wiara","article_publisher":"https:\/\/www.facebook.com\/Tradycja-i-Wiara-108813920592249","article_modified_time":"2026-01-16T19:31:52+00:00","twitter_card":"summary_large_image","twitter_misc":{"Szacowany czas czytania":"10 minut"},"schema":{"@context":"https:\/\/schema.org","@graph":[{"@type":"WebPage","@id":"https:\/\/wobronietradycjiiwiary.com\/archiwum-2\/polem\/","url":"https:\/\/wobronietradycjiiwiary.com\/archiwum-2\/polem\/","name":"Polemika - Tradycja i Wiara","isPartOf":{"@id":"https:\/\/wobronietradycjiiwiary.com\/pl\/#website"},"datePublished":"2022-02-28T09:32:10+00:00","dateModified":"2026-01-16T19:31:52+00:00","breadcrumb":{"@id":"https:\/\/wobronietradycjiiwiary.com\/archiwum-2\/polem\/#breadcrumb"},"inLanguage":"pl-PL","potentialAction":[{"@type":"ReadAction","target":["https:\/\/wobronietradycjiiwiary.com\/archiwum-2\/polem\/"]}]},{"@type":"BreadcrumbList","@id":"https:\/\/wobronietradycjiiwiary.com\/archiwum-2\/polem\/#breadcrumb","itemListElement":[{"@type":"ListItem","position":1,"name":"Strona g\u0142\u00f3wna","item":"https:\/\/wobronietradycjiiwiary.com\/"},{"@type":"ListItem","position":2,"name":"Archiwum","item":"https:\/\/wobronietradycjiiwiary.com\/archiwum-2\/"},{"@type":"ListItem","position":3,"name":"Polemika"}]},{"@type":"WebSite","@id":"https:\/\/wobronietradycjiiwiary.com\/pl\/#website","url":"https:\/\/wobronietradycjiiwiary.com\/pl\/","name":"Tradycja i Wiara","description":"Portal dla katolik\u00f3w.","publisher":{"@id":"https:\/\/wobronietradycjiiwiary.com\/pl\/#organization"},"potentialAction":[{"@type":"SearchAction","target":{"@type":"EntryPoint","urlTemplate":"https:\/\/wobronietradycjiiwiary.com\/pl\/?s={search_term_string}"},"query-input":{"@type":"PropertyValueSpecification","valueRequired":true,"valueName":"search_term_string"}}],"inLanguage":"pl-PL"},{"@type":"Organization","@id":"https:\/\/wobronietradycjiiwiary.com\/pl\/#organization","name":"Tradycja i Wiara","url":"https:\/\/wobronietradycjiiwiary.com\/pl\/","logo":{"@type":"ImageObject","inLanguage":"pl-PL","@id":"https:\/\/wobronietradycjiiwiary.com\/pl\/#\/schema\/logo\/image\/","url":"https:\/\/i0.wp.com\/wobronietradycjiiwiary.com\/wp-content\/uploads\/2015\/10\/cropped-st-peters-dome-vatican.jpg?fit=940%2C198&ssl=1","contentUrl":"https:\/\/i0.wp.com\/wobronietradycjiiwiary.com\/wp-content\/uploads\/2015\/10\/cropped-st-peters-dome-vatican.jpg?fit=940%2C198&ssl=1","width":940,"height":198,"caption":"Tradycja i Wiara"},"image":{"@id":"https:\/\/wobronietradycjiiwiary.com\/pl\/#\/schema\/logo\/image\/"},"sameAs":["https:\/\/www.facebook.com\/Tradycja-i-Wiara-108813920592249"]}]}},"jetpack_sharing_enabled":true,"jetpack_likes_enabled":true,"jetpack_shortlink":"https:\/\/wp.me\/Pc04Sd-g8e","jetpack-related-posts":[{"id":62031,"url":"https:\/\/wobronietradycjiiwiary.com\/pl\/","url_meta":{"origin":62014,"position":0},"title":"Home","author":"Traditio et Fides","date":"28 lutego 2022","format":false,"excerpt":"Najpopularniejsze Podcasty Filmy Najnowsze Do g\u00f3ry Aktualno\u015bci Do g\u00f3ry Polemika Do g\u00f3ry Duchowo\u015b\u0107 Do g\u00f3ry Doktryna Do g\u00f3ry FSSPX Do g\u00f3ry","rel":"","context":"Podobny wpis","block_context":{"text":"Podobny wpis","link":""},"img":{"alt_text":"","src":"","width":0,"height":0},"classes":[]},{"id":47792,"url":"https:\/\/wobronietradycjiiwiary.com\/pl\/sklepik-online-2\/kasa\/","url_meta":{"origin":62014,"position":1},"title":"Kasa","author":"Traditio et Fides","date":"25 maja 2021","format":false,"excerpt":"Tradycja i Wiara Login Portal dla katolik\u00f3w. Duchowo\u015b\u0107, doktryna polemika. Mavientura Projects e.K. Dorfstrasse 17 D-01728 Bannewitz OT Goppeln, Germany Twitter Facebook-f Youtube Impressum Og\u00f3lne warunki umowy Odst\u0105pienie od umowy Polityka prywatno\u015bci O nas Tradition und Glauben Kontakt Biznesowy Duszpasterski","rel":"","context":"Podobny wpis","block_context":{"text":"Podobny wpis","link":""},"img":{"alt_text":"","src":"","width":0,"height":0},"classes":[]},{"id":36700,"url":"https:\/\/wobronietradycjiiwiary.com\/pl\/ciekawe-materialy\/","url_meta":{"origin":62014,"position":2},"title":"Ciekawe materia\u0142y","author":"Traditio et Fides","date":"12 wrze\u015bnia 2020","format":false,"excerpt":"Tradycja i Wiara Login Portal dla katolik\u00f3w. Duchowo\u015b\u0107, doktryna polemika. Mavientura Projects e.K.Dorfstrasse 17D-01728 Bannewitz OT Goppeln, Germany Twitter Facebook-f Youtube Impressum Og\u00f3lne warunki umowy Odst\u0105pienie od umowy Polityka prywatno\u015bci O nas Tradition und Glauben Kontakt Biznesowy Duszpasterski","rel":"","context":"Z 2 komentarzami","block_context":{"text":"Z 2 komentarzami","link":"https:\/\/wobronietradycjiiwiary.com\/pl\/ciekawe-materialy\/#comments"},"img":{"alt_text":"","src":"https:\/\/i0.wp.com\/wobronietradycjiiwiary.com\/wp-content\/uploads\/2020\/09\/beatus-vir.jpg?resize=350%2C200&ssl=1","width":350,"height":200,"srcset":"https:\/\/i0.wp.com\/wobronietradycjiiwiary.com\/wp-content\/uploads\/2020\/09\/beatus-vir.jpg?resize=350%2C200&ssl=1 1x, https:\/\/i0.wp.com\/wobronietradycjiiwiary.com\/wp-content\/uploads\/2020\/09\/beatus-vir.jpg?resize=525%2C300&ssl=1 1.5x, https:\/\/i0.wp.com\/wobronietradycjiiwiary.com\/wp-content\/uploads\/2020\/09\/beatus-vir.jpg?resize=700%2C400&ssl=1 2x"},"classes":[]},{"id":26801,"url":"https:\/\/wobronietradycjiiwiary.com\/pl\/sklepik-online-2\/koszyk\/","url_meta":{"origin":62014,"position":3},"title":"Koszyk","author":"Traditio et Fides","date":"3 marca 2020","format":false,"excerpt":"Tradycja i Wiara Login Portal dla katolik\u00f3w. Duchowo\u015b\u0107, doktryna polemika. Mavientura Projects e.K. Dorfstrasse 17 D-01728 Bannewitz OT Goppeln, Germany Twitter Facebook-f Youtube Impressum Og\u00f3lne warunki umowy Odst\u0105pienie od umowy Polityka prywatno\u015bci O nas Tradition und Glauben Kontakt Biznesowy Duszpasterski","rel":"","context":"Podobny wpis","block_context":{"text":"Podobny wpis","link":""},"img":{"alt_text":"","src":"","width":0,"height":0},"classes":[]},{"id":26812,"url":"https:\/\/wobronietradycjiiwiary.com\/pl\/moje-konto-zakupow\/","url_meta":{"origin":62014,"position":4},"title":"Moje konto zakup\u00f3w","author":"Traditio et Fides","date":"3 marca 2020","format":false,"excerpt":"Tradycja i Wiara Login Portal dla katolik\u00f3w. Duchowo\u015b\u0107, doktryna polemika. Mavientura Projects e.K. Dorfstrasse 17 D-01728 Bannewitz OT Goppeln, Germany Twitter Facebook-f Youtube Impressum Og\u00f3lne warunki umowy Odst\u0105pienie od umowy Polityka prywatno\u015bci O nas Tradition und Glauben Kontakt Biznesowy Duszpasterski","rel":"","context":"Podobny wpis","block_context":{"text":"Podobny wpis","link":""},"img":{"alt_text":"","src":"","width":0,"height":0},"classes":[]},{"id":23492,"url":"https:\/\/wobronietradycjiiwiary.com\/pl\/potwierdzenie-zakupu\/","url_meta":{"origin":62014,"position":5},"title":"Potwierdzenie zakupu","author":"Traditio et Fides","date":"4 listopada 2019","format":false,"excerpt":"Tradycja i Wiara Login Portal dla katolik\u00f3w. Duchowo\u015b\u0107, doktryna polemika. Niniejszym za\u0142\u0105czamy rachunek: https:\/\/www.paypal.com\/invoice\/p\/#E8BB9C24FFRRFP96 Mavientura Projects e.K. Dorfstrasse 17 D-01728 Bannewitz OT Goppeln, Germany Twitter Facebook-f Youtube Impressum Og\u00f3lne warunki umowy Odst\u0105pienie od umowy Polityka prywatno\u015bci O nas Tradition und Glauben Kontakt Biznesowy Duszpasterski","rel":"","context":"Podobny wpis","block_context":{"text":"Podobny wpis","link":""},"img":{"alt_text":"","src":"","width":0,"height":0},"classes":[]}],"amp_enabled":false,"_links":{"self":[{"href":"https:\/\/wobronietradycjiiwiary.com\/pl\/wp-json\/wp\/v2\/pages\/62014","targetHints":{"allow":["GET"]}}],"collection":[{"href":"https:\/\/wobronietradycjiiwiary.com\/pl\/wp-json\/wp\/v2\/pages"}],"about":[{"href":"https:\/\/wobronietradycjiiwiary.com\/pl\/wp-json\/wp\/v2\/types\/page"}],"author":[{"embeddable":true,"href":"https:\/\/wobronietradycjiiwiary.com\/pl\/wp-json\/wp\/v2\/users\/60508433"}],"replies":[{"embeddable":true,"href":"https:\/\/wobronietradycjiiwiary.com\/pl\/wp-json\/wp\/v2\/comments?post=62014"}],"version-history":[{"count":100,"href":"https:\/\/wobronietradycjiiwiary.com\/pl\/wp-json\/wp\/v2\/pages\/62014\/revisions"}],"predecessor-version":[{"id":159656,"href":"https:\/\/wobronietradycjiiwiary.com\/pl\/wp-json\/wp\/v2\/pages\/62014\/revisions\/159656"}],"up":[{"embeddable":true,"href":"https:\/\/wobronietradycjiiwiary.com\/pl\/wp-json\/wp\/v2\/pages\/29754"}],"wp:attachment":[{"href":"https:\/\/wobronietradycjiiwiary.com\/pl\/wp-json\/wp\/v2\/media?parent=62014"}],"curies":[{"name":"wp","href":"https:\/\/api.w.org\/{rel}","templated":true}]}}