{"id":32681,"date":"2020-07-04T18:17:08","date_gmt":"2020-07-04T16:17:08","guid":{"rendered":"https:\/\/wobronietradycjiiwiary.com\/?page_id=32681"},"modified":"2026-01-16T12:59:06","modified_gmt":"2026-01-16T11:59:06","slug":"alfabetycznie","status":"publish","type":"page","link":"https:\/\/wobronietradycjiiwiary.com\/pl\/archiwum-2\/alfabetycznie\/","title":{"rendered":"Alfabetycznie"},"content":{"rendered":"\t\t<div data-elementor-type=\"wp-page\" data-elementor-id=\"32681\" class=\"elementor elementor-32681\" data-elementor-post-type=\"page\">\n\t\t\t\t\t\t<section class=\"elementor-section elementor-top-section elementor-element elementor-element-deacf6a elementor-section-boxed elementor-section-height-default elementor-section-height-default\" data-id=\"deacf6a\" data-element_type=\"section\" data-e-type=\"section\">\n\t\t\t\t\t\t<div class=\"elementor-container elementor-column-gap-default\">\n\t\t\t\t\t<div class=\"elementor-column elementor-col-100 elementor-top-column elementor-element elementor-element-fcd8a3a\" data-id=\"fcd8a3a\" data-element_type=\"column\" data-e-type=\"column\" data-settings=\"{&quot;background_background&quot;:&quot;classic&quot;}\">\n\t\t\t<div class=\"elementor-widget-wrap elementor-element-populated\">\n\t\t\t\t\t\t<div class=\"elementor-element elementor-element-2894c40 elementor-search-form--skin-classic elementor-search-form--button-type-icon elementor-search-form--icon-search elementor-widget elementor-widget-search-form\" data-id=\"2894c40\" data-element_type=\"widget\" data-e-type=\"widget\" data-settings=\"{&quot;skin&quot;:&quot;classic&quot;}\" data-widget_type=\"search-form.default\">\n\t\t\t\t<div class=\"elementor-widget-container\">\n\t\t\t\t\t\t\t<search role=\"search\">\n\t\t\t<form class=\"elementor-search-form\" action=\"https:\/\/wobronietradycjiiwiary.com\/pl\" method=\"get\">\n\t\t\t\t\t\t\t\t\t\t\t\t<div class=\"elementor-search-form__container\">\n\t\t\t\t\t<label class=\"elementor-screen-only\" for=\"elementor-search-form-2894c40\">Szukaj<\/label>\n\n\t\t\t\t\t\n\t\t\t\t\t<input id=\"elementor-search-form-2894c40\" placeholder=\"Szukaj...\" class=\"elementor-search-form__input\" type=\"search\" name=\"s\" value=\"\">\n\t\t\t\t\t\n\t\t\t\t\t\t\t\t\t\t\t<button class=\"elementor-search-form__submit\" type=\"submit\" aria-label=\"Szukaj\">\n\t\t\t\t\t\t\t\t\t\t\t\t\t\t\t<div class=\"e-font-icon-svg-container\"><svg class=\"fa fa-search e-font-icon-svg e-fas-search\" viewBox=\"0 0 512 512\" xmlns=\"http:\/\/www.w3.org\/2000\/svg\"><path d=\"M505 442.7L405.3 343c-4.5-4.5-10.6-7-17-7H372c27.6-35.3 44-79.7 44-128C416 93.1 322.9 0 208 0S0 93.1 0 208s93.1 208 208 208c48.3 0 92.7-16.4 128-44v16.3c0 6.4 2.5 12.5 7 17l99.7 99.7c9.4 9.4 24.6 9.4 33.9 0l28.3-28.3c9.4-9.4 9.4-24.6.1-34zM208 336c-70.7 0-128-57.2-128-128 0-70.7 57.2-128 128-128 70.7 0 128 57.2 128 128 0 70.7-57.2 128-128 128z\"><\/path><\/svg><\/div>\t\t\t\t\t\t\t\t\t\t\t\t\t<\/button>\n\t\t\t\t\t\n\t\t\t\t\t\t\t\t\t<\/div>\n\t\t\t<\/form>\n\t\t<\/search>\n\t\t\t\t\t\t<\/div>\n\t\t\t\t<\/div>\n\t\t\t\t\t<\/div>\n\t\t<\/div>\n\t\t\t\t\t<\/div>\n\t\t<\/section>\n\t\t\t\t<section class=\"elementor-section elementor-top-section elementor-element elementor-element-0f5d79e elementor-section-full_width elementor-section-height-default elementor-section-height-default\" data-id=\"0f5d79e\" data-element_type=\"section\" data-e-type=\"section\" data-settings=\"{&quot;background_background&quot;:&quot;classic&quot;}\">\n\t\t\t\t\t\t<div class=\"elementor-container elementor-column-gap-default\">\n\t\t\t\t\t<div class=\"elementor-column elementor-col-100 elementor-top-column elementor-element elementor-element-3b52f1d\" data-id=\"3b52f1d\" data-element_type=\"column\" data-e-type=\"column\">\n\t\t\t<div class=\"elementor-widget-wrap elementor-element-populated\">\n\t\t\t\t\t\t<div class=\"elementor-element elementor-element-3a22041 elementor-widget elementor-widget-heading\" data-id=\"3a22041\" data-element_type=\"widget\" data-e-type=\"widget\" data-widget_type=\"heading.default\">\n\t\t\t\t<div class=\"elementor-widget-container\">\n\t\t\t\t\t<h2 class=\"elementor-heading-title elementor-size-default\">Alfabetycznie<\/h2>\t\t\t\t<\/div>\n\t\t\t\t<\/div>\n\t\t\t\t\t<\/div>\n\t\t<\/div>\n\t\t\t\t\t<\/div>\n\t\t<\/section>\n\t\t<div class=\"elementor-element elementor-element-7ec7d13 e-flex e-con-boxed e-con e-parent\" data-id=\"7ec7d13\" data-element_type=\"container\" data-e-type=\"container\">\n\t\t\t\t\t<div class=\"e-con-inner\">\n\t\t\t\t<div class=\"elementor-element elementor-element-96819b5 elementor-widget elementor-widget-spacer\" data-id=\"96819b5\" data-element_type=\"widget\" data-e-type=\"widget\" data-widget_type=\"spacer.default\">\n\t\t\t\t<div class=\"elementor-widget-container\">\n\t\t\t\t\t\t\t<div class=\"elementor-spacer\">\n\t\t\t<div class=\"elementor-spacer-inner\"><\/div>\n\t\t<\/div>\n\t\t\t\t\t\t<\/div>\n\t\t\t\t<\/div>\n\t\t\t\t\t<\/div>\n\t\t\t\t<\/div>\n\t\t\t\t<section class=\"elementor-section elementor-top-section elementor-element elementor-element-1a7a424 elementor-section-full_width elementor-section-height-default elementor-section-height-default\" data-id=\"1a7a424\" data-element_type=\"section\" data-e-type=\"section\" data-settings=\"{&quot;background_background&quot;:&quot;classic&quot;}\">\n\t\t\t\t\t\t<div class=\"elementor-container elementor-column-gap-narrow\">\n\t\t\t\t\t<div class=\"elementor-column elementor-col-100 elementor-top-column elementor-element elementor-element-0f3497b\" data-id=\"0f3497b\" data-element_type=\"column\" data-e-type=\"column\">\n\t\t\t<div class=\"elementor-widget-wrap elementor-element-populated\">\n\t\t\t\t\t\t<div class=\"elementor-element elementor-element-d77bdf8 elementor-widget elementor-widget-wp-widget-categories\" data-id=\"d77bdf8\" data-element_type=\"widget\" data-e-type=\"widget\" data-widget_type=\"wp-widget-categories.default\">\n\t\t\t\t<div class=\"elementor-widget-container\">\n\t\t\t\t\t<h5>Kategorie alfabetycznie<\/h5><nav aria-label=\"Kategorie alfabetycznie\">\n\t\t\t<ul>\n\t\t\t\t\t<li class=\"cat-item cat-item-339917849\"><a href=\"https:\/\/wobronietradycjiiwiary.com\/pl\/category\/polemika\/kosciol-posoborowy\/co-zostalo-z-uczty-bogow\/\">&quot;Co zosta\u0142o z uczty bog\u00f3w?&quot;<\/a> (4)\n<\/li>\n\t<li class=\"cat-item cat-item-610133090\"><a href=\"https:\/\/wobronietradycjiiwiary.com\/pl\/category\/duchowosc\/autorzy\/kardynal-bona\/feniks-odrodzony\/\">&quot;Feniks odrodzony&quot;<\/a> (28)\n<\/li>\n\t<li class=\"cat-item cat-item-311428389\"><a href=\"https:\/\/wobronietradycjiiwiary.com\/pl\/category\/doktryna\/teologia-dogmatyczna\/demonologia-teologia\/demon-teor\/flagellum-daemonum\/\">&quot;Flagellum daemonum&quot;<\/a> (2)\n<\/li>\n\t<li class=\"cat-item cat-item-9283920\"><a href=\"https:\/\/wobronietradycjiiwiary.com\/pl\/category\/doktryna\/teologia-dogmatyczna\/papiestwo\/pius-xii-papiestwo\/mediator-dei\/\">&quot;Mediator Dei&quot;<\/a> (8)\n<\/li>\n\t<li class=\"cat-item cat-item-610135777\"><a href=\"https:\/\/wobronietradycjiiwiary.com\/pl\/category\/doktryna\/teologia-moralna\/malzenstwo\/stosunki-seksualne-w-malzenstwie\/naturalna-metoda-planowania-rodziny\/\">&quot;Naturalna&quot; metoda planowania rodziny<\/a> (11)\n<\/li>\n\t<li class=\"cat-item cat-item-610131291\"><a href=\"https:\/\/wobronietradycjiiwiary.com\/pl\/category\/doktryna\/teologia-dogmatyczna\/demonologia-teologia\/demon-teor\/opetania-w-loudun\/\">&quot;Op\u0119tania w Loudun&quot;<\/a> (20)\n<\/li>\n\t<li class=\"cat-item cat-item-610132618\"><a href=\"https:\/\/wobronietradycjiiwiary.com\/pl\/category\/duchowosc\/autorzy\/sw-alfons-liguori\/przewodnik-spowiednika\/\">&quot;Przewodnik spowiednika&quot;<\/a> (199)\n<\/li>\n\t<li class=\"cat-item cat-item-610135342\"><a href=\"https:\/\/wobronietradycjiiwiary.com\/pl\/category\/duchowosc\/liturgia-i-liturgika\/rozwazania\/gueranger\/rok-liturgiczny-gueranger\/\">&quot;Rok liturgiczny&quot;<\/a> (1)\n<\/li>\n\t<li class=\"cat-item cat-item-610133091\"><a href=\"https:\/\/wobronietradycjiiwiary.com\/pl\/category\/duchowosc\/autorzy\/kardynal-bona\/rozeznawanie-duchow\/\">&quot;Rozeznawanie duch\u00f3w&quot;<\/a> (186)\n<\/li>\n\t<li class=\"cat-item cat-item-610132644\"><a href=\"https:\/\/wobronietradycjiiwiary.com\/pl\/category\/duchowosc\/autorzy\/sw-alfons-liguori\/rozwazania-o-piekle\/\">&quot;Rozwa\u017cania o piekle&quot;<\/a> (3)\n<\/li>\n\t<li class=\"cat-item cat-item-610133482\"><a href=\"https:\/\/wobronietradycjiiwiary.com\/pl\/category\/doktryna\/teologia-dogmatyczna\/rzeczy-ostateczne-eschatologia\/czysciec\/objawienia-prywatne-nt-czyscca\/rekopis-z-czyscca\/\">&quot;R\u0119kopis z czy\u015b\u0107ca&quot;<\/a> (61)\n<\/li>\n\t<li class=\"cat-item cat-item-522341090\"><a href=\"https:\/\/wobronietradycjiiwiary.com\/pl\/category\/doktryna\/teologia-dogmatyczna\/papiestwo\/pius-xii-papiestwo\/pius-xii-sacra-virginitas\/\">&quot;Sacra virginitas&quot;<\/a> (5)\n<\/li>\n\t<li class=\"cat-item cat-item-610133756\"><a href=\"https:\/\/wobronietradycjiiwiary.com\/pl\/category\/doktryna\/teologia-dogmatyczna\/papiestwo\/pius-x\/pius-x-tra-le-sollecitudini\/\">&quot;Tra le sollecitudini&quot; (1903)<\/a> (3)\n<\/li>\n\t<li class=\"cat-item cat-item-610133867\"><a href=\"https:\/\/wobronietradycjiiwiary.com\/pl\/category\/polemika\/kosciol-posoborowy\/papieze\/papiez-franciszek\/tucho-fernandez\/\">&quot;Tucho&quot; Fernandez<\/a> (16)\n<\/li>\n\t<li class=\"cat-item cat-item-610132645\"><a href=\"https:\/\/wobronietradycjiiwiary.com\/pl\/category\/duchowosc\/autorzy\/sw-alfons-liguori\/wola-boza\/\">&quot;Wola Bo\u017ca&quot;<\/a> (6)\n<\/li>\n\t<li class=\"cat-item cat-item-610135631\"><a href=\"https:\/\/wobronietradycjiiwiary.com\/pl\/category\/polemika\/kosciol-posoborowy\/papieze\/0-jan-xxiii\/\">0. Jan XXIII<\/a> (4)\n<\/li>\n\t<li class=\"cat-item cat-item-610131816\"><a href=\"https:\/\/wobronietradycjiiwiary.com\/pl\/category\/duchowosc\/liturgia-i-liturgika\/rozwazania\/rok-liturgiczny\/swieta-w-styczniu\/\">01. \u015awi\u0119ta w styczniu<\/a> (201)\n<\/li>\n\t<li class=\"cat-item cat-item-610131817\"><a href=\"https:\/\/wobronietradycjiiwiary.com\/pl\/category\/duchowosc\/liturgia-i-liturgika\/rozwazania\/rok-liturgiczny\/swieta-w-lutym\/\">02. \u015awi\u0119ta w lutym<\/a> (200)\n<\/li>\n\t<li class=\"cat-item cat-item-610135057\"><a href=\"https:\/\/wobronietradycjiiwiary.com\/pl\/category\/duchowosc\/liturgia-i-liturgika\/rozwazania\/zywoty-swietych\/w-brewiarzu\/03-marzec\/\">03. marzec<\/a> (2)\n<\/li>\n\t<li class=\"cat-item cat-item-610131818\"><a href=\"https:\/\/wobronietradycjiiwiary.com\/pl\/category\/duchowosc\/liturgia-i-liturgika\/rozwazania\/rok-liturgiczny\/swieta-w-marcu\/\">03. \u015awi\u0119ta w marcu<\/a> (211)\n<\/li>\n\t<li class=\"cat-item cat-item-610131819\"><a href=\"https:\/\/wobronietradycjiiwiary.com\/pl\/category\/duchowosc\/liturgia-i-liturgika\/rozwazania\/rok-liturgiczny\/swieta-w-kwietniu\/\">04. \u015awi\u0119ta w kwietniu<\/a> (234)\n<\/li>\n\t<li class=\"cat-item cat-item-610135059\"><a href=\"https:\/\/wobronietradycjiiwiary.com\/pl\/category\/duchowosc\/liturgia-i-liturgika\/rozwazania\/zywoty-swietych\/w-brewiarzu\/05-maj\/\">05. maj<\/a> (1)\n<\/li>\n\t<li class=\"cat-item cat-item-610131820\"><a href=\"https:\/\/wobronietradycjiiwiary.com\/pl\/category\/duchowosc\/liturgia-i-liturgika\/rozwazania\/rok-liturgiczny\/swieta-w-maju\/\">05. \u015awi\u0119ta w maju<\/a> (239)\n<\/li>\n\t<li class=\"cat-item cat-item-610131821\"><a href=\"https:\/\/wobronietradycjiiwiary.com\/pl\/category\/duchowosc\/liturgia-i-liturgika\/rozwazania\/rok-liturgiczny\/swieta-w-czerwcu\/\">06. \u015awi\u0119ta w czerwcu<\/a> (219)\n<\/li>\n\t<li class=\"cat-item cat-item-610135061\"><a href=\"https:\/\/wobronietradycjiiwiary.com\/pl\/category\/duchowosc\/liturgia-i-liturgika\/rozwazania\/zywoty-swietych\/w-brewiarzu\/07-lipiec\/\">07. lipiec<\/a> (2)\n<\/li>\n\t<li class=\"cat-item cat-item-610131822\"><a href=\"https:\/\/wobronietradycjiiwiary.com\/pl\/category\/duchowosc\/liturgia-i-liturgika\/rozwazania\/rok-liturgiczny\/swieta-w-lipcu\/\">07. \u015awi\u0119ta w lipcu<\/a> (184)\n<\/li>\n\t<li class=\"cat-item cat-item-610134005\"><a href=\"https:\/\/wobronietradycjiiwiary.com\/pl\/category\/duchowosc\/liturgia-i-liturgika\/rozwazania\/zywoty-swietych\/animowane-zywoty-swietych\/animacje-sierpniowe\/\">08. Animacje sierpniowe<\/a> (7)\n<\/li>\n\t<li class=\"cat-item cat-item-610135062\"><a href=\"https:\/\/wobronietradycjiiwiary.com\/pl\/category\/duchowosc\/liturgia-i-liturgika\/rozwazania\/zywoty-swietych\/w-brewiarzu\/08-sierpien\/\">08. sierpie\u0144<\/a> (2)\n<\/li>\n\t<li class=\"cat-item cat-item-610131823\"><a href=\"https:\/\/wobronietradycjiiwiary.com\/pl\/category\/duchowosc\/liturgia-i-liturgika\/rozwazania\/rok-liturgiczny\/swieta-w-sierpniu\/\">08. \u015awi\u0119ta w sierpniu<\/a> (234)\n<\/li>\n\t<li class=\"cat-item cat-item-610134004\"><a href=\"https:\/\/wobronietradycjiiwiary.com\/pl\/category\/duchowosc\/liturgia-i-liturgika\/rozwazania\/zywoty-swietych\/animowane-zywoty-swietych\/animacje-wrzesniowe\/\">09. Animacje wrze\u015bniowe<\/a> (32)\n<\/li>\n\t<li class=\"cat-item cat-item-610135063\"><a href=\"https:\/\/wobronietradycjiiwiary.com\/pl\/category\/duchowosc\/liturgia-i-liturgika\/rozwazania\/zywoty-swietych\/w-brewiarzu\/09-wrzesien\/\">09. wrzesie\u0144<\/a> (1)\n<\/li>\n\t<li class=\"cat-item cat-item-610131824\"><a href=\"https:\/\/wobronietradycjiiwiary.com\/pl\/category\/duchowosc\/liturgia-i-liturgika\/rozwazania\/rok-liturgiczny\/swieta-we-wrzesniu\/\">09. \u015awi\u0119ta we wrze\u015bniu<\/a> (179)\n<\/li>\n\t<li class=\"cat-item cat-item-610135072\"><a href=\"https:\/\/wobronietradycjiiwiary.com\/pl\/category\/doktryna\/teologia-liturgii\/byrne-doktryna\/byrne\/pius-x-rzeczywiste-intencje\/\">1) Pius X &#8211; rzeczywiste intencje<\/a> (7)\n<\/li>\n\t<li class=\"cat-item cat-item-610136137\"><a href=\"https:\/\/wobronietradycjiiwiary.com\/pl\/category\/doktryna\/teologia-liturgii\/byrne-doktryna\/byrne\/4-jan-xxiii\/1-aktywne-uczestnictwo\/\">1. Aktywne uczestnictwo<\/a> (14)\n<\/li>\n\t<li class=\"cat-item cat-item-610135075\"><a href=\"https:\/\/wobronietradycjiiwiary.com\/pl\/category\/doktryna\/teologia-liturgii\/byrne-doktryna\/byrne\/pius-xii-ku-zagladzie\/ku-reformem-i-bugnini\/\">1. Ku reformom i Bugnini<\/a> (3)\n<\/li>\n\t<li class=\"cat-item cat-item-610135630\"><a href=\"https:\/\/wobronietradycjiiwiary.com\/pl\/category\/polemika\/kosciol-posoborowy\/papieze\/1-pawel-vi\/\">1. Pawe\u0142 VI<\/a> (4)\n<\/li>\n\t<li class=\"cat-item cat-item-610131825\"><a href=\"https:\/\/wobronietradycjiiwiary.com\/pl\/category\/duchowosc\/liturgia-i-liturgika\/rozwazania\/rok-liturgiczny\/swieta-w-pazdzierniku\/\">10. \u015awi\u0119ta w pa\u017adzierniku<\/a> (195)\n<\/li>\n\t<li class=\"cat-item cat-item-610135065\"><a href=\"https:\/\/wobronietradycjiiwiary.com\/pl\/category\/duchowosc\/liturgia-i-liturgika\/rozwazania\/zywoty-swietych\/w-brewiarzu\/11-listopad\/\">11. listopad<\/a> (3)\n<\/li>\n\t<li class=\"cat-item cat-item-610131826\"><a href=\"https:\/\/wobronietradycjiiwiary.com\/pl\/category\/duchowosc\/liturgia-i-liturgika\/rozwazania\/rok-liturgiczny\/swieta-w-listopadzie\/\">11. \u015awi\u0119ta w listopadzie<\/a> (165)\n<\/li>\n\t<li class=\"cat-item cat-item-610133674\"><a href=\"https:\/\/wobronietradycjiiwiary.com\/pl\/category\/duchowosc\/mistyka-i-pseudomistyka\/objawienia-prywatne\/12-piatkow-o-chlebie-i-wodzie\/\">12 pi\u0105tk\u00f3w o chlebie i wodzie<\/a> (3)\n<\/li>\n\t<li class=\"cat-item cat-item-610135066\"><a href=\"https:\/\/wobronietradycjiiwiary.com\/pl\/category\/duchowosc\/liturgia-i-liturgika\/rozwazania\/zywoty-swietych\/w-brewiarzu\/12-grudzien\/\">12. grudzie\u0144<\/a> (3)\n<\/li>\n\t<li class=\"cat-item cat-item-610131827\"><a href=\"https:\/\/wobronietradycjiiwiary.com\/pl\/category\/duchowosc\/liturgia-i-liturgika\/rozwazania\/rok-liturgiczny\/swieta-w-grudniu\/\">12. \u015awi\u0119ta w grudniu<\/a> (191)\n<\/li>\n\t<li class=\"cat-item cat-item-610133636\"><a href=\"https:\/\/wobronietradycjiiwiary.com\/pl\/category\/duchowosc\/mistyka-i-pseudomistyka\/objawienia-prywatne\/15-modlitw-sw-brygidy\/\">15 Modlitw \u015bw. Brygidy<\/a> (4)\n<\/li>\n\t<li class=\"cat-item cat-item-610135073\"><a href=\"https:\/\/wobronietradycjiiwiary.com\/pl\/category\/doktryna\/teologia-liturgii\/byrne-doktryna\/byrne\/pius-xi\/\">2) Pius XI<\/a> (3)\n<\/li>\n\t<li class=\"cat-item cat-item-580243554\"><a href=\"https:\/\/wobronietradycjiiwiary.com\/pl\/category\/polemika\/kosciol-posoborowy\/papieze\/jan-pawel-ii-krytyka\/\">2. Jan Pawe\u0142 II<\/a> (15)\n<\/li>\n\t<li class=\"cat-item cat-item-610136140\"><a href=\"https:\/\/wobronietradycjiiwiary.com\/pl\/category\/doktryna\/teologia-liturgii\/byrne-doktryna\/byrne\/4-jan-xxiii\/2-stopniowe-zmiany-liturgii\/\">2. Stopniowe zmiany liturgii: Kanon, kalendarz, znikaj\u0105ce \u015bwi\u0119ta<\/a> (49)\n<\/li>\n\t<li class=\"cat-item cat-item-610135076\"><a href=\"https:\/\/wobronietradycjiiwiary.com\/pl\/category\/doktryna\/teologia-liturgii\/byrne-doktryna\/byrne\/pius-xii-ku-zagladzie\/wplywy-niemieckie\/\">2. Wp\u0142ywy niemieckie<\/a> (2)\n<\/li>\n\t<li class=\"cat-item cat-item-610132705\"><a href=\"https:\/\/wobronietradycjiiwiary.com\/pl\/category\/doktryna\/teologia-dogmatyczna\/245-dogmatow\/\">245 dogmat\u00f3w<\/a> (4)\n<\/li>\n\t<li class=\"cat-item cat-item-610135074\"><a href=\"https:\/\/wobronietradycjiiwiary.com\/pl\/category\/doktryna\/teologia-liturgii\/byrne-doktryna\/byrne\/pius-xii-ku-zagladzie\/\">3) Pius XII &#8211; ku zag\u0142adzie<\/a> (102)\n<\/li>\n\t<li class=\"cat-item cat-item-513020338\"><a href=\"https:\/\/wobronietradycjiiwiary.com\/pl\/category\/polemika\/kosciol-posoborowy\/papieze\/benedykt-xvi-abdykacja\/\">3. Benedykt XVI<\/a> (29)\n<\/li>\n\t<li class=\"cat-item cat-item-610135077\"><a href=\"https:\/\/wobronietradycjiiwiary.com\/pl\/category\/doktryna\/teologia-liturgii\/byrne-doktryna\/byrne\/pius-xii-ku-zagladzie\/reforma-wielkiego-tygodnia-i-maxima-redemptionis\/\">3. Reforma Wielkiego Tygodnia i &quot;Maxima Redemptionis&quot;<\/a> (7)\n<\/li>\n\t<li class=\"cat-item cat-item-610136134\"><a href=\"https:\/\/wobronietradycjiiwiary.com\/pl\/category\/doktryna\/teologia-liturgii\/byrne-doktryna\/byrne\/4-jan-xxiii\/\">4) Jan XXIII<\/a> (35)\n<\/li>\n\t<li class=\"cat-item cat-item-154619950\"><a href=\"https:\/\/wobronietradycjiiwiary.com\/pl\/category\/polemika\/kosciol-posoborowy\/papieze\/papiez-franciszek\/\">4. Franciszek<\/a> (87)\n<\/li>\n\t<li class=\"cat-item cat-item-610135078\"><a href=\"https:\/\/wobronietradycjiiwiary.com\/pl\/category\/doktryna\/teologia-liturgii\/byrne-doktryna\/byrne\/pius-xii-ku-zagladzie\/kongresy-liturgiczne-i-liturgiczna-anarchia\/\">4. Kongresy liturgiczne i liturgiczna anarchia<\/a> (3)\n<\/li>\n\t<li class=\"cat-item cat-item-610135506\"><a href=\"https:\/\/wobronietradycjiiwiary.com\/pl\/category\/polemika\/kosciol-posoborowy\/papieze\/leon-xiv\/\">5. Leon XIV<\/a> (33)\n<\/li>\n\t<li class=\"cat-item cat-item-610135090\"><a href=\"https:\/\/wobronietradycjiiwiary.com\/pl\/category\/doktryna\/teologia-liturgii\/byrne-doktryna\/byrne\/pius-xii-ku-zagladzie\/5-rola-jungmanna\/\">5. Rola Jungmanna<\/a> (24)\n<\/li>\n\t<li class=\"cat-item cat-item-610135092\"><a href=\"https:\/\/wobronietradycjiiwiary.com\/pl\/category\/doktryna\/teologia-liturgii\/byrne-doktryna\/byrne\/pius-xii-ku-zagladzie\/6-kongresy-euchrystyczne\/\">6. Kongresy eucharystyczne<\/a> (4)\n<\/li>\n\t<li class=\"cat-item cat-item-610135094\"><a href=\"https:\/\/wobronietradycjiiwiary.com\/pl\/category\/doktryna\/teologia-liturgii\/byrne-doktryna\/byrne\/pius-xii-ku-zagladzie\/7-reforma-triduum-z-1955-roku\/\">7. Reforma Triduum z 1955 roku<\/a> (48)\n<\/li>\n\t<li class=\"cat-item cat-item-610135096\"><a href=\"https:\/\/wobronietradycjiiwiary.com\/pl\/category\/doktryna\/teologia-liturgii\/byrne-doktryna\/byrne\/pius-xii-ku-zagladzie\/8-przygotowanie-do-novus-ordo\/\">8. Przygotowanie do Novus Ordo<\/a> (4)\n<\/li>\n\t<li class=\"cat-item cat-item-610135098\"><a href=\"https:\/\/wobronietradycjiiwiary.com\/pl\/category\/doktryna\/teologia-liturgii\/byrne-doktryna\/byrne\/pius-xii-ku-zagladzie\/9-wigilia-zeslania-ducha-swietego\/\">9. Wigilia Zes\u0142ania Ducha \u015awi\u0119tego<\/a> (9)\n<\/li>\n\t<li class=\"cat-item cat-item-610131775\"><a href=\"https:\/\/wobronietradycjiiwiary.com\/pl\/category\/polemika\/autorzy-polemiczni\/abp-vigano\/\">Abp. Vigano<\/a> (21)\n<\/li>\n\t<li class=\"cat-item cat-item-610133549\"><a href=\"https:\/\/wobronietradycjiiwiary.com\/pl\/category\/doktryna\/teologia-moralna\/acedia\/\">Acedia<\/a> (3)\n<\/li>\n\t<li class=\"cat-item cat-item-610131227\"><a href=\"https:\/\/wobronietradycjiiwiary.com\/pl\/category\/duchowosc\/walka-duchowa\/auxilium-christianorum\/ach-swiadectwa\/\">ACH \u015awiadectwa<\/a> (6)\n<\/li>\n\t<li class=\"cat-item cat-item-610135250\"><a href=\"https:\/\/wobronietradycjiiwiary.com\/pl\/category\/doktryna\/teologia-liturgii\/byrne-doktryna\/byrne\/komentarze-do-byrne\/ad-1-1-pius-x-rzeczywiste-intencje-komentarze-do-byrne\/\">Ad 1) 1. Pius X &#8211; rzeczywiste intencje<\/a> (4)\n<\/li>\n\t<li class=\"cat-item cat-item-610135249\"><a href=\"https:\/\/wobronietradycjiiwiary.com\/pl\/category\/doktryna\/teologia-liturgii\/byrne-doktryna\/byrne\/komentarze-do-byrne\/ad-2-pius-xi-komentarze-do-byrne\/\">Ad 2) Pius XI<\/a> (1)\n<\/li>\n\t<li class=\"cat-item cat-item-610135248\"><a href=\"https:\/\/wobronietradycjiiwiary.com\/pl\/category\/doktryna\/teologia-liturgii\/byrne-doktryna\/byrne\/komentarze-do-byrne\/ad-3-pius-xii-ku-zagladzie-komentarze-do-byrne\/ad-3-1-ku-reformom-i-bugnini\/\">Ad 3) 1. Ku reformom i Bugnini<\/a> (1)\n<\/li>\n\t<li class=\"cat-item cat-item-610135247\"><a href=\"https:\/\/wobronietradycjiiwiary.com\/pl\/category\/doktryna\/teologia-liturgii\/byrne-doktryna\/byrne\/komentarze-do-byrne\/ad-3-pius-xii-ku-zagladzie-komentarze-do-byrne\/ad-3-2-wplywy-niemieckie-ad-3-pius-xii-ku-zagladzie-komentarze-do-byrne\/\">Ad 3) 2. Wp\u0142ywy niemieckie<\/a> (1)\n<\/li>\n\t<li class=\"cat-item cat-item-610135246\"><a href=\"https:\/\/wobronietradycjiiwiary.com\/pl\/category\/doktryna\/teologia-liturgii\/byrne-doktryna\/byrne\/komentarze-do-byrne\/ad-3-pius-xii-ku-zagladzie-komentarze-do-byrne\/ad-3-3-reforma-wielkiego-tygodnia-i-maxima-redemptionis-ad-3-pius-xii-ku-zagladzie-komentarze-do-byrne\/\">Ad 3) 3. Reforma Wielkiego Tygodnia i &quot;Maxima Redemptionis&quot;<\/a> (2)\n<\/li>\n\t<li class=\"cat-item cat-item-610135245\"><a href=\"https:\/\/wobronietradycjiiwiary.com\/pl\/category\/doktryna\/teologia-liturgii\/byrne-doktryna\/byrne\/komentarze-do-byrne\/ad-3-pius-xii-ku-zagladzie-komentarze-do-byrne\/ad-3-4-kongresy-liturgiczne-i-liturgiczna-anarchia\/\">Ad 3) 4. Kongresy liturgiczne i liturgiczna anarchia<\/a> (2)\n<\/li>\n\t<li class=\"cat-item cat-item-610135244\"><a href=\"https:\/\/wobronietradycjiiwiary.com\/pl\/category\/doktryna\/teologia-liturgii\/byrne-doktryna\/byrne\/komentarze-do-byrne\/ad-3-pius-xii-ku-zagladzie-komentarze-do-byrne\/ad-3-5-rola-jungmanna-ad-3-pius-xii-ku-zagladzie-komentarze-do-byrne\/\">Ad 3) 5. Rola Jungmanna<\/a> (19)\n<\/li>\n\t<li class=\"cat-item cat-item-610135243\"><a href=\"https:\/\/wobronietradycjiiwiary.com\/pl\/category\/doktryna\/teologia-liturgii\/byrne-doktryna\/byrne\/komentarze-do-byrne\/ad-3-pius-xii-ku-zagladzie-komentarze-do-byrne\/ad-3-6-kongresy-eucharystyczne-ad-3-pius-xii-ku-zagladzie-komentarze-do-byrne\/\">Ad 3) 6. Kongresy eucharystyczne<\/a> (3)\n<\/li>\n\t<li class=\"cat-item cat-item-610135240\"><a href=\"https:\/\/wobronietradycjiiwiary.com\/pl\/category\/doktryna\/teologia-liturgii\/byrne-doktryna\/byrne\/komentarze-do-byrne\/ad-3-pius-xii-ku-zagladzie-komentarze-do-byrne\/ad-3-7-reforma-triduum-z-1955-roku-ad-3-pius-xii-ku-zagladzie-komentarze-do-byrne\/\">Ad 3) 7. Reforma Triduum z 1955 roku<\/a> (19)\n<\/li>\n\t<li class=\"cat-item cat-item-610135239\"><a href=\"https:\/\/wobronietradycjiiwiary.com\/pl\/category\/doktryna\/teologia-liturgii\/byrne-doktryna\/byrne\/komentarze-do-byrne\/ad-3-pius-xii-ku-zagladzie-komentarze-do-byrne\/ad-3-8-przygotowanie-do-novus-ordo-ad-3-pius-xii-ku-zagladzie-komentarze-do-byrne\/\">Ad 3) 8. Przygotowanie do Novus Ordo<\/a> (4)\n<\/li>\n\t<li class=\"cat-item cat-item-610135238\"><a href=\"https:\/\/wobronietradycjiiwiary.com\/pl\/category\/doktryna\/teologia-liturgii\/byrne-doktryna\/byrne\/komentarze-do-byrne\/ad-3-pius-xii-ku-zagladzie-komentarze-do-byrne\/ad-3-9-wigilia-zeslania-ducha-swietego-ad-3-pius-xii-ku-zagladzie-komentarze-do-byrne\/\">Ad 3) 9. Wigilia Zes\u0142ania Ducha \u015awi\u0119tego<\/a> (8)\n<\/li>\n\t<li class=\"cat-item cat-item-610135237\"><a href=\"https:\/\/wobronietradycjiiwiary.com\/pl\/category\/doktryna\/teologia-liturgii\/byrne-doktryna\/byrne\/komentarze-do-byrne\/ad-3-pius-xii-ku-zagladzie-komentarze-do-byrne\/\">Ad 3) Pius XII &#8211; ku zag\u0142adzie<\/a> (49)\n<\/li>\n\t<li class=\"cat-item cat-item-610136138\"><a href=\"https:\/\/wobronietradycjiiwiary.com\/pl\/category\/doktryna\/teologia-liturgii\/byrne-doktryna\/byrne\/komentarze-do-byrne\/ad-4-jan-xxiii\/ad-4-1-aktywne-uczestnictwo\/\">Ad 4) 1. Aktywne uczestnictwo<\/a> (10)\n<\/li>\n\t<li class=\"cat-item cat-item-610136141\"><a href=\"https:\/\/wobronietradycjiiwiary.com\/pl\/category\/doktryna\/teologia-liturgii\/byrne-doktryna\/byrne\/komentarze-do-byrne\/ad-4-jan-xxiii\/ad-4-2-stopniowe-zmiany-liturgii\/\">Ad 4) 2. Stopniowe zmiany liturgii: Kanon, kalendarz, znikaj\u0105ce \u015bwi\u0119ta<\/a> (19)\n<\/li>\n\t<li class=\"cat-item cat-item-610136136\"><a href=\"https:\/\/wobronietradycjiiwiary.com\/pl\/category\/doktryna\/teologia-liturgii\/byrne-doktryna\/byrne\/komentarze-do-byrne\/ad-4-jan-xxiii\/\">Ad 4) Jan XXIII<\/a> (11)\n<\/li>\n\t<li class=\"cat-item cat-item-610132802\"><a href=\"https:\/\/wobronietradycjiiwiary.com\/pl\/category\/duchowosc\/liturgia-i-liturgika\/rozwazania\/rok-liturgiczny\/adwent\/\">Adwent<\/a> (31)\n<\/li>\n\t<li class=\"cat-item cat-item-610132084\"><a href=\"https:\/\/wobronietradycjiiwiary.com\/pl\/category\/doktryna\/teologia-dogmatyczna\/kanonizacje\/adwokat-diabla\/\">Adwokat diab\u0142a<\/a> (3)\n<\/li>\n\t<li class=\"cat-item cat-item-610136056\"><a href=\"https:\/\/wobronietradycjiiwiary.com\/pl\/category\/polemika\/swiat-i-polityka\/akta-epsteina\/\">Akta Epsteina<\/a> (3)\n<\/li>\n\t<li class=\"cat-item cat-item-610131183\"><a href=\"https:\/\/wobronietradycjiiwiary.com\/pl\/category\/wiadomosci\/\">Aktualno\u015bci<\/a> (35)\n<\/li>\n\t<li class=\"cat-item cat-item-97996622\"><a href=\"https:\/\/wobronietradycjiiwiary.com\/pl\/category\/duchowosc\/modlitwy\/akty-strzeliste\/\">Akty strzeliste<\/a> (8)\n<\/li>\n\t<li class=\"cat-item cat-item-610131228\"><a href=\"https:\/\/wobronietradycjiiwiary.com\/pl\/category\/duchowosc\/autorzy\/sw-alfons-liguori\/\">Alfons Liguori<\/a> (165)\n<\/li>\n\t<li class=\"cat-item cat-item-610130773\"><a href=\"https:\/\/wobronietradycjiiwiary.com\/pl\/category\/duchowosc\/autorzy\/alfons-rodriguez\/\">Alfons Rodriguez<\/a> (15)\n<\/li>\n\t<li class=\"cat-item cat-item-610132217\"><a href=\"https:\/\/wobronietradycjiiwiary.com\/pl\/category\/polemika\/kosciol-posoborowy\/papieze\/papiez-franciszek\/amoris-laetitia\/\">Amoris Laetitia<\/a> (36)\n<\/li>\n\t<li class=\"cat-item cat-item-527391372\"><a href=\"https:\/\/wobronietradycjiiwiary.com\/pl\/category\/polemika\/kosciol-posoborowy\/papieze\/papiez-franciszek\/amoris-laetitia\/krytyka-wlasna\/al-a-wstep\/\">Amoris Laetitia &#8211; 1. Wst\u0119p<\/a> (10)\n<\/li>\n\t<li class=\"cat-item cat-item-488170183\"><a href=\"https:\/\/wobronietradycjiiwiary.com\/pl\/category\/polemika\/kosciol-posoborowy\/papieze\/papiez-franciszek\/amoris-laetitia\/krytyka-wlasna\/al-rozdzial-i\/\">Amoris Laetitia &#8211; 2. Rozdzia\u0142 I<\/a> (3)\n<\/li>\n\t<li class=\"cat-item cat-item-489897125\"><a href=\"https:\/\/wobronietradycjiiwiary.com\/pl\/category\/polemika\/kosciol-posoborowy\/papieze\/papiez-franciszek\/amoris-laetitia\/krytyka-wlasna\/al-rozdzial-ii\/\">Amoris Laetitia &#8211; 3. Rozdzia\u0142 II<\/a> (8)\n<\/li>\n\t<li class=\"cat-item cat-item-526737593\"><a href=\"https:\/\/wobronietradycjiiwiary.com\/pl\/category\/polemika\/kosciol-posoborowy\/papieze\/papiez-franciszek\/amoris-laetitia\/krytyka-wlasna\/al-rozdzial-iii\/\">Amoris Laetitia &#8211; 4. Rozdzia\u0142 III<\/a> (1)\n<\/li>\n\t<li class=\"cat-item cat-item-610136298\"><a href=\"https:\/\/wobronietradycjiiwiary.com\/pl\/category\/polemika\/kosciol-posoborowy\/tradycjonalizm\/fsspx\/fsspx-inne-kwestie\/swiecenia-biskupow\/ekskomunika-fsspx\/analiza-cudza\/\">Analiza cudza<\/a> (5)\n<\/li>\n\t<li class=\"cat-item cat-item-610136299\"><a href=\"https:\/\/wobronietradycjiiwiary.com\/pl\/category\/polemika\/kosciol-posoborowy\/tradycjonalizm\/fsspx\/fsspx-inne-kwestie\/swiecenia-biskupow\/ekskomunika-fsspx\/analiza-wlasna\/\">Analiza w\u0142asna<\/a> (7)\n<\/li>\n\t<li class=\"cat-item cat-item-1467178\"><a href=\"https:\/\/wobronietradycjiiwiary.com\/pl\/category\/doktryna\/teologia-dogmatyczna\/angelologia\/\">Angelologia<\/a> (45)\n<\/li>\n\t<li class=\"cat-item cat-item-610133996\"><a href=\"https:\/\/wobronietradycjiiwiary.com\/pl\/category\/duchowosc\/liturgia-i-liturgika\/rozwazania\/rok-liturgiczny\/swieta-w-sierpniu\/animacje-08\/\">Animacje 08.<\/a> (8)\n<\/li>\n\t<li class=\"cat-item cat-item-610133995\"><a href=\"https:\/\/wobronietradycjiiwiary.com\/pl\/category\/duchowosc\/liturgia-i-liturgika\/rozwazania\/rok-liturgiczny\/swieta-we-wrzesniu\/animacje-09\/\">Animacje 09<\/a> (14)\n<\/li>\n\t<li class=\"cat-item cat-item-610133978\"><a href=\"https:\/\/wobronietradycjiiwiary.com\/pl\/category\/duchowosc\/liturgia-i-liturgika\/rozwazania\/zywoty-swietych\/animowane-zywoty-swietych\/\">Animowane \u017bywoty \u015awi\u0119tych<\/a> (45)\n<\/li>\n\t<li class=\"cat-item cat-item-610132717\"><a href=\"https:\/\/wobronietradycjiiwiary.com\/pl\/category\/doktryna\/teologia-dogmatyczna\/245-dogmatow\/ankiety\/\">Ankiety<\/a> (9)\n<\/li>\n\t<li class=\"cat-item cat-item-54581283\"><a href=\"https:\/\/wobronietradycjiiwiary.com\/pl\/category\/polemika\/autorzy-polemiczni\/ann-barnhardt\/\">Ann Barnhardt<\/a> (15)\n<\/li>\n\t<li class=\"cat-item cat-item-610133079\"><a href=\"https:\/\/wobronietradycjiiwiary.com\/pl\/category\/doktryna\/teologia-dogmatyczna\/demonologia-teologia\/demonologia-praktyczna\/antydemoniczny-niezbednik\/\">Antydemoniczny niezb\u0119dnik<\/a> (3)\n<\/li>\n\t<li class=\"cat-item cat-item-610135807\"><a href=\"https:\/\/wobronietradycjiiwiary.com\/pl\/category\/doktryna\/teologia-moralna\/malzenstwo\/stosunki-seksualne-w-malzenstwie\/antykoncepcja\/\">Antykoncepcja<\/a> (2)\n<\/li>\n\t<li class=\"cat-item cat-item-610134611\"><a href=\"https:\/\/wobronietradycjiiwiary.com\/pl\/category\/polemika\/kosciol-posoborowy\/papieze\/papiez-franciszek\/antypapiez\/\">Antypapie\u017c<\/a> (6)\n<\/li>\n\t<li class=\"cat-item cat-item-410209227\"><a href=\"https:\/\/wobronietradycjiiwiary.com\/pl\/category\/polemika\/apokaliptyka-2\/\">Apokaliptyka<\/a> (13)\n<\/li>\n\t<li class=\"cat-item cat-item-610131267\"><a href=\"https:\/\/wobronietradycjiiwiary.com\/pl\/category\/polemika\/apologetyka-i-polemika\/\">Apologetyka i polemika<\/a> (5)\n<\/li>\n\t<li class=\"cat-item cat-item-563637220\"><a href=\"https:\/\/wobronietradycjiiwiary.com\/pl\/category\/polemika\/kosciol-posoborowy\/nowe-ruchy-w-kosciele\/medjugorie\/argument-demonologiczny\/\">Argument demonologiczny<\/a> (8)\n<\/li>\n\t<li class=\"cat-item cat-item-610134092\"><a href=\"https:\/\/wobronietradycjiiwiary.com\/pl\/category\/musica-sacra\/kyriale-animacja\/aspersja\/\">Aspersja<\/a> (6)\n<\/li>\n\t<li class=\"cat-item cat-item-610131215\"><a href=\"https:\/\/wobronietradycjiiwiary.com\/pl\/category\/polemika\/autorzy-polemiczni\/\">Autorzy polemiczni<\/a> (69)\n<\/li>\n\t<li class=\"cat-item cat-item-610131214\"><a href=\"https:\/\/wobronietradycjiiwiary.com\/pl\/category\/duchowosc\/autorzy\/\">Autorzy \u017cycia duchowego<\/a> (614)\n<\/li>\n\t<li class=\"cat-item cat-item-1724978\"><a href=\"https:\/\/wobronietradycjiiwiary.com\/pl\/category\/duchowosc\/walka-duchowa\/auxilium-christianorum\/\">Auxilium christianorum<\/a> (7)\n<\/li>\n\t<li class=\"cat-item cat-item-610133584\"><a href=\"https:\/\/wobronietradycjiiwiary.com\/pl\/category\/polemika\/kosciol-posoborowy\/papieze\/benedykt-xvi-abdykacja\/b-xvi-abdykacja\/\">B XVI abdykacja<\/a> (10)\n<\/li>\n\t<li class=\"cat-item cat-item-610133585\"><a href=\"https:\/\/wobronietradycjiiwiary.com\/pl\/category\/polemika\/kosciol-posoborowy\/papieze\/benedykt-xvi-abdykacja\/b-xvi-smierc\/\">B XVI \u015bmier\u0107<\/a> (5)\n<\/li>\n\t<li class=\"cat-item cat-item-610136214\"><a href=\"https:\/\/wobronietradycjiiwiary.com\/pl\/category\/doktryna\/teologia-moralna\/swiety-tomasz-z-akwinu\/o-wadzie-i-grzechu\/bog-a-grzech\/\">B\u00f3g a grzech<\/a> (3)\n<\/li>\n\t<li class=\"cat-item cat-item-610134788\"><a href=\"https:\/\/wobronietradycjiiwiary.com\/pl\/category\/doktryna\/teologia-dogmatyczna\/kanonizacje\/benedykt-xiv-doctrina-de-servorum-dei-beatificatione\/\">Benedykt XIV, &quot;Doctrina de servorum Dei beatificatione&quot;<\/a> (30)\n<\/li>\n\t<li class=\"cat-item cat-item-14786\"><a href=\"https:\/\/wobronietradycjiiwiary.com\/pl\/category\/bez-kategorii\/\">Bez kategorii<\/a> (8)\n<\/li>\n\t<li class=\"cat-item cat-item-563637190\"><a href=\"https:\/\/wobronietradycjiiwiary.com\/pl\/category\/polemika\/kosciol-posoborowy\/nowe-ruchy-w-kosciele\/medjugorie\/biskup-miejsca\/\">Biskup miejsca o Medjugorje<\/a> (5)\n<\/li>\n\t<li class=\"cat-item cat-item-375081832\"><a href=\"https:\/\/wobronietradycjiiwiary.com\/pl\/category\/duchowosc\/autorzy\/kardynal-bona\/bona-pdf-pl\/\">Bona PDF pl<\/a> (7)\n<\/li>\n\t<li class=\"cat-item cat-item-610135570\"><a href=\"https:\/\/wobronietradycjiiwiary.com\/pl\/category\/duchowosc\/liturgia-i-liturgika\/rozwazania\/rok-liturgiczny\/boze-cialo-z-oktawa\/\">Bo\u017ce Cia\u0142o z Oktaw\u0105<\/a> (8)\n<\/li>\n\t<li class=\"cat-item cat-item-610136334\"><a href=\"https:\/\/wobronietradycjiiwiary.com\/pl\/category\/polemika\/kosciol-posoborowy\/kosciol-w-holandii\/bp-mutsaerts\/\">Bp. Mutsaerts<\/a> (3)\n<\/li>\n\t<li class=\"cat-item cat-item-610134702\"><a href=\"https:\/\/wobronietradycjiiwiary.com\/pl\/category\/duchowosc\/liturgia-i-liturgika\/brewiarz-rzymski\/\">Brewiarz rzymski<\/a> (27)\n<\/li>\n\t<li class=\"cat-item cat-item-610135264\"><a href=\"https:\/\/wobronietradycjiiwiary.com\/pl\/category\/doktryna\/teologia-liturgii\/byrne-doktryna\/\">Byrne<\/a> (141)\n<\/li>\n\t<li class=\"cat-item cat-item-610133926\"><a href=\"https:\/\/wobronietradycjiiwiary.com\/pl\/category\/doktryna\/teologia-liturgii\/byrne-doktryna\/byrne\/\">Byrne, &quot;Msza dialogowana&quot;<\/a> (265)\n<\/li>\n\t<li class=\"cat-item cat-item-610132066\"><a href=\"https:\/\/wobronietradycjiiwiary.com\/pl\/category\/doktryna\/teologia-dogmatyczna\/sakramentalia\/blogoslawienie-i-swiecenie\/\">B\u0142ogos\u0142awienie i \u015bwi\u0119cenie<\/a> (12)\n<\/li>\n\t<li class=\"cat-item cat-item-573346604\"><a href=\"https:\/\/wobronietradycjiiwiary.com\/pl\/category\/duchowosc\/modlitwy\/blogoslawienstwa-z-rituale-romanum\/\">B\u0142ogos\u0142awie\u0144stwa z Rituale romanum<\/a> (16)\n<\/li>\n\t<li class=\"cat-item cat-item-495555153\"><a href=\"https:\/\/wobronietradycjiiwiary.com\/pl\/category\/doktryna\/teologia-moralna\/malzenstwo\/katechizm-rzymski-o-malzenstwie\/\">Catechismus Romanus o ma\u0142\u017ce\u0144stwie<\/a> (37)\n<\/li>\n\t<li class=\"cat-item cat-item-610135417\"><a href=\"https:\/\/wobronietradycjiiwiary.com\/pl\/category\/polemika\/autorzy-polemiczni\/catholic-esquire\/\">Catholic Esquire<\/a> (1)\n<\/li>\n\t<li class=\"cat-item cat-item-207790346\"><a href=\"https:\/\/wobronietradycjiiwiary.com\/pl\/category\/doktryna\/teologia-jako-nauka\/censurae\/\">Censurae<\/a> (3)\n<\/li>\n\t<li class=\"cat-item cat-item-2823639\"><a href=\"https:\/\/wobronietradycjiiwiary.com\/pl\/category\/musica-sacra\/nagrania\/tenebrae\/wielki-czwartek\/charpentier\/\">Charpentier<\/a> (7)\n<\/li>\n\t<li class=\"cat-item cat-item-610136086\"><a href=\"https:\/\/wobronietradycjiiwiary.com\/pl\/category\/musica-sacra\/nagrania\/tenebrae\/wielka-sobota\/choral-gregorianski-sob\/\">Choral gregoria\u0144ski sob<\/a> (1)\n<\/li>\n\t<li class=\"cat-item cat-item-13663265\"><a href=\"https:\/\/wobronietradycjiiwiary.com\/pl\/category\/musica-sacra\/o-muzyce-sakralnej\/choral-gregorianski\/\">Chora\u0142 gregoria\u0144ski<\/a> (1)\n<\/li>\n\t<li class=\"cat-item cat-item-610136084\"><a href=\"https:\/\/wobronietradycjiiwiary.com\/pl\/category\/musica-sacra\/nagrania\/tenebrae\/wielki-czwartek\/choral-gregorianski-wielki-czwartek\/\">Chora\u0142 gregoria\u0144ski czwt<\/a> (8)\n<\/li>\n\t<li class=\"cat-item cat-item-610136085\"><a href=\"https:\/\/wobronietradycjiiwiary.com\/pl\/category\/musica-sacra\/nagrania\/tenebrae\/wielki-piatek\/choral-gregorianski-pt\/\">Chora\u0142 gregoria\u0144ski pt<\/a> (7)\n<\/li>\n\t<li class=\"cat-item cat-item-610135527\"><a href=\"https:\/\/wobronietradycjiiwiary.com\/pl\/category\/polemika\/autorzy-polemiczni\/chris-jackson\/\">Chris Jackson<\/a> (24)\n<\/li>\n\t<li class=\"cat-item cat-item-610132046\"><a href=\"https:\/\/wobronietradycjiiwiary.com\/pl\/category\/doktryna\/teologia-dogmatyczna\/sakramenty-teologia\/chrzest\/\">Chrzest<\/a> (14)\n<\/li>\n\t<li class=\"cat-item cat-item-610134522\"><a href=\"https:\/\/wobronietradycjiiwiary.com\/pl\/category\/polemika\/autorzy-polemiczni\/church-militant\/\">Church Militant &#8211; Michael Voris<\/a> (2)\n<\/li>\n\t<li class=\"cat-item cat-item-610132065\"><a href=\"https:\/\/wobronietradycjiiwiary.com\/pl\/category\/doktryna\/teologia-dogmatyczna\/sakramentalia\/ciaza-i-porod-sakramentalia\/\">Ci\u0105\u017ca i por\u00f3d<\/a> (4)\n<\/li>\n\t<li class=\"cat-item cat-item-610130783\"><a href=\"https:\/\/wobronietradycjiiwiary.com\/pl\/category\/doktryna\/teologia-moralna\/malzenstwo\/stosunki-seksualne-w-malzenstwie\/ciaza-i-porod\/\">Ci\u0105\u017ca i por\u00f3d<\/a> (5)\n<\/li>\n\t<li class=\"cat-item cat-item-86282285\"><a href=\"https:\/\/wobronietradycjiiwiary.com\/pl\/category\/musica-sacra\/nagrania\/concert-spirituel\/\">Concert spirituel<\/a> (12)\n<\/li>\n\t<li class=\"cat-item cat-item-610130990\"><a href=\"https:\/\/wobronietradycjiiwiary.com\/pl\/category\/polemika\/kosciol-posoborowy\/papieze\/papiez-franciszek\/correctio-filialis\/\">Correctio filialis<\/a> (6)\n<\/li>\n\t<li class=\"cat-item cat-item-610131630\"><a href=\"https:\/\/wobronietradycjiiwiary.com\/pl\/category\/polemika\/apokaliptyka-2\/koronawirus\/\">Covid 19 &#8211; Koronawirus<\/a> (7)\n<\/li>\n\t<li class=\"cat-item cat-item-610132063\"><a href=\"https:\/\/wobronietradycjiiwiary.com\/pl\/category\/doktryna\/teologia-dogmatyczna\/sakramentalia\/czym-sa-sakramentalia\/\">Czym s\u0105 sakramentalia?<\/a> (17)\n<\/li>\n\t<li class=\"cat-item cat-item-610131294\"><a href=\"https:\/\/wobronietradycjiiwiary.com\/pl\/category\/doktryna\/teologia-dogmatyczna\/rzeczy-ostateczne-eschatologia\/czysciec\/\">Czy\u015bciec<\/a> (110)\n<\/li>\n\t<li class=\"cat-item cat-item-218805314\"><a href=\"https:\/\/wobronietradycjiiwiary.com\/pl\/category\/polemika\/kosciol-posoborowy\/nowe-ruchy-w-kosciele\/ruch-charyzmatyczny\/dar-jezykow\/\">Dar j\u0119zyk\u00f3w<\/a> (2)\n<\/li>\n\t<li class=\"cat-item cat-item-347715072\"><a href=\"https:\/\/wobronietradycjiiwiary.com\/pl\/category\/doktryna\/teologia-jako-nauka\/tradycja-i-tradycja\/de-traditione\/\">De Traditione<\/a> (9)\n<\/li>\n\t<li class=\"cat-item cat-item-610136230\"><a href=\"https:\/\/wobronietradycjiiwiary.com\/pl\/category\/polemika\/kosciol-posoborowy\/tradycjonalizm\/redemptorysci-transalpejscy\/deklaracja-w-sprawie-stanu-kosciola\/\">Deklaracja w sprawie stanu Ko\u015bcio\u0142a.<\/a> (1)\n<\/li>\n\t<li class=\"cat-item cat-item-610131218\"><a href=\"https:\/\/wobronietradycjiiwiary.com\/pl\/category\/polemika\/kosciol-posoborowy\/papieze\/papiez-franciszek\/deklaracja-z-abu-dhabi\/\">Deklaracja z Abu Zabi<\/a> (7)\n<\/li>\n\t<li class=\"cat-item cat-item-326335690\"><a href=\"https:\/\/wobronietradycjiiwiary.com\/pl\/category\/doktryna\/teologia-dogmatyczna\/demonologia-teologia\/\">Demonologia<\/a> (181)\n<\/li>\n\t<li class=\"cat-item cat-item-610130731\"><a href=\"https:\/\/wobronietradycjiiwiary.com\/pl\/category\/doktryna\/teologia-dogmatyczna\/demonologia-teologia\/demonologia-praktyczna\/\">Demonologia praktyczna<\/a> (115)\n<\/li>\n\t<li class=\"cat-item cat-item-610131774\"><a href=\"https:\/\/wobronietradycjiiwiary.com\/pl\/category\/doktryna\/teologia-dogmatyczna\/demonologia-teologia\/demon-teor\/\">Demonologia teoretyczna<\/a> (38)\n<\/li>\n\t<li class=\"cat-item cat-item-610133217\"><a href=\"https:\/\/wobronietradycjiiwiary.com\/pl\/category\/polemika\/kosciol-posoborowy\/papieze\/papiez-franciszek\/desiderio-desideravi\/\">Desiderio desideravi<\/a> (2)\n<\/li>\n\t<li class=\"cat-item cat-item-610136215\"><a href=\"https:\/\/wobronietradycjiiwiary.com\/pl\/category\/doktryna\/teologia-moralna\/swiety-tomasz-z-akwinu\/o-wadzie-i-grzechu\/diabel-przyczyna-grzechu\/\">Diabe\u0142 przyczyn\u0105 grzechu<\/a> (4)\n<\/li>\n\t<li class=\"cat-item cat-item-610136181\"><a href=\"https:\/\/wobronietradycjiiwiary.com\/pl\/category\/duchowosc\/liturgia-i-liturgika\/rozwazania\/gueranger\/dni-krzyzowe-dies-rogationum\/\">Dni krzy\u017cowe (Dies rogationum)<\/a> (3)\n<\/li>\n\t<li class=\"cat-item cat-item-610135085\"><a href=\"https:\/\/wobronietradycjiiwiary.com\/pl\/category\/duchowosc\/liturgia-i-liturgika\/rozwazania\/rok-liturgiczny\/adwent\/dni-suche-adwentu\/\">Dni Suche Adwentu<\/a> (4)\n<\/li>\n\t<li class=\"cat-item cat-item-610136229\"><a href=\"https:\/\/wobronietradycjiiwiary.com\/pl\/category\/polemika\/kosciol-posoborowy\/tradycjonalizm\/redemptorysci-transalpejscy\/dogmat-ktorym-nalezy-sie-kierowac\/\">Dogmat, kt\u00f3rym nale\u017cy si\u0119 kierowa\u0107.<\/a> (7)\n<\/li>\n\t<li class=\"cat-item cat-item-610131185\"><a href=\"https:\/\/wobronietradycjiiwiary.com\/pl\/category\/doktryna\/\">Doktryna<\/a> (1,004)\n<\/li>\n\t<li class=\"cat-item cat-item-610133004\"><a href=\"https:\/\/wobronietradycjiiwiary.com\/pl\/category\/polemika\/kosciol-posoborowy\/kosciol-w-polsce\/dominikanie\/\">Dominikanie<\/a> (5)\n<\/li>\n\t<li class=\"cat-item cat-item-66857326\"><a href=\"https:\/\/wobronietradycjiiwiary.com\/pl\/category\/polemika\/autorzy-polemiczni\/don-pietro-leone\/\">Don Pietro Leone<\/a> (28)\n<\/li>\n\t<li class=\"cat-item cat-item-610133664\"><a href=\"https:\/\/wobronietradycjiiwiary.com\/pl\/category\/mezczyzna-katolicki\/majsterkowanie\/doswiadczenia-wlasne\/\">Do\u015bwiadczenia w\u0142asne<\/a> (7)\n<\/li>\n\t<li class=\"cat-item cat-item-610132832\"><a href=\"https:\/\/wobronietradycjiiwiary.com\/pl\/category\/polemika\/kosciol-posoborowy\/papieze\/papiez-franciszek\/traditionis-custodes\/dubia-do-tc\/\">Dubia do TC<\/a> (8)\n<\/li>\n\t<li class=\"cat-item cat-item-610134382\"><a href=\"https:\/\/wobronietradycjiiwiary.com\/pl\/category\/polemika\/kosciol-posoborowy\/papieze\/papiez-franciszek\/dubia-i\/\">Dubia I<\/a> (4)\n<\/li>\n\t<li class=\"cat-item cat-item-610134383\"><a href=\"https:\/\/wobronietradycjiiwiary.com\/pl\/category\/polemika\/kosciol-posoborowy\/papieze\/papiez-franciszek\/dubia-ii\/\">Dubia II<\/a> (2)\n<\/li>\n\t<li class=\"cat-item cat-item-610131184\"><a href=\"https:\/\/wobronietradycjiiwiary.com\/pl\/category\/duchowosc\/\">Duchowo\u015b\u0107<\/a> (3,583)\n<\/li>\n\t<li class=\"cat-item cat-item-610133759\"><a href=\"https:\/\/wobronietradycjiiwiary.com\/pl\/category\/musica-sacra\/o-muzyce-sakralnej\/muzyka-dokumenty-kosciola\/dyrektywa-episkopatu-polski-1958\/\">Dyrektywa Episkopatu Polski (1958)<\/a> (1)\n<\/li>\n\t<li class=\"cat-item cat-item-610131279\"><a href=\"https:\/\/wobronietradycjiiwiary.com\/pl\/category\/doktryna\/teologia-moralna\/malzenstwo\/etyka-seksualna\/dziewictwo-celibat\/\">Dziewictwo\/Celibat<\/a> (12)\n<\/li>\n\t<li class=\"cat-item cat-item-610132540\"><a href=\"https:\/\/wobronietradycjiiwiary.com\/pl\/category\/doktryna\/teologia-moralna\/malzenstwo\/stosunki-seksualne-w-malzenstwie\/dlug-malzenski\/\">D\u0142ug ma\u0142\u017ce\u0144ski<\/a> (7)\n<\/li>\n\t<li class=\"cat-item cat-item-610134472\"><a href=\"https:\/\/wobronietradycjiiwiary.com\/pl\/category\/polemika\/autorzy-polemiczni\/edward\/\">Edward Pentin<\/a> (4)\n<\/li>\n\t<li class=\"cat-item cat-item-610131295\"><a href=\"https:\/\/wobronietradycjiiwiary.com\/pl\/category\/duchowosc\/modlitwy\/egzorcyzmy\/egzorcyzm-z-rituale-romanum\/egzorcyzm-z-rituale-pdf\/\">Egzorcyzm z Rituale pdf<\/a> (1)\n<\/li>\n\t<li class=\"cat-item cat-item-544279424\"><a href=\"https:\/\/wobronietradycjiiwiary.com\/pl\/category\/duchowosc\/modlitwy\/egzorcyzmy\/egzorcyzm-z-rituale-romanum\/\">Egzorcyzm z Rituale romanum<\/a> (24)\n<\/li>\n\t<li class=\"cat-item cat-item-610131163\"><a href=\"https:\/\/wobronietradycjiiwiary.com\/pl\/category\/duchowosc\/modlitwy\/egzorcyzmy\/egzorcyzm-zwierzat\/\">Egzorcyzm zwierz\u0105t<\/a> (1)\n<\/li>\n\t<li class=\"cat-item cat-item-610131222\"><a href=\"https:\/\/wobronietradycjiiwiary.com\/pl\/category\/duchowosc\/modlitwy\/egzorcyzmy\/\">Egzorcyzmy<\/a> (15)\n<\/li>\n\t<li class=\"cat-item cat-item-610136256\"><a href=\"https:\/\/wobronietradycjiiwiary.com\/pl\/category\/polemika\/kosciol-posoborowy\/tradycjonalizm\/fsspx\/fsspx-inne-kwestie\/swiecenia-biskupow\/ekskomunika-fsspx\/\">Ekskomunika FSSPX<\/a> (12)\n<\/li>\n\t<li class=\"cat-item cat-item-610131282\"><a href=\"https:\/\/wobronietradycjiiwiary.com\/pl\/category\/doktryna\/teologia-moralna\/malzenstwo\/etyka-seksualna\/\">Etyka seksualna<\/a> (22)\n<\/li>\n\t<li class=\"cat-item cat-item-610132974\"><a href=\"https:\/\/wobronietradycjiiwiary.com\/pl\/category\/polemika\/apokaliptyka-2\/fatima\/\">Fatima<\/a> (8)\n<\/li>\n\t<li class=\"cat-item cat-item-6297326\"><a href=\"https:\/\/wobronietradycjiiwiary.com\/pl\/category\/duchowosc\/mistyka-i-pseudomistyka\/faustyna-kowalska\/\">Faustyna Kowalska<\/a> (14)\n<\/li>\n\t<li class=\"cat-item cat-item-610134541\"><a href=\"https:\/\/wobronietradycjiiwiary.com\/pl\/category\/polemika\/kosciol-posoborowy\/papieze\/papiez-franciszek\/tucho-fernandez\/fiducia-supplicans\/\">Fiducia supplicans<\/a> (11)\n<\/li>\n\t<li class=\"cat-item cat-item-610133788\"><a href=\"https:\/\/wobronietradycjiiwiary.com\/pl\/category\/duchowosc\/mistyka-i-pseudomistyka\/fra-elia\/\">Fra Elia<\/a> (4)\n<\/li>\n\t<li class=\"cat-item cat-item-610133466\"><a href=\"https:\/\/wobronietradycjiiwiary.com\/pl\/category\/polemika\/kosciol-posoborowy\/tradycjonalizm\/fssp\/\">FSSP<\/a> (5)\n<\/li>\n\t<li class=\"cat-item cat-item-483931\"><a href=\"https:\/\/wobronietradycjiiwiary.com\/pl\/category\/polemika\/kosciol-posoborowy\/tradycjonalizm\/fsspx\/\">FSSPX<\/a> (62)\n<\/li>\n\t<li class=\"cat-item cat-item-329730974\"><a href=\"https:\/\/wobronietradycjiiwiary.com\/pl\/category\/polemika\/kosciol-posoborowy\/tradycjonalizm\/fsspx\/fsspx-dzieje-grzechu\/\">FSSPX &#8211; &quot;Dzieje grzechu&quot;<\/a> (22)\n<\/li>\n\t<li class=\"cat-item cat-item-610132691\"><a href=\"https:\/\/wobronietradycjiiwiary.com\/pl\/category\/polemika\/kosciol-posoborowy\/tradycjonalizm\/fsspx\/fsspx-inne-kwestie\/\">FSSPX &#8211; inne kwestie<\/a> (31)\n<\/li>\n\t<li class=\"cat-item cat-item-610136272\"><a href=\"https:\/\/wobronietradycjiiwiary.com\/pl\/category\/polemika\/kosciol-posoborowy\/tradycjonalizm\/fsspx\/fsspx-po-traditionis-custodes\/fsspx-nie-jest-wyjsciem\/\">FSSPX nie jest wyj\u015bciem<\/a> (6)\n<\/li>\n\t<li class=\"cat-item cat-item-610135401\"><a href=\"https:\/\/wobronietradycjiiwiary.com\/pl\/category\/polemika\/autorzy-polemiczni\/gene-gomulka\/\">Gene Gomulka<\/a> (6)\n<\/li>\n\t<li class=\"cat-item cat-item-1160985\"><a href=\"https:\/\/wobronietradycjiiwiary.com\/pl\/category\/musica-sacra\/nagrania\/tenebrae\/wielka-sobota\/gesualdo\/\">Gesualdo<\/a> (4)\n<\/li>\n\t<li class=\"cat-item cat-item-610135442\"><a href=\"https:\/\/wobronietradycjiiwiary.com\/pl\/category\/polemika\/kosciol-posoborowy\/kosciol-w-polsce\/ks-piotr-glas\/glas-proces\/\">Glas-proces<\/a> (11)\n<\/li>\n\t<li class=\"cat-item cat-item-587591261\"><a href=\"https:\/\/wobronietradycjiiwiary.com\/pl\/category\/polemika\/autorzy-polemiczni\/don-pietro-leone\/gnostycki-kosciol\/\">Gnostycki Ko\u015bci\u00f3\u0142<\/a> (1)\n<\/li>\n\t<li class=\"cat-item cat-item-270961624\"><a href=\"https:\/\/wobronietradycjiiwiary.com\/pl\/category\/doktryna\/teologia-dogmatyczna\/gnoza-2\/\">Gnoza<\/a> (17)\n<\/li>\n\t<li class=\"cat-item cat-item-495368282\"><a href=\"https:\/\/wobronietradycjiiwiary.com\/pl\/category\/doktryna\/teologia-dogmatyczna\/sakramenty-teologia\/godziwosc-niegodziwosc-sakramentow\/\">Godziwo\u015b\u0107 lub niegodziwo\u015b\u0107<\/a> (7)\n<\/li>\n\t<li class=\"cat-item cat-item-610134750\"><a href=\"https:\/\/wobronietradycjiiwiary.com\/pl\/category\/doktryna\/teologia-moralna\/swiety-tomasz-z-akwinu\/grzechy-jezyka\/\">Grzechy j\u0119zyka<\/a> (19)\n<\/li>\n\t<li class=\"cat-item cat-item-610135341\"><a href=\"https:\/\/wobronietradycjiiwiary.com\/pl\/category\/duchowosc\/liturgia-i-liturgika\/rozwazania\/gueranger\/\">Gu\u00e9ranger<\/a> (6)\n<\/li>\n\t<li class=\"cat-item cat-item-610135388\"><a href=\"https:\/\/wobronietradycjiiwiary.com\/pl\/category\/doktryna\/teologia-moralna\/post\/gueranger-historia-postu\/\">Gueranger, Historia postu<\/a> (8)\n<\/li>\n\t<li class=\"cat-item cat-item-610130741\"><a href=\"https:\/\/wobronietradycjiiwiary.com\/pl\/category\/doktryna\/teologia-dogmatyczna\/papiestwo\/haereticus-papa\/\">Haereticus papa<\/a> (11)\n<\/li>\n\t<li class=\"cat-item cat-item-345744943\"><a href=\"https:\/\/wobronietradycjiiwiary.com\/pl\/category\/duchowosc\/liturgia-i-liturgika\/rozwazania\/gueranger\/gueranger-herezja-antyliturgiczna\/\">Herezja antyliturgiczna<\/a> (7)\n<\/li>\n\t<li class=\"cat-item cat-item-610133140\"><a href=\"https:\/\/wobronietradycjiiwiary.com\/pl\/category\/polemika\/kosciol-posoborowy\/nowe-ruchy-w-kosciele\/heroldowie-ewangelii\/\">Heroldowie Ewangelii<\/a> (6)\n<\/li>\n\t<li class=\"cat-item cat-item-610135598\"><a href=\"https:\/\/wobronietradycjiiwiary.com\/pl\/category\/polemika\/autorzy-polemiczni\/hilary-white\/heroldowie-ewangeliii\/\">Heroldowie Ewangeliii<\/a> (4)\n<\/li>\n\t<li class=\"cat-item cat-item-610130803\"><a href=\"https:\/\/wobronietradycjiiwiary.com\/pl\/category\/doktryna\/teologia-moralna\/higiena-osobista\/\">Higiena osobista<\/a> (4)\n<\/li>\n\t<li class=\"cat-item cat-item-9305214\"><a href=\"https:\/\/wobronietradycjiiwiary.com\/pl\/category\/polemika\/autorzy-polemiczni\/hilary-white\/\">Hilary White<\/a> (18)\n<\/li>\n\t<li class=\"cat-item cat-item-533479\"><a href=\"https:\/\/wobronietradycjiiwiary.com\/pl\/category\/doktryna\/teologia-moralna\/malzenstwo\/etyka-seksualna\/homoseksualizm\/\">Homoseksualizm<\/a> (27)\n<\/li>\n\t<li class=\"cat-item cat-item-610130768\"><a href=\"https:\/\/wobronietradycjiiwiary.com\/pl\/category\/doktryna\/teologia-dogmatyczna\/papiestwo\/nauczanie-papiezy\/leon-xiii\/humanum-genus\/\">Humanum genus (1884)<\/a> (2)\n<\/li>\n\t<li class=\"cat-item cat-item-610133761\"><a href=\"https:\/\/wobronietradycjiiwiary.com\/pl\/category\/musica-sacra\/o-muzyce-sakralnej\/muzyka-dokumenty-kosciola\/instrukcja-episkopatu-polski-1979\/\">Instrukcja Episkopatu Polski (1979)<\/a> (2)\n<\/li>\n\t<li class=\"cat-item cat-item-610135970\"><a href=\"https:\/\/wobronietradycjiiwiary.com\/pl\/category\/doktryna\/teologia-dogmatyczna\/sakramenty-teologia\/intencja-przy-udzielaniu-sakramentu\/\">Intencja przy sprawowaniu sakramentu<\/a> (6)\n<\/li>\n\t<li class=\"cat-item cat-item-610135109\"><a href=\"https:\/\/wobronietradycjiiwiary.com\/pl\/category\/polemika\/kosciol-posoborowy\/kosciol-w-polsce\/jan-pawel-ii-i-polska\/\">Jan Pawe\u0142 II i Polska<\/a> (2)\n<\/li>\n\t<li class=\"cat-item cat-item-610133742\"><a href=\"https:\/\/wobronietradycjiiwiary.com\/pl\/category\/polemika\/kosciol-posoborowy\/tradycjonalizm\/fsspx\/przestepstwa-seksualne\/relacje-church-militant\/john-lamont\/\">John Lamont<\/a> (8)\n<\/li>\n\t<li class=\"cat-item cat-item-610132070\"><a href=\"https:\/\/wobronietradycjiiwiary.com\/pl\/category\/doktryna\/teologia-dogmatyczna\/kanonizacje\/\">Kanonizacje<\/a> (46)\n<\/li>\n\t<li class=\"cat-item cat-item-610136160\"><a href=\"https:\/\/wobronietradycjiiwiary.com\/pl\/category\/doktryna\/teologia-moralna\/kara-smierci\/\">Kara \u015bmierci<\/a> (4)\n<\/li>\n\t<li class=\"cat-item cat-item-610136043\"><a href=\"https:\/\/wobronietradycjiiwiary.com\/pl\/category\/polemika\/kosciol-posoborowy\/watykan\/kard-brandmuller\/\">Kard. Brandm\u00fcller<\/a> (9)\n<\/li>\n\t<li class=\"cat-item cat-item-610135786\"><a href=\"https:\/\/wobronietradycjiiwiary.com\/pl\/category\/polemika\/kosciol-posoborowy\/watykan\/kard-burke\/\">Kard. Burke<\/a> (20)\n<\/li>\n\t<li class=\"cat-item cat-item-610136335\"><a href=\"https:\/\/wobronietradycjiiwiary.com\/pl\/category\/polemika\/kosciol-posoborowy\/kosciol-w-holandii\/kard-eijk\/\">Kard. Eijk<\/a> (1)\n<\/li>\n\t<li class=\"cat-item cat-item-610135815\"><a href=\"https:\/\/wobronietradycjiiwiary.com\/pl\/category\/polemika\/kosciol-posoborowy\/watykan\/kard-muller\/\">Kard. M\u00fcller<\/a> (12)\n<\/li>\n\t<li class=\"cat-item cat-item-610135985\"><a href=\"https:\/\/wobronietradycjiiwiary.com\/pl\/category\/polemika\/kosciol-posoborowy\/watykan\/kard-roche\/\">Kard. Roche<\/a> (14)\n<\/li>\n\t<li class=\"cat-item cat-item-329678044\"><a href=\"https:\/\/wobronietradycjiiwiary.com\/pl\/category\/duchowosc\/autorzy\/kardynal-bona\/\">Kardyna\u0142 Bona<\/a> (211)\n<\/li>\n\t<li class=\"cat-item cat-item-610135070\"><a href=\"https:\/\/wobronietradycjiiwiary.com\/pl\/category\/polemika\/kosciol-posoborowy\/kosciol-w-polsce\/kardynal-dziwisz\/\">Kardyna\u0142 Dziwisz<\/a> (4)\n<\/li>\n\t<li class=\"cat-item cat-item-329746566\"><a href=\"https:\/\/wobronietradycjiiwiary.com\/pl\/category\/doktryna\/teologia-moralna\/kardynal-gousset\/\">Kardyna\u0142 Gousset<\/a> (103)\n<\/li>\n\t<li class=\"cat-item cat-item-541660130\"><a href=\"https:\/\/wobronietradycjiiwiary.com\/pl\/category\/doktryna\/teologia-dogmatyczna\/rzeczy-ostateczne-eschatologia\/czysciec\/objawienia-prywatne-nt-czyscca\/katarzyna-z-genui\/\">Katarzyna z Genui<\/a> (20)\n<\/li>\n\t<li class=\"cat-item cat-item-610135100\"><a href=\"https:\/\/wobronietradycjiiwiary.com\/pl\/category\/duchowosc\/liturgia-i-liturgika\/brewiarz-rzymski\/kazania-brewiarza-trydenckiego\/\">Kazania Brewiarza Trydenckiego<\/a> (42)\n<\/li>\n\t<li class=\"cat-item cat-item-610130728\"><a href=\"https:\/\/wobronietradycjiiwiary.com\/pl\/category\/duchowosc\/liturgia-i-liturgika\/msza-trydencka\/kazania-do-ewangelii-mszy-trydenckiej\/\">Kazania do Ewangelii Mszy Trydenckiej<\/a> (266)\n<\/li>\n\t<li class=\"cat-item cat-item-610135101\"><a href=\"https:\/\/wobronietradycjiiwiary.com\/pl\/category\/duchowosc\/liturgia-i-liturgika\/brewiarz-rzymski\/kazania-brewiarza-trydenckiego\/kazania-na-adwent\/\">Kazania na Adwent<\/a> (2)\n<\/li>\n\t<li class=\"cat-item cat-item-610135103\"><a href=\"https:\/\/wobronietradycjiiwiary.com\/pl\/category\/duchowosc\/liturgia-i-liturgika\/brewiarz-rzymski\/kazania-brewiarza-trydenckiego\/kazania-na-boze-narodzenie\/\">Kazania na Bo\u017ce Narodzenie<\/a> (12)\n<\/li>\n\t<li class=\"cat-item cat-item-610135147\"><a href=\"https:\/\/wobronietradycjiiwiary.com\/pl\/category\/duchowosc\/liturgia-i-liturgika\/brewiarz-rzymski\/kazania-brewiarza-trydenckiego\/kazania-na-epifanie\/\">Kazania na Epifani\u0119<\/a> (1)\n<\/li>\n\t<li class=\"cat-item cat-item-610135860\"><a href=\"https:\/\/wobronietradycjiiwiary.com\/pl\/category\/duchowosc\/liturgia-i-liturgika\/brewiarz-rzymski\/kazania-brewiarza-trydenckiego\/oktawa-wszystkich-swietych\/\">Kazania na Oktaw\u0119 Wszystkich \u015awi\u0119tych<\/a> (6)\n<\/li>\n\t<li class=\"cat-item cat-item-610136205\"><a href=\"https:\/\/wobronietradycjiiwiary.com\/pl\/category\/duchowosc\/liturgia-i-liturgika\/brewiarz-rzymski\/kazania-brewiarza-trydenckiego\/kazania-na-oktawe-zielonych-swiatek\/\">Kazania na Oktaw\u0119 Zielonych \u015awi\u0105tek<\/a> (3)\n<\/li>\n\t<li class=\"cat-item cat-item-610135162\"><a href=\"https:\/\/wobronietradycjiiwiary.com\/pl\/category\/duchowosc\/liturgia-i-liturgika\/brewiarz-rzymski\/kazania-brewiarza-trydenckiego\/kazania-na-przedposcie\/\">Kazania na Przedpo\u015bcie<\/a> (6)\n<\/li>\n\t<li class=\"cat-item cat-item-610135163\"><a href=\"https:\/\/wobronietradycjiiwiary.com\/pl\/category\/duchowosc\/liturgia-i-liturgika\/brewiarz-rzymski\/kazania-brewiarza-trydenckiego\/kazania-na-wielki-post\/\">Kazania na Wielki Post<\/a> (65)\n<\/li>\n\t<li class=\"cat-item cat-item-610136187\"><a href=\"https:\/\/wobronietradycjiiwiary.com\/pl\/category\/duchowosc\/liturgia-i-liturgika\/brewiarz-rzymski\/kazania-brewiarza-trydenckiego\/kazania-na-wniebowstapienie\/\">Kazania na Wniebowst\u0105pienie<\/a> (8)\n<\/li>\n\t<li class=\"cat-item cat-item-610135189\"><a href=\"https:\/\/wobronietradycjiiwiary.com\/pl\/category\/duchowosc\/liturgia-i-liturgika\/brewiarz-rzymski\/kazania-brewiarza-trydenckiego\/kazania-na-swieta-wlasne\/\">Kazania na \u015bwi\u0119ta w\u0142asne<\/a> (2)\n<\/li>\n\t<li class=\"cat-item cat-item-610135159\"><a href=\"https:\/\/wobronietradycjiiwiary.com\/pl\/category\/duchowosc\/liturgia-i-liturgika\/brewiarz-rzymski\/kazania-brewiarza-trydenckiego\/kazania-po-epifanii\/\">Kazania po Epifanii<\/a> (4)\n<\/li>\n\t<li class=\"cat-item cat-item-610132885\"><a href=\"https:\/\/wobronietradycjiiwiary.com\/pl\/category\/polemika\/kosciol-posoborowy\/naduzycia-seksualne-w-kosciele\/pedofilia-w-kosciele\/ujecie-prawnokanoniczne\/kieran-tapsell\/\">Kieran Tapsell<\/a> (14)\n<\/li>\n\t<li class=\"cat-item cat-item-610133805\"><a href=\"https:\/\/wobronietradycjiiwiary.com\/pl\/category\/kobieta-katolicka\/\">Kobieta katolicka<\/a> (15)\n<\/li>\n\t<li class=\"cat-item cat-item-610131754\"><a href=\"https:\/\/wobronietradycjiiwiary.com\/pl\/category\/duchowosc\/modlitwy\/egzorcyzmy\/egzorcyzm-z-rituale-romanum\/komentarz-we\/\">Komentarz WE<\/a> (11)\n<\/li>\n\t<li class=\"cat-item cat-item-610135235\"><a href=\"https:\/\/wobronietradycjiiwiary.com\/pl\/category\/doktryna\/teologia-liturgii\/byrne-doktryna\/byrne\/komentarze-do-byrne\/\">Komentarze w\u0142asne do Byrne<\/a> (184)\n<\/li>\n\t<li class=\"cat-item cat-item-610131283\"><a href=\"https:\/\/wobronietradycjiiwiary.com\/pl\/category\/polemika\/autorzy-polemiczni\/maria-kominek-ops\/kominek-bashobora\/\">Kominek Bashobora<\/a> (8)\n<\/li>\n\t<li class=\"cat-item cat-item-610131284\"><a href=\"https:\/\/wobronietradycjiiwiary.com\/pl\/category\/polemika\/autorzy-polemiczni\/maria-kominek-ops\/kominek-eklezjologia\/\">Kominek Eklezjologia<\/a> (10)\n<\/li>\n\t<li class=\"cat-item cat-item-610131285\"><a href=\"https:\/\/wobronietradycjiiwiary.com\/pl\/category\/polemika\/autorzy-polemiczni\/maria-kominek-ops\/kominek-liturgia\/\">Kominek Liturgia<\/a> (3)\n<\/li>\n\t<li class=\"cat-item cat-item-610131286\"><a href=\"https:\/\/wobronietradycjiiwiary.com\/pl\/category\/polemika\/autorzy-polemiczni\/maria-kominek-ops\/kominek-medytacja\/\">Kominek Medytacja<\/a> (3)\n<\/li>\n\t<li class=\"cat-item cat-item-610134703\"><a href=\"https:\/\/wobronietradycjiiwiary.com\/pl\/category\/duchowosc\/liturgia-i-liturgika\/brewiarz-rzymski\/kompendium-reform-brewiarza-rzymskiego\/\">Kompendium reform brewiarza rzymskiego<\/a> (1)\n<\/li>\n\t<li class=\"cat-item cat-item-3257026\"><a href=\"https:\/\/wobronietradycjiiwiary.com\/pl\/category\/doktryna\/teologia-dogmatyczna\/sakramenty-teologia\/komunia-sw\/\">Komunia \u015aw.<\/a> (9)\n<\/li>\n\t<li class=\"cat-item cat-item-610135305\"><a href=\"https:\/\/wobronietradycjiiwiary.com\/pl\/category\/polemika\/kosciol-posoborowy\/papieze\/leon-xiv\/konklawe\/\">Konklawe &#8211; Leon XIV<\/a> (28)\n<\/li>\n\t<li class=\"cat-item cat-item-610136322\"><a href=\"https:\/\/wobronietradycjiiwiary.com\/pl\/category\/doktryna\/teologia-moralna\/swiety-tomasz-z-akwinu\/o-wadzie-i-grzechu\/konsekwencje-grzechu-pierworodnego\/\">Konsekwencje grzechu pierworodnego<\/a> (1)\n<\/li>\n\t<li class=\"cat-item cat-item-610135992\"><a href=\"https:\/\/wobronietradycjiiwiary.com\/pl\/category\/polemika\/kosciol-posoborowy\/watykan\/kard-roche\/konsystorz-list-o-liturgii\/\">Konsystorz &#8211; List o liturgii<\/a> (4)\n<\/li>\n\t<li class=\"cat-item cat-item-587591243\"><a href=\"https:\/\/wobronietradycjiiwiary.com\/pl\/category\/polemika\/autorzy-polemiczni\/don-pietro-leone\/kosciol-i-asmodeusz\/\">Ko\u015bci\u00f3\u0142 i Asmodeusz<\/a> (7)\n<\/li>\n\t<li class=\"cat-item cat-item-80248953\"><a href=\"https:\/\/wobronietradycjiiwiary.com\/pl\/category\/polemika\/kosciol-posoborowy\/\">Ko\u015bci\u00f3\u0142 posoborowy<\/a> (330)\n<\/li>\n\t<li class=\"cat-item cat-item-610136333\"><a href=\"https:\/\/wobronietradycjiiwiary.com\/pl\/category\/polemika\/kosciol-posoborowy\/kosciol-w-holandii\/\">Ko\u015bci\u00f3\u0142 w Holandii<\/a> (1)\n<\/li>\n\t<li class=\"cat-item cat-item-725620\"><a href=\"https:\/\/wobronietradycjiiwiary.com\/pl\/category\/polemika\/kosciol-posoborowy\/kosciol-w-polsce\/\">Ko\u015bci\u00f3\u0142 w Polsce<\/a> (49)\n<\/li>\n\t<li class=\"cat-item cat-item-610135544\"><a href=\"https:\/\/wobronietradycjiiwiary.com\/pl\/category\/polemika\/kosciol-posoborowy\/kosciol-w-usa\/\">Ko\u015bci\u00f3\u0142 w USA<\/a> (11)\n<\/li>\n\t<li class=\"cat-item cat-item-610135624\"><a href=\"https:\/\/wobronietradycjiiwiary.com\/pl\/category\/polemika\/kosciol-posoborowy\/watykan\/\">Ko\u015bci\u00f3\u0142 w Watykanie<\/a> (38)\n<\/li>\n\t<li class=\"cat-item cat-item-610134042\"><a href=\"https:\/\/wobronietradycjiiwiary.com\/pl\/category\/doktryna\/teologia-dogmatyczna\/kanonizacje\/kryteria-meczenstwa\/\">Kryteria m\u0119cze\u0144stwa<\/a> (3)\n<\/li>\n\t<li class=\"cat-item cat-item-610131751\"><a href=\"https:\/\/wobronietradycjiiwiary.com\/pl\/category\/duchowosc\/mistyka-i-pseudomistyka\/objawienia-prywatne\/kryteria-ogolne\/\">Kryteria og\u00f3lne<\/a> (32)\n<\/li>\n\t<li class=\"cat-item cat-item-527378827\"><a href=\"https:\/\/wobronietradycjiiwiary.com\/pl\/category\/polemika\/kosciol-posoborowy\/papieze\/papiez-franciszek\/amoris-laetitia\/krytyka-cudza\/\">Krytyka cudza<\/a> (4)\n<\/li>\n\t<li class=\"cat-item cat-item-610131288\"><a href=\"https:\/\/wobronietradycjiiwiary.com\/pl\/category\/polemika\/kosciol-posoborowy\/papieze\/jan-pawel-ii-krytyka\/teologia-ciala\/leone-teologia-ciala\/\">Krytyka Leone<\/a> (10)\n<\/li>\n\t<li class=\"cat-item cat-item-610133599\"><a href=\"https:\/\/wobronietradycjiiwiary.com\/pl\/category\/polemika\/kosciol-posoborowy\/papieze\/benedykt-xvi-abdykacja\/krytyka-teologii-ratzingera-benedykta-xvi\/\">Krytyka teologii Ratzingera\/Benedykta XVI<\/a> (14)\n<\/li>\n\t<li class=\"cat-item cat-item-610133555\"><a href=\"https:\/\/wobronietradycjiiwiary.com\/pl\/category\/polemika\/kosciol-posoborowy\/papieze\/jan-pawel-ii-krytyka\/teologia-ciala\/teologia-ciala-krytyka-wlasna\/\">Krytyka w\u0142asna<\/a> (9)\n<\/li>\n\t<li class=\"cat-item cat-item-527378731\"><a href=\"https:\/\/wobronietradycjiiwiary.com\/pl\/category\/polemika\/kosciol-posoborowy\/papieze\/papiez-franciszek\/amoris-laetitia\/krytyka-wlasna\/\">Krytyka w\u0142asna<\/a> (5)\n<\/li>\n\t<li class=\"cat-item cat-item-481280166\"><a href=\"https:\/\/wobronietradycjiiwiary.com\/pl\/category\/doktryna\/teologia-dogmatyczna\/odpusty-sakramenty\/ks-arndt-sj\/\">ks. Arndt SJ<\/a> (23)\n<\/li>\n\t<li class=\"cat-item cat-item-610133126\"><a href=\"https:\/\/wobronietradycjiiwiary.com\/pl\/category\/polemika\/kosciol-posoborowy\/tradycjonalizm\/ks-balemba-sdb\/\">Ks. Ba\u0142emba SDB<\/a> (8)\n<\/li>\n\t<li class=\"cat-item cat-item-610133282\"><a href=\"https:\/\/wobronietradycjiiwiary.com\/pl\/category\/polemika\/kosciol-posoborowy\/kosciol-w-polsce\/ks-dariusz-olewinski\/\">ks. Dariusz Olewi\u0144ski<\/a> (5)\n<\/li>\n\t<li class=\"cat-item cat-item-610135795\"><a href=\"https:\/\/wobronietradycjiiwiary.com\/pl\/category\/polemika\/kosciol-posoborowy\/kosciol-w-polsce\/ks-dominik-chmielewski\/\">ks. Dominik Chmielewski<\/a> (6)\n<\/li>\n\t<li class=\"cat-item cat-item-610135110\"><a href=\"https:\/\/wobronietradycjiiwiary.com\/pl\/category\/polemika\/kosciol-posoborowy\/kosciol-w-polsce\/ks-jacek-balemba\/\">Ks. Jacek Ba\u0142emba<\/a> (4)\n<\/li>\n\t<li class=\"cat-item cat-item-610133467\"><a href=\"https:\/\/wobronietradycjiiwiary.com\/pl\/category\/polemika\/kosciol-posoborowy\/tradycjonalizm\/fssp\/ks-james-jackson-fssp\/\">Ks. James Jackson FSSP<\/a> (5)\n<\/li>\n\t<li class=\"cat-item cat-item-610135108\"><a href=\"https:\/\/wobronietradycjiiwiary.com\/pl\/category\/polemika\/kosciol-posoborowy\/kosciol-w-polsce\/ks-piotr-glas\/\">Ks. Piotr Glas<\/a> (17)\n<\/li>\n\t<li class=\"cat-item cat-item-610131287\"><a href=\"https:\/\/wobronietradycjiiwiary.com\/pl\/category\/doktryna\/teologia-dogmatyczna\/demonologia-teologia\/demonologia-praktyczna\/ks-ripperger\/\">ks. Ripperger<\/a> (24)\n<\/li>\n\t<li class=\"cat-item cat-item-495364261\"><a href=\"https:\/\/wobronietradycjiiwiary.com\/pl\/category\/duchowosc\/mistyka-i-pseudomistyka\/ks-stockl\/\">ks. St\u00f6ckl<\/a> (6)\n<\/li>\n\t<li class=\"cat-item cat-item-610132068\"><a href=\"https:\/\/wobronietradycjiiwiary.com\/pl\/category\/doktryna\/teologia-dogmatyczna\/sakramentalia\/kwestie-prawne\/\">Kwestie prawne<\/a> (5)\n<\/li>\n\t<li class=\"cat-item cat-item-9676169\"><a href=\"https:\/\/wobronietradycjiiwiary.com\/pl\/category\/duchowosc\/mistyka-i-pseudomistyka\/kwietyzm\/\">Kwietyzm<\/a> (12)\n<\/li>\n\t<li class=\"cat-item cat-item-173169162\"><a href=\"https:\/\/wobronietradycjiiwiary.com\/pl\/category\/duchowosc\/liturgia-i-liturgika\/msza-trydencka\/kyriale\/\">Kyriale<\/a> (1)\n<\/li>\n\t<li class=\"cat-item cat-item-610134093\"><a href=\"https:\/\/wobronietradycjiiwiary.com\/pl\/category\/musica-sacra\/kyriale-animacja\/kyriale-1-lux-et-origo\/\">Kyriale 01 (Lux et origo)<\/a> (9)\n<\/li>\n\t<li class=\"cat-item cat-item-610134094\"><a href=\"https:\/\/wobronietradycjiiwiary.com\/pl\/category\/musica-sacra\/kyriale-animacja\/kyriale-2-kyrie-fons-bonitatis\/\">Kyriale 02 (Kyrie fons bonitatis)<\/a> (18)\n<\/li>\n\t<li class=\"cat-item cat-item-610134061\"><a href=\"https:\/\/wobronietradycjiiwiary.com\/pl\/category\/musica-sacra\/kyriale-animacja\/\">Kyriale animacja<\/a> (38)\n<\/li>\n\t<li class=\"cat-item cat-item-610134123\"><a href=\"https:\/\/wobronietradycjiiwiary.com\/pl\/category\/musica-sacra\/kyriale-animacja\/kyriale-teoria\/\">Kyriale teoria<\/a> (4)\n<\/li>\n\t<li class=\"cat-item cat-item-610136133\"><a href=\"https:\/\/wobronietradycjiiwiary.com\/pl\/category\/polemika\/kosciol-posoborowy\/tradycjonalizm\/fsspx\/fsspx-inne-kwestie\/swiecenia-biskupow\/lamont-swiecenia-biskupow\/\">Lamont &#8211; \u015awi\u0119cenia biskup\u00f3w<\/a> (4)\n<\/li>\n\t<li class=\"cat-item cat-item-5079431\"><a href=\"https:\/\/wobronietradycjiiwiary.com\/pl\/category\/polemika\/kosciol-posoborowy\/kosciol-we-francji\/le-barroux\/\">Le Barroux<\/a> (8)\n<\/li>\n\t<li class=\"cat-item cat-item-610134823\"><a href=\"https:\/\/wobronietradycjiiwiary.com\/pl\/category\/polemika\/kosciol-posoborowy\/nowe-ruchy-w-kosciele\/legionisci-chrystusa\/\">Legioni\u015bci Chrystusa<\/a> (5)\n<\/li>\n\t<li class=\"cat-item cat-item-610131289\"><a href=\"https:\/\/wobronietradycjiiwiary.com\/pl\/category\/polemika\/autorzy-polemiczni\/don-pietro-leone\/leone-gnoza\/\">Leone Gnoza<\/a> (8)\n<\/li>\n\t<li class=\"cat-item cat-item-610130910\"><a href=\"https:\/\/wobronietradycjiiwiary.com\/pl\/category\/polemika\/autorzy-polemiczni\/don-pietro-leone\/leone-kosciol-i-asmodeusz\/\">Leone Ko\u015bci\u00f3\u0142 i Asmodeusz<\/a> (19)\n<\/li>\n\t<li class=\"cat-item cat-item-610130955\"><a href=\"https:\/\/wobronietradycjiiwiary.com\/pl\/category\/polemika\/autorzy-polemiczni\/don-pietro-leone\/leone-sobor\/\">Leone Sob\u00f3r<\/a> (4)\n<\/li>\n\t<li class=\"cat-item cat-item-610131195\"><a href=\"https:\/\/wobronietradycjiiwiary.com\/pl\/category\/doktryna\/teologia-dogmatyczna\/rzeczy-ostateczne-eschatologia\/limbus-puerorum\/\">Limbus puerorum<\/a> (2)\n<\/li>\n\t<li class=\"cat-item cat-item-354925559\"><a href=\"https:\/\/wobronietradycjiiwiary.com\/pl\/category\/polemika\/kosciol-posoborowy\/papieze\/papiez-franciszek\/amoris-laetitia\/krytyka-cudza\/list-45\/\">List 45<\/a> (7)\n<\/li>\n\t<li class=\"cat-item cat-item-336375535\"><a href=\"https:\/\/wobronietradycjiiwiary.com\/pl\/category\/duchowosc\/liturgia-i-liturgika\/\">Liturgia i liturgika<\/a> (3,288)\n<\/li>\n\t<li class=\"cat-item cat-item-610133930\"><a href=\"https:\/\/wobronietradycjiiwiary.com\/pl\/category\/losy-duszy-po-smierci\/\">Losy duszy po \u015bmierci<\/a> (28)\n<\/li>\n\t<li class=\"cat-item cat-item-610133663\"><a href=\"https:\/\/wobronietradycjiiwiary.com\/pl\/category\/mezczyzna-katolicki\/majsterkowanie\/\">Majsterkowanie<\/a> (9)\n<\/li>\n\t<li class=\"cat-item cat-item-323830663\"><a href=\"https:\/\/wobronietradycjiiwiary.com\/pl\/category\/polemika\/autorzy-polemiczni\/maria-kominek-ops\/\">Maria Kominek OPs<\/a> (22)\n<\/li>\n\t<li class=\"cat-item cat-item-610130723\"><a href=\"https:\/\/wobronietradycjiiwiary.com\/pl\/category\/doktryna\/teologia-dogmatyczna\/mariologia\/\">Mariologia<\/a> (28)\n<\/li>\n\t<li class=\"cat-item cat-item-610135937\"><a href=\"https:\/\/wobronietradycjiiwiary.com\/pl\/category\/doktryna\/teologia-dogmatyczna\/mariologia\/mater-populi-fidelis\/\">Mater Populi Fidelis<\/a> (16)\n<\/li>\n\t<li class=\"cat-item cat-item-610131187\"><a href=\"https:\/\/wobronietradycjiiwiary.com\/pl\/category\/doktryna\/teologia-moralna\/malzenstwo\/\">Ma\u0142\u017ce\u0144stwo i rodzina<\/a> (52)\n<\/li>\n\t<li class=\"cat-item cat-item-610135615\"><a href=\"https:\/\/wobronietradycjiiwiary.com\/pl\/category\/polemika\/autorzy-polemiczni\/mcfadden\/\">McFadden<\/a> (3)\n<\/li>\n\t<li class=\"cat-item cat-item-610133940\"><a href=\"https:\/\/wobronietradycjiiwiary.com\/pl\/category\/doktryna\/teologia-dogmatyczna\/papiestwo\/pius-xii-papiestwo\/mediator-dei-1947\/\">Mediator Dei (1947)<\/a> (1)\n<\/li>\n\t<li class=\"cat-item cat-item-878669\"><a href=\"https:\/\/wobronietradycjiiwiary.com\/pl\/category\/polemika\/kosciol-posoborowy\/nowe-ruchy-w-kosciele\/medjugorie\/\">Medjugorie<\/a> (18)\n<\/li>\n\t<li class=\"cat-item cat-item-23142228\"><a href=\"https:\/\/wobronietradycjiiwiary.com\/pl\/category\/musica-sacra\/nagrania\/missae\/\">Missae<\/a> (27)\n<\/li>\n\t<li class=\"cat-item cat-item-347875972\"><a href=\"https:\/\/wobronietradycjiiwiary.com\/pl\/category\/duchowosc\/mistyka-i-pseudomistyka\/\">Mistyka i pseudomistyka<\/a> (56)\n<\/li>\n\t<li class=\"cat-item cat-item-5799944\"><a href=\"https:\/\/wobronietradycjiiwiary.com\/pl\/category\/doktryna\/teologia-dogmatyczna\/przymioty-boze\/milosierdzie-boze\/\">Mi\u0142osierdzie Bo\u017ce<\/a> (7)\n<\/li>\n\t<li class=\"cat-item cat-item-8086\"><a href=\"https:\/\/wobronietradycjiiwiary.com\/pl\/category\/doktryna\/teologia-moralna\/moda\/\">Moda<\/a> (15)\n<\/li>\n\t<li class=\"cat-item cat-item-949759\"><a href=\"https:\/\/wobronietradycjiiwiary.com\/pl\/category\/duchowosc\/modlitwy\/\">Modlitwy<\/a> (30)\n<\/li>\n\t<li class=\"cat-item cat-item-610131455\"><a href=\"https:\/\/wobronietradycjiiwiary.com\/pl\/category\/duchowosc\/modlitwy\/modlitwy-ks-rippergera\/\">Modlitwy ks. Rippergera<\/a> (1)\n<\/li>\n\t<li class=\"cat-item cat-item-610130963\"><a href=\"https:\/\/wobronietradycjiiwiary.com\/pl\/category\/duchowosc\/mistyka-i-pseudomistyka\/modlitwy-nieautentyczne\/\">Modlitwy nieautentyczne<\/a> (5)\n<\/li>\n\t<li class=\"cat-item cat-item-542097345\"><a href=\"https:\/\/wobronietradycjiiwiary.com\/pl\/category\/duchowosc\/modlitwy\/modlitwy-o-pogode\/\">Modlitwy o pogod\u0119<\/a> (2)\n<\/li>\n\t<li class=\"cat-item cat-item-430002407\"><a href=\"https:\/\/wobronietradycjiiwiary.com\/pl\/category\/doktryna\/teologia-dogmatyczna\/odpusty-sakramenty\/modlitwy-odpustowe\/\">Modlitwy odpustowe<\/a> (15)\n<\/li>\n\t<li class=\"cat-item cat-item-542097254\"><a href=\"https:\/\/wobronietradycjiiwiary.com\/pl\/category\/duchowosc\/modlitwy\/modlitwy-przy-konajacych\/\">Modlitwy przy konaj\u0105cych<\/a> (2)\n<\/li>\n\t<li class=\"cat-item cat-item-610133935\"><a href=\"https:\/\/wobronietradycjiiwiary.com\/pl\/category\/duchowosc\/mistyka-i-pseudomistyka\/kwietyzm\/molinos\/\">Molinos<\/a> (8)\n<\/li>\n\t<li class=\"cat-item cat-item-610131756\"><a href=\"https:\/\/wobronietradycjiiwiary.com\/pl\/category\/duchowosc\/modlitwy\/egzorcyzmy\/egzorcyzm-z-rituale-romanum\/mp3-we\/\">Mp3 WE<\/a> (2)\n<\/li>\n\t<li class=\"cat-item cat-item-610135939\"><a href=\"https:\/\/wobronietradycjiiwiary.com\/pl\/category\/doktryna\/teologia-dogmatyczna\/mariologia\/mater-populi-fidelis\/mpf-analiza-stowarzyszenia-mariologow\/\">MPF &#8211; Analiza Stowarzyszenia Mariolog\u00f3w<\/a> (4)\n<\/li>\n\t<li class=\"cat-item cat-item-610135938\"><a href=\"https:\/\/wobronietradycjiiwiary.com\/pl\/category\/doktryna\/teologia-dogmatyczna\/mariologia\/mater-populi-fidelis\/mpf-analiza-wlasna\/\">MPF &#8211; Analiza w\u0142asna<\/a> (4)\n<\/li>\n\t<li class=\"cat-item cat-item-5647912\"><a href=\"https:\/\/wobronietradycjiiwiary.com\/pl\/category\/duchowosc\/liturgia-i-liturgika\/msza-trydencka\/\">Msza Trydencka<\/a> (712)\n<\/li>\n\t<li class=\"cat-item cat-item-533573993\"><a href=\"https:\/\/wobronietradycjiiwiary.com\/pl\/category\/duchowosc\/uwagi-administracji\/msza-za-dobroczyncow\/\">Msza za dobroczy\u0144c\u00f3w<\/a> (19)\n<\/li>\n\t<li class=\"cat-item cat-item-610131850\"><a href=\"https:\/\/wobronietradycjiiwiary.com\/pl\/category\/polemika\/kosciol-posoborowy\/papieze\/benedykt-xvi-abdykacja\/munus-i-ministerium\/\">Munus i ministerium<\/a> (15)\n<\/li>\n\t<li class=\"cat-item cat-item-645151\"><a href=\"https:\/\/wobronietradycjiiwiary.com\/pl\/category\/musica-sacra\/\">Musica Sacra<\/a> (80)\n<\/li>\n\t<li class=\"cat-item cat-item-330103918\"><a href=\"https:\/\/wobronietradycjiiwiary.com\/pl\/category\/musica-sacra\/nagrania\/musica-sacra-movens\/\">Musica Sacra Movens<\/a> (37)\n<\/li>\n\t<li class=\"cat-item cat-item-610133941\"><a href=\"https:\/\/wobronietradycjiiwiary.com\/pl\/category\/musicae-sacrae-disciplina-1955\/\">Musicae Sacrae Disciplina (1955)<\/a> (4)\n<\/li>\n\t<li class=\"cat-item cat-item-610132798\"><a href=\"https:\/\/wobronietradycjiiwiary.com\/pl\/category\/doktryna\/teologia-dogmatyczna\/rzeczy-ostateczne-eschatologia\/czysciec\/muzeum-czyscca\/\">Muzeum Czy\u015b\u0107ca<\/a> (3)\n<\/li>\n\t<li class=\"cat-item cat-item-334967943\"><a href=\"https:\/\/wobronietradycjiiwiary.com\/pl\/category\/musica-sacra\/o-muzyce-sakralnej\/muzyka-dokumenty-kosciola\/\">Muzyka Dokumenty Ko\u015bcio\u0142a<\/a> (12)\n<\/li>\n\t<li class=\"cat-item cat-item-346061445\"><a href=\"https:\/\/wobronietradycjiiwiary.com\/pl\/category\/musica-sacra\/o-muzyce-sakralnej\/muzyka-i-teologia\/\">Muzyka i teologia<\/a> (7)\n<\/li>\n\t<li class=\"cat-item cat-item-610134932\"><a href=\"https:\/\/wobronietradycjiiwiary.com\/pl\/category\/duchowosc\/liturgia-i-liturgika\/rozwazania\/zywoty-swietych\/mescy-swieci\/\">M\u0119scy \u015bwi\u0119ci<\/a> (775)\n<\/li>\n\t<li class=\"cat-item cat-item-610133662\"><a href=\"https:\/\/wobronietradycjiiwiary.com\/pl\/category\/mezczyzna-katolicki\/\">M\u0119\u017cczyzna katolicki<\/a> (14)\n<\/li>\n\t<li class=\"cat-item cat-item-610133286\"><a href=\"https:\/\/wobronietradycjiiwiary.com\/pl\/category\/polemika\/kosciol-posoborowy\/naduzycia-seksualne-w-kosciele\/\">Nadu\u017cycia seksualne w Ko\u015bciele<\/a> (15)\n<\/li>\n\t<li class=\"cat-item cat-item-610131223\"><a href=\"https:\/\/wobronietradycjiiwiary.com\/pl\/category\/musica-sacra\/nagrania\/\">Nagrania<\/a> (20)\n<\/li>\n\t<li class=\"cat-item cat-item-610130763\"><a href=\"https:\/\/wobronietradycjiiwiary.com\/pl\/category\/doktryna\/teologia-dogmatyczna\/papiestwo\/nauczanie-papiezy\/\">Nauczanie papie\u017cy<\/a> (4)\n<\/li>\n\t<li class=\"cat-item cat-item-296862481\"><a href=\"https:\/\/wobronietradycjiiwiary.com\/pl\/category\/polemika\/kosciol-posoborowy\/nowe-ruchy-w-kosciele\/neokatechumenat-apologetyka\/\">Neokatechumenat<\/a> (21)\n<\/li>\n\t<li class=\"cat-item cat-item-610135728\"><a href=\"https:\/\/wobronietradycjiiwiary.com\/pl\/category\/polemika\/kosciol-posoborowy\/papieze\/leon-xiv\/newman\/\">Newman<\/a> (4)\n<\/li>\n\t<li class=\"cat-item cat-item-610133850\"><a href=\"https:\/\/wobronietradycjiiwiary.com\/pl\/category\/doktryna\/teologia-dogmatyczna\/rzeczy-ostateczne-eschatologia\/niebo\/\">Niebo<\/a> (39)\n<\/li>\n\t<li class=\"cat-item cat-item-610131483\"><a href=\"https:\/\/wobronietradycjiiwiary.com\/pl\/category\/doktryna\/teologia-dogmatyczna\/papiestwo\/nieomylnosc-papieska\/charyzmat-nieomylnosci\/\">Nieomylno\u015bci charyzmat<\/a> (14)\n<\/li>\n\t<li class=\"cat-item cat-item-202046247\"><a href=\"https:\/\/wobronietradycjiiwiary.com\/pl\/category\/doktryna\/teologia-dogmatyczna\/papiestwo\/nieomylnosc-papieska\/\">Nieomylno\u015b\u0107 papieska<\/a> (5)\n<\/li>\n\t<li class=\"cat-item cat-item-610136212\"><a href=\"https:\/\/wobronietradycjiiwiary.com\/pl\/category\/doktryna\/teologia-moralna\/swiety-tomasz-z-akwinu\/o-wadzie-i-grzechu\/nieznajomosc-przyczyna-grzechu\/\">Nieznajomo\u015b\u0107 przyczyn\u0105 grzechu<\/a> (4)\n<\/li>\n\t<li class=\"cat-item cat-item-501144617\"><a href=\"https:\/\/wobronietradycjiiwiary.com\/pl\/category\/doktryna\/teologia-jako-nauka\/notae-theologicae\/\">Notae theologicae<\/a> (4)\n<\/li>\n\t<li class=\"cat-item cat-item-610130985\"><a href=\"https:\/\/wobronietradycjiiwiary.com\/pl\/category\/doktryna\/teologia-dogmatyczna\/demonologia-teologia\/demonologia-praktyczna\/notatki-wikarego-z-prowincji\/\">Notatki wikarego z prowincji<\/a> (4)\n<\/li>\n\t<li class=\"cat-item cat-item-610133723\"><a href=\"https:\/\/wobronietradycjiiwiary.com\/pl\/category\/duchowosc\/novus-ordo\/\">Novus Ordo<\/a> (8)\n<\/li>\n\t<li class=\"cat-item cat-item-339795302\"><a href=\"https:\/\/wobronietradycjiiwiary.com\/pl\/category\/polemika\/kosciol-posoborowy\/nowe-ruchy-w-kosciele\/\">Nowe ruchy w Ko\u015bciele<\/a> (56)\n<\/li>\n\t<li class=\"cat-item cat-item-610132819\"><a href=\"https:\/\/wobronietradycjiiwiary.com\/pl\/category\/duchowosc\/liturgia-i-liturgika\/rozwazania\/rok-liturgiczny\/adwent\/o-antyfony\/\">O Antyfony<\/a> (35)\n<\/li>\n\t<li class=\"cat-item cat-item-610136208\"><a href=\"https:\/\/wobronietradycjiiwiary.com\/pl\/category\/doktryna\/teologia-moralna\/swiety-tomasz-z-akwinu\/o-wadzie-i-grzechu\/o-grzechu-pierworodnym-jako-przyczynie-grzechu\/\">O grzechu pierworodnym jako przyczynie grzechu<\/a> (9)\n<\/li>\n\t<li class=\"cat-item cat-item-610134983\"><a href=\"https:\/\/wobronietradycjiiwiary.com\/pl\/category\/doktryna\/teologia-moralna\/swiety-tomasz-z-akwinu\/o-lichwie\/\">O lichwie<\/a> (4)\n<\/li>\n\t<li class=\"cat-item cat-item-610131224\"><a href=\"https:\/\/wobronietradycjiiwiary.com\/pl\/category\/musica-sacra\/o-muzyce-sakralnej\/\">O muzyce sakralnej<\/a> (14)\n<\/li>\n\t<li class=\"cat-item cat-item-610133938\"><a href=\"https:\/\/wobronietradycjiiwiary.com\/pl\/category\/o-muzyce-sakralnej-1962\/\">O muzyce sakralnej (1962)<\/a> (2)\n<\/li>\n\t<li class=\"cat-item cat-item-610134952\"><a href=\"https:\/\/wobronietradycjiiwiary.com\/pl\/category\/doktryna\/teologia-moralna\/swiety-tomasz-z-akwinu\/o-oszustwie-przy-kupnie-i-sprzedazy\/\">O oszustwie przy kupnie i sprzeda\u017cy<\/a> (4)\n<\/li>\n\t<li class=\"cat-item cat-item-610130750\"><a href=\"https:\/\/wobronietradycjiiwiary.com\/pl\/category\/doktryna\/teologia-dogmatyczna\/o-religii\/\">O religii<\/a> (7)\n<\/li>\n\t<li class=\"cat-item cat-item-610130735\"><a href=\"https:\/\/wobronietradycjiiwiary.com\/pl\/category\/duchowosc\/autorzy\/sw-bernard-z-clairvaux\/o-stopniach-pokory\/\">O stopniach pokory o pychy<\/a> (23)\n<\/li>\n\t<li class=\"cat-item cat-item-610135140\"><a href=\"https:\/\/wobronietradycjiiwiary.com\/pl\/category\/doktryna\/teologia-moralna\/swiety-tomasz-z-akwinu\/o-wadzie-i-grzechu\/\">O wadzie i grzechu<\/a> (74)\n<\/li>\n\t<li class=\"cat-item cat-item-610130850\"><a href=\"https:\/\/wobronietradycjiiwiary.com\/pl\/category\/duchowosc\/autorzy\/augustin-poulain-sj\/\">o. Augustin Poulain SJ &#8211; &quot;\u0141aski modlitwy w Chrystusie Odkupicielu&quot;<\/a> (241)\n<\/li>\n\t<li class=\"cat-item cat-item-578310521\"><a href=\"https:\/\/wobronietradycjiiwiary.com\/pl\/category\/duchowosc\/autorzy\/augustin-poulain-sj\/augustin-poulain-sj-pdf\/\">o. Augustin Poulain SJ pdf<\/a> (9)\n<\/li>\n\t<li class=\"cat-item cat-item-610131747\"><a href=\"https:\/\/wobronietradycjiiwiary.com\/pl\/category\/duchowosc\/mistyka-i-pseudomistyka\/objawienia-prywatne\/o-schrijvers-cssr\/\">O. Schrijvers CsSr<\/a> (1)\n<\/li>\n\t<li class=\"cat-item cat-item-610131746\"><a href=\"https:\/\/wobronietradycjiiwiary.com\/pl\/category\/duchowosc\/mistyka-i-pseudomistyka\/objawienia-prywatne\/o-surin-sj\/\">O. Surin SJ<\/a> (1)\n<\/li>\n\t<li class=\"cat-item cat-item-610133933\"><a href=\"https:\/\/wobronietradycjiiwiary.com\/pl\/category\/doktryna\/teologia-dogmatyczna\/demonologia-teologia\/demon-teor\/opetania-w-loudun\/o-surin-sj-opetania-w-loudun\/\">o. Surin SJ<\/a> (16)\n<\/li>\n\t<li class=\"cat-item cat-item-81709867\"><a href=\"https:\/\/wobronietradycjiiwiary.com\/pl\/category\/polemika\/kosciol-posoborowy\/nowe-ruchy-w-kosciele\/oazy\/\">Oazy<\/a> (10)\n<\/li>\n\t<li class=\"cat-item cat-item-610132730\"><a href=\"https:\/\/wobronietradycjiiwiary.com\/pl\/category\/duchowosc\/mistyka-i-pseudomistyka\/faustyna-kowalska\/objawienia-faustyny-kowalskiej\/\">Objawienia Faustyny Kowalskiej<\/a> (20)\n<\/li>\n\t<li class=\"cat-item cat-item-610131748\"><a href=\"https:\/\/wobronietradycjiiwiary.com\/pl\/category\/duchowosc\/mistyka-i-pseudomistyka\/objawienia-prywatne\/objawienia-maryjne-ogolnie\/\">Objawienia maryjne og\u00f3lnie<\/a> (6)\n<\/li>\n\t<li class=\"cat-item cat-item-44224351\"><a href=\"https:\/\/wobronietradycjiiwiary.com\/pl\/category\/duchowosc\/mistyka-i-pseudomistyka\/objawienia-prywatne\/\">Objawienia prywatne<\/a> (55)\n<\/li>\n\t<li class=\"cat-item cat-item-610133483\"><a href=\"https:\/\/wobronietradycjiiwiary.com\/pl\/category\/doktryna\/teologia-dogmatyczna\/rzeczy-ostateczne-eschatologia\/czysciec\/objawienia-prywatne-nt-czyscca\/\">Objawienia prywatne nt. czy\u015b\u0107ca<\/a> (55)\n<\/li>\n\t<li class=\"cat-item cat-item-610131226\"><a href=\"https:\/\/wobronietradycjiiwiary.com\/pl\/category\/doktryna\/teologia-moralna\/malzenstwo\/stosunki-seksualne-w-malzenstwie\/obowiazek-malzenski\/\">Obowi\u0105zek ma\u0142\u017ce\u0144ski<\/a> (15)\n<\/li>\n\t<li class=\"cat-item cat-item-610130862\"><a href=\"https:\/\/wobronietradycjiiwiary.com\/pl\/category\/doktryna\/teologia-moralna\/obowiazek-niedzielny\/\">Obowi\u0105zek niedzielny<\/a> (12)\n<\/li>\n\t<li class=\"cat-item cat-item-416828696\"><a href=\"https:\/\/wobronietradycjiiwiary.com\/pl\/category\/doktryna\/teologia-dogmatyczna\/odpusty-sakramenty\/\">Odpusty<\/a> (37)\n<\/li>\n\t<li class=\"cat-item cat-item-481284544\"><a href=\"https:\/\/wobronietradycjiiwiary.com\/pl\/category\/doktryna\/teologia-dogmatyczna\/odpusty-sakramenty\/odpusty-pytania-i-aktualnosci\/\">Odpusty: pytania i aktualno\u015bci<\/a> (5)\n<\/li>\n\t<li class=\"cat-item cat-item-610131117\"><a href=\"https:\/\/wobronietradycjiiwiary.com\/pl\/category\/duchowosc\/modlitwy\/oficjum-za-zmarlych\/\">Oficjum za zmar\u0142ych<\/a> (1)\n<\/li>\n\t<li class=\"cat-item cat-item-610133789\"><a href=\"https:\/\/wobronietradycjiiwiary.com\/pl\/category\/duchowosc\/mistyka-i-pseudomistyka\/ojciec-pio\/\">Ojciec Pio<\/a> (2)\n<\/li>\n\t<li class=\"cat-item cat-item-610133974\"><a href=\"https:\/\/wobronietradycjiiwiary.com\/pl\/category\/duchowosc\/liturgia-i-liturgika\/msza-trydencka\/proprium\/adwent-proprium\/\">Okres adwentu<\/a> (15)\n<\/li>\n\t<li class=\"cat-item cat-item-610133975\"><a href=\"https:\/\/wobronietradycjiiwiary.com\/pl\/category\/duchowosc\/liturgia-i-liturgika\/msza-trydencka\/proprium\/czas-bozego-narodzenia\/\">Okres Bo\u017cego Narodzenia<\/a> (39)\n<\/li>\n\t<li class=\"cat-item cat-item-610135616\"><a href=\"https:\/\/wobronietradycjiiwiary.com\/pl\/category\/doktryna\/teologia-dogmatyczna\/demonologia-teologia\/demon-teor\/okultyzm\/\">Okultyzm<\/a> (4)\n<\/li>\n\t<li class=\"cat-item cat-item-128714\"><a href=\"https:\/\/wobronietradycjiiwiary.com\/pl\/category\/polemika\/kosciol-posoborowy\/nowe-ruchy-w-kosciele\/opus-dei\/\">Opus Dei<\/a> (22)\n<\/li>\n\t<li class=\"cat-item cat-item-610130738\"><a href=\"https:\/\/wobronietradycjiiwiary.com\/pl\/category\/duchowosc\/modlitwy\/orationes-diversae\/\">Orationes diversae<\/a> (4)\n<\/li>\n\t<li class=\"cat-item cat-item-1407350\"><a href=\"https:\/\/wobronietradycjiiwiary.com\/pl\/category\/musica-sacra\/nagrania\/organum\/\">Organum<\/a> (8)\n<\/li>\n\t<li class=\"cat-item cat-item-610136072\"><a href=\"https:\/\/wobronietradycjiiwiary.com\/pl\/category\/polemika\/satanizm\/pachamama\/\">Pachamama<\/a> (13)\n<\/li>\n\t<li class=\"cat-item cat-item-1586075\"><a href=\"https:\/\/wobronietradycjiiwiary.com\/pl\/category\/musica-sacra\/nagrania\/tenebrae\/wielki-czwartek\/palestrina\/\">Palestrina Pt<\/a> (6)\n<\/li>\n\t<li class=\"cat-item cat-item-476764455\"><a href=\"https:\/\/wobronietradycjiiwiary.com\/pl\/category\/musica-sacra\/nagrania\/tenebrae\/wielka-sobota\/palestrina-wielka-sobota\/\">Palestrina Sb<\/a> (5)\n<\/li>\n\t<li class=\"cat-item cat-item-610131216\"><a href=\"https:\/\/wobronietradycjiiwiary.com\/pl\/category\/doktryna\/teologia-dogmatyczna\/papiestwo\/\">Papiestwo<\/a> (21)\n<\/li>\n\t<li class=\"cat-item cat-item-610135629\"><a href=\"https:\/\/wobronietradycjiiwiary.com\/pl\/category\/polemika\/kosciol-posoborowy\/papieze\/\">Papie\u017ce<\/a> (32)\n<\/li>\n\t<li class=\"cat-item cat-item-11835556\"><a href=\"https:\/\/wobronietradycjiiwiary.com\/pl\/category\/polemika\/autorzy-polemiczni\/pawel-milcarek\/\">Pawe\u0142 Milcarek<\/a> (5)\n<\/li>\n\t<li class=\"cat-item cat-item-610131770\"><a href=\"https:\/\/wobronietradycjiiwiary.com\/pl\/category\/doktryna\/teologia-dogmatyczna\/rzeczy-ostateczne-eschatologia\/piek\/\">Piek\u0142o<\/a> (4)\n<\/li>\n\t<li class=\"cat-item cat-item-610131146\"><a href=\"https:\/\/wobronietradycjiiwiary.com\/pl\/category\/duchowosc\/walka-duchowa\/praktyki-pobozne\/pielgrzymki\/\">Pielgrzymki<\/a> (4)\n<\/li>\n\t<li class=\"cat-item cat-item-610130765\"><a href=\"https:\/\/wobronietradycjiiwiary.com\/pl\/category\/doktryna\/teologia-dogmatyczna\/papiestwo\/nauczanie-papiezy\/quanta-cura\/\">Pius IX, Quanta cura<\/a> (2)\n<\/li>\n\t<li class=\"cat-item cat-item-610134682\"><a href=\"https:\/\/wobronietradycjiiwiary.com\/pl\/category\/doktryna\/teologia-dogmatyczna\/papiestwo\/pius-x\/\">Pius X<\/a> (6)\n<\/li>\n\t<li class=\"cat-item cat-item-610135841\"><a href=\"https:\/\/wobronietradycjiiwiary.com\/pl\/category\/doktryna\/teologia-dogmatyczna\/papiestwo\/nauczanie-papiezy\/pius-xi-nauczanie-papiezy\/\">Pius XI<\/a> (3)\n<\/li>\n\t<li class=\"cat-item cat-item-610133939\"><a href=\"https:\/\/wobronietradycjiiwiary.com\/pl\/category\/musica-sacra\/o-muzyce-sakralnej\/muzyka-dokumenty-kosciola\/pius-xii\/\">Pius XII<\/a> (5)\n<\/li>\n\t<li class=\"cat-item cat-item-610134683\"><a href=\"https:\/\/wobronietradycjiiwiary.com\/pl\/category\/doktryna\/teologia-dogmatyczna\/papiestwo\/pius-xii-papiestwo\/\">Pius XII<\/a> (4)\n<\/li>\n\t<li class=\"cat-item cat-item-610131041\"><a href=\"https:\/\/wobronietradycjiiwiary.com\/pl\/category\/polemika\/kosciol-posoborowy\/papieze\/papiez-franciszek\/placuit-deo\/\">Placuit Deo<\/a> (8)\n<\/li>\n\t<li class=\"cat-item cat-item-610136261\"><a href=\"https:\/\/wobronietradycjiiwiary.com\/pl\/category\/polemika\/autorzy-polemiczni\/plinio-correa-de-oliveira\/\">Plinio Correa de Oliveira<\/a> (6)\n<\/li>\n\t<li class=\"cat-item cat-item-610131292\"><a href=\"https:\/\/wobronietradycjiiwiary.com\/pl\/category\/doktryna\/teologia-dogmatyczna\/mariologia\/poboznosc-maryjna\/\">Pobo\u017cno\u015b\u0107 maryjna<\/a> (5)\n<\/li>\n\t<li class=\"cat-item cat-item-610132962\"><a href=\"https:\/\/wobronietradycjiiwiary.com\/pl\/category\/doktryna\/teologia-moralna\/kardynal-gousset\/podrecznik-teologii-moralnej\/\">Podr\u0119cznik teologii moralnej<\/a> (82)\n<\/li>\n\t<li class=\"cat-item cat-item-610136011\"><a href=\"https:\/\/wobronietradycjiiwiary.com\/pl\/category\/polemika\/kosciol-posoborowy\/watykan\/kard-muller\/poglady-eucharystyczne\/\">Pogl\u0105dy eucharystyczne<\/a> (5)\n<\/li>\n\t<li class=\"cat-item cat-item-610136210\"><a href=\"https:\/\/wobronietradycjiiwiary.com\/pl\/category\/doktryna\/teologia-moralna\/swiety-tomasz-z-akwinu\/o-wadzie-i-grzechu\/pojecie-wady-i-grzechu\/\">Poj\u0119cie wady i grzechu<\/a> (6)\n<\/li>\n\t<li class=\"cat-item cat-item-610135023\"><a href=\"https:\/\/wobronietradycjiiwiary.com\/pl\/category\/duchowosc\/autorzy\/augustin-poulain-sj\/poulain-stany-mistyczne-augustin-poulain-sj\/polain-wstep-do-mistyki\/\">Polain &#8211; Wst\u0119p do mistyki<\/a> (2)\n<\/li>\n\t<li class=\"cat-item cat-item-610131186\"><a href=\"https:\/\/wobronietradycjiiwiary.com\/pl\/category\/polemika\/\">Polemika<\/a> (433)\n<\/li>\n\t<li class=\"cat-item cat-item-610131624\"><a href=\"https:\/\/wobronietradycjiiwiary.com\/pl\/category\/polemika\/kosciol-posoborowy\/papieze\/papiez-franciszek\/polemika-z-biskupem-schneiderem\/\">Polemika z biskupem Schneiderem<\/a> (9)\n<\/li>\n\t<li class=\"cat-item cat-item-610135277\"><a href=\"https:\/\/wobronietradycjiiwiary.com\/pl\/category\/doktryna\/teologia-moralna\/post\/\">Post<\/a> (43)\n<\/li>\n\t<li class=\"cat-item cat-item-610135399\"><a href=\"https:\/\/wobronietradycjiiwiary.com\/pl\/category\/doktryna\/teologia-moralna\/post\/post-swiadectwo-wlasne\/\">Post &#8211; \u015bwiadectwo w\u0142asne<\/a> (13)\n<\/li>\n\t<li class=\"cat-item cat-item-610133976\"><a href=\"https:\/\/wobronietradycjiiwiary.com\/pl\/category\/duchowosc\/liturgia-i-liturgika\/msza-trydencka\/proprium\/post-epiphaniam\/\">Post Epiphaniam<\/a> (41)\n<\/li>\n\t<li class=\"cat-item cat-item-3141315\"><a href=\"https:\/\/wobronietradycjiiwiary.com\/pl\/category\/doktryna\/teologia-moralna\/posluszenstwo\/\">Pos\u0142usze\u0144stwo<\/a> (4)\n<\/li>\n\t<li class=\"cat-item cat-item-610133936\"><a href=\"https:\/\/wobronietradycjiiwiary.com\/pl\/category\/potepione-twierdzenia\/\">Pot\u0119pione twierdzenia<\/a> (8)\n<\/li>\n\t<li class=\"cat-item cat-item-610135047\"><a href=\"https:\/\/wobronietradycjiiwiary.com\/pl\/category\/duchowosc\/autorzy\/augustin-poulain-sj\/poulain-stany-mistyczne-augustin-poulain-sj\/poulain-rozbior-kazdego-stopnia-mistycznego\/poulain-dwie-noce-duszy\/\">Poulain &#8211; 0. Dwie noce duszy<\/a> (14)\n<\/li>\n\t<li class=\"cat-item cat-item-610135048\"><a href=\"https:\/\/wobronietradycjiiwiary.com\/pl\/category\/duchowosc\/autorzy\/augustin-poulain-sj\/poulain-stany-mistyczne-augustin-poulain-sj\/poulain-rozbior-kazdego-stopnia-mistycznego\/poulain-etap-ukojenia\/\">Poulain &#8211; 1. Etap ukojenia<\/a> (10)\n<\/li>\n\t<li class=\"cat-item cat-item-610135043\"><a href=\"https:\/\/wobronietradycjiiwiary.com\/pl\/category\/duchowosc\/autorzy\/augustin-poulain-sj\/poulain-stany-mistyczne-augustin-poulain-sj\/poulain-odczucie-obecnosci-bozej\/poulain-pelne-zjednoczenie\/poulain-10-wtornych-cech-zjednoczenia-mistycznego\/\">Poulain &#8211; 10 wt\u00f3rnych cech zjednoczenia mistycznego<\/a> (10)\n<\/li>\n\t<li class=\"cat-item cat-item-610135044\"><a href=\"https:\/\/wobronietradycjiiwiary.com\/pl\/category\/duchowosc\/autorzy\/augustin-poulain-sj\/poulain-stany-mistyczne-augustin-poulain-sj\/poulain-odczucie-obecnosci-bozej\/poulain-pelne-zjednoczenie\/poulain-11-cecha-zjednoczenia-mistycznego\/\">Poulain &#8211; 11 cecha zjednoczenia mistycznego<\/a> (2)\n<\/li>\n\t<li class=\"cat-item cat-item-610135045\"><a href=\"https:\/\/wobronietradycjiiwiary.com\/pl\/category\/duchowosc\/autorzy\/augustin-poulain-sj\/poulain-stany-mistyczne-augustin-poulain-sj\/poulain-odczucie-obecnosci-bozej\/poulain-pelne-zjednoczenie\/poulain-12-cecha-zjednoczenia-mistycznego\/\">Poulain &#8211; 12 cecha zjednoczenia mistycznego<\/a> (4)\n<\/li>\n\t<li class=\"cat-item cat-item-610135049\"><a href=\"https:\/\/wobronietradycjiiwiary.com\/pl\/category\/duchowosc\/autorzy\/augustin-poulain-sj\/poulain-stany-mistyczne-augustin-poulain-sj\/poulain-rozbior-kazdego-stopnia-mistycznego\/poulain-zjednoczenie-pelne\/\">Poulain &#8211; 2. Zjednoczenie pe\u0142ne<\/a> (2)\n<\/li>\n\t<li class=\"cat-item cat-item-610135050\"><a href=\"https:\/\/wobronietradycjiiwiary.com\/pl\/category\/duchowosc\/autorzy\/augustin-poulain-sj\/poulain-stany-mistyczne-augustin-poulain-sj\/poulain-rozbior-kazdego-stopnia-mistycznego\/poulain-ekstaza\/\">Poulain &#8211; 3. Ekstaza<\/a> (11)\n<\/li>\n\t<li class=\"cat-item cat-item-610135051\"><a href=\"https:\/\/wobronietradycjiiwiary.com\/pl\/category\/duchowosc\/autorzy\/augustin-poulain-sj\/poulain-stany-mistyczne-augustin-poulain-sj\/poulain-rozbior-kazdego-stopnia-mistycznego\/poulain-4-malzenstwo-duchowe\/\">Poulain &#8211; 4. Ma\u0142\u017ce\u0144stwo duchowe<\/a> (6)\n<\/li>\n\t<li class=\"cat-item cat-item-610135004\"><a href=\"https:\/\/wobronietradycjiiwiary.com\/pl\/category\/duchowosc\/autorzy\/augustin-poulain-sj\/poulain-objawienia-i-wizje\/poulain-cechy-prawdziwych-i-falszywych-objawien\/\">Poulain &#8211; Cechy prawdziwych i fa\u0142szywych objawie\u0144<\/a> (4)\n<\/li>\n\t<li class=\"cat-item cat-item-610135032\"><a href=\"https:\/\/wobronietradycjiiwiary.com\/pl\/category\/duchowosc\/autorzy\/augustin-poulain-sj\/poulain-stany-mistyczne-augustin-poulain-sj\/poulain-czym-jest-kontemplacja\/\">Poulain &#8211; Czym jest kontemplacja<\/a> (2)\n<\/li>\n\t<li class=\"cat-item cat-item-610135027\"><a href=\"https:\/\/wobronietradycjiiwiary.com\/pl\/category\/duchowosc\/autorzy\/augustin-poulain-sj\/poulain-stany-mistyczne-augustin-poulain-sj\/poulain-ostatnie-stopnie-modlitwy-zwyklej\/poulain-reguly-codziennej-modlitwy-myslnej\/poulain-dobre-i-zle-skutki-modlitwy\/\">Poulain &#8211; Dobre i z\u0142e skutki modlitwy<\/a> (3)\n<\/li>\n\t<li class=\"cat-item cat-item-610135041\"><a href=\"https:\/\/wobronietradycjiiwiary.com\/pl\/category\/duchowosc\/autorzy\/augustin-poulain-sj\/poulain-stany-mistyczne-augustin-poulain-sj\/poulain-odczucie-obecnosci-bozej\/poulain-pelne-zjednoczenie\/poulain-piec-zmyslow-duchowych\/poulain-dotyk-duchowy\/\">Poulain &#8211; Dotyk duchowy<\/a> (7)\n<\/li>\n\t<li class=\"cat-item cat-item-610135042\"><a href=\"https:\/\/wobronietradycjiiwiary.com\/pl\/category\/duchowosc\/autorzy\/augustin-poulain-sj\/poulain-stany-mistyczne-augustin-poulain-sj\/poulain-odczucie-obecnosci-bozej\/poulain-pelne-zjednoczenie\/poulain-piec-zmyslow-duchowych\/poulain-duchowe-powonienie\/\">Poulain &#8211; duchowe powonienie<\/a> (1)\n<\/li>\n\t<li class=\"cat-item cat-item-610135011\"><a href=\"https:\/\/wobronietradycjiiwiary.com\/pl\/category\/duchowosc\/autorzy\/augustin-poulain-sj\/poulain-proby-kontemplatykow\/poulain-dwa-pierwsze-rodzaje-prob\/\">Poulain &#8211; Dwa pierwsze rodzaje pr\u00f3b<\/a> (2)\n<\/li>\n\t<li class=\"cat-item cat-item-610135028\"><a href=\"https:\/\/wobronietradycjiiwiary.com\/pl\/category\/duchowosc\/autorzy\/augustin-poulain-sj\/poulain-stany-mistyczne-augustin-poulain-sj\/poulain-ostatnie-stopnie-modlitwy-zwyklej\/poulain-dzieje-modlitwy-myslnej\/\">Poulain &#8211; Dzieje modlitwy my\u015blnej<\/a> (2)\n<\/li>\n\t<li class=\"cat-item cat-item-610135017\"><a href=\"https:\/\/wobronietradycjiiwiary.com\/pl\/category\/duchowosc\/autorzy\/augustin-poulain-sj\/poulain-konieczne-cechy-kierownika-duchowego\/\">Poulain &#8211; Konieczne cechy kierownika duchowego<\/a> (4)\n<\/li>\n\t<li class=\"cat-item cat-item-610134997\"><a href=\"https:\/\/wobronietradycjiiwiary.com\/pl\/category\/duchowosc\/autorzy\/augustin-poulain-sj\/poulain-lokucje-i-wizje\/\">Poulain &#8211; Lokucje i wizje<\/a> (5)\n<\/li>\n\t<li class=\"cat-item cat-item-610135029\"><a href=\"https:\/\/wobronietradycjiiwiary.com\/pl\/category\/duchowosc\/autorzy\/augustin-poulain-sj\/poulain-stany-mistyczne-augustin-poulain-sj\/poulain-ostatnie-stopnie-modlitwy-zwyklej\/poulain-modlitwa-prostoty\/\">Poulain &#8211; Modlitwa prostoty<\/a> (3)\n<\/li>\n\t<li class=\"cat-item cat-item-610135018\"><a href=\"https:\/\/wobronietradycjiiwiary.com\/pl\/category\/duchowosc\/autorzy\/augustin-poulain-sj\/poulain-o-kwietyzmie\/\">Poulain &#8211; O kwietyzmie<\/a> (12)\n<\/li>\n\t<li class=\"cat-item cat-item-610135001\"><a href=\"https:\/\/wobronietradycjiiwiary.com\/pl\/category\/duchowosc\/autorzy\/augustin-poulain-sj\/poulain-objawienia-i-wizje\/\">Poulain &#8211; Objawienia i wizje<\/a> (45)\n<\/li>\n\t<li class=\"cat-item cat-item-610135033\"><a href=\"https:\/\/wobronietradycjiiwiary.com\/pl\/category\/duchowosc\/autorzy\/augustin-poulain-sj\/poulain-stany-mistyczne-augustin-poulain-sj\/poulain-odczucie-obecnosci-bozej\/\">Poulain &#8211; Odczucie obecno\u015bci Bo\u017cej<\/a> (41)\n<\/li>\n\t<li class=\"cat-item cat-item-610135006\"><a href=\"https:\/\/wobronietradycjiiwiary.com\/pl\/category\/duchowosc\/autorzy\/augustin-poulain-sj\/poulain-objawienia-i-wizje\/poulain-okolicznosci-objawienia\/\">Poulain &#8211; Okoliczno\u015bci objawienia<\/a> (7)\n<\/li>\n\t<li class=\"cat-item cat-item-610135000\"><a href=\"https:\/\/wobronietradycjiiwiary.com\/pl\/category\/duchowosc\/autorzy\/augustin-poulain-sj\/poulain-proby-kontemplatykow\/poulain-opetanie-diabelskie\/\">Poulain &#8211; Op\u0119tanie diabelskie<\/a> (8)\n<\/li>\n\t<li class=\"cat-item cat-item-610134999\"><a href=\"https:\/\/wobronietradycjiiwiary.com\/pl\/category\/duchowosc\/autorzy\/augustin-poulain-sj\/poulain-proby-kontemplatykow\/poulain-osaczenie-diabelskie\/\">Poulain &#8211; Osaczenie diabelskie<\/a> (4)\n<\/li>\n\t<li class=\"cat-item cat-item-610135013\"><a href=\"https:\/\/wobronietradycjiiwiary.com\/pl\/category\/duchowosc\/autorzy\/augustin-poulain-sj\/poulain-proby-kontemplatykow\/poulain-przykrosci-wewnetrzne\/poulain-oschlosc\/\">Poulain &#8211; Osch\u0142o\u015b\u0107<\/a> (2)\n<\/li>\n\t<li class=\"cat-item cat-item-610135005\"><a href=\"https:\/\/wobronietradycjiiwiary.com\/pl\/category\/duchowosc\/autorzy\/augustin-poulain-sj\/poulain-objawienia-i-wizje\/poulain-osoba-wizjonera\/\">Poulain &#8211; Osoba wizjonera<\/a> (9)\n<\/li>\n\t<li class=\"cat-item cat-item-610135025\"><a href=\"https:\/\/wobronietradycjiiwiary.com\/pl\/category\/duchowosc\/autorzy\/augustin-poulain-sj\/poulain-stany-mistyczne-augustin-poulain-sj\/poulain-ostatnie-stopnie-modlitwy-zwyklej\/\">Poulain &#8211; Ostatnie stopnie modlitwy zwyk\u0142ej<\/a> (12)\n<\/li>\n\t<li class=\"cat-item cat-item-610135036\"><a href=\"https:\/\/wobronietradycjiiwiary.com\/pl\/category\/duchowosc\/autorzy\/augustin-poulain-sj\/poulain-stany-mistyczne-augustin-poulain-sj\/poulain-odczucie-obecnosci-bozej\/poulain-pelne-zjednoczenie\/\">Poulain &#8211; Pe\u0142ne zjednoczenie<\/a> (29)\n<\/li>\n\t<li class=\"cat-item cat-item-610135002\"><a href=\"https:\/\/wobronietradycjiiwiary.com\/pl\/category\/duchowosc\/autorzy\/augustin-poulain-sj\/poulain-objawienia-i-wizje\/poulain-piec-przyczyn-bledow\/\">Poulain &#8211; Pi\u0119\u0107 przyczyn b\u0142\u0119d\u00f3w<\/a> (6)\n<\/li>\n\t<li class=\"cat-item cat-item-610135040\"><a href=\"https:\/\/wobronietradycjiiwiary.com\/pl\/category\/duchowosc\/autorzy\/augustin-poulain-sj\/poulain-stany-mistyczne-augustin-poulain-sj\/poulain-odczucie-obecnosci-bozej\/poulain-pelne-zjednoczenie\/poulain-piec-zmyslow-duchowych\/\">Poulain &#8211; Pi\u0119\u0107 zmys\u0142\u00f3w duchowych<\/a> (8)\n<\/li>\n\t<li class=\"cat-item cat-item-610135016\"><a href=\"https:\/\/wobronietradycjiiwiary.com\/pl\/category\/duchowosc\/autorzy\/augustin-poulain-sj\/poulain-pragnienia-zjednoczenia-mistycznego\/\">Poulain &#8211; Pragnienia zjednoczenia mistycznego<\/a> (10)\n<\/li>\n\t<li class=\"cat-item cat-item-610134998\"><a href=\"https:\/\/wobronietradycjiiwiary.com\/pl\/category\/duchowosc\/autorzy\/augustin-poulain-sj\/poulain-proby-kontemplatykow\/\">Poulain &#8211; Pr\u00f3by kontemplatyk\u00f3w<\/a> (42)\n<\/li>\n\t<li class=\"cat-item cat-item-610135003\"><a href=\"https:\/\/wobronietradycjiiwiary.com\/pl\/category\/duchowosc\/autorzy\/augustin-poulain-sj\/poulain-objawienia-i-wizje\/poulain-przyczyny-objawien-falszywych\/\">Poulain &#8211; Przyczyny objawie\u0144 fa\u0142szywych<\/a> (9)\n<\/li>\n\t<li class=\"cat-item cat-item-610135012\"><a href=\"https:\/\/wobronietradycjiiwiary.com\/pl\/category\/duchowosc\/autorzy\/augustin-poulain-sj\/poulain-proby-kontemplatykow\/poulain-przykrosci-wewnetrzne\/\">Poulain &#8211; Przykro\u015bci wewn\u0119trzne<\/a> (15)\n<\/li>\n\t<li class=\"cat-item cat-item-610135015\"><a href=\"https:\/\/wobronietradycjiiwiary.com\/pl\/category\/duchowosc\/autorzy\/augustin-poulain-sj\/poulain-proby-kontemplatykow\/poulain-przykrosci-wewnetrzne\/poulain-przyklady-prob-dlugotrwalych\/\">Poulain &#8211; Przyk\u0142ady pr\u00f3b d\u0142ugotrwa\u0142ych<\/a> (6)\n<\/li>\n\t<li class=\"cat-item cat-item-610135026\"><a href=\"https:\/\/wobronietradycjiiwiary.com\/pl\/category\/duchowosc\/autorzy\/augustin-poulain-sj\/poulain-stany-mistyczne-augustin-poulain-sj\/poulain-ostatnie-stopnie-modlitwy-zwyklej\/poulain-reguly-codziennej-modlitwy-myslnej\/\">Poulain &#8211; Regu\u0142y codziennej modlitwy my\u015blnej<\/a> (6)\n<\/li>\n\t<li class=\"cat-item cat-item-610135008\"><a href=\"https:\/\/wobronietradycjiiwiary.com\/pl\/category\/duchowosc\/autorzy\/augustin-poulain-sj\/poulain-objawienia-i-wizje\/poulain-reguly-dla-kierownika-wizjonera\/\">Poulain &#8211; Regu\u0142y dla kierownika wizjonera<\/a> (4)\n<\/li>\n\t<li class=\"cat-item cat-item-610135009\"><a href=\"https:\/\/wobronietradycjiiwiary.com\/pl\/category\/duchowosc\/autorzy\/augustin-poulain-sj\/poulain-objawienia-i-wizje\/poulain-reguly-dla-samego-wizjonera\/\">Poulain &#8211; Regu\u0142y dla samego wizjonera<\/a> (6)\n<\/li>\n\t<li class=\"cat-item cat-item-610135030\"><a href=\"https:\/\/wobronietradycjiiwiary.com\/pl\/category\/duchowosc\/autorzy\/augustin-poulain-sj\/poulain-stany-mistyczne-augustin-poulain-sj\/poulain-ostatnie-stopnie-modlitwy-zwyklej\/poulain-modlitwa-prostoty\/poulain-reguly-przy-modlitwie-prostoty\/\">Poulain &#8211; Regu\u0142y przy modlitwie prostoty<\/a> (1)\n<\/li>\n\t<li class=\"cat-item cat-item-610135031\"><a href=\"https:\/\/wobronietradycjiiwiary.com\/pl\/category\/duchowosc\/autorzy\/augustin-poulain-sj\/poulain-stany-mistyczne-augustin-poulain-sj\/poulain-rodzaje-lask-mistycznych\/\">Poulain &#8211; Rodzaje \u0142ask mistycznych<\/a> (3)\n<\/li>\n\t<li class=\"cat-item cat-item-610135046\"><a href=\"https:\/\/wobronietradycjiiwiary.com\/pl\/category\/duchowosc\/autorzy\/augustin-poulain-sj\/poulain-stany-mistyczne-augustin-poulain-sj\/poulain-rozbior-kazdego-stopnia-mistycznego\/\">Poulain &#8211; Rozbi\u00f3r ka\u017cdego stopnia mistycznego<\/a> (43)\n<\/li>\n\t<li class=\"cat-item cat-item-610135014\"><a href=\"https:\/\/wobronietradycjiiwiary.com\/pl\/category\/duchowosc\/autorzy\/augustin-poulain-sj\/poulain-proby-kontemplatykow\/poulain-przykrosci-wewnetrzne\/poulain-skrupuly\/\">Poulain &#8211; Skrupu\u0142y<\/a> (1)\n<\/li>\n\t<li class=\"cat-item cat-item-610135035\"><a href=\"https:\/\/wobronietradycjiiwiary.com\/pl\/category\/duchowosc\/autorzy\/augustin-poulain-sj\/poulain-stany-mistyczne-augustin-poulain-sj\/poulain-odczucie-obecnosci-bozej\/poulain-stan-nizszy-od-ekstazy\/\">Poulain &#8211; Stan ni\u017cszy od ekstazy<\/a> (2)\n<\/li>\n\t<li class=\"cat-item cat-item-610135020\"><a href=\"https:\/\/wobronietradycjiiwiary.com\/pl\/category\/duchowosc\/autorzy\/augustin-poulain-sj\/poulain-stany-mistyczne-augustin-poulain-sj\/\">Poulain &#8211; Stany mistyczne<\/a> (105)\n<\/li>\n\t<li class=\"cat-item cat-item-610135034\"><a href=\"https:\/\/wobronietradycjiiwiary.com\/pl\/category\/duchowosc\/autorzy\/augustin-poulain-sj\/poulain-stany-mistyczne-augustin-poulain-sj\/poulain-odczucie-obecnosci-bozej\/poulain-teksty-o-modlitwie-ukojenia\/\">Poulain &#8211; Teksty o modlitwie ukojenia<\/a> (4)\n<\/li>\n\t<li class=\"cat-item cat-item-610135038\"><a href=\"https:\/\/wobronietradycjiiwiary.com\/pl\/category\/duchowosc\/autorzy\/augustin-poulain-sj\/poulain-stany-mistyczne-augustin-poulain-sj\/poulain-odczucie-obecnosci-bozej\/poulain-pelne-zjednoczenie\/poulain-wewnetrzne-posiadanie-boga\/\">Poulain &#8211; Wewn\u0119trzne posiadanie Boga<\/a> (8)\n<\/li>\n\t<li class=\"cat-item cat-item-610135007\"><a href=\"https:\/\/wobronietradycjiiwiary.com\/pl\/category\/duchowosc\/autorzy\/augustin-poulain-sj\/poulain-objawienia-i-wizje\/poulain-wnioski\/\">Poulain &#8211; Wnioski<\/a> (2)\n<\/li>\n\t<li class=\"cat-item cat-item-610135010\"><a href=\"https:\/\/wobronietradycjiiwiary.com\/pl\/category\/duchowosc\/autorzy\/augustin-poulain-sj\/poulain-proby-kontemplatykow\/poulain-zarys-ogolny\/\">Poulain &#8211; Zarys og\u00f3lny<\/a> (4)\n<\/li>\n\t<li class=\"cat-item cat-item-610134384\"><a href=\"https:\/\/wobronietradycjiiwiary.com\/pl\/category\/doktryna\/teologia-dogmatyczna\/demonologia-teologia\/demon-teor\/poulain-sj-osaczenie-i-opetania\/\">Poulain SJ &#8211; osaczenie i op\u0119tania<\/a> (12)\n<\/li>\n\t<li class=\"cat-item cat-item-262744831\"><a href=\"https:\/\/wobronietradycjiiwiary.com\/pl\/category\/doktryna\/teologia-moralna\/malzenstwo\/powolanie-kobiety\/\">Powo\u0142anie kobiety<\/a> (7)\n<\/li>\n\t<li class=\"cat-item cat-item-610131662\"><a href=\"https:\/\/wobronietradycjiiwiary.com\/pl\/category\/doktryna\/teologia-dogmatyczna\/sakramenty-teologia\/spowiedz\/pozasakramentalne-odpuszczenie-grzechow\/\">Pozasakramentalne odpuszczenie grzech\u00f3w<\/a> (12)\n<\/li>\n\t<li class=\"cat-item cat-item-563637244\"><a href=\"https:\/\/wobronietradycjiiwiary.com\/pl\/category\/polemika\/kosciol-posoborowy\/nowe-ruchy-w-kosciele\/medjugorie\/pozostala-krytyka\/\">Pozosta\u0142a krytyka Medjugorje<\/a> (6)\n<\/li>\n\t<li class=\"cat-item cat-item-610130911\"><a href=\"https:\/\/wobronietradycjiiwiary.com\/pl\/category\/doktryna\/teologia-moralna\/malzenstwo\/stosunki-seksualne-w-malzenstwie\/\">Po\u017cycie ma\u0142\u017ce\u0144skie<\/a> (18)\n<\/li>\n\t<li class=\"cat-item cat-item-610130890\"><a href=\"https:\/\/wobronietradycjiiwiary.com\/pl\/category\/doktryna\/teologia-moralna\/praca\/\">Praca<\/a> (5)\n<\/li>\n\t<li class=\"cat-item cat-item-610134679\"><a href=\"https:\/\/wobronietradycjiiwiary.com\/pl\/category\/doktryna\/teologia-dogmatyczna\/sakramenty-teologia\/komunia-sw\/praktyka-komunijna-przed-piusem-x\/\">Praktyka komunijna przed Piusem X<\/a> (4)\n<\/li>\n\t<li class=\"cat-item cat-item-610131217\"><a href=\"https:\/\/wobronietradycjiiwiary.com\/pl\/category\/duchowosc\/walka-duchowa\/praktyki-pobozne\/\">Praktyki pobo\u017cne<\/a> (1)\n<\/li>\n\t<li class=\"cat-item cat-item-610136146\"><a href=\"https:\/\/wobronietradycjiiwiary.com\/pl\/category\/doktryna\/teologia-dogmatyczna\/predestynacja-reprobacja\/prawdopodobienstwo-predestynacji-lub-reprobacji\/\">Prawdopodobie\u0144stwo predestynacji lub reprobacji<\/a> (5)\n<\/li>\n\t<li class=\"cat-item cat-item-610135771\"><a href=\"https:\/\/wobronietradycjiiwiary.com\/pl\/category\/prawo-kanoniczne\/\">Prawo kanoniczne<\/a> (2)\n<\/li>\n\t<li class=\"cat-item cat-item-610131066\"><a href=\"https:\/\/wobronietradycjiiwiary.com\/pl\/category\/doktryna\/teologia-dogmatyczna\/predestynacja-reprobacja\/\">Predestynacja &#8211; Reprobacja<\/a> (3)\n<\/li>\n\t<li class=\"cat-item cat-item-353281784\"><a href=\"https:\/\/wobronietradycjiiwiary.com\/pl\/category\/doktryna\/teologia-jako-nauka\/predyspozycje-do-teologii\/\">Predyspozycje do teologii<\/a> (10)\n<\/li>\n\t<li class=\"cat-item cat-item-610132085\"><a href=\"https:\/\/wobronietradycjiiwiary.com\/pl\/category\/doktryna\/teologia-dogmatyczna\/kanonizacje\/proces-kanonizacyjny\/\">Proces kanonizacyjny<\/a> (7)\n<\/li>\n\t<li class=\"cat-item cat-item-20472889\"><a href=\"https:\/\/wobronietradycjiiwiary.com\/pl\/category\/duchowosc\/liturgia-i-liturgika\/msza-trydencka\/proprium\/\">Proprium<\/a> (734)\n<\/li>\n\t<li class=\"cat-item cat-item-610131377\"><a href=\"https:\/\/wobronietradycjiiwiary.com\/pl\/category\/polemika\/kosciol-posoborowy\/papieze\/papiez-franciszek\/synod-amazonski\/protest-przeciw-pachamama\/\">Protest przeciw Pachamama<\/a> (8)\n<\/li>\n\t<li class=\"cat-item cat-item-972006\"><a href=\"https:\/\/wobronietradycjiiwiary.com\/pl\/category\/polemika\/protestantyzm\/\">Protestantyzm<\/a> (16)\n<\/li>\n\t<li class=\"cat-item cat-item-610134619\"><a href=\"https:\/\/wobronietradycjiiwiary.com\/pl\/category\/duchowosc\/liturgia-i-liturgika\/msza-trydencka\/proprium\/przedposcie-i-wielki-post\/\">Przedpo\u015bcie i Wielki Post<\/a> (34)\n<\/li>\n\t<li class=\"cat-item cat-item-610132675\"><a href=\"https:\/\/wobronietradycjiiwiary.com\/pl\/category\/polemika\/kosciol-posoborowy\/tradycjonalizm\/fsspx\/przestepstwa-seksualne\/\">Przest\u0119pstwa seksualne<\/a> (24)\n<\/li>\n\t<li class=\"cat-item cat-item-610130855\"><a href=\"https:\/\/wobronietradycjiiwiary.com\/pl\/category\/doktryna\/teologia-dogmatyczna\/przymioty-boze\/\">Przymioty Bo\u017ce<\/a> (20)\n<\/li>\n\t<li class=\"cat-item cat-item-610131119\"><a href=\"https:\/\/wobronietradycjiiwiary.com\/pl\/category\/duchowosc\/modlitwy\/egzorcyzmy\/psalmy-zlorzeczace\/\">Psalmy z\u0142orzecz\u0105ce<\/a> (3)\n<\/li>\n\t<li class=\"cat-item cat-item-610130993\"><a href=\"https:\/\/wobronietradycjiiwiary.com\/pl\/category\/duchowosc\/modlitwy\/psalterz-polsko-lacinski\/\">Psa\u0142terz polsko-\u0142aci\u0144ski<\/a> (1)\n<\/li>\n\t<li class=\"cat-item cat-item-610135545\"><a href=\"https:\/\/wobronietradycjiiwiary.com\/pl\/category\/polemika\/kosciol-posoborowy\/kosciol-w-usa\/randy-engel-ryt-sodomii\/\">Randy Engel, Ryt sodomii<\/a> (7)\n<\/li>\n\t<li class=\"cat-item cat-item-610136169\"><a href=\"https:\/\/wobronietradycjiiwiary.com\/pl\/category\/polemika\/kosciol-posoborowy\/tradycjonalizm\/redemptorysci-transalpejscy\/\">Redemptory\u015bci Transalpejscy<\/a> (12)\n<\/li>\n\t<li class=\"cat-item cat-item-610134718\"><a href=\"https:\/\/wobronietradycjiiwiary.com\/pl\/category\/polemika\/kosciol-posoborowy\/tradycjonalizm\/fsspx\/przestepstwa-seksualne\/relacje-church-militant\/\">Relacje Church Militant<\/a> (12)\n<\/li>\n\t<li class=\"cat-item cat-item-610134725\"><a href=\"https:\/\/wobronietradycjiiwiary.com\/pl\/category\/polemika\/kosciol-posoborowy\/tradycjonalizm\/fsspx\/przestepstwa-seksualne\/relacje-stella-maris\/\">Relacje Stella Maris<\/a> (6)\n<\/li>\n\t<li class=\"cat-item cat-item-610132783\"><a href=\"https:\/\/wobronietradycjiiwiary.com\/pl\/category\/duchowosc\/modlitwy\/rituale-eynattena\/\">Rituale Eynattena<\/a> (2)\n<\/li>\n\t<li class=\"cat-item cat-item-610131008\"><a href=\"https:\/\/wobronietradycjiiwiary.com\/pl\/category\/duchowosc\/modlitwy\/rituale-klasztoru-w-biburgu\/\">Rituale klasztoru w Biburgu<\/a> (2)\n<\/li>\n\t<li class=\"cat-item cat-item-610136292\"><a href=\"https:\/\/wobronietradycjiiwiary.com\/pl\/category\/polemika\/autorzy-polemiczni\/roberto-de-mattei\/\">Roberto de Mattei<\/a> (5)\n<\/li>\n\t<li class=\"cat-item cat-item-610131268\"><a href=\"https:\/\/wobronietradycjiiwiary.com\/pl\/category\/duchowosc\/liturgia-i-liturgika\/rozwazania\/rok-liturgiczny\/\">Rok liturgiczny<\/a> (923)\n<\/li>\n\t<li class=\"cat-item cat-item-610134564\"><a href=\"https:\/\/wobronietradycjiiwiary.com\/pl\/category\/doktryna\/teologia-moralna\/swiety-tomasz-z-akwinu\/rozpusta-luxuria\/\">Rozpusta (luxuria)<\/a> (19)\n<\/li>\n\t<li class=\"cat-item cat-item-610131155\"><a href=\"https:\/\/wobronietradycjiiwiary.com\/pl\/category\/duchowosc\/liturgia-i-liturgika\/rozwazania\/\">Rozwa\u017cania liturgiczne<\/a> (1,623)\n<\/li>\n\t<li class=\"cat-item cat-item-610131047\"><a href=\"https:\/\/wobronietradycjiiwiary.com\/pl\/category\/duchowosc\/liturgia-i-liturgika\/rozwazania\/rok-liturgiczny\/rozwazania-majowe\/\">Rozwa\u017cania majowe<\/a> (125)\n<\/li>\n\t<li class=\"cat-item cat-item-89307400\"><a href=\"https:\/\/wobronietradycjiiwiary.com\/pl\/category\/polemika\/kosciol-posoborowy\/nowe-ruchy-w-kosciele\/ruch-charyzmatyczny\/\">Ruch charyzmatyczny<\/a> (16)\n<\/li>\n\t<li class=\"cat-item cat-item-28860480\"><a href=\"https:\/\/wobronietradycjiiwiary.com\/pl\/category\/polemika\/kosciol-posoborowy\/nowe-ruchy-w-kosciele\/ruch-rodzin-nazaretanskich\/\">Ruch Rodzin Nazareta\u0144skich<\/a> (12)\n<\/li>\n\t<li class=\"cat-item cat-item-402578791\"><a href=\"https:\/\/wobronietradycjiiwiary.com\/pl\/category\/doktryna\/teologia-dogmatyczna\/rzeczy-ostateczne-eschatologia\/\">Rzeczy ostateczne<\/a> (234)\n<\/li>\n\t<li class=\"cat-item cat-item-3764412\"><a href=\"https:\/\/wobronietradycjiiwiary.com\/pl\/category\/doktryna\/teologia-dogmatyczna\/sakramentalia\/\">Sakramentalia<\/a> (53)\n<\/li>\n\t<li class=\"cat-item cat-item-378121657\"><a href=\"https:\/\/wobronietradycjiiwiary.com\/pl\/category\/doktryna\/teologia-dogmatyczna\/sakramenty-teologia\/\">Sakramenty<\/a> (27)\n<\/li>\n\t<li class=\"cat-item cat-item-610133281\"><a href=\"https:\/\/wobronietradycjiiwiary.com\/pl\/category\/polemika\/satanizm\/\">Satanizm<\/a> (18)\n<\/li>\n\t<li class=\"cat-item cat-item-420042894\"><a href=\"https:\/\/wobronietradycjiiwiary.com\/pl\/category\/polemika\/kosciol-posoborowy\/sedewakantyzm-kosciol-posoborowy\/\">Sedewakantyzm<\/a> (9)\n<\/li>\n\t<li class=\"cat-item cat-item-3861432\"><a href=\"https:\/\/wobronietradycjiiwiary.com\/pl\/category\/polemika\/kosciol-posoborowy\/sekty\/\">Sekty<\/a> (12)\n<\/li>\n\t<li class=\"cat-item cat-item-610133875\"><a href=\"https:\/\/wobronietradycjiiwiary.com\/pl\/category\/polemika\/apokaliptyka-2\/fatima\/siostra-lucja\/\">Siostra \u0141ucja<\/a> (2)\n<\/li>\n\t<li class=\"cat-item cat-item-610134392\"><a href=\"https:\/\/wobronietradycjiiwiary.com\/pl\/category\/doktryna\/teologia-moralna\/skrupuly\/\">Skrupu\u0142y<\/a> (21)\n<\/li>\n\t<li class=\"cat-item cat-item-610133937\"><a href=\"https:\/\/wobronietradycjiiwiary.com\/pl\/category\/musica-sacra\/o-muzyce-sakralnej\/muzyka-dokumenty-kosciola\/sobor-watykanski-ii-muzyka-dokumenty-kosciola\/\">Sob\u00f3r Watyka\u0144ski II<\/a> (1)\n<\/li>\n\t<li class=\"cat-item cat-item-610131269\"><a href=\"https:\/\/wobronietradycjiiwiary.com\/pl\/category\/polemika\/apologetyka-i-polemika\/vaticanum-secundum-sobor-watykanski-ii\/sobor-watykanski-ii\/\">Sob\u00f3r Watyka\u0144ski II<\/a> (1)\n<\/li>\n\t<li class=\"cat-item cat-item-610133121\"><a href=\"https:\/\/wobronietradycjiiwiary.com\/pl\/category\/doktryna\/teologia-dogmatyczna\/soteriologia\/\">Soteriologia<\/a> (25)\n<\/li>\n\t<li class=\"cat-item cat-item-610131270\"><a href=\"https:\/\/wobronietradycjiiwiary.com\/pl\/category\/duchowosc\/modlitwy\/spis-modlitw-i-praktyk\/\">Spis modlitw i praktyk<\/a> (1)\n<\/li>\n\t<li class=\"cat-item cat-item-610132062\"><a href=\"https:\/\/wobronietradycjiiwiary.com\/pl\/category\/doktryna\/teologia-dogmatyczna\/sakramenty-teologia\/spowiedz\/\">Spowied\u017a<\/a> (5)\n<\/li>\n\t<li class=\"cat-item cat-item-610136149\"><a href=\"https:\/\/wobronietradycjiiwiary.com\/pl\/category\/doktryna\/teologia-dogmatyczna\/sakramenty-teologia\/spowiedz\/spowiedz-aktem-sadowym\/\">Spowied\u017a aktem s\u0105dowym<\/a> (3)\n<\/li>\n\t<li class=\"cat-item cat-item-140175541\"><a href=\"https:\/\/wobronietradycjiiwiary.com\/pl\/category\/doktryna\/teologia-dogmatyczna\/sakramenty-teologia\/spowiedz\/spowiedz-furtkowa\/\">Spowied\u017a furtkowa<\/a> (2)\n<\/li>\n\t<li class=\"cat-item cat-item-610131710\"><a href=\"https:\/\/wobronietradycjiiwiary.com\/pl\/category\/doktryna\/teologia-dogmatyczna\/sakramenty-teologia\/spowiedz\/spowiedz-przed-swieckim\/\">Spowied\u017a przed \u015bwieckim<\/a> (4)\n<\/li>\n\t<li class=\"cat-item cat-item-610130895\"><a href=\"https:\/\/wobronietradycjiiwiary.com\/pl\/category\/polemika\/kosciol-posoborowy\/papieze\/papiez-franciszek\/synod-amazonski\/\">Synod amazo\u0144ski 2019<\/a> (8)\n<\/li>\n\t<li class=\"cat-item cat-item-400761042\"><a href=\"https:\/\/wobronietradycjiiwiary.com\/pl\/category\/polemika\/kosciol-posoborowy\/papieze\/papiez-franciszek\/synod-ds-rodziny-2015\/\">Synod ds Rodziny 2015<\/a> (7)\n<\/li>\n\t<li class=\"cat-item cat-item-610133851\"><a href=\"https:\/\/wobronietradycjiiwiary.com\/pl\/category\/doktryna\/teologia-dogmatyczna\/rzeczy-ostateczne-eschatologia\/sad-ostateczny\/\">S\u0105d Ostateczny<\/a> (28)\n<\/li>\n\t<li class=\"cat-item cat-item-2804580\"><a href=\"https:\/\/wobronietradycjiiwiary.com\/pl\/category\/musica-sacra\/nagrania\/tenebrae\/wielki-czwartek\/tallis\/\">Tallis<\/a> (15)\n<\/li>\n\t<li class=\"cat-item cat-item-825866\"><a href=\"https:\/\/wobronietradycjiiwiary.com\/pl\/category\/musica-sacra\/nagrania\/tenebrae\/\">Tenebrae<\/a> (20)\n<\/li>\n\t<li class=\"cat-item cat-item-610131901\"><a href=\"https:\/\/wobronietradycjiiwiary.com\/pl\/category\/teologia\/\">Teologia<\/a> (16)\n<\/li>\n\t<li class=\"cat-item cat-item-610131902\"><a href=\"https:\/\/wobronietradycjiiwiary.com\/pl\/category\/teologia\/teologia-ascetyczna\/\">Teologia ascetyczna<\/a> (17)\n<\/li>\n\t<li class=\"cat-item cat-item-20680033\"><a href=\"https:\/\/wobronietradycjiiwiary.com\/pl\/category\/polemika\/kosciol-posoborowy\/papieze\/jan-pawel-ii-krytyka\/teologia-ciala\/\">Teologia cia\u0142a<\/a> (6)\n<\/li>\n\t<li class=\"cat-item cat-item-610133484\"><a href=\"https:\/\/wobronietradycjiiwiary.com\/pl\/category\/doktryna\/teologia-dogmatyczna\/rzeczy-ostateczne-eschatologia\/czysciec\/teologia-czyscca-czysciec\/\">Teologia czy\u015b\u0107ca<\/a> (21)\n<\/li>\n\t<li class=\"cat-item cat-item-610135349\"><a href=\"https:\/\/wobronietradycjiiwiary.com\/pl\/category\/doktryna\/teologia-dogmatyczna\/\">Teologia dogmatyczna<\/a> (91)\n<\/li>\n\t<li class=\"cat-item cat-item-326334622\"><a href=\"https:\/\/wobronietradycjiiwiary.com\/pl\/category\/doktryna\/teologia-jako-nauka\/\">Teologia jako nauka<\/a> (9)\n<\/li>\n\t<li class=\"cat-item cat-item-610135350\"><a href=\"https:\/\/wobronietradycjiiwiary.com\/pl\/category\/doktryna\/teologia-liturgii\/\">Teologia liturgii<\/a> (152)\n<\/li>\n\t<li class=\"cat-item cat-item-40321200\"><a href=\"https:\/\/wobronietradycjiiwiary.com\/pl\/category\/doktryna\/teologia-moralna\/\">Teologia moralna<\/a> (339)\n<\/li>\n\t<li class=\"cat-item cat-item-610136037\"><a href=\"https:\/\/wobronietradycjiiwiary.com\/pl\/category\/doktryna\/teologia-moralna\/post\/teologia-moralna-o-poscie\/\">Teologia moralna o po\u015bcie<\/a> (17)\n<\/li>\n\t<li class=\"cat-item cat-item-610131698\"><a href=\"https:\/\/wobronietradycjiiwiary.com\/pl\/category\/duchowosc\/teologia-mszy-sw\/\">Teologia Mszy \u015aw.<\/a> (19)\n<\/li>\n\t<li class=\"cat-item cat-item-610131755\"><a href=\"https:\/\/wobronietradycjiiwiary.com\/pl\/category\/duchowosc\/modlitwy\/egzorcyzmy\/egzorcyzm-z-rituale-romanum\/teologia-we\/\">Teologia WE<\/a> (2)\n<\/li>\n\t<li class=\"cat-item cat-item-329747654\"><a href=\"https:\/\/wobronietradycjiiwiary.com\/pl\/category\/doktryna\/teologiczne-kurioza\/\">Teologiczne kurioza<\/a> (4)\n<\/li>\n\t<li class=\"cat-item cat-item-610136285\"><a href=\"https:\/\/wobronietradycjiiwiary.com\/pl\/category\/doktryna\/teologia-dogmatyczna\/papiestwo\/nauczanie-papiezy\/leon-xiii\/testem-benevolentiae-nostrae-1899\/\">Testem benevolentiae nostrae (1899)<\/a> (2)\n<\/li>\n\t<li class=\"cat-item cat-item-610131839\"><a href=\"https:\/\/wobronietradycjiiwiary.com\/pl\/category\/polemika\/kosciol-posoborowy\/papieze\/benedykt-xvi-abdykacja\/teza-mazzy\/\">Teza Mazzy<\/a> (3)\n<\/li>\n\t<li class=\"cat-item cat-item-610132590\"><a href=\"https:\/\/wobronietradycjiiwiary.com\/pl\/category\/polemika\/kosciol-posoborowy\/papieze\/papiez-franciszek\/traditionis-custodes\/\">Traditionis Custodes<\/a> (21)\n<\/li>\n\t<li class=\"cat-item cat-item-339241221\"><a href=\"https:\/\/wobronietradycjiiwiary.com\/pl\/category\/doktryna\/teologia-jako-nauka\/tradycja-i-tradycja\/\">Tradycja i tradycja<\/a> (6)\n<\/li>\n\t<li class=\"cat-item cat-item-610132875\"><a href=\"https:\/\/wobronietradycjiiwiary.com\/pl\/category\/polemika\/kosciol-posoborowy\/tradycjonalizm\/\">Tradycjonalizm<\/a> (79)\n<\/li>\n\t<li class=\"cat-item cat-item-610130730\"><a href=\"https:\/\/wobronietradycjiiwiary.com\/pl\/category\/duchowosc\/tradycyjna-roza-rozancowa\/\">Tradycyjna R\u00f3\u017ca R\u00f3\u017ca\u0144cowa<\/a> (21)\n<\/li>\n\t<li class=\"cat-item cat-item-610131072\"><a href=\"https:\/\/wobronietradycjiiwiary.com\/pl\/category\/doktryna\/tradycyjna-internetowa-biblioteka-katolicka\/tradycyjne-ksiazki-katolickie\/\">Tradycyjne ksi\u0105\u017cki katolickie<\/a> (11)\n<\/li>\n\t<li class=\"cat-item cat-item-610133932\"><a href=\"https:\/\/wobronietradycjiiwiary.com\/pl\/category\/doktryna\/teologia-dogmatyczna\/traktat-o-przymiotach-bozych-2\/\">Traktat o przymiotach Bo\u017cych<\/a> (20)\n<\/li>\n\t<li class=\"cat-item cat-item-543409776\"><a href=\"https:\/\/wobronietradycjiiwiary.com\/pl\/category\/duchowosc\/liturgia-i-liturgika\/msza-trydencka\/tridentina-visualis\/\">Tridentina visualis<\/a> (17)\n<\/li>\n\t<li class=\"cat-item cat-item-610133931\"><a href=\"https:\/\/wobronietradycjiiwiary.com\/pl\/category\/doktryna\/teologia-dogmatyczna\/przymioty-boze\/tylka\/\">Tylka<\/a> (20)\n<\/li>\n\t<li class=\"cat-item cat-item-610132013\"><a href=\"https:\/\/wobronietradycjiiwiary.com\/pl\/category\/duchowosc\/liturgia-i-liturgika\/msza-trydencka\/uczestnictwo-dzieci\/\">Uczestnictwo dzieci<\/a> (4)\n<\/li>\n\t<li class=\"cat-item cat-item-610136213\"><a href=\"https:\/\/wobronietradycjiiwiary.com\/pl\/category\/doktryna\/teologia-moralna\/swiety-tomasz-z-akwinu\/o-wadzie-i-grzechu\/uczucie-przyczyna-grzechu\/\">Uczucie przyczyn\u0105 grzechu<\/a> (13)\n<\/li>\n\t<li class=\"cat-item cat-item-610132728\"><a href=\"https:\/\/wobronietradycjiiwiary.com\/pl\/category\/duchowosc\/mistyka-i-pseudomistyka\/faustyna-kowalska\/ufnosc-w-milosierdzie-boze\/\">Ufno\u015b\u0107 w mi\u0142osierdzie Bo\u017ce<\/a> (6)\n<\/li>\n\t<li class=\"cat-item cat-item-610132575\"><a href=\"https:\/\/wobronietradycjiiwiary.com\/pl\/category\/polemika\/kosciol-posoborowy\/naduzycia-seksualne-w-kosciele\/pedofilia-w-kosciele\/ujecie-prawnokanoniczne\/\">Uj\u0119cie prawnokanoniczne<\/a> (22)\n<\/li>\n\t<li class=\"cat-item cat-item-610131903\"><a href=\"https:\/\/wobronietradycjiiwiary.com\/pl\/category\/uncategorized\/\">Uncategorized<\/a> (1)\n<\/li>\n\t<li class=\"cat-item cat-item-610134081\"><a href=\"https:\/\/wobronietradycjiiwiary.com\/pl\/category\/polemika\/kosciol-posoborowy\/papieze\/papiez-franciszek\/polemika-z-biskupem-schneiderem\/usprawiedliwienie-wlasnego-tchorzostwa\/\">Usprawiedliwienie w\u0142asnego tch\u00f3rzostwa<\/a> (9)\n<\/li>\n\t<li class=\"cat-item cat-item-358253548\"><a href=\"https:\/\/wobronietradycjiiwiary.com\/pl\/category\/duchowosc\/uwagi-administracji\/\">Uwagi administracji<\/a> (88)\n<\/li>\n\t<li class=\"cat-item cat-item-610131275\"><a href=\"https:\/\/wobronietradycjiiwiary.com\/pl\/category\/polemika\/apologetyka-i-polemika\/vaticanum-secundum-sobor-watykanski-ii\/\">Vaticanum Secundum &#8211; Sob\u00f3r Watyka\u0144ski II<\/a> (7)\n<\/li>\n\t<li class=\"cat-item cat-item-610135597\"><a href=\"https:\/\/wobronietradycjiiwiary.com\/pl\/category\/polemika\/autorzy-polemiczni\/hilary-white\/vultum-dei-quaerere\/\">Vultum Dei quaerere<\/a> (3)\n<\/li>\n\t<li class=\"cat-item cat-item-610135054\"><a href=\"https:\/\/wobronietradycjiiwiary.com\/pl\/category\/duchowosc\/liturgia-i-liturgika\/rozwazania\/zywoty-swietych\/w-brewiarzu\/\">W Brewiarzu<\/a> (15)\n<\/li>\n\t<li class=\"cat-item cat-item-610130734\"><a href=\"https:\/\/wobronietradycjiiwiary.com\/pl\/category\/doktryna\/teologia-dogmatyczna\/demonologia-teologia\/demonologia-praktyczna\/w-demonologiczym-lesie-przyfrontowym\/\">W demonologiczym lesie przyfrontowym<\/a> (132)\n<\/li>\n\t<li class=\"cat-item cat-item-610133287\"><a href=\"https:\/\/wobronietradycjiiwiary.com\/pl\/category\/polemika\/kosciol-posoborowy\/naduzycia-seksualne-w-kosciele\/wobec-doroslych\/rytualno-satanistyczne-wykorzystywanie-seksualne\/\">W kontek\u015bcie rytualno-satanistycznym<\/a> (6)\n<\/li>\n\t<li class=\"cat-item cat-item-610131213\"><a href=\"https:\/\/wobronietradycjiiwiary.com\/pl\/category\/duchowosc\/walka-duchowa\/\">Walka duchowa<\/a> (12)\n<\/li>\n\t<li class=\"cat-item cat-item-610131691\"><a href=\"https:\/\/wobronietradycjiiwiary.com\/pl\/category\/doktryna\/teologia-moralna\/malzenstwo\/walka-duchowa-w-malzenstwie\/\">Walka duchowa w ma\u0142\u017ce\u0144stwie<\/a> (19)\n<\/li>\n\t<li class=\"cat-item cat-item-610131038\"><a href=\"https:\/\/wobronietradycjiiwiary.com\/pl\/category\/duchowosc\/autorzy\/wawrzyniec-scupoli\/\">Wawrzyniec Scupoli<\/a> (66)\n<\/li>\n\t<li class=\"cat-item cat-item-610132729\"><a href=\"https:\/\/wobronietradycjiiwiary.com\/pl\/category\/duchowosc\/mistyka-i-pseudomistyka\/faustyna-kowalska\/wiara-a-ufnosc\/\">Wiara a ufno\u015b\u0107<\/a> (7)\n<\/li>\n\t<li class=\"cat-item cat-item-67698743\"><a href=\"https:\/\/wobronietradycjiiwiary.com\/pl\/category\/doktryna\/teologia-dogmatyczna\/wiara-i-rozum\/\">Wiara i Rozum<\/a> (14)\n<\/li>\n\t<li class=\"cat-item cat-item-4402894\"><a href=\"https:\/\/wobronietradycjiiwiary.com\/pl\/category\/musica-sacra\/nagrania\/tenebrae\/wielka-sobota\/\">Wielka Sobota<\/a> (9)\n<\/li>\n\t<li class=\"cat-item cat-item-3759627\"><a href=\"https:\/\/wobronietradycjiiwiary.com\/pl\/category\/musica-sacra\/nagrania\/tenebrae\/wielki-czwartek\/\">Wielki Czwartek<\/a> (10)\n<\/li>\n\t<li class=\"cat-item cat-item-5589874\"><a href=\"https:\/\/wobronietradycjiiwiary.com\/pl\/category\/musica-sacra\/nagrania\/tenebrae\/wielki-piatek\/\">Wielki Pi\u0105tek<\/a> (12)\n<\/li>\n\t<li class=\"cat-item cat-item-610136199\"><a href=\"https:\/\/wobronietradycjiiwiary.com\/pl\/category\/duchowosc\/liturgia-i-liturgika\/rozwazania\/rok-liturgiczny\/wigilia-piecdziesiatnicy\/\">Wigilia Pi\u0119\u0107dziesi\u0105tnicy<\/a> (6)\n<\/li>\n\t<li class=\"cat-item cat-item-610133122\"><a href=\"https:\/\/wobronietradycjiiwiary.com\/pl\/category\/doktryna\/teologia-dogmatyczna\/soteriologia\/wniebowstapienie-soteriologia\/\">Wniebowst\u0105pienie<\/a> (24)\n<\/li>\n\t<li class=\"cat-item cat-item-610133289\"><a href=\"https:\/\/wobronietradycjiiwiary.com\/pl\/category\/polemika\/kosciol-posoborowy\/naduzycia-seksualne-w-kosciele\/wobec-doroslych\/\">Wobec doros\u0142ych<\/a> (9)\n<\/li>\n\t<li class=\"cat-item cat-item-610132389\"><a href=\"https:\/\/wobronietradycjiiwiary.com\/pl\/category\/polemika\/kosciol-posoborowy\/naduzycia-seksualne-w-kosciele\/pedofilia-w-kosciele\/\">Wobec dzieci &#8211; pedofilia w Ko\u015bciele<\/a> (21)\n<\/li>\n\t<li class=\"cat-item cat-item-610132936\"><a href=\"https:\/\/wobronietradycjiiwiary.com\/pl\/category\/polemika\/swiat-i-polityka\/wojna-na-ukrainie\/\">Wojna na Ukrainie<\/a> (4)\n<\/li>\n\t<li class=\"cat-item cat-item-610131386\"><a href=\"https:\/\/wobronietradycjiiwiary.com\/pl\/category\/doktryna\/teologia-dogmatyczna\/przymioty-boze\/wszechmoc-boza\/\">Wszechmoc Bo\u017ca<\/a> (3)\n<\/li>\n\t<li class=\"cat-item cat-item-610130886\"><a href=\"https:\/\/wobronietradycjiiwiary.com\/pl\/category\/doktryna\/teologia-moralna\/malzenstwo\/wybor-zony\/\">Wyb\u00f3r \u017cony<\/a> (8)\n<\/li>\n\t<li class=\"cat-item cat-item-610136245\"><a href=\"https:\/\/wobronietradycjiiwiary.com\/pl\/category\/polemika\/kosciol-posoborowy\/tradycjonalizm\/fsspx\/fsspx-inne-kwestie\/swiecenia-biskupow\/wyznanie-wiary-fsspx\/\">Wyznanie wiary FSSPX<\/a> (10)\n<\/li>\n\t<li class=\"cat-item cat-item-610133724\"><a href=\"https:\/\/wobronietradycjiiwiary.com\/pl\/category\/duchowosc\/novus-ordo\/z-perspektywy-ksiedza\/\">Z perspektywy ksi\u0119dza<\/a> (7)\n<\/li>\n\t<li class=\"cat-item cat-item-610135574\"><a href=\"https:\/\/wobronietradycjiiwiary.com\/pl\/category\/doktryna\/teologia-dogmatyczna\/demonologia-teologia\/demonologia-praktyczna\/zamek-houska\/\">Zamek Houska<\/a> (9)\n<\/li>\n\t<li class=\"cat-item cat-item-549337879\"><a href=\"https:\/\/wobronietradycjiiwiary.com\/pl\/category\/musica-sacra\/o-muzyce-sakralnej\/choral-gregorianski\/zapis-nowoczesny\/\">Zapis nowoczesny chora\u0142u<\/a> (1)\n<\/li>\n\t<li class=\"cat-item cat-item-549337840\"><a href=\"https:\/\/wobronietradycjiiwiary.com\/pl\/category\/musica-sacra\/o-muzyce-sakralnej\/choral-gregorianski\/zapis-oryginalny\/\">Zapis oryginalny chora\u0142u<\/a> (1)\n<\/li>\n\t<li class=\"cat-item cat-item-610131758\"><a href=\"https:\/\/wobronietradycjiiwiary.com\/pl\/category\/doktryna\/teologia-dogmatyczna\/angelologia\/zarys-angelologii\/\">Zarys angelologii<\/a> (23)\n<\/li>\n\t<li class=\"cat-item cat-item-610133561\"><a href=\"https:\/\/wobronietradycjiiwiary.com\/pl\/category\/polemika\/kosciol-posoborowy\/papieze\/jan-pawel-ii-krytyka\/jego-teologai\/\">Za\u0142o\u017cenia teologiczne<\/a> (8)\n<\/li>\n\t<li class=\"cat-item cat-item-610133865\"><a href=\"https:\/\/wobronietradycjiiwiary.com\/pl\/category\/doktryna\/teologia-moralna\/swiety-tomasz-z-akwinu\/zgorszenie-swiety-tomasz-z-akwinu\/\">Zgorszenie<\/a> (9)\n<\/li>\n\t<li class=\"cat-item cat-item-610132480\"><a href=\"https:\/\/wobronietradycjiiwiary.com\/pl\/category\/duchowosc\/liturgia-i-liturgika\/rozwazania\/rok-liturgiczny\/zielone-swiatki-z-oktawa\/\">Zielone \u015awi\u0105tki z Oktaw\u0105<\/a> (15)\n<\/li>\n\t<li class=\"cat-item cat-item-610134393\"><a href=\"https:\/\/wobronietradycjiiwiary.com\/pl\/category\/doktryna\/teologia-dogmatyczna\/rzeczy-ostateczne-eschatologia\/sw-tomasz-zmartwychwstanie-cial\/\">Zmartwychwstanie<\/a> (49)\n<\/li>\n\t<li class=\"cat-item cat-item-610136211\"><a href=\"https:\/\/wobronietradycjiiwiary.com\/pl\/category\/doktryna\/teologia-moralna\/swiety-tomasz-z-akwinu\/o-wadzie-i-grzechu\/zroznicowanie-grzechow\/\">Zr\u00f3\u017cnicowanie grzech\u00f3w<\/a> (32)\n<\/li>\n\t<li class=\"cat-item cat-item-610135472\"><a href=\"https:\/\/wobronietradycjiiwiary.com\/pl\/category\/polemika\/kosciol-posoborowy\/papieze\/papiez-franciszek\/smierc-i-konklawe\/\">\u015amier\u0107<\/a> (7)\n<\/li>\n\t<li class=\"cat-item cat-item-610134555\"><a href=\"https:\/\/wobronietradycjiiwiary.com\/pl\/category\/doktryna\/teologia-dogmatyczna\/rzeczy-ostateczne-eschatologia\/smierc\/\">\u015amier\u0107<\/a> (2)\n<\/li>\n\t<li class=\"cat-item cat-item-610136145\"><a href=\"https:\/\/wobronietradycjiiwiary.com\/pl\/category\/doktryna\/teologia-dogmatyczna\/predestynacja-reprobacja\/sw-leonard-z-porto-maurizio-kazanie\/\">\u015aw. Leonard z Porto Maurizio &#8211; Kazanie<\/a> (8)\n<\/li>\n\t<li class=\"cat-item cat-item-610136176\"><a href=\"https:\/\/wobronietradycjiiwiary.com\/pl\/category\/doktryna\/teologia-dogmatyczna\/angelologia\/sw-michal-archaniol\/\">\u015aw. Micha\u0142 Archanio\u0142<\/a> (10)\n<\/li>\n\t<li class=\"cat-item cat-item-610136163\"><a href=\"https:\/\/wobronietradycjiiwiary.com\/pl\/category\/doktryna\/teologia-moralna\/malzenstwo\/etyka-seksualna\/homoseksualizm\/sw-piotr-damiani-ksiega-gomory\/\">\u015aw. Piotr Damiani, Ksi\u0119ga Gomory<\/a> (16)\n<\/li>\n\t<li class=\"cat-item cat-item-610136156\"><a href=\"https:\/\/wobronietradycjiiwiary.com\/pl\/category\/doktryna\/teologia-dogmatyczna\/rzeczy-ostateczne-eschatologia\/niebo\/sw-tomasz-aureole\/\">\u015aw. Tomasz &#8211; Aureole<\/a> (4)\n<\/li>\n\t<li class=\"cat-item cat-item-610136154\"><a href=\"https:\/\/wobronietradycjiiwiary.com\/pl\/category\/doktryna\/teologia-dogmatyczna\/rzeczy-ostateczne-eschatologia\/niebo\/sw-tomasz-stosunek-swietych-do-potepionych\/\">\u015aw. Tomasz &#8211; Stosunek \u015bwi\u0119tych do pot\u0119pionych<\/a> (3)\n<\/li>\n\t<li class=\"cat-item cat-item-610136155\"><a href=\"https:\/\/wobronietradycjiiwiary.com\/pl\/category\/doktryna\/teologia-dogmatyczna\/rzeczy-ostateczne-eschatologia\/niebo\/sw-tomasz-wiano-swietych\/\">\u015aw. Tomasz &#8211; Wiano \u015bwi\u0119tych<\/a> (6)\n<\/li>\n\t<li class=\"cat-item cat-item-610136194\"><a href=\"https:\/\/wobronietradycjiiwiary.com\/pl\/category\/doktryna\/teologia-dogmatyczna\/soteriologia\/wniebowstapienie-soteriologia\/sw-tomasz-o-wniebowstapieniu\/\">\u015aw. Tomasz o Wniebowst\u0105pieniu<\/a> (25)\n<\/li>\n\t<li class=\"cat-item cat-item-610133489\"><a href=\"https:\/\/wobronietradycjiiwiary.com\/pl\/category\/doktryna\/teologia-dogmatyczna\/rzeczy-ostateczne-eschatologia\/tomasz-z-akwinu\/tomasz-z-akwinu-losy-duszy-po-smierci\/\">\u015aw. Tomasz z Akwinu, Losy duszy po \u015bmierci<\/a> (11)\n<\/li>\n\t<li class=\"cat-item cat-item-610133578\"><a href=\"https:\/\/wobronietradycjiiwiary.com\/pl\/category\/doktryna\/teologia-dogmatyczna\/rzeczy-ostateczne-eschatologia\/tomasz-z-akwinu\/tomasz-z-akwinu-pomoc-dla-zmarlych\/\">\u015aw. Tomasz z Akwinu, Pomoc dla zmar\u0142ych<\/a> (13)\n<\/li>\n\t<li class=\"cat-item cat-item-610135192\"><a href=\"https:\/\/wobronietradycjiiwiary.com\/pl\/category\/doktryna\/teologia-dogmatyczna\/rzeczy-ostateczne-eschatologia\/sad-ostateczny\/sw-tomasz-miejsce-sadu\/\">\u015aw. Tomasz, Czas i miejsce s\u0105du<\/a> (4)\n<\/li>\n\t<li class=\"cat-item cat-item-610133973\"><a href=\"https:\/\/wobronietradycjiiwiary.com\/pl\/category\/doktryna\/teologia-dogmatyczna\/rzeczy-ostateczne-eschatologia\/tomasz-z-akwinu\/sw-tomasz-modlitwa-do-swietych-w-niebie\/\">\u015aw. Tomasz, Modlitwa do \u015bwi\u0119tych w niebie<\/a> (3)\n<\/li>\n\t<li class=\"cat-item cat-item-610135346\"><a href=\"https:\/\/wobronietradycjiiwiary.com\/pl\/category\/doktryna\/teologia-moralna\/post\/o-poscie\/\">\u015aw. Tomasz, O po\u015bcie<\/a> (6)\n<\/li>\n\t<li class=\"cat-item cat-item-610133972\"><a href=\"https:\/\/wobronietradycjiiwiary.com\/pl\/category\/doktryna\/teologia-dogmatyczna\/rzeczy-ostateczne-eschatologia\/sad-ostateczny\/sw-tomasz-ogien\/\">\u015aw. Tomasz, Ogie\u0144<\/a> (9)\n<\/li>\n\t<li class=\"cat-item cat-item-610135627\"><a href=\"https:\/\/wobronietradycjiiwiary.com\/pl\/category\/doktryna\/teologia-dogmatyczna\/rzeczy-ostateczne-eschatologia\/niebo\/sw-tomasz-szczescie-zbawionych\/\">\u015aw. Tomasz, Szcz\u0119\u015bcie zbawionych<\/a> (16)\n<\/li>\n\t<li class=\"cat-item cat-item-610135193\"><a href=\"https:\/\/wobronietradycjiiwiary.com\/pl\/category\/doktryna\/teologia-dogmatyczna\/rzeczy-ostateczne-eschatologia\/sad-ostateczny\/sw-tomasz-sadzacy-i-sadzeni\/\">\u015aw. Tomasz, S\u0105dz\u0105cy i s\u0105dzeni<\/a> (11)\n<\/li>\n\t<li class=\"cat-item cat-item-610134394\"><a href=\"https:\/\/wobronietradycjiiwiary.com\/pl\/category\/doktryna\/teologia-dogmatyczna\/rzeczy-ostateczne-eschatologia\/sw-tomasz-zmartwychwstanie-cial\/sw-tomasz-zmartwychwstanie-cial-sw-tomasz-zmartwychwstanie-cial\/\">\u015aw. Tomasz, Zmartwychwstanie cia\u0142<\/a> (48)\n<\/li>\n\t<li class=\"cat-item cat-item-610133971\"><a href=\"https:\/\/wobronietradycjiiwiary.com\/pl\/category\/doktryna\/teologia-dogmatyczna\/rzeczy-ostateczne-eschatologia\/sad-ostateczny\/sw-tomasz-znaki-poprzedzajace\/\">\u015aw. Tomasz, Znaki poprzedzaj\u0105ce<\/a> (3)\n<\/li>\n\t<li class=\"cat-item cat-item-610132237\"><a href=\"https:\/\/wobronietradycjiiwiary.com\/pl\/category\/doktryna\/teologia-dogmatyczna\/demonologia-teologia\/demonologia-praktyczna\/swiadectwa-czytelnikow\/\">\u015awiadectwa czytelnik\u00f3w<\/a> (4)\n<\/li>\n\t<li class=\"cat-item cat-item-610134556\"><a href=\"https:\/\/wobronietradycjiiwiary.com\/pl\/category\/duchowosc\/uwagi-administracji\/swiadectwa-rozne\/\">\u015awiadectwa r\u00f3\u017cne<\/a> (18)\n<\/li>\n\t<li class=\"cat-item cat-item-610136054\"><a href=\"https:\/\/wobronietradycjiiwiary.com\/pl\/category\/polemika\/swiat-i-polityka\/\">\u015awiat i polityka<\/a> (9)\n<\/li>\n\t<li class=\"cat-item cat-item-610135537\"><a href=\"https:\/\/wobronietradycjiiwiary.com\/pl\/category\/doktryna\/teologia-dogmatyczna\/rzeczy-ostateczne-eschatologia\/swiat-po-sadzie-i-zmartwychwstaniu\/\">\u015awiat po S\u0105dzie i Zmartwychwstaniu<\/a> (4)\n<\/li>\n\t<li class=\"cat-item cat-item-610136132\"><a href=\"https:\/\/wobronietradycjiiwiary.com\/pl\/category\/polemika\/kosciol-posoborowy\/tradycjonalizm\/fsspx\/fsspx-inne-kwestie\/swiecenia-biskupow\/\">\u015awi\u0119cenia biskup\u00f3w<\/a> (4)\n<\/li>\n\t<li class=\"cat-item cat-item-610130801\"><a href=\"https:\/\/wobronietradycjiiwiary.com\/pl\/category\/duchowosc\/autorzy\/sw-antoni-pustelnik\/\">\u015bw. Antoni Pustelnik<\/a> (11)\n<\/li>\n\t<li class=\"cat-item cat-item-610131091\"><a href=\"https:\/\/wobronietradycjiiwiary.com\/pl\/category\/duchowosc\/autorzy\/sw-benedykt\/\">\u015bw. Benedykt<\/a> (3)\n<\/li>\n\t<li class=\"cat-item cat-item-610130736\"><a href=\"https:\/\/wobronietradycjiiwiary.com\/pl\/category\/duchowosc\/autorzy\/sw-bernard-z-clairvaux\/\">\u015bw. Bernard z Clairvaux<\/a> (33)\n<\/li>\n\t<li class=\"cat-item cat-item-610131225\"><a href=\"https:\/\/wobronietradycjiiwiary.com\/pl\/category\/duchowosc\/autorzy\/sw-f\/\">\u015bw. Franciszek Salezy<\/a> (9)\n<\/li>\n\t<li class=\"cat-item cat-item-610131277\"><a href=\"https:\/\/wobronietradycjiiwiary.com\/pl\/category\/doktryna\/teologia-moralna\/malzenstwo\/sw-jan-chryzostom-o-malzenstwie\/\">\u015bw. Jan Chryzostom o ma\u0142\u017ce\u0144stwie<\/a> (8)\n<\/li>\n\t<li class=\"cat-item cat-item-47540466\"><a href=\"https:\/\/wobronietradycjiiwiary.com\/pl\/category\/duchowosc\/autorzy\/jan-od-krzyza\/\">\u015bw. Jan od Krzy\u017ca<\/a> (8)\n<\/li>\n\t<li class=\"cat-item cat-item-2262183\"><a href=\"https:\/\/wobronietradycjiiwiary.com\/pl\/category\/doktryna\/teologia-dogmatyczna\/rzeczy-ostateczne-eschatologia\/czysciec\/objawienia-prywatne-nt-czyscca\/vianney\/\">\u015bw. Jan Vianney<\/a> (6)\n<\/li>\n\t<li class=\"cat-item cat-item-610131745\"><a href=\"https:\/\/wobronietradycjiiwiary.com\/pl\/category\/duchowosc\/mistyka-i-pseudomistyka\/objawienia-prywatne\/sw-katarzyna-z-gernui\/\">\u015bw. Katarzyna z Gernui<\/a> (4)\n<\/li>\n\t<li class=\"cat-item cat-item-610130718\"><a href=\"https:\/\/wobronietradycjiiwiary.com\/pl\/category\/duchowosc\/autorzy\/leon-wielki\/\">\u015bw. Leon Wielki<\/a> (4)\n<\/li>\n\t<li class=\"cat-item cat-item-68037822\"><a href=\"https:\/\/wobronietradycjiiwiary.com\/pl\/category\/doktryna\/teologia-moralna\/swiety-tomasz-z-akwinu\/\">\u015bw. Tomasz nauczanie moralne<\/a> (132)\n<\/li>\n\t<li class=\"cat-item cat-item-610132782\"><a href=\"https:\/\/wobronietradycjiiwiary.com\/pl\/category\/doktryna\/teologia-dogmatyczna\/angelologia\/sw-tomasz-o-aniolach\/\">\u015bw. Tomasz o anio\u0142ach<\/a> (4)\n<\/li>\n\t<li class=\"cat-item cat-item-409870520\"><a href=\"https:\/\/wobronietradycjiiwiary.com\/pl\/category\/polemika\/kosciol-posoborowy\/nowe-ruchy-w-kosciele\/ruch-charyzmatyczny\/sw-tomasz-o-charyzmatach\/\">\u015bw. Tomasz o charyzmatach<\/a> (6)\n<\/li>\n\t<li class=\"cat-item cat-item-555790943\"><a href=\"https:\/\/wobronietradycjiiwiary.com\/pl\/category\/doktryna\/teologia-dogmatyczna\/demonologia-teologia\/demon-teor\/sw-tomasz-o-zlych-duchach\/\">\u015bw. Tomasz o z\u0142ych duchach<\/a> (6)\n<\/li>\n\t<li class=\"cat-item cat-item-610133929\"><a href=\"https:\/\/wobronietradycjiiwiary.com\/pl\/category\/doktryna\/teologia-dogmatyczna\/rzeczy-ostateczne-eschatologia\/tomasz-z-akwinu\/\">\u015bw. Tomasz z Akwinu, Po \u015bmierci<\/a> (28)\n<\/li>\n\t<li class=\"cat-item cat-item-610134933\"><a href=\"https:\/\/wobronietradycjiiwiary.com\/pl\/category\/duchowosc\/liturgia-i-liturgika\/rozwazania\/zywoty-swietych\/zenskie-swiete\/\">\u017be\u0144skie \u015bwi\u0119te<\/a> (272)\n<\/li>\n\t<li class=\"cat-item cat-item-610131905\"><a href=\"https:\/\/wobronietradycjiiwiary.com\/pl\/category\/duchowosc\/zycie-duchowe\/\">\u017bycie duchowe<\/a> (7)\n<\/li>\n\t<li class=\"cat-item cat-item-610132042\"><a href=\"https:\/\/wobronietradycjiiwiary.com\/pl\/category\/duchowosc\/liturgia-i-liturgika\/rozwazania\/zywoty-swietych\/\">\u017bywoty \u015awi\u0119tych<\/a> (1,375)\n<\/li>\n\t\t\t<\/ul>\n\n\t\t\t<\/nav>\t\t\t\t<\/div>\n\t\t\t\t<\/div>\n\t\t\t\t\t<\/div>\n\t\t<\/div>\n\t\t\t\t\t<\/div>\n\t\t<\/section>\n\t\t<div class=\"elementor-element elementor-element-2ed842f e-flex e-con-boxed e-con e-parent\" data-id=\"2ed842f\" data-element_type=\"container\" data-e-type=\"container\">\n\t\t\t\t\t<div class=\"e-con-inner\">\n\t\t\t\t<div class=\"elementor-element elementor-element-a41a642 elementor-widget elementor-widget-shortcode\" data-id=\"a41a642\" data-element_type=\"widget\" data-e-type=\"widget\" data-widget_type=\"shortcode.default\">\n\t\t\t\t<div class=\"elementor-widget-container\">\n\t\t\t\t\t\t\t<div class=\"elementor-shortcode\">[the_ad id=\"99657\"]<\/div>\n\t\t\t\t\t\t<\/div>\n\t\t\t\t<\/div>\n\t\t\t\t\t<\/div>\n\t\t\t\t<\/div>\n\t\t\t\t<section class=\"elementor-section elementor-top-section elementor-element elementor-element-8f00139 elementor-section-boxed elementor-section-height-default elementor-section-height-default\" data-id=\"8f00139\" data-element_type=\"section\" data-e-type=\"section\">\n\t\t\t\t\t\t<div class=\"elementor-container elementor-column-gap-default\">\n\t\t\t\t\t<div class=\"elementor-column elementor-col-100 elementor-top-column elementor-element elementor-element-fa1628a\" data-id=\"fa1628a\" data-element_type=\"column\" data-e-type=\"column\">\n\t\t\t<div class=\"elementor-widget-wrap elementor-element-populated\">\n\t\t\t\t\t\t<div class=\"elementor-element elementor-element-a7c69da elementor-align-right elementor-widget elementor-widget-button\" data-id=\"a7c69da\" data-element_type=\"widget\" data-e-type=\"widget\" data-widget_type=\"button.default\">\n\t\t\t\t<div class=\"elementor-widget-container\">\n\t\t\t\t\t\t\t\t\t<div class=\"elementor-button-wrapper\">\n\t\t\t\t\t<a class=\"elementor-button elementor-button-link elementor-size-sm\" href=\"#\" id=\"top\">\n\t\t\t\t\t\t<span class=\"elementor-button-content-wrapper\">\n\t\t\t\t\t\t\t\t\t<span class=\"elementor-button-text\">Do g\u00f3ry<\/span>\n\t\t\t\t\t<\/span>\n\t\t\t\t\t<\/a>\n\t\t\t\t<\/div>\n\t\t\t\t\t\t\t\t<\/div>\n\t\t\t\t<\/div>\n\t\t\t\t\t<\/div>\n\t\t<\/div>\n\t\t\t\t\t<\/div>\n\t\t<\/section>\n\t\t\t\t<section class=\"elementor-section elementor-top-section elementor-element elementor-element-d5cc7f4 elementor-section-boxed elementor-section-height-default elementor-section-height-default\" data-id=\"d5cc7f4\" data-element_type=\"section\" data-e-type=\"section\" data-settings=\"{&quot;background_background&quot;:&quot;classic&quot;}\">\n\t\t\t\t\t\t<div class=\"elementor-container elementor-column-gap-default\">\n\t\t\t\t\t<div class=\"elementor-column elementor-col-25 elementor-top-column elementor-element elementor-element-d10f30f\" data-id=\"d10f30f\" data-element_type=\"column\" data-e-type=\"column\">\n\t\t\t<div class=\"elementor-widget-wrap elementor-element-populated\">\n\t\t\t\t\t\t<div class=\"elementor-element elementor-element-9a5c9d3 elementor-widget elementor-widget-theme-site-logo elementor-widget-image\" data-id=\"9a5c9d3\" data-element_type=\"widget\" data-e-type=\"widget\" data-widget_type=\"theme-site-logo.default\">\n\t\t\t\t<div class=\"elementor-widget-container\">\n\t\t\t\t\t\t\t\t\t\t\t<a href=\"https:\/\/wobronietradycjiiwiary.com\/pl\">\n\t\t\t<img fetchpriority=\"high\" decoding=\"async\" width=\"524\" height=\"338\" src=\"https:\/\/wobronietradycjiiwiary.com\/wp-content\/uploads\/2020\/05\/eine-proble-in-Blau.png\" class=\"elementor-animation-pulse attachment-full size-full wp-image-48397\" alt=\"\" srcset=\"https:\/\/wobronietradycjiiwiary.com\/wp-content\/uploads\/2020\/05\/eine-proble-in-Blau.png 524w, https:\/\/wobronietradycjiiwiary.com\/wp-content\/uploads\/2020\/05\/eine-proble-in-Blau-450x290.png 450w, https:\/\/wobronietradycjiiwiary.com\/wp-content\/uploads\/2020\/05\/eine-proble-in-Blau-300x194.png 300w, https:\/\/wobronietradycjiiwiary.com\/wp-content\/uploads\/2020\/05\/eine-proble-in-Blau-150x97.png 150w, https:\/\/wobronietradycjiiwiary.com\/wp-content\/uploads\/2020\/05\/eine-proble-in-Blau-16x10.png 16w\" sizes=\"(max-width: 524px) 100vw, 524px\" data-attachment-id=\"48397\" data-permalink=\"https:\/\/wobronietradycjiiwiary.com\/pl\/?attachment_id=48397\" data-orig-file=\"https:\/\/wobronietradycjiiwiary.com\/wp-content\/uploads\/2020\/05\/eine-proble-in-Blau.png\" data-orig-size=\"524,338\" data-comments-opened=\"1\" data-image-meta=\"{&quot;aperture&quot;:&quot;0&quot;,&quot;credit&quot;:&quot;&quot;,&quot;camera&quot;:&quot;&quot;,&quot;caption&quot;:&quot;&quot;,&quot;created_timestamp&quot;:&quot;0&quot;,&quot;copyright&quot;:&quot;&quot;,&quot;focal_length&quot;:&quot;0&quot;,&quot;iso&quot;:&quot;0&quot;,&quot;shutter_speed&quot;:&quot;0&quot;,&quot;title&quot;:&quot;&quot;,&quot;orientation&quot;:&quot;0&quot;}\" data-image-title=\"eine proble in Blau\" data-image-description=\"\" data-image-caption=\"\" data-large-file=\"https:\/\/wobronietradycjiiwiary.com\/wp-content\/uploads\/2020\/05\/eine-proble-in-Blau.png\" \/>\t\t\t\t<\/a>\n\t\t\t\t\t\t\t\t\t\t\t<\/div>\n\t\t\t\t<\/div>\n\t\t\t\t<div class=\"elementor-element elementor-element-1e82cea elementor-widget elementor-widget-text-editor\" data-id=\"1e82cea\" data-element_type=\"widget\" data-e-type=\"widget\" data-widget_type=\"text-editor.default\">\n\t\t\t\t<div class=\"elementor-widget-container\">\n\t\t\t\t\t\t\t\t\t<p style=\"line-height: 150%;\"><strong>Mavientura Projects e.K<\/strong>.<\/p><p style=\"line-height: 0%;\">Dorfstrasse 17<\/p><p style=\"line-height: 0%;\">D-01728 Bannewitz OT Goppeln, Germany<\/p>\t\t\t\t\t\t\t\t<\/div>\n\t\t\t\t<\/div>\n\t\t\t\t<div class=\"elementor-element elementor-element-48e1619 e-grid-align-left e-grid-align-mobile-left elementor-shape-rounded elementor-grid-0 elementor-widget elementor-widget-social-icons\" data-id=\"48e1619\" data-element_type=\"widget\" data-e-type=\"widget\" data-widget_type=\"social-icons.default\">\n\t\t\t\t<div class=\"elementor-widget-container\">\n\t\t\t\t\t\t\t<div class=\"elementor-social-icons-wrapper elementor-grid\" role=\"list\">\n\t\t\t\t\t\t\t<span class=\"elementor-grid-item\" role=\"listitem\">\n\t\t\t\t\t<a class=\"elementor-icon elementor-social-icon elementor-social-icon-twitter elementor-repeater-item-dc10550\" target=\"_blank\">\n\t\t\t\t\t\t<span class=\"elementor-screen-only\">Twitter<\/span>\n\t\t\t\t\t\t<svg aria-hidden=\"true\" class=\"e-font-icon-svg e-fab-twitter\" viewBox=\"0 0 512 512\" xmlns=\"http:\/\/www.w3.org\/2000\/svg\"><path d=\"M459.37 151.716c.325 4.548.325 9.097.325 13.645 0 138.72-105.583 298.558-298.558 298.558-59.452 0-114.68-17.219-161.137-47.106 8.447.974 16.568 1.299 25.34 1.299 49.055 0 94.213-16.568 130.274-44.832-46.132-.975-84.792-31.188-98.112-72.772 6.498.974 12.995 1.624 19.818 1.624 9.421 0 18.843-1.3 27.614-3.573-48.081-9.747-84.143-51.98-84.143-102.985v-1.299c13.969 7.797 30.214 12.67 47.431 13.319-28.264-18.843-46.781-51.005-46.781-87.391 0-19.492 5.197-37.36 14.294-52.954 51.655 63.675 129.3 105.258 216.365 109.807-1.624-7.797-2.599-15.918-2.599-24.04 0-57.828 46.782-104.934 104.934-104.934 30.213 0 57.502 12.67 76.67 33.137 23.715-4.548 46.456-13.32 66.599-25.34-7.798 24.366-24.366 44.833-46.132 57.827 21.117-2.273 41.584-8.122 60.426-16.243-14.292 20.791-32.161 39.308-52.628 54.253z\"><\/path><\/svg>\t\t\t\t\t<\/a>\n\t\t\t\t<\/span>\n\t\t\t\t\t\t\t<span class=\"elementor-grid-item\" role=\"listitem\">\n\t\t\t\t\t<a class=\"elementor-icon elementor-social-icon elementor-social-icon-facebook-f elementor-repeater-item-0267196\" target=\"_blank\">\n\t\t\t\t\t\t<span class=\"elementor-screen-only\">Facebook-f<\/span>\n\t\t\t\t\t\t<svg aria-hidden=\"true\" class=\"e-font-icon-svg e-fab-facebook-f\" viewBox=\"0 0 320 512\" xmlns=\"http:\/\/www.w3.org\/2000\/svg\"><path d=\"M279.14 288l14.22-92.66h-88.91v-60.13c0-25.35 12.42-50.06 52.24-50.06h40.42V6.26S260.43 0 225.36 0c-73.22 0-121.08 44.38-121.08 124.72v70.62H22.89V288h81.39v224h100.17V288z\"><\/path><\/svg>\t\t\t\t\t<\/a>\n\t\t\t\t<\/span>\n\t\t\t\t\t\t\t<span class=\"elementor-grid-item\" role=\"listitem\">\n\t\t\t\t\t<a class=\"elementor-icon elementor-social-icon elementor-social-icon-youtube elementor-repeater-item-dbaeb71\" target=\"_blank\">\n\t\t\t\t\t\t<span class=\"elementor-screen-only\">Youtube<\/span>\n\t\t\t\t\t\t<svg aria-hidden=\"true\" class=\"e-font-icon-svg e-fab-youtube\" viewBox=\"0 0 576 512\" xmlns=\"http:\/\/www.w3.org\/2000\/svg\"><path d=\"M549.655 124.083c-6.281-23.65-24.787-42.276-48.284-48.597C458.781 64 288 64 288 64S117.22 64 74.629 75.486c-23.497 6.322-42.003 24.947-48.284 48.597-11.412 42.867-11.412 132.305-11.412 132.305s0 89.438 11.412 132.305c6.281 23.65 24.787 41.5 48.284 47.821C117.22 448 288 448 288 448s170.78 0 213.371-11.486c23.497-6.321 42.003-24.171 48.284-47.821 11.412-42.867 11.412-132.305 11.412-132.305s0-89.438-11.412-132.305zm-317.51 213.508V175.185l142.739 81.205-142.739 81.201z\"><\/path><\/svg>\t\t\t\t\t<\/a>\n\t\t\t\t<\/span>\n\t\t\t\t\t<\/div>\n\t\t\t\t\t\t<\/div>\n\t\t\t\t<\/div>\n\t\t\t\t\t<\/div>\n\t\t<\/div>\n\t\t\t\t<div class=\"elementor-column elementor-col-25 elementor-top-column elementor-element elementor-element-03bbdaa\" data-id=\"03bbdaa\" data-element_type=\"column\" data-e-type=\"column\">\n\t\t\t<div class=\"elementor-widget-wrap elementor-element-populated\">\n\t\t\t\t\t\t<div class=\"elementor-element elementor-element-0dc46c8 elementor-widget elementor-widget-heading\" data-id=\"0dc46c8\" data-element_type=\"widget\" data-e-type=\"widget\" data-widget_type=\"heading.default\">\n\t\t\t\t<div class=\"elementor-widget-container\">\n\t\t\t\t\t<h2 class=\"elementor-heading-title elementor-size-default\"><a href=\"https:\/\/wobronietradycjiiwiary.com\/imprint\/\">Impressum<\/a><\/h2>\t\t\t\t<\/div>\n\t\t\t\t<\/div>\n\t\t\t\t<div class=\"elementor-element elementor-element-5b4596a elementor-align-start elementor-mobile-align-start elementor-icon-list--layout-traditional elementor-list-item-link-full_width elementor-widget elementor-widget-icon-list\" data-id=\"5b4596a\" data-element_type=\"widget\" data-e-type=\"widget\" data-widget_type=\"icon-list.default\">\n\t\t\t\t<div class=\"elementor-widget-container\">\n\t\t\t\t\t\t\t<ul class=\"elementor-icon-list-items\">\n\t\t\t\t\t\t\t<li class=\"elementor-icon-list-item\">\n\t\t\t\t\t\t\t\t\t\t\t<a href=\"https:\/\/wobronietradycjiiwiary.com\/register\/terms\/\">\n\n\t\t\t\t\t\t\t\t\t\t\t<span class=\"elementor-icon-list-text\">Og\u00f3lne warunki umowy<\/span>\n\t\t\t\t\t\t\t\t\t\t\t<\/a>\n\t\t\t\t\t\t\t\t\t<\/li>\n\t\t\t\t\t\t\t\t<li class=\"elementor-icon-list-item\">\n\t\t\t\t\t\t\t\t\t\t\t<a href=\"https:\/\/wobronietradycjiiwiary.com\/subskrypcje-2\/cennik\/revocation\/\">\n\n\t\t\t\t\t\t\t\t\t\t\t<span class=\"elementor-icon-list-text\">Odst\u0105pienie od umowy <\/span>\n\t\t\t\t\t\t\t\t\t\t\t<\/a>\n\t\t\t\t\t\t\t\t\t<\/li>\n\t\t\t\t\t\t\t\t<li class=\"elementor-icon-list-item\">\n\t\t\t\t\t\t\t\t\t\t\t<a href=\"https:\/\/wobronietradycjiiwiary.com\/subskrypcje-2\/cennik\/data-security\/\">\n\n\t\t\t\t\t\t\t\t\t\t\t<span class=\"elementor-icon-list-text\">Polityka prywatno\u015bci<\/span>\n\t\t\t\t\t\t\t\t\t\t\t<\/a>\n\t\t\t\t\t\t\t\t\t<\/li>\n\t\t\t\t\t\t<\/ul>\n\t\t\t\t\t\t<\/div>\n\t\t\t\t<\/div>\n\t\t\t\t\t<\/div>\n\t\t<\/div>\n\t\t\t\t<div class=\"elementor-column elementor-col-25 elementor-top-column elementor-element elementor-element-7b112a5\" data-id=\"7b112a5\" data-element_type=\"column\" data-e-type=\"column\">\n\t\t\t<div class=\"elementor-widget-wrap elementor-element-populated\">\n\t\t\t\t\t\t<div class=\"elementor-element elementor-element-12f7e46 elementor-widget elementor-widget-heading\" data-id=\"12f7e46\" data-element_type=\"widget\" data-e-type=\"widget\" data-widget_type=\"heading.default\">\n\t\t\t\t<div class=\"elementor-widget-container\">\n\t\t\t\t\t<h2 class=\"elementor-heading-title elementor-size-default\"><a href=\"https:\/\/wobronietradycjiiwiary.com\/kontakt-3\/\">O nas<\/a><\/h2>\t\t\t\t<\/div>\n\t\t\t\t<\/div>\n\t\t\t\t<div class=\"elementor-element elementor-element-baf647a elementor-align-start elementor-mobile-align-start elementor-icon-list--layout-traditional elementor-list-item-link-full_width elementor-widget elementor-widget-icon-list\" data-id=\"baf647a\" data-element_type=\"widget\" data-e-type=\"widget\" data-widget_type=\"icon-list.default\">\n\t\t\t\t<div class=\"elementor-widget-container\">\n\t\t\t\t\t\t\t<ul class=\"elementor-icon-list-items\">\n\t\t\t\t\t\t\t<li class=\"elementor-icon-list-item\">\n\t\t\t\t\t\t\t\t\t\t\t<a href=\"https:\/\/traditionundglauben.com\/\">\n\n\t\t\t\t\t\t\t\t\t\t\t<span class=\"elementor-icon-list-text\">Tradition und Glauben<\/span>\n\t\t\t\t\t\t\t\t\t\t\t<\/a>\n\t\t\t\t\t\t\t\t\t<\/li>\n\t\t\t\t\t\t<\/ul>\n\t\t\t\t\t\t<\/div>\n\t\t\t\t<\/div>\n\t\t\t\t\t<\/div>\n\t\t<\/div>\n\t\t\t\t<div class=\"elementor-column elementor-col-25 elementor-top-column elementor-element elementor-element-6741719\" data-id=\"6741719\" data-element_type=\"column\" data-e-type=\"column\">\n\t\t\t<div class=\"elementor-widget-wrap elementor-element-populated\">\n\t\t\t\t\t\t<div class=\"elementor-element elementor-element-6ca8b36 elementor-widget elementor-widget-heading\" data-id=\"6ca8b36\" data-element_type=\"widget\" data-e-type=\"widget\" data-widget_type=\"heading.default\">\n\t\t\t\t<div class=\"elementor-widget-container\">\n\t\t\t\t\t<h2 class=\"elementor-heading-title elementor-size-default\"><a href=\"https:\/\/wobronietradycjiiwiary.com\/contact\/\">Kontakt<\/a><\/h2>\t\t\t\t<\/div>\n\t\t\t\t<\/div>\n\t\t\t\t<div class=\"elementor-element elementor-element-2f3ff84 elementor-align-start elementor-icon-list--layout-traditional elementor-list-item-link-full_width elementor-widget elementor-widget-icon-list\" data-id=\"2f3ff84\" data-element_type=\"widget\" data-e-type=\"widget\" data-widget_type=\"icon-list.default\">\n\t\t\t\t<div class=\"elementor-widget-container\">\n\t\t\t\t\t\t\t<ul class=\"elementor-icon-list-items\">\n\t\t\t\t\t\t\t<li class=\"elementor-icon-list-item\">\n\t\t\t\t\t\t\t\t\t\t\t<a href=\"https:\/\/wobronietradycjiiwiary.com\/contact\/\" target=\"_blank\">\n\n\t\t\t\t\t\t\t\t\t\t\t<span class=\"elementor-icon-list-text\">Biznesowy<\/span>\n\t\t\t\t\t\t\t\t\t\t\t<\/a>\n\t\t\t\t\t\t\t\t\t<\/li>\n\t\t\t\t\t\t\t\t<li class=\"elementor-icon-list-item\">\n\t\t\t\t\t\t\t\t\t\t\t<a href=\"https:\/\/wobronietradycjiiwiary.com\/contact\/\">\n\n\t\t\t\t\t\t\t\t\t\t\t\t<span class=\"elementor-icon-list-icon\">\n\t\t\t\t\t\t\t<svg aria-hidden=\"true\" class=\"e-font-icon-svg e-fas-check\" viewBox=\"0 0 512 512\" xmlns=\"http:\/\/www.w3.org\/2000\/svg\"><path d=\"M173.898 439.404l-166.4-166.4c-9.997-9.997-9.997-26.206 0-36.204l36.203-36.204c9.997-9.998 26.207-9.998 36.204 0L192 312.69 432.095 72.596c9.997-9.997 26.207-9.997 36.204 0l36.203 36.204c9.997 9.997 9.997 26.206 0 36.204l-294.4 294.401c-9.998 9.997-26.207 9.997-36.204-.001z\"><\/path><\/svg>\t\t\t\t\t\t<\/span>\n\t\t\t\t\t\t\t\t\t\t<span class=\"elementor-icon-list-text\">Duszpasterski<\/span>\n\t\t\t\t\t\t\t\t\t\t\t<\/a>\n\t\t\t\t\t\t\t\t\t<\/li>\n\t\t\t\t\t\t<\/ul>\n\t\t\t\t\t\t<\/div>\n\t\t\t\t<\/div>\n\t\t\t\t\t<\/div>\n\t\t<\/div>\n\t\t\t\t\t<\/div>\n\t\t<\/section>\n\t\t\t\t<section class=\"elementor-section elementor-top-section elementor-element elementor-element-7176001 elementor-section-boxed elementor-section-height-default elementor-section-height-default\" data-id=\"7176001\" data-element_type=\"section\" data-e-type=\"section\">\n\t\t\t\t\t\t<div class=\"elementor-container elementor-column-gap-default\">\n\t\t\t\t\t<div class=\"elementor-column elementor-col-100 elementor-top-column elementor-element elementor-element-c218b91\" data-id=\"c218b91\" data-element_type=\"column\" data-e-type=\"column\">\n\t\t\t<div class=\"elementor-widget-wrap elementor-element-populated\">\n\t\t\t\t\t\t<div class=\"elementor-element elementor-element-3a009f1 elementor-align-right elementor-widget elementor-widget-button\" data-id=\"3a009f1\" data-element_type=\"widget\" data-e-type=\"widget\" data-widget_type=\"button.default\">\n\t\t\t\t<div class=\"elementor-widget-container\">\n\t\t\t\t\t\t\t\t\t<div class=\"elementor-button-wrapper\">\n\t\t\t\t\t<a class=\"elementor-button elementor-button-link elementor-size-sm\" href=\"#\" id=\"top\">\n\t\t\t\t\t\t<span class=\"elementor-button-content-wrapper\">\n\t\t\t\t\t\t\t\t\t<span class=\"elementor-button-text\">Do g\u00f3ry<\/span>\n\t\t\t\t\t<\/span>\n\t\t\t\t\t<\/a>\n\t\t\t\t<\/div>\n\t\t\t\t\t\t\t\t<\/div>\n\t\t\t\t<\/div>\n\t\t\t\t\t<\/div>\n\t\t<\/div>\n\t\t\t\t\t<\/div>\n\t\t<\/section>\n\t\t\t\t<\/div>\n\t\t","protected":false},"excerpt":{"rendered":"<p>Alfabetycznie [the_ad id=&#8221;99657&#8243;] Do g\u00f3ry Mavientura Projects e.K. Dorfstrasse 17 D-01728 Bannewitz OT Goppeln, Germany Twitter Facebook-f Youtube Impressum Og\u00f3lne warunki umowy Odst\u0105pienie od umowy Polityka prywatno\u015bci O nas Tradition und Glauben Kontakt Biznesowy Duszpasterski Do g\u00f3ry<\/p>\n","protected":false},"author":60508433,"featured_media":0,"parent":29754,"menu_order":2,"comment_status":"closed","ping_status":"closed","template":"","meta":{"_bbp_topic_count":0,"_bbp_reply_count":0,"_bbp_total_topic_count":0,"_bbp_total_reply_count":0,"_bbp_voice_count":0,"_bbp_anonymous_reply_count":0,"_bbp_topic_count_hidden":0,"_bbp_reply_count_hidden":0,"_bbp_forum_subforum_count":0,"_editorskit_title_hidden":false,"_editorskit_reading_time":0,"_editorskit_is_block_options_detached":false,"_editorskit_block_options_position":"{}","_coblocks_attr":"","_coblocks_dimensions":"","_coblocks_responsive_height":"","_coblocks_accordion_ie_support":"","_exactmetrics_skip_tracking":false,"_wpcom_ai_launchpad_about_page":false,"_wpcom_ai_launchpad_gallery_page":false,"_wpcom_ai_launchpad_contact_page":false,"_wpcom_ai_launchpad_events_page":false,"_wpcom_ai_launchpad_video_page":false,"_wpcom_ai_launchpad_portfolio_piece":false,"footnotes":""},"class_list":["post-32681","page","type-page","status-publish","hentry"],"yoast_head":"<!-- This site is optimized with the Yoast SEO plugin v28.4 - https:\/\/yoast.com\/product\/yoast-seo-wordpress\/ -->\n<title>Alfabetycznie - Tradycja i Wiara<\/title>\n<meta name=\"robots\" content=\"index, follow, max-snippet:-1, max-image-preview:large, max-video-preview:-1\" \/>\n<link rel=\"canonical\" href=\"https:\/\/wobronietradycjiiwiary.com\/pl\/archiwum-2\/alfabetycznie\/\" \/>\n<meta property=\"og:locale\" content=\"pl_PL\" \/>\n<meta property=\"og:type\" content=\"article\" \/>\n<meta property=\"og:title\" content=\"Alfabetycznie - Tradycja i Wiara\" \/>\n<meta property=\"og:description\" content=\"Alfabetycznie [the_ad id=&#8221;99657&#8243;] Do g\u00f3ry Mavientura Projects e.K. Dorfstrasse 17 D-01728 Bannewitz OT Goppeln, Germany Twitter Facebook-f Youtube Impressum Og\u00f3lne warunki umowy Odst\u0105pienie od umowy Polityka prywatno\u015bci O nas Tradition und Glauben Kontakt Biznesowy Duszpasterski Do g\u00f3ry\" \/>\n<meta property=\"og:url\" content=\"https:\/\/wobronietradycjiiwiary.com\/pl\/archiwum-2\/alfabetycznie\/\" \/>\n<meta property=\"og:site_name\" content=\"Tradycja i Wiara\" \/>\n<meta property=\"article:publisher\" content=\"https:\/\/www.facebook.com\/Tradycja-i-Wiara-108813920592249\" \/>\n<meta property=\"article:modified_time\" content=\"2026-01-16T11:59:06+00:00\" \/>\n<meta name=\"twitter:card\" content=\"summary_large_image\" \/>\n<meta name=\"twitter:label1\" content=\"Szacowany czas czytania\" \/>\n\t<meta name=\"twitter:data1\" content=\"13 minut\" \/>\n<script type=\"application\/ld+json\" class=\"yoast-schema-graph\">{\"@context\":\"https:\\\/\\\/schema.org\",\"@graph\":[{\"@type\":\"WebPage\",\"@id\":\"https:\\\/\\\/wobronietradycjiiwiary.com\\\/archiwum-2\\\/alfabetycznie\\\/\",\"url\":\"https:\\\/\\\/wobronietradycjiiwiary.com\\\/archiwum-2\\\/alfabetycznie\\\/\",\"name\":\"Alfabetycznie - Tradycja i Wiara\",\"isPartOf\":{\"@id\":\"https:\\\/\\\/wobronietradycjiiwiary.com\\\/pl\\\/#website\"},\"datePublished\":\"2020-07-04T16:17:08+00:00\",\"dateModified\":\"2026-01-16T11:59:06+00:00\",\"breadcrumb\":{\"@id\":\"https:\\\/\\\/wobronietradycjiiwiary.com\\\/archiwum-2\\\/alfabetycznie\\\/#breadcrumb\"},\"inLanguage\":\"pl-PL\",\"potentialAction\":[{\"@type\":\"ReadAction\",\"target\":[\"https:\\\/\\\/wobronietradycjiiwiary.com\\\/archiwum-2\\\/alfabetycznie\\\/\"]}]},{\"@type\":\"BreadcrumbList\",\"@id\":\"https:\\\/\\\/wobronietradycjiiwiary.com\\\/archiwum-2\\\/alfabetycznie\\\/#breadcrumb\",\"itemListElement\":[{\"@type\":\"ListItem\",\"position\":1,\"name\":\"Strona g\u0142\u00f3wna\",\"item\":\"https:\\\/\\\/wobronietradycjiiwiary.com\\\/\"},{\"@type\":\"ListItem\",\"position\":2,\"name\":\"Archiwum\",\"item\":\"https:\\\/\\\/wobronietradycjiiwiary.com\\\/archiwum-2\\\/\"},{\"@type\":\"ListItem\",\"position\":3,\"name\":\"Alfabetycznie\"}]},{\"@type\":\"WebSite\",\"@id\":\"https:\\\/\\\/wobronietradycjiiwiary.com\\\/pl\\\/#website\",\"url\":\"https:\\\/\\\/wobronietradycjiiwiary.com\\\/pl\\\/\",\"name\":\"Tradycja i Wiara\",\"description\":\"Portal dla katolik\u00f3w.\",\"publisher\":{\"@id\":\"https:\\\/\\\/wobronietradycjiiwiary.com\\\/pl\\\/#organization\"},\"potentialAction\":[{\"@type\":\"SearchAction\",\"target\":{\"@type\":\"EntryPoint\",\"urlTemplate\":\"https:\\\/\\\/wobronietradycjiiwiary.com\\\/pl\\\/?s={search_term_string}\"},\"query-input\":{\"@type\":\"PropertyValueSpecification\",\"valueRequired\":true,\"valueName\":\"search_term_string\"}}],\"inLanguage\":\"pl-PL\"},{\"@type\":\"Organization\",\"@id\":\"https:\\\/\\\/wobronietradycjiiwiary.com\\\/pl\\\/#organization\",\"name\":\"Tradycja i Wiara\",\"url\":\"https:\\\/\\\/wobronietradycjiiwiary.com\\\/pl\\\/\",\"logo\":{\"@type\":\"ImageObject\",\"inLanguage\":\"pl-PL\",\"@id\":\"https:\\\/\\\/wobronietradycjiiwiary.com\\\/pl\\\/#\\\/schema\\\/logo\\\/image\\\/\",\"url\":\"https:\\\/\\\/i0.wp.com\\\/wobronietradycjiiwiary.com\\\/wp-content\\\/uploads\\\/2015\\\/10\\\/cropped-st-peters-dome-vatican.jpg?fit=940%2C198&ssl=1\",\"contentUrl\":\"https:\\\/\\\/i0.wp.com\\\/wobronietradycjiiwiary.com\\\/wp-content\\\/uploads\\\/2015\\\/10\\\/cropped-st-peters-dome-vatican.jpg?fit=940%2C198&ssl=1\",\"width\":940,\"height\":198,\"caption\":\"Tradycja i Wiara\"},\"image\":{\"@id\":\"https:\\\/\\\/wobronietradycjiiwiary.com\\\/pl\\\/#\\\/schema\\\/logo\\\/image\\\/\"},\"sameAs\":[\"https:\\\/\\\/www.facebook.com\\\/Tradycja-i-Wiara-108813920592249\"]}]}<\/script>\n<!-- \/ Yoast SEO plugin. -->","yoast_head_json":{"title":"Alfabetycznie - Tradycja i Wiara","robots":{"index":"index","follow":"follow","max-snippet":"max-snippet:-1","max-image-preview":"max-image-preview:large","max-video-preview":"max-video-preview:-1"},"canonical":"https:\/\/wobronietradycjiiwiary.com\/pl\/archiwum-2\/alfabetycznie\/","og_locale":"pl_PL","og_type":"article","og_title":"Alfabetycznie - Tradycja i Wiara","og_description":"Alfabetycznie [the_ad id=&#8221;99657&#8243;] Do g\u00f3ry Mavientura Projects e.K. Dorfstrasse 17 D-01728 Bannewitz OT Goppeln, Germany Twitter Facebook-f Youtube Impressum Og\u00f3lne warunki umowy Odst\u0105pienie od umowy Polityka prywatno\u015bci O nas Tradition und Glauben Kontakt Biznesowy Duszpasterski Do g\u00f3ry","og_url":"https:\/\/wobronietradycjiiwiary.com\/pl\/archiwum-2\/alfabetycznie\/","og_site_name":"Tradycja i Wiara","article_publisher":"https:\/\/www.facebook.com\/Tradycja-i-Wiara-108813920592249","article_modified_time":"2026-01-16T11:59:06+00:00","twitter_card":"summary_large_image","twitter_misc":{"Szacowany czas czytania":"13 minut"},"schema":{"@context":"https:\/\/schema.org","@graph":[{"@type":"WebPage","@id":"https:\/\/wobronietradycjiiwiary.com\/archiwum-2\/alfabetycznie\/","url":"https:\/\/wobronietradycjiiwiary.com\/archiwum-2\/alfabetycznie\/","name":"Alfabetycznie - Tradycja i Wiara","isPartOf":{"@id":"https:\/\/wobronietradycjiiwiary.com\/pl\/#website"},"datePublished":"2020-07-04T16:17:08+00:00","dateModified":"2026-01-16T11:59:06+00:00","breadcrumb":{"@id":"https:\/\/wobronietradycjiiwiary.com\/archiwum-2\/alfabetycznie\/#breadcrumb"},"inLanguage":"pl-PL","potentialAction":[{"@type":"ReadAction","target":["https:\/\/wobronietradycjiiwiary.com\/archiwum-2\/alfabetycznie\/"]}]},{"@type":"BreadcrumbList","@id":"https:\/\/wobronietradycjiiwiary.com\/archiwum-2\/alfabetycznie\/#breadcrumb","itemListElement":[{"@type":"ListItem","position":1,"name":"Strona g\u0142\u00f3wna","item":"https:\/\/wobronietradycjiiwiary.com\/"},{"@type":"ListItem","position":2,"name":"Archiwum","item":"https:\/\/wobronietradycjiiwiary.com\/archiwum-2\/"},{"@type":"ListItem","position":3,"name":"Alfabetycznie"}]},{"@type":"WebSite","@id":"https:\/\/wobronietradycjiiwiary.com\/pl\/#website","url":"https:\/\/wobronietradycjiiwiary.com\/pl\/","name":"Tradycja i Wiara","description":"Portal dla katolik\u00f3w.","publisher":{"@id":"https:\/\/wobronietradycjiiwiary.com\/pl\/#organization"},"potentialAction":[{"@type":"SearchAction","target":{"@type":"EntryPoint","urlTemplate":"https:\/\/wobronietradycjiiwiary.com\/pl\/?s={search_term_string}"},"query-input":{"@type":"PropertyValueSpecification","valueRequired":true,"valueName":"search_term_string"}}],"inLanguage":"pl-PL"},{"@type":"Organization","@id":"https:\/\/wobronietradycjiiwiary.com\/pl\/#organization","name":"Tradycja i Wiara","url":"https:\/\/wobronietradycjiiwiary.com\/pl\/","logo":{"@type":"ImageObject","inLanguage":"pl-PL","@id":"https:\/\/wobronietradycjiiwiary.com\/pl\/#\/schema\/logo\/image\/","url":"https:\/\/i0.wp.com\/wobronietradycjiiwiary.com\/wp-content\/uploads\/2015\/10\/cropped-st-peters-dome-vatican.jpg?fit=940%2C198&ssl=1","contentUrl":"https:\/\/i0.wp.com\/wobronietradycjiiwiary.com\/wp-content\/uploads\/2015\/10\/cropped-st-peters-dome-vatican.jpg?fit=940%2C198&ssl=1","width":940,"height":198,"caption":"Tradycja i Wiara"},"image":{"@id":"https:\/\/wobronietradycjiiwiary.com\/pl\/#\/schema\/logo\/image\/"},"sameAs":["https:\/\/www.facebook.com\/Tradycja-i-Wiara-108813920592249"]}]}},"jetpack_sharing_enabled":true,"jetpack_likes_enabled":true,"jetpack_shortlink":"https:\/\/wp.me\/Pc04Sd-8v7","jetpack-related-posts":[{"id":29754,"url":"https:\/\/wobronietradycjiiwiary.com\/pl\/archiwum-2\/","url_meta":{"origin":32681,"position":0},"title":"Archiwum","author":"Traditio et Fides","date":"27 maja 2020","format":false,"excerpt":"Tradycja i Wiara Porz\u0105dek to wszystko Jak znale\u017a\u0107? W zale\u017cno\u015bci od wybranej opcji przeszukiwania poni\u017cej odnale\u017a\u0107 mo\u017cna:12 ostatnich wpis\u00f3w chronologicznie,artyku\u0142y zawieraj\u0105ce wybrane has\u0142o,kategorie z Indeksu,kategorie podane alfabetycznie,kategorie wybrane chronologicznie.Do tre\u015bci wpisu przej\u015b\u0107 mo\u017cna przez klikni\u0119cie jego tytu\u0142u lub obrazka.\u00a0 Dost\u0119p do: (a) ca\u0142ej tre\u015bci wpisu, (b) komentarzy, (c) archiw\u00f3w, (d)\u2026","rel":"","context":"Podobny wpis","block_context":{"text":"Podobny wpis","link":""},"img":{"alt_text":"","src":"","width":0,"height":0},"classes":[]},{"id":37754,"url":"https:\/\/wobronietradycjiiwiary.com\/pl\/blog-3\/","url_meta":{"origin":32681,"position":1},"title":"Blog","author":"Traditio et Fides","date":"30 wrze\u015bnia 2020","format":false,"excerpt":"Tradycja i Wiara Login Portal dla katolik\u00f3w. Duchowo\u015b\u0107, doktryna polemika. Ostatnie wpisy Nasz Blog Zarejestruj si\u0119 - 7 dniowy zni\u017ckowy okres pr\u00f3bny! Porz\u0105dek to wszystko Jak znale\u017a\u0107? W zale\u017cno\u015bci od wybranej opcji przeszukiwania poni\u017cej odnale\u017a\u0107 mo\u017cna:10 ostatnich wpis\u00f3w chronologicznie,artyku\u0142y zawieraj\u0105ce wybrane has\u0142o,kategorie z Indeksu,kategorie podane alfabetycznie,kategorie wybrane chronologicznie.Do tre\u015bci wpisu\u2026","rel":"","context":"Podobny wpis","block_context":{"text":"Podobny wpis","link":""},"img":{"alt_text":"","src":"","width":0,"height":0},"classes":[]}],"amp_enabled":true,"_links":{"self":[{"href":"https:\/\/wobronietradycjiiwiary.com\/pl\/wp-json\/wp\/v2\/pages\/32681","targetHints":{"allow":["GET"]}}],"collection":[{"href":"https:\/\/wobronietradycjiiwiary.com\/pl\/wp-json\/wp\/v2\/pages"}],"about":[{"href":"https:\/\/wobronietradycjiiwiary.com\/pl\/wp-json\/wp\/v2\/types\/page"}],"author":[{"embeddable":true,"href":"https:\/\/wobronietradycjiiwiary.com\/pl\/wp-json\/wp\/v2\/users\/60508433"}],"replies":[{"embeddable":true,"href":"https:\/\/wobronietradycjiiwiary.com\/pl\/wp-json\/wp\/v2\/comments?post=32681"}],"version-history":[{"count":93,"href":"https:\/\/wobronietradycjiiwiary.com\/pl\/wp-json\/wp\/v2\/pages\/32681\/revisions"}],"predecessor-version":[{"id":159225,"href":"https:\/\/wobronietradycjiiwiary.com\/pl\/wp-json\/wp\/v2\/pages\/32681\/revisions\/159225"}],"up":[{"embeddable":true,"href":"https:\/\/wobronietradycjiiwiary.com\/pl\/wp-json\/wp\/v2\/pages\/29754"}],"wp:attachment":[{"href":"https:\/\/wobronietradycjiiwiary.com\/pl\/wp-json\/wp\/v2\/media?parent=32681"}],"curies":[{"name":"wp","href":"https:\/\/api.w.org\/{rel}","templated":true}]}}