{"version":"1.0","provider_name":"Tradycja i Wiara","provider_url":"https:\/\/wobronietradycjiiwiary.com\/pl","author_name":"Traditio et Fides","author_url":"https:\/\/wobronietradycjiiwiary.com\/pl\/author\/wobronietradycjiiwiary\/","title":"Proprium missae - Bo\u017ce Narodzenia Msza w dzie\u0144 - Tradycja i Wiara","type":"rich","width":600,"height":338,"html":"<blockquote class=\"wp-embedded-content\" data-secret=\"2CKkmzwAB7\"><a href=\"https:\/\/wobronietradycjiiwiary.com\/pl\/proprium-missae-boze-narodzenia-msza-w-dzien\/\">Proprium missae &#8211; Bo\u017ce Narodzenia Msza w dzie\u0144<\/a><\/blockquote><iframe sandbox=\"allow-scripts\" security=\"restricted\" src=\"https:\/\/wobronietradycjiiwiary.com\/pl\/proprium-missae-boze-narodzenia-msza-w-dzien\/embed\/#?secret=2CKkmzwAB7\" width=\"600\" height=\"338\" title=\"&#8222;Proprium missae &#8211; Bo\u017ce Narodzenia Msza w dzie\u0144&#8221; &#8212; Tradycja i Wiara\" data-secret=\"2CKkmzwAB7\" frameborder=\"0\" marginwidth=\"0\" marginheight=\"0\" scrolling=\"no\" class=\"wp-embedded-content\"><\/iframe><script>\n\/*! This file is auto-generated *\/\n!function(d,l){\"use strict\";l.querySelector&&d.addEventListener&&\"undefined\"!=typeof URL&&(d.wp=d.wp||{},d.wp.receiveEmbedMessage||(d.wp.receiveEmbedMessage=function(e){var t=e.data;if((t||t.secret||t.message||t.value)&&!\/[^a-zA-Z0-9]\/.test(t.secret)){for(var s,r,n,a=l.querySelectorAll('iframe[data-secret=\"'+t.secret+'\"]'),o=l.querySelectorAll('blockquote[data-secret=\"'+t.secret+'\"]'),c=new RegExp(\"^https?:$\",\"i\"),i=0;i<o.length;i++)o[i].style.display=\"none\";for(i=0;i<a.length;i++)s=a[i],e.source===s.contentWindow&&(s.removeAttribute(\"style\"),\"height\"===t.message?(1e3<(r=parseInt(t.value,10))?r=1e3:~~r<200&&(r=200),s.height=r):\"link\"===t.message&&(r=new URL(s.getAttribute(\"src\")),n=new URL(t.value),c.test(n.protocol))&&n.host===r.host&&l.activeElement===s&&(d.top.location.href=t.value))}},d.addEventListener(\"message\",d.wp.receiveEmbedMessage,!1),l.addEventListener(\"DOMContentLoaded\",function(){for(var e,t,s=l.querySelectorAll(\"iframe.wp-embedded-content\"),r=0;r<s.length;r++)(t=(e=s[r]).getAttribute(\"data-secret\"))||(t=Math.random().toString(36).substring(2,12),e.src+=\"#?secret=\"+t,e.setAttribute(\"data-secret\",t)),e.contentWindow.postMessage({message:\"ready\",secret:t},\"*\")},!1)))}(window,document);\n\/\/# sourceURL=https:\/\/wobronietradycjiiwiary.com\/wp-includes\/js\/wp-embed.min.js\n<\/script>\n","thumbnail_url":"https:\/\/wobronietradycjiiwiary.com\/wp-content\/uploads\/2016\/12\/rogier-van-der-weyden-bladelin-altar-middelburger-altar-mitteltafel-geburt-christi-10253-600x617.jpg","thumbnail_width":600,"thumbnail_height":617,"description":"&nbsp; Introit: Izaj. 9, 6. Puer natus est nobis, et filius datus est nobis: cu\u00adjus imperium super humerum ejus: et vocabitur nomen ejus, magni consilii Angelus. \u2014 Ps. Cantate Domino canticum novum :quia mirabilia fecit. f. Gloria. &#8221; Dzieci\u0105tko si\u0119 nam narodzi\u0142o, i Syn nam jest dany: kt\u00f3rego panowanie sta\u0142o si\u0119 na ramieniu Jego, i [&hellip;]"}