{"version":"1.0","provider_name":"Tradycja i Wiara","provider_url":"https:\/\/wobronietradycjiiwiary.com\/pl","author_name":"Traditio et Fides","author_url":"https:\/\/wobronietradycjiiwiary.com\/pl\/author\/wobronietradycjiiwiary\/","title":"22-go Sierpnia. \u017bywot \u015bwi\u0119tego Symforyana, M\u0119czennika. - Tradycja i Wiara","type":"rich","width":600,"height":338,"html":"<blockquote class=\"wp-embedded-content\" data-secret=\"5cNNuZUNiN\"><a href=\"https:\/\/wobronietradycjiiwiary.com\/pl\/22-go-sierpnia-zywot-swietego-symforyana-meczennika\/\">22-go Sierpnia. \u017bywot \u015bwi\u0119tego Symforyana, M\u0119czennika.<\/a><\/blockquote><iframe sandbox=\"allow-scripts\" security=\"restricted\" src=\"https:\/\/wobronietradycjiiwiary.com\/pl\/22-go-sierpnia-zywot-swietego-symforyana-meczennika\/embed\/#?secret=5cNNuZUNiN\" width=\"600\" height=\"338\" title=\"&#8222;22-go Sierpnia. \u017bywot \u015bwi\u0119tego Symforyana, M\u0119czennika.&#8221; &#8212; Tradycja i Wiara\" data-secret=\"5cNNuZUNiN\" frameborder=\"0\" marginwidth=\"0\" marginheight=\"0\" scrolling=\"no\" class=\"wp-embedded-content\"><\/iframe><script>\n\/*! This file is auto-generated *\/\n!function(d,l){\"use strict\";l.querySelector&&d.addEventListener&&\"undefined\"!=typeof URL&&(d.wp=d.wp||{},d.wp.receiveEmbedMessage||(d.wp.receiveEmbedMessage=function(e){var t=e.data;if((t||t.secret||t.message||t.value)&&!\/[^a-zA-Z0-9]\/.test(t.secret)){for(var s,r,n,a=l.querySelectorAll('iframe[data-secret=\"'+t.secret+'\"]'),o=l.querySelectorAll('blockquote[data-secret=\"'+t.secret+'\"]'),c=new RegExp(\"^https?:$\",\"i\"),i=0;i<o.length;i++)o[i].style.display=\"none\";for(i=0;i<a.length;i++)s=a[i],e.source===s.contentWindow&&(s.removeAttribute(\"style\"),\"height\"===t.message?(1e3<(r=parseInt(t.value,10))?r=1e3:~~r<200&&(r=200),s.height=r):\"link\"===t.message&&(r=new URL(s.getAttribute(\"src\")),n=new URL(t.value),c.test(n.protocol))&&n.host===r.host&&l.activeElement===s&&(d.top.location.href=t.value))}},d.addEventListener(\"message\",d.wp.receiveEmbedMessage,!1),l.addEventListener(\"DOMContentLoaded\",function(){for(var e,t,s=l.querySelectorAll(\"iframe.wp-embedded-content\"),r=0;r<s.length;r++)(t=(e=s[r]).getAttribute(\"data-secret\"))||(t=Math.random().toString(36).substring(2,12),e.src+=\"#?secret=\"+t,e.setAttribute(\"data-secret\",t)),e.contentWindow.postMessage({message:\"ready\",secret:t},\"*\")},!1)))}(window,document);\n\/\/# sourceURL=https:\/\/wobronietradycjiiwiary.com\/wp-includes\/js\/wp-embed.min.js\n<\/script>\n","thumbnail_url":"https:\/\/wobronietradycjiiwiary.com\/wp-content\/uploads\/2021\/08\/Symphorien_1865.jpg","thumbnail_width":651,"thumbnail_height":768,"description":"M\u0119cze\u0144stwo \u015bw. Symforiana zacz\u0119\u0142o si\u0119 od tego, \u017ce nie ukl\u0105k\u0142 na procesji, nie Bo\u017cego Cia\u0142a tylko bo\u017cka. By\u0142 to akt nie tylko wykluczenia si\u0119 ze wsp\u00f3lnoty, ale tak\u017ce niesubordynacji politycznej, gdy\u017c bogowie rzymscy byli bogami pa\u0144stwa. I w sumie nic si\u0119 nie zmieni\u0142o, tylko m\u0119czennik\u00f3w dzi\u015b ma\u0142o."}