{"version":"1.0","provider_name":"Tradycja i Wiara","provider_url":"https:\/\/wobronietradycjiiwiary.com\/pl","author_name":"Traditio et Fides","author_url":"https:\/\/wobronietradycjiiwiary.com\/pl\/author\/wobronietradycjiiwiary\/","title":"\"Pro\u015bcie a otrzymacie\" - 2. i 3. Oracja Mszalna (okres Wielkiego Postu) - Tradycja i Wiara","type":"rich","width":600,"height":338,"html":"<blockquote class=\"wp-embedded-content\" data-secret=\"wizCQKmOI0\"><a href=\"https:\/\/wobronietradycjiiwiary.com\/pl\/19849\/\">&#8220;Pro\u015bcie a otrzymacie&#8221; &#8211; 2. i 3. Oracja Mszalna (okres Wielkiego Postu)<\/a><\/blockquote><iframe sandbox=\"allow-scripts\" security=\"restricted\" src=\"https:\/\/wobronietradycjiiwiary.com\/pl\/19849\/embed\/#?secret=wizCQKmOI0\" width=\"600\" height=\"338\" title=\"&#8222;&#8220;Pro\u015bcie a otrzymacie&#8221; &#8211; 2. i 3. Oracja Mszalna (okres Wielkiego Postu)&#8221; &#8212; Tradycja i Wiara\" data-secret=\"wizCQKmOI0\" frameborder=\"0\" marginwidth=\"0\" marginheight=\"0\" scrolling=\"no\" class=\"wp-embedded-content\"><\/iframe><script>\n\/*! This file is auto-generated *\/\n!function(d,l){\"use strict\";l.querySelector&&d.addEventListener&&\"undefined\"!=typeof URL&&(d.wp=d.wp||{},d.wp.receiveEmbedMessage||(d.wp.receiveEmbedMessage=function(e){var t=e.data;if((t||t.secret||t.message||t.value)&&!\/[^a-zA-Z0-9]\/.test(t.secret)){for(var s,r,n,a=l.querySelectorAll('iframe[data-secret=\"'+t.secret+'\"]'),o=l.querySelectorAll('blockquote[data-secret=\"'+t.secret+'\"]'),c=new RegExp(\"^https?:$\",\"i\"),i=0;i<o.length;i++)o[i].style.display=\"none\";for(i=0;i<a.length;i++)s=a[i],e.source===s.contentWindow&&(s.removeAttribute(\"style\"),\"height\"===t.message?(1e3<(r=parseInt(t.value,10))?r=1e3:~~r<200&&(r=200),s.height=r):\"link\"===t.message&&(r=new URL(s.getAttribute(\"src\")),n=new URL(t.value),c.test(n.protocol))&&n.host===r.host&&l.activeElement===s&&(d.top.location.href=t.value))}},d.addEventListener(\"message\",d.wp.receiveEmbedMessage,!1),l.addEventListener(\"DOMContentLoaded\",function(){for(var e,t,s=l.querySelectorAll(\"iframe.wp-embedded-content\"),r=0;r<s.length;r++)(t=(e=s[r]).getAttribute(\"data-secret\"))||(t=Math.random().toString(36).substring(2,12),e.src+=\"#?secret=\"+t,e.setAttribute(\"data-secret\",t)),e.contentWindow.postMessage({message:\"ready\",secret:t},\"*\")},!1)))}(window,document);\n\/\/# sourceURL=https:\/\/wobronietradycjiiwiary.com\/wp-includes\/js\/wp-embed.min.js\n<\/script>\n","thumbnail_url":"https:\/\/i0.wp.com\/wobronietradycjiiwiary.com\/wp-content\/uploads\/2019\/02\/paolo-domenico-finoglio-abbazia-di-montserrat-spain.jpg?fit=481%2C697&ssl=1","thumbnail_width":481,"thumbnail_height":697,"description":"Poni\u017csze modlitwy odmawia si\u0119 od \u015arody Popielcowej do Niedzieli Pasyjnej, podczas ka\u017cdego \u015bwi\u0119ta o randze semiduplex lub ni\u017cszej. 2. Kolekta: Dla uproszenia przyczyny \u015bwi\u0119tych A cunctis nos, qu\u00e6sumus, D\u00f3mine, mentis et c\u00f3rporis def\u00e9nde per\u00edculis: et, interced\u00e9nte be\u00e1ta et glori\u00f3sa semper V\u00edrgine Dei Genetr\u00edce Mar\u00eda, cum be\u00e1to Joseph, be\u00e1tis Ap\u00f3stolis tuis Petro et Paulo, atque be\u00e1to [&hellip;]"}