{"version":"1.0","provider_name":"Tradycja i Wiara","provider_url":"https:\/\/wobronietradycjiiwiary.com\/pl","author_name":"Traditio et Fides","author_url":"https:\/\/wobronietradycjiiwiary.com\/pl\/author\/wobronietradycjiiwiary\/","title":"17-go Wrze\u015bnia. \u017bywot \u015bwi\u0119tej Hildegardy, Ksieni. - Tradycja i Wiara","type":"rich","width":600,"height":338,"html":"<blockquote class=\"wp-embedded-content\" data-secret=\"SZWORGJpqx\"><a href=\"https:\/\/wobronietradycjiiwiary.com\/pl\/17-go-wrzesnia-zywot-swietej-hildegardy-ksieni-3\/\">17-go Wrze\u015bnia. \u017bywot \u015bwi\u0119tej Hildegardy, Ksieni.<\/a><\/blockquote><iframe sandbox=\"allow-scripts\" security=\"restricted\" src=\"https:\/\/wobronietradycjiiwiary.com\/pl\/17-go-wrzesnia-zywot-swietej-hildegardy-ksieni-3\/embed\/#?secret=SZWORGJpqx\" width=\"600\" height=\"338\" title=\"&#8222;17-go Wrze\u015bnia. \u017bywot \u015bwi\u0119tej Hildegardy, Ksieni.&#8221; &#8212; Tradycja i Wiara\" data-secret=\"SZWORGJpqx\" frameborder=\"0\" marginwidth=\"0\" marginheight=\"0\" scrolling=\"no\" class=\"wp-embedded-content\"><\/iframe><script>\n\/*! This file is auto-generated *\/\n!function(d,l){\"use strict\";l.querySelector&&d.addEventListener&&\"undefined\"!=typeof URL&&(d.wp=d.wp||{},d.wp.receiveEmbedMessage||(d.wp.receiveEmbedMessage=function(e){var t=e.data;if((t||t.secret||t.message||t.value)&&!\/[^a-zA-Z0-9]\/.test(t.secret)){for(var s,r,n,a=l.querySelectorAll('iframe[data-secret=\"'+t.secret+'\"]'),o=l.querySelectorAll('blockquote[data-secret=\"'+t.secret+'\"]'),c=new RegExp(\"^https?:$\",\"i\"),i=0;i<o.length;i++)o[i].style.display=\"none\";for(i=0;i<a.length;i++)s=a[i],e.source===s.contentWindow&&(s.removeAttribute(\"style\"),\"height\"===t.message?(1e3<(r=parseInt(t.value,10))?r=1e3:~~r<200&&(r=200),s.height=r):\"link\"===t.message&&(r=new URL(s.getAttribute(\"src\")),n=new URL(t.value),c.test(n.protocol))&&n.host===r.host&&l.activeElement===s&&(d.top.location.href=t.value))}},d.addEventListener(\"message\",d.wp.receiveEmbedMessage,!1),l.addEventListener(\"DOMContentLoaded\",function(){for(var e,t,s=l.querySelectorAll(\"iframe.wp-embedded-content\"),r=0;r<s.length;r++)(t=(e=s[r]).getAttribute(\"data-secret\"))||(t=Math.random().toString(36).substring(2,12),e.src+=\"#?secret=\"+t,e.setAttribute(\"data-secret\",t)),e.contentWindow.postMessage({message:\"ready\",secret:t},\"*\")},!1)))}(window,document);\n\/\/# sourceURL=https:\/\/wobronietradycjiiwiary.com\/wp-includes\/js\/wp-embed.min.js\n<\/script>\n","thumbnail_url":"https:\/\/wobronietradycjiiwiary.com\/wp-content\/uploads\/2020\/09\/Hildegarda-1.png","thumbnail_width":523,"thumbnail_height":640,"description":"Benedykt XVI. wyni\u00f3s\u0142 \u015bw. Hildegard\u0119 do godno\u015bci Doktora Ko\u015bcio\u0142a, co zdaniem pisz\u0105cego te s\u0142owa, nie by\u0142o dobr\u0105 decyzj\u0105. \u015aw. Hildegarda w swojej bujnej wizjonerskiej literaturze inspiruje si\u0119 nie tylko neoplatonizmem, ale niestety tak\u017ce magi\u0105 i medycyn\u0105 ludow\u0105, o czym \u015bwiadczy jej nauka o ro\u015blinach i minera\u0142ach. Nic dziwnego, \u017ce dzi\u0119ki temu sta\u0142a si\u0119 ona mimowoln\u0105 [&hellip;]"}